{"id":6025,"date":"2022-03-10T18:17:29","date_gmt":"2022-03-10T16:17:29","guid":{"rendered":"http:\/\/beta.netex.ro\/sr\/compa\/"},"modified":"2026-04-22T11:33:52","modified_gmt":"2026-04-22T08:33:52","slug":"compa","status":"publish","type":"page","link":"https:\/\/www.netex.de\/sr\/compa\/","title":{"rendered":"Kompanija"},"content":{"rendered":"","protected":false},"excerpt":{"rendered":"","protected":false},"author":1,"featured_media":0,"parent":0,"menu_order":38,"comment_status":"closed","ping_status":"closed","template":"","meta":{"_acf_changed":false,"inline_featured_image":false,"footnotes":""},"class_list":["post-6025","page","type-page","status-publish","hentry"],"acf":[],"ACF":{"background":{"ID":360,"id":360,"title":"inbound-company","filename":"inbound-company.jpg","filesize":265679,"url":"https:\/\/www.netex.de\/wp-content\/uploads\/inbound-company.jpg","link":"https:\/\/www.netex.de\/sr\/call-center\/inbound\/inbound-company\/","alt":"","author":"1","description":"","caption":"","name":"inbound-company","status":"inherit","uploaded_to":875,"date":"2015-10-21 14:35:31","modified":"2026-01-15 13:04:39","menu_order":0,"mime_type":"image\/jpeg","type":"image","subtype":"jpeg","icon":"https:\/\/www.netex.de\/wp-includes\/images\/media\/default.png","width":1920,"height":626,"sizes":{"thumbnail":"https:\/\/www.netex.de\/wp-content\/uploads\/inbound-company-150x150.jpg","thumbnail-width":150,"thumbnail-height":150,"medium":"https:\/\/www.netex.de\/wp-content\/uploads\/inbound-company-300x98.jpg","medium-width":300,"medium-height":98,"medium_large":"https:\/\/www.netex.de\/wp-content\/uploads\/inbound-company.jpg","medium_large-width":768,"medium_large-height":250,"large":"https:\/\/www.netex.de\/wp-content\/uploads\/inbound-company-1024x333.jpg","large-width":1024,"large-height":333,"1536x1536":"https:\/\/www.netex.de\/wp-content\/uploads\/inbound-company.jpg","1536x1536-width":1536,"1536x1536-height":501,"2048x2048":"https:\/\/www.netex.de\/wp-content\/uploads\/inbound-company.jpg","2048x2048-width":1920,"2048x2048-height":626,"post-thumbnail":"https:\/\/www.netex.de\/wp-content\/uploads\/inbound-company-85x85.jpg","post-thumbnail-width":85,"post-thumbnail-height":85,"hero":"https:\/\/www.netex.de\/wp-content\/uploads\/inbound-company-925x626.jpg","hero-width":925,"hero-height":626,"background":"https:\/\/www.netex.de\/wp-content\/uploads\/inbound-company-1920x535.jpg","background-width":1920,"background-height":535,"milestone-home":"https:\/\/www.netex.de\/wp-content\/uploads\/inbound-company-588x455.jpg","milestone-home-width":588,"milestone-home-height":455,"milestone-company":"https:\/\/www.netex.de\/wp-content\/uploads\/inbound-company-470x300.jpg","milestone-company-width":470,"milestone-company-height":300,"news-company":"https:\/\/www.netex.de\/wp-content\/uploads\/inbound-company-300x180.jpg","news-company-width":300,"news-company-height":180,"inner":"https:\/\/www.netex.de\/wp-content\/uploads\/inbound-company-300x255.jpg","inner-width":300,"inner-height":255,"gallery":"https:\/\/www.netex.de\/wp-content\/uploads\/inbound-company-320x230.jpg","gallery-width":320,"gallery-height":230,"contact":"https:\/\/www.netex.de\/wp-content\/uploads\/inbound-company-95x95.jpg","contact-width":95,"contact-height":95}},"content":[{"acf_fc_layout":"two_columns","column_left":{"ID":32529,"id":32529,"title":"Article 78","filename":"Article-78.png","filesize":930009,"url":"https:\/\/www.netex.de\/wp-content\/uploads\/Article-78.png","link":"https:\/\/www.netex.de\/sr\/compa\/article-78-2\/","alt":"","author":"44","description":"","caption":"","name":"article-78-2","status":"inherit","uploaded_to":6025,"date":"2026-04-22 06:35:20","modified":"2026-04-22 08:32:22","menu_order":0,"mime_type":"image\/png","type":"image","subtype":"png","icon":"https:\/\/www.netex.de\/wp-includes\/images\/media\/default.png","width":800,"height":1200,"sizes":{"thumbnail":"https:\/\/www.netex.de\/wp-content\/uploads\/Article-78-150x150.png","thumbnail-width":150,"thumbnail-height":150,"medium":"https:\/\/www.netex.de\/wp-content\/uploads\/Article-78-200x300.png","medium-width":200,"medium-height":300,"medium_large":"https:\/\/www.netex.de\/wp-content\/uploads\/Article-78-768x1152.png","medium_large-width":768,"medium_large-height":1152,"large":"https:\/\/www.netex.de\/wp-content\/uploads\/Article-78-1024x1536.png","large-width":683,"large-height":1024,"1536x1536":"https:\/\/www.netex.de\/wp-content\/uploads\/Article-78-1536x2304.png","1536x1536-width":1024,"1536x1536-height":1536,"2048x2048":"https:\/\/www.netex.de\/wp-content\/uploads\/Article-78-2048x3072.png","2048x2048-width":1365,"2048x2048-height":2048,"post-thumbnail":"https:\/\/www.netex.de\/wp-content\/uploads\/Article-78-85x85.png","post-thumbnail-width":85,"post-thumbnail-height":85,"hero":"https:\/\/www.netex.de\/wp-content\/uploads\/Article-78-800x755.png","hero-width":800,"hero-height":755,"background":"https:\/\/www.netex.de\/wp-content\/uploads\/Article-78-800x535.png","background-width":800,"background-height":535,"milestone-home":"https:\/\/www.netex.de\/wp-content\/uploads\/Article-78-588x455.png","milestone-home-width":588,"milestone-home-height":455,"milestone-company":"https:\/\/www.netex.de\/wp-content\/uploads\/Article-78-470x300.png","milestone-company-width":470,"milestone-company-height":300,"news-company":"https:\/\/www.netex.de\/wp-content\/uploads\/Article-78-300x180.png","news-company-width":300,"news-company-height":180,"inner":"https:\/\/www.netex.de\/wp-content\/uploads\/Article-78-300x255.png","inner-width":300,"inner-height":255,"gallery":"https:\/\/www.netex.de\/wp-content\/uploads\/Article-78-320x230.png","gallery-width":320,"gallery-height":230,"contact":"https:\/\/www.netex.de\/wp-content\/uploads\/Article-78-95x95.png","contact-width":95,"contact-height":95}},"column_right":"<p><strong>Povezivanje ideja i prilika na One to One Monaco 2026<\/strong><\/p>\n<p><strong>13 Mart 2026<\/strong><\/p>\n<p>Netex je u\u010destvovao na izdanju One to One Monaco 2026, odr\u017eanom u <strong>Grimaldi Forum Monaco<\/strong> u Monaku. Proslavljaju\u0107i <strong>15. godi\u0161njicu<\/strong>, doga\u0111aj je tokom tri dana okupio klju\u010dne aktere iz retail e-commerce industrije.<\/p>\n<p>Prisustvo kompanije bilo je usmereno na ja\u010danje njenog strate\u0161kog pravca u online trgovini. Predstavnici Netexa odr\u017eali su sastanke kako sa potencijalnim saradnicima, tako i sa postoje\u0107im partnerima, dodatno razvijaju\u0107i odnose i identifikuju\u0107i nove prilike za rast. Ovi razgovori su tako\u0111e obuhvatili inovativne alate i re\u0161enja za optimizaciju korisni\u010dkog iskustva i unapre\u0111enje online performansi.<\/p>\n<p>U\u010de\u0161\u0107em na <strong>One to One Monaco 2026<\/strong>, Netex potvr\u0111uje svoju posve\u0107enost inovacijama u e-commerce sektoru i kontinuirano prilago\u0111avanje promenljivim trendovima digitalnog tr\u017ei\u0161ta.<\/p>\n"},{"acf_fc_layout":"two_columns","column_left":{"ID":32540,"id":32540,"title":"Article 79","filename":"Article-79.png","filesize":1221785,"url":"https:\/\/www.netex.de\/wp-content\/uploads\/Article-79.png","link":"https:\/\/www.netex.de\/sr\/compa\/article-79-2\/","alt":"","author":"44","description":"","caption":"","name":"article-79-2","status":"inherit","uploaded_to":6025,"date":"2026-04-22 06:35:24","modified":"2026-04-22 06:55:53","menu_order":0,"mime_type":"image\/png","type":"image","subtype":"png","icon":"https:\/\/www.netex.de\/wp-includes\/images\/media\/default.png","width":800,"height":1200,"sizes":{"thumbnail":"https:\/\/www.netex.de\/wp-content\/uploads\/Article-79-150x150.png","thumbnail-width":150,"thumbnail-height":150,"medium":"https:\/\/www.netex.de\/wp-content\/uploads\/Article-79-200x300.png","medium-width":200,"medium-height":300,"medium_large":"https:\/\/www.netex.de\/wp-content\/uploads\/Article-79-768x1152.png","medium_large-width":768,"medium_large-height":1152,"large":"https:\/\/www.netex.de\/wp-content\/uploads\/Article-79-1024x1536.png","large-width":683,"large-height":1024,"1536x1536":"https:\/\/www.netex.de\/wp-content\/uploads\/Article-79-1536x2304.png","1536x1536-width":1024,"1536x1536-height":1536,"2048x2048":"https:\/\/www.netex.de\/wp-content\/uploads\/Article-79-2048x3072.png","2048x2048-width":1365,"2048x2048-height":2048,"post-thumbnail":"https:\/\/www.netex.de\/wp-content\/uploads\/Article-79-85x85.png","post-thumbnail-width":85,"post-thumbnail-height":85,"hero":"https:\/\/www.netex.de\/wp-content\/uploads\/Article-79-800x755.png","hero-width":800,"hero-height":755,"background":"https:\/\/www.netex.de\/wp-content\/uploads\/Article-79-800x535.png","background-width":800,"background-height":535,"milestone-home":"https:\/\/www.netex.de\/wp-content\/uploads\/Article-79-588x455.png","milestone-home-width":588,"milestone-home-height":455,"milestone-company":"https:\/\/www.netex.de\/wp-content\/uploads\/Article-79-470x300.png","milestone-company-width":470,"milestone-company-height":300,"news-company":"https:\/\/www.netex.de\/wp-content\/uploads\/Article-79-300x180.png","news-company-width":300,"news-company-height":180,"inner":"https:\/\/www.netex.de\/wp-content\/uploads\/Article-79-300x255.png","inner-width":300,"inner-height":255,"gallery":"https:\/\/www.netex.de\/wp-content\/uploads\/Article-79-320x230.png","gallery-width":320,"gallery-height":230,"contact":"https:\/\/www.netex.de\/wp-content\/uploads\/Article-79-95x95.png","contact-width":95,"contact-height":95}},"column_right":"<p><strong>Nova kancelarija za na\u0161 tim u Gruziji<\/strong><\/p>\n<p><strong>24 Februar 2026<\/strong><\/p>\n<p><span data-sheets-root=\"1\">Dana 23. februara 2026. godine, na\u0161 tim u Gruziji preselio se u novu kancelariju, \u0161to predstavlja va\u017ean korak napred za lokalni tim.<\/span><\/p>\n<p>Nova lokacija nalazi se u Kutaisiju, u ulici <a href=\"https:\/\/maps.app.goo.gl\/AGjquhntPUa1JzuB6\"><strong>Titsian Tabidze 35<\/strong><\/a>, i pru\u017ea savremen prostor dizajniran da podr\u017ei svakodnevni rad, saradnju i razvoj tima.<\/p>\n<p>Svi zaposleni su uspe\u0161no pre\u0161li u novu kancelariju i nastavili svoje aktivnosti bez prekida. Ovo preseljenje odra\u017eava na\u0161e kontinuirane napore da timovima obezbedimo adekvatno okru\u017eenje za efikasan rad i prijatan boravak.<\/p>\n"},{"acf_fc_layout":"two_columns","column_left":{"ID":32410,"id":32410,"title":"Article 77","filename":"Article-77.jpg","filesize":738120,"url":"https:\/\/www.netex.de\/wp-content\/uploads\/Article-77.jpg","link":"https:\/\/www.netex.de\/sr\/compa\/article-77-2\/","alt":"","author":"44","description":"","caption":"","name":"article-77-2","status":"inherit","uploaded_to":6025,"date":"2026-02-13 12:52:26","modified":"2026-02-13 12:52:26","menu_order":0,"mime_type":"image\/jpeg","type":"image","subtype":"jpeg","icon":"https:\/\/www.netex.de\/wp-includes\/images\/media\/default.png","width":2048,"height":1221,"sizes":{"thumbnail":"https:\/\/www.netex.de\/wp-content\/uploads\/Article-77-150x150.jpg","thumbnail-width":150,"thumbnail-height":150,"medium":"https:\/\/www.netex.de\/wp-content\/uploads\/Article-77-300x179.jpg","medium-width":300,"medium-height":179,"medium_large":"https:\/\/www.netex.de\/wp-content\/uploads\/Article-77-768x458.jpg","medium_large-width":768,"medium_large-height":458,"large":"https:\/\/www.netex.de\/wp-content\/uploads\/Article-77-1024x611.jpg","large-width":1024,"large-height":611,"1536x1536":"https:\/\/www.netex.de\/wp-content\/uploads\/Article-77-1536x915.jpg","1536x1536-width":1536,"1536x1536-height":915,"2048x2048":"https:\/\/www.netex.de\/wp-content\/uploads\/Article-77.jpg","2048x2048-width":2048,"2048x2048-height":1221,"post-thumbnail":"https:\/\/www.netex.de\/wp-content\/uploads\/Article-77-85x85.jpg","post-thumbnail-width":85,"post-thumbnail-height":85,"hero":"https:\/\/www.netex.de\/wp-content\/uploads\/Article-77-925x755.jpg","hero-width":925,"hero-height":755,"background":"https:\/\/www.netex.de\/wp-content\/uploads\/Article-77-1920x535.jpg","background-width":1920,"background-height":535,"milestone-home":"https:\/\/www.netex.de\/wp-content\/uploads\/Article-77-588x455.jpg","milestone-home-width":588,"milestone-home-height":455,"milestone-company":"https:\/\/www.netex.de\/wp-content\/uploads\/Article-77-470x300.jpg","milestone-company-width":470,"milestone-company-height":300,"news-company":"https:\/\/www.netex.de\/wp-content\/uploads\/Article-77-300x180.jpg","news-company-width":300,"news-company-height":180,"inner":"https:\/\/www.netex.de\/wp-content\/uploads\/Article-77-300x255.jpg","inner-width":300,"inner-height":255,"gallery":"https:\/\/www.netex.de\/wp-content\/uploads\/Article-77-320x230.jpg","gallery-width":320,"gallery-height":230,"contact":"https:\/\/www.netex.de\/wp-content\/uploads\/Article-77-95x95.jpg","contact-width":95,"contact-height":95}},"column_right":"<p style=\"font-size: 1.5em;\"><strong>26 godina Netex-a \u2013 Pri\u010da o ljudima, kontinuitetu i zajedni\u0161tvu<\/strong><\/p>\n<p><strong>29 Januar 2026<\/strong><\/p>\n<p><span data-sheets-root=\"1\">Dana 28. januara u Temi\u0161varu proslavili smo 26 godina Netex-a. Vi\u0161e od same godi\u0161njice, slavili smo ljude koji \u010dine sr\u017e na\u0161e kompanije.<\/span><\/p>\n<p>Posebno smo odali priznanje kolegama koji su sa nama 10, 15 i 20 godina. Njihova posve\u0107enost i doprinos oblikovali su razvoj Netex-a.<\/p>\n<p>Za nas, Netex je vi\u0161e od radnog mesta \u2013 to je zajednica u kojoj se grade karijere i odnosi.<\/p>\n<p>Zahvaljujemo svima koji su deo ove pri\u010de. Svaki doprinos je va\u017ean. Svaka pri\u010da je deo Netex-a.<\/p>\n<p>&nbsp;<\/p>\n<p>&nbsp;<\/p>\n<p>&nbsp;<\/p>\n<p>&nbsp;<\/p>\n"},{"acf_fc_layout":"two_columns","column_left":{"ID":32181,"id":32181,"title":"Article 65","filename":"Article-65.png","filesize":254011,"url":"https:\/\/www.netex.de\/wp-content\/uploads\/Article-65.png","link":"https:\/\/www.netex.de\/sr\/compa\/article-65-2\/","alt":"","author":"44","description":"","caption":"","name":"article-65-2","status":"inherit","uploaded_to":6025,"date":"2026-02-13 07:35:31","modified":"2026-02-13 07:35:31","menu_order":0,"mime_type":"image\/png","type":"image","subtype":"png","icon":"https:\/\/www.netex.de\/wp-includes\/images\/media\/default.png","width":363,"height":454,"sizes":{"thumbnail":"https:\/\/www.netex.de\/wp-content\/uploads\/Article-65-150x150.png","thumbnail-width":150,"thumbnail-height":150,"medium":"https:\/\/www.netex.de\/wp-content\/uploads\/Article-65-240x300.png","medium-width":240,"medium-height":300,"medium_large":"https:\/\/www.netex.de\/wp-content\/uploads\/Article-65-768x960.png","medium_large-width":768,"medium_large-height":960,"large":"https:\/\/www.netex.de\/wp-content\/uploads\/Article-65-1024x1280.png","large-width":819,"large-height":1024,"1536x1536":"https:\/\/www.netex.de\/wp-content\/uploads\/Article-65-1536x1921.png","1536x1536-width":1228,"1536x1536-height":1536,"2048x2048":"https:\/\/www.netex.de\/wp-content\/uploads\/Article-65-2048x2561.png","2048x2048-width":1638,"2048x2048-height":2048,"post-thumbnail":"https:\/\/www.netex.de\/wp-content\/uploads\/Article-65-85x85.png","post-thumbnail-width":85,"post-thumbnail-height":85,"hero":"https:\/\/www.netex.de\/wp-content\/uploads\/Article-65.png","hero-width":363,"hero-height":454,"background":"https:\/\/www.netex.de\/wp-content\/uploads\/Article-65.png","background-width":363,"background-height":454,"milestone-home":"https:\/\/www.netex.de\/wp-content\/uploads\/Article-65.png","milestone-home-width":363,"milestone-home-height":454,"milestone-company":"https:\/\/www.netex.de\/wp-content\/uploads\/Article-65-363x300.png","milestone-company-width":363,"milestone-company-height":300,"news-company":"https:\/\/www.netex.de\/wp-content\/uploads\/Article-65-300x180.png","news-company-width":300,"news-company-height":180,"inner":"https:\/\/www.netex.de\/wp-content\/uploads\/Article-65-300x255.png","inner-width":300,"inner-height":255,"gallery":"https:\/\/www.netex.de\/wp-content\/uploads\/Article-65-320x230.png","gallery-width":320,"gallery-height":230,"contact":"https:\/\/www.netex.de\/wp-content\/uploads\/Article-65-95x95.png","contact-width":95,"contact-height":95}},"column_right":"<p style=\"font-size: 1.5em;\"><strong>Netex uspe\u0161no zavr\u0161io ISO 9001 audit u Novom Sadu i Temi\u0161varu<\/strong><\/p>\n<p><strong>14 Decembar 2025<\/strong><\/p>\n<p><span data-sheets-root=\"1\">Netex je uspe\u0161no zavr\u0161io eksterni ISO 9001:2015 audit na lokacijama u Novom Sadu i Temi\u0161varu, \u010dime je potvr\u0111ena posve\u0107enost kompanije kvalitetu i operativnoj izvrsnosti.<\/span><\/p>\n<p>Audit je protekao bez pote\u0161ko\u0107a, a timovi su pokazali visok nivo profesionalizma, pripremljenosti i procesne zrelosti. Netex zadr\u017eava ISO 9001:2022 sertifikaciju do oktobra naredne godine.<\/p>\n<p>Ovaj uspeh predstavlja vi\u0161e od uskla\u0111enosti sa standardima \u2014 on potvr\u0111uje efikasnost na\u0161ih procesa i kontinuirano unapre\u0111enje. ISO 9001 je globalno priznati standard koji garantuje pouzdanost i doslednost usluga.<\/p>\n<p>&nbsp;<\/p>\n<p>&nbsp;<\/p>\n<p>&nbsp;<\/p>\n<p>&nbsp;<\/p>\n"},{"acf_fc_layout":"two_columns","column_left":{"ID":32203,"id":32203,"title":"Article 64","filename":"Article-64.png","filesize":461977,"url":"https:\/\/www.netex.de\/wp-content\/uploads\/Article-64.png","link":"https:\/\/www.netex.de\/sr\/compa\/article-64-2\/","alt":"","author":"44","description":"","caption":"","name":"article-64-2","status":"inherit","uploaded_to":6025,"date":"2026-02-13 07:35:47","modified":"2026-02-13 07:35:47","menu_order":0,"mime_type":"image\/png","type":"image","subtype":"png","icon":"https:\/\/www.netex.de\/wp-includes\/images\/media\/default.png","width":615,"height":461,"sizes":{"thumbnail":"https:\/\/www.netex.de\/wp-content\/uploads\/Article-64-150x150.png","thumbnail-width":150,"thumbnail-height":150,"medium":"https:\/\/www.netex.de\/wp-content\/uploads\/Article-64-300x225.png","medium-width":300,"medium-height":225,"medium_large":"https:\/\/www.netex.de\/wp-content\/uploads\/Article-64-768x575.png","medium_large-width":768,"medium_large-height":575,"large":"https:\/\/www.netex.de\/wp-content\/uploads\/Article-64-1024x767.png","large-width":1024,"large-height":767,"1536x1536":"https:\/\/www.netex.de\/wp-content\/uploads\/Article-64-1536x1151.png","1536x1536-width":1536,"1536x1536-height":1151,"2048x2048":"https:\/\/www.netex.de\/wp-content\/uploads\/Article-64-2048x1535.png","2048x2048-width":2048,"2048x2048-height":1535,"post-thumbnail":"https:\/\/www.netex.de\/wp-content\/uploads\/Article-64-85x85.png","post-thumbnail-width":85,"post-thumbnail-height":85,"hero":"https:\/\/www.netex.de\/wp-content\/uploads\/Article-64.png","hero-width":615,"hero-height":461,"background":"https:\/\/www.netex.de\/wp-content\/uploads\/Article-64.png","background-width":615,"background-height":461,"milestone-home":"https:\/\/www.netex.de\/wp-content\/uploads\/Article-64-588x455.png","milestone-home-width":588,"milestone-home-height":455,"milestone-company":"https:\/\/www.netex.de\/wp-content\/uploads\/Article-64-470x300.png","milestone-company-width":470,"milestone-company-height":300,"news-company":"https:\/\/www.netex.de\/wp-content\/uploads\/Article-64-300x180.png","news-company-width":300,"news-company-height":180,"inner":"https:\/\/www.netex.de\/wp-content\/uploads\/Article-64-300x255.png","inner-width":300,"inner-height":255,"gallery":"https:\/\/www.netex.de\/wp-content\/uploads\/Article-64-320x230.png","gallery-width":320,"gallery-height":230,"contact":"https:\/\/www.netex.de\/wp-content\/uploads\/Article-64-95x95.png","contact-width":95,"contact-height":95}},"column_right":"<p style=\"font-size: 1.5em;\"><strong>Zajedno slavimo na\u0161e va\u017ene prekretnice<\/strong><\/p>\n<p><strong>14 Decembar 2025<\/strong><\/p>\n<p><span data-sheets-root=\"1\">Dana 13. decembra 2025. godine ponosno smo obele\u017eili kolege iz na\u0161e kancelarije u Re\u0161ici koji su navr\u0161ili 10, 15 i 20 godina rada u kompaniji \u2014 va\u017ene jubileje koji simbolizuju posve\u0107enost, lojalnost i dugoro\u010dan doprinos.<\/span><\/p>\n<p>Tokom godina, svojim znanjem i podr\u0161kom timovima rasli su zajedno sa Netexom, daju\u0107i zna\u010dajan doprinos ja\u010danju na\u0161e kulture i profesionalizma.<\/p>\n<p>10 godina: Ana Tataru, Deian Tincul<br \/>\n15 godina: Sonia Bran, Ana-Maria Pop, Alexandra Turica, Alexandra Sala<br \/>\n20 godina: C\u0103lin Todorescu<\/p>\n<p>Iskreno im zahvaljujemo na posve\u0107enosti i dragocenom doprinosu na\u0161em zajedni\u010dkom putu. \u010cestitamo svima i hvala vam \u0161to ste tako va\u017ean deo na\u0161eg tima!<\/p>\n<p>&nbsp;<\/p>\n<p>&nbsp;<\/p>\n<p>&nbsp;<\/p>\n"},{"acf_fc_layout":"two_columns","column_left":{"ID":32236,"id":32236,"title":"Article 61","filename":"Article-61.png","filesize":626320,"url":"https:\/\/www.netex.de\/wp-content\/uploads\/Article-61.png","link":"https:\/\/www.netex.de\/sr\/compa\/article-61-2\/","alt":"","author":"44","description":"","caption":"","name":"article-61-2","status":"inherit","uploaded_to":6025,"date":"2026-02-13 07:36:08","modified":"2026-02-13 07:36:08","menu_order":0,"mime_type":"image\/png","type":"image","subtype":"png","icon":"https:\/\/www.netex.de\/wp-includes\/images\/media\/default.png","width":518,"height":1120,"sizes":{"thumbnail":"https:\/\/www.netex.de\/wp-content\/uploads\/Article-61-150x150.png","thumbnail-width":150,"thumbnail-height":150,"medium":"https:\/\/www.netex.de\/wp-content\/uploads\/Article-61-139x300.png","medium-width":139,"medium-height":300,"medium_large":"https:\/\/www.netex.de\/wp-content\/uploads\/Article-61-768x1660.png","medium_large-width":768,"medium_large-height":1660,"large":"https:\/\/www.netex.de\/wp-content\/uploads\/Article-61-1024x2214.png","large-width":474,"large-height":1024,"1536x1536":"https:\/\/www.netex.de\/wp-content\/uploads\/Article-61-1536x3321.png","1536x1536-width":710,"1536x1536-height":1536,"2048x2048":"https:\/\/www.netex.de\/wp-content\/uploads\/Article-61-2048x4428.png","2048x2048-width":947,"2048x2048-height":2048,"post-thumbnail":"https:\/\/www.netex.de\/wp-content\/uploads\/Article-61-85x85.png","post-thumbnail-width":85,"post-thumbnail-height":85,"hero":"https:\/\/www.netex.de\/wp-content\/uploads\/Article-61-518x755.png","hero-width":518,"hero-height":755,"background":"https:\/\/www.netex.de\/wp-content\/uploads\/Article-61-518x535.png","background-width":518,"background-height":535,"milestone-home":"https:\/\/www.netex.de\/wp-content\/uploads\/Article-61-518x455.png","milestone-home-width":518,"milestone-home-height":455,"milestone-company":"https:\/\/www.netex.de\/wp-content\/uploads\/Article-61-470x300.png","milestone-company-width":470,"milestone-company-height":300,"news-company":"https:\/\/www.netex.de\/wp-content\/uploads\/Article-61-300x180.png","news-company-width":300,"news-company-height":180,"inner":"https:\/\/www.netex.de\/wp-content\/uploads\/Article-61-300x255.png","inner-width":300,"inner-height":255,"gallery":"https:\/\/www.netex.de\/wp-content\/uploads\/Article-61-320x230.png","gallery-width":320,"gallery-height":230,"contact":"https:\/\/www.netex.de\/wp-content\/uploads\/Article-61-95x95.png","contact-width":95,"contact-height":95}},"column_right":"<p style=\"font-size: 1.5em;\"><strong>NETEX OTVARA SVOJU PRVU KANCELARIJU U BUKURE\u0160TU<\/strong><\/p>\n<p><strong>30 Novembar 2025<\/strong><\/p>\n<p><span data-sheets-root=\"1\">U novembru je Netex napravio zna\u010dajan korak u svom razvoju otvaranjem prve kancelarije u Bukure\u0161tu, glavnom gradu Rumunije. Ovaj va\u017ean trenutak ozna\u010dava po\u010detak na\u0161eg fizi\u010dkog prisustva u jednom od najdinami\u010dnijih poslovnih centara u zemlji.<\/span><\/p>\n<p>Nova kancelarija nalazi se u Sektoru 1, Calea Floreasca br. 169, Corp X, sprat 4, Zona C, i pru\u017ea namenski prostor dizajniran da podstakne saradnju, efikasnost i budu\u0107i rast. Prisustvo u Bukure\u0161tu omogu\u0107ava Netexu da bude bli\u017ee partnerima, klijentima i talentima, dok istovremeno ja\u010da na\u0161e nacionalno prisustvo.<\/p>\n<p>Otvaranje ove kancelarije potvr\u0111uje na\u0161u dugoro\u010dnu posve\u0107enost rastu i ulaganjima u okru\u017eenja koja podr\u017eavaju na\u0161e timove i operacije. Tako\u0111e otvara nove mogu\u0107nosti za povezivanje, saradnju i \u0161irenje. Radujemo se ovom novom poglavlju i nastavku izgradnje sna\u017enih timova i projekata iz na\u0161e kancelarije u Bukure\u0161tu, dok zajedno nastavljamo da rastemo.<\/p>\n<p>&nbsp;<\/p>\n<p>&nbsp;<\/p>\n"},{"acf_fc_layout":"two_columns","column_left":{"ID":32214,"id":32214,"title":"Article 63","filename":"Article-63.png","filesize":297205,"url":"https:\/\/www.netex.de\/wp-content\/uploads\/Article-63.png","link":"https:\/\/www.netex.de\/sr\/compa\/article-63-2\/","alt":"","author":"44","description":"","caption":"","name":"article-63-2","status":"inherit","uploaded_to":6025,"date":"2026-02-13 07:35:55","modified":"2026-02-13 07:35:55","menu_order":0,"mime_type":"image\/png","type":"image","subtype":"png","icon":"https:\/\/www.netex.de\/wp-includes\/images\/media\/default.png","width":360,"height":450,"sizes":{"thumbnail":"https:\/\/www.netex.de\/wp-content\/uploads\/Article-63-150x150.png","thumbnail-width":150,"thumbnail-height":150,"medium":"https:\/\/www.netex.de\/wp-content\/uploads\/Article-63-240x300.png","medium-width":240,"medium-height":300,"medium_large":"https:\/\/www.netex.de\/wp-content\/uploads\/Article-63-768x960.png","medium_large-width":768,"medium_large-height":960,"large":"https:\/\/www.netex.de\/wp-content\/uploads\/Article-63-1024x1280.png","large-width":819,"large-height":1024,"1536x1536":"https:\/\/www.netex.de\/wp-content\/uploads\/Article-63-1536x1920.png","1536x1536-width":1229,"1536x1536-height":1536,"2048x2048":"https:\/\/www.netex.de\/wp-content\/uploads\/Article-63-2048x2560.png","2048x2048-width":1638,"2048x2048-height":2048,"post-thumbnail":"https:\/\/www.netex.de\/wp-content\/uploads\/Article-63-85x85.png","post-thumbnail-width":85,"post-thumbnail-height":85,"hero":"https:\/\/www.netex.de\/wp-content\/uploads\/Article-63.png","hero-width":360,"hero-height":450,"background":"https:\/\/www.netex.de\/wp-content\/uploads\/Article-63.png","background-width":360,"background-height":450,"milestone-home":"https:\/\/www.netex.de\/wp-content\/uploads\/Article-63.png","milestone-home-width":360,"milestone-home-height":450,"milestone-company":"https:\/\/www.netex.de\/wp-content\/uploads\/Article-63-360x300.png","milestone-company-width":360,"milestone-company-height":300,"news-company":"https:\/\/www.netex.de\/wp-content\/uploads\/Article-63-300x180.png","news-company-width":300,"news-company-height":180,"inner":"https:\/\/www.netex.de\/wp-content\/uploads\/Article-63-300x255.png","inner-width":300,"inner-height":255,"gallery":"https:\/\/www.netex.de\/wp-content\/uploads\/Article-63-320x230.png","gallery-width":320,"gallery-height":230,"contact":"https:\/\/www.netex.de\/wp-content\/uploads\/Article-63-95x95.png","contact-width":95,"contact-height":95}},"column_right":"<p style=\"font-size: 1.5em;\"><strong>ISKUSTVO, POSVE\u0106ENOST I KONTINUITET: GODI\u0160NJICE U NA\u0160EM TIMU<\/strong><\/p>\n<p><strong>15 Novembar 2025<\/strong><\/p>\n<p><span data-sheets-root=\"1\">U novembru smo sa emocijama i rado\u0161\u0107u obele\u017eili 10 i 15 godina posve\u0107enosti i profesionalizma na\u0161ih kolega, Timee i Hendrika. Bio je to poseban dan ispunjen lepim trenucima, tokom kojih su podelili kako je zapo\u010deo njihov put u Netexu, koje su ciljeve ostvarili i koje prioritete imaju za budu\u0107nost. Tokom svih ovih godina pokazali su doslednost, profesionalizam i odgovornost, daju\u0107i kontinuirani doprinos uspehu na\u0161e kompanije.<\/span><\/p>\n<p>Zahvaljujemo im na posve\u0107enosti i anga\u017emanu u izgradnji sna\u017enog tima, kao i na visokim standardima koje su odr\u017eavali tokom cele saradnje. \u010cestitamo im na postignu\u0107ima i radujemo se nastavku zajedni\u010dke izgradnje stabilnih i dugoro\u010dnih projekata.<\/p>\n<p>&nbsp;<\/p>\n"},{"acf_fc_layout":"two_columns","column_left":{"ID":32104,"id":32104,"title":"Article 73","filename":"Article-73.png","filesize":290244,"url":"https:\/\/www.netex.de\/wp-content\/uploads\/Article-73.png","link":"https:\/\/www.netex.de\/sr\/compa\/article-73-2\/","alt":"","author":"44","description":"","caption":"","name":"article-73-2","status":"inherit","uploaded_to":6025,"date":"2026-02-13 07:34:49","modified":"2026-02-13 07:34:49","menu_order":0,"mime_type":"image\/png","type":"image","subtype":"png","icon":"https:\/\/www.netex.de\/wp-includes\/images\/media\/default.png","width":360,"height":450,"sizes":{"thumbnail":"https:\/\/www.netex.de\/wp-content\/uploads\/Article-73-150x150.png","thumbnail-width":150,"thumbnail-height":150,"medium":"https:\/\/www.netex.de\/wp-content\/uploads\/Article-73-240x300.png","medium-width":240,"medium-height":300,"medium_large":"https:\/\/www.netex.de\/wp-content\/uploads\/Article-73-768x960.png","medium_large-width":768,"medium_large-height":960,"large":"https:\/\/www.netex.de\/wp-content\/uploads\/Article-73-1024x1280.png","large-width":819,"large-height":1024,"1536x1536":"https:\/\/www.netex.de\/wp-content\/uploads\/Article-73-1536x1920.png","1536x1536-width":1229,"1536x1536-height":1536,"2048x2048":"https:\/\/www.netex.de\/wp-content\/uploads\/Article-73-2048x2560.png","2048x2048-width":1638,"2048x2048-height":2048,"post-thumbnail":"https:\/\/www.netex.de\/wp-content\/uploads\/Article-73-85x85.png","post-thumbnail-width":85,"post-thumbnail-height":85,"hero":"https:\/\/www.netex.de\/wp-content\/uploads\/Article-73.png","hero-width":360,"hero-height":450,"background":"https:\/\/www.netex.de\/wp-content\/uploads\/Article-73.png","background-width":360,"background-height":450,"milestone-home":"https:\/\/www.netex.de\/wp-content\/uploads\/Article-73.png","milestone-home-width":360,"milestone-home-height":450,"milestone-company":"https:\/\/www.netex.de\/wp-content\/uploads\/Article-73-360x300.png","milestone-company-width":360,"milestone-company-height":300,"news-company":"https:\/\/www.netex.de\/wp-content\/uploads\/Article-73-300x180.png","news-company-width":300,"news-company-height":180,"inner":"https:\/\/www.netex.de\/wp-content\/uploads\/Article-73-300x255.png","inner-width":300,"inner-height":255,"gallery":"https:\/\/www.netex.de\/wp-content\/uploads\/Article-73-320x230.png","gallery-width":320,"gallery-height":230,"contact":"https:\/\/www.netex.de\/wp-content\/uploads\/Article-73-95x95.png","contact-width":95,"contact-height":95}},"column_right":"<p style=\"font-size: 1.5em;\"><strong>NETEX NA OP\u0160TIM SAJMOVIMA ZAPO\u0160LJAVANJA \u2013 POVEZIVANJE SA TALENTIMA \u0160IROM RUMUNIJE<\/strong><\/p>\n<p><strong>30 Octobar 2025<\/strong><\/p>\n<p><span data-sheets-root=\"1\">U maju i oktobru Netex je u\u010destvovao na ANOFM op\u0161tim sajmovima zapo\u0161ljavanja, prisutan u Oradei, Cluj-Napoci, Sibiuu, Temi\u0161varu, Re\u0161ici, Media\u0161u i T\u00e2rgu Mure\u0161u.<\/span><\/p>\n<p>Ovi doga\u0111aji omogu\u0107avaju direktan kontakt sa kandidatima i bolje razumevanje njihovih o\u010dekivanja. Tako\u0111e poma\u017eu u identifikaciji profesionalaca \u010dije se ve\u0161tine i vrednosti poklapaju sa Netex kulturom.<\/p>\n<p>Sajmovi zapo\u0161ljavanja ja\u010daju na\u0161u lokalnu prisutnost i reputaciju poslodavca, kroz transparentne i li\u010dne razgovore.<\/p>\n<p>&nbsp;<\/p>\n"},{"acf_fc_layout":"two_columns","column_left":{"ID":32082,"id":32082,"title":"Article 75","filename":"Article-75.png","filesize":337809,"url":"https:\/\/www.netex.de\/wp-content\/uploads\/Article-75.png","link":"https:\/\/www.netex.de\/sr\/compa\/article-75-2\/","alt":"","author":"44","description":"","caption":"","name":"article-75-2","status":"inherit","uploaded_to":6025,"date":"2026-02-13 07:34:36","modified":"2026-02-13 07:34:36","menu_order":0,"mime_type":"image\/png","type":"image","subtype":"png","icon":"https:\/\/www.netex.de\/wp-includes\/images\/media\/default.png","width":450,"height":450,"sizes":{"thumbnail":"https:\/\/www.netex.de\/wp-content\/uploads\/Article-75-150x150.png","thumbnail-width":150,"thumbnail-height":150,"medium":"https:\/\/www.netex.de\/wp-content\/uploads\/Article-75-300x300.png","medium-width":300,"medium-height":300,"medium_large":"https:\/\/www.netex.de\/wp-content\/uploads\/Article-75-768x768.png","medium_large-width":768,"medium_large-height":768,"large":"https:\/\/www.netex.de\/wp-content\/uploads\/Article-75-1024x1024.png","large-width":1024,"large-height":1024,"1536x1536":"https:\/\/www.netex.de\/wp-content\/uploads\/Article-75-1536x1536.png","1536x1536-width":1536,"1536x1536-height":1536,"2048x2048":"https:\/\/www.netex.de\/wp-content\/uploads\/Article-75-2048x2048.png","2048x2048-width":2048,"2048x2048-height":2048,"post-thumbnail":"https:\/\/www.netex.de\/wp-content\/uploads\/Article-75-85x85.png","post-thumbnail-width":85,"post-thumbnail-height":85,"hero":"https:\/\/www.netex.de\/wp-content\/uploads\/Article-75.png","hero-width":450,"hero-height":450,"background":"https:\/\/www.netex.de\/wp-content\/uploads\/Article-75.png","background-width":450,"background-height":450,"milestone-home":"https:\/\/www.netex.de\/wp-content\/uploads\/Article-75.png","milestone-home-width":450,"milestone-home-height":450,"milestone-company":"https:\/\/www.netex.de\/wp-content\/uploads\/Article-75-450x300.png","milestone-company-width":450,"milestone-company-height":300,"news-company":"https:\/\/www.netex.de\/wp-content\/uploads\/Article-75-300x180.png","news-company-width":300,"news-company-height":180,"inner":"https:\/\/www.netex.de\/wp-content\/uploads\/Article-75-300x255.png","inner-width":300,"inner-height":255,"gallery":"https:\/\/www.netex.de\/wp-content\/uploads\/Article-75-320x230.png","gallery-width":320,"gallery-height":230,"contact":"https:\/\/www.netex.de\/wp-content\/uploads\/Article-75-95x95.png","contact-width":95,"contact-height":95}},"column_right":"<p style=\"font-size: 1.5em;\"><strong>NETEX NA SAJMU KARIJERA ZA STUDENTE \u2013 POVEZIVANJE SA BUDU\u0106IM PROFESIONALCIMA<\/strong><\/p>\n<p><strong>30 Octobar 2025<\/strong><\/p>\n<p><span data-sheets-root=\"1\">Maria Manu predstavljala je Netex na Sajmu karijera za studente na Univerzitetu \u201eLucian Blaga\u201c u Sibiuu. Doga\u0111aj je studentima pru\u017eio priliku da istra\u017ee karijerne mogu\u0107nosti i upoznaju poslodavce.<\/span><\/p>\n<p>Razgovori su obuhvatili oblasti tehnologije, e-commerce-a, digitalnog marketinga i customer-orijentisanih uloga, sa naglaskom na ve\u0161tine i proaktivan pristup.<\/p>\n<p>U\u010de\u0161\u0107em na ovim doga\u0111ajima Netex potvr\u0111uje svoju posve\u0107enost mladim talentima i lokalnoj zajednici.<\/p>\n<p>&nbsp;<\/p>\n<p>&nbsp;<\/p>\n"},{"acf_fc_layout":"two_columns","column_left":{"ID":32093,"id":32093,"title":"Article 74","filename":"Article-74.png","filesize":392062,"url":"https:\/\/www.netex.de\/wp-content\/uploads\/Article-74.png","link":"https:\/\/www.netex.de\/sr\/compa\/article-74-2\/","alt":"","author":"44","description":"","caption":"","name":"article-74-2","status":"inherit","uploaded_to":6025,"date":"2026-02-13 07:34:39","modified":"2026-02-13 07:34:39","menu_order":0,"mime_type":"image\/png","type":"image","subtype":"png","icon":"https:\/\/www.netex.de\/wp-includes\/images\/media\/default.png","width":480,"height":480,"sizes":{"thumbnail":"https:\/\/www.netex.de\/wp-content\/uploads\/Article-74-150x150.png","thumbnail-width":150,"thumbnail-height":150,"medium":"https:\/\/www.netex.de\/wp-content\/uploads\/Article-74-300x300.png","medium-width":300,"medium-height":300,"medium_large":"https:\/\/www.netex.de\/wp-content\/uploads\/Article-74-768x768.png","medium_large-width":768,"medium_large-height":768,"large":"https:\/\/www.netex.de\/wp-content\/uploads\/Article-74-1024x1024.png","large-width":1024,"large-height":1024,"1536x1536":"https:\/\/www.netex.de\/wp-content\/uploads\/Article-74-1536x1536.png","1536x1536-width":1536,"1536x1536-height":1536,"2048x2048":"https:\/\/www.netex.de\/wp-content\/uploads\/Article-74-2048x2048.png","2048x2048-width":2048,"2048x2048-height":2048,"post-thumbnail":"https:\/\/www.netex.de\/wp-content\/uploads\/Article-74-85x85.png","post-thumbnail-width":85,"post-thumbnail-height":85,"hero":"https:\/\/www.netex.de\/wp-content\/uploads\/Article-74.png","hero-width":480,"hero-height":480,"background":"https:\/\/www.netex.de\/wp-content\/uploads\/Article-74.png","background-width":480,"background-height":480,"milestone-home":"https:\/\/www.netex.de\/wp-content\/uploads\/Article-74-480x455.png","milestone-home-width":480,"milestone-home-height":455,"milestone-company":"https:\/\/www.netex.de\/wp-content\/uploads\/Article-74-470x300.png","milestone-company-width":470,"milestone-company-height":300,"news-company":"https:\/\/www.netex.de\/wp-content\/uploads\/Article-74-300x180.png","news-company-width":300,"news-company-height":180,"inner":"https:\/\/www.netex.de\/wp-content\/uploads\/Article-74-300x255.png","inner-width":300,"inner-height":255,"gallery":"https:\/\/www.netex.de\/wp-content\/uploads\/Article-74-320x230.png","gallery-width":320,"gallery-height":230,"contact":"https:\/\/www.netex.de\/wp-content\/uploads\/Article-74-95x95.png","contact-width":95,"contact-height":95}},"column_right":"<p style=\"font-size: 1.5em;\"><strong>CAREER DAYS @ UPT \u2013 POVEZIVANJE SA NOVOM GENERACIJOM TALENATA<\/strong><\/p>\n<p><strong>30 Octobar 2025<\/strong><\/p>\n<p><span data-sheets-root=\"1\">Dana 29\u201330. oktobra 2025. Netex je u\u010destvovao na Career Days @ UPT na Univerzitetu Politehnica u Temi\u0161varu, gde su studenti i mladi profesionalci istra\u017eivali karijerne prilike u tehnologiji i digitalnoj industriji.<\/span><\/p>\n<p>Andreea je na Netex \u0161tandu razgovarala sa posetiocima o karijeri, tehnologiji i ve\u0161tinama budu\u0107nosti u e-commerce-u i digitalnom marketingu.<\/p>\n<p>U Netex-u verujemo da budu\u0107nost digitalne trgovine grade radoznali i ambiciozni ljudi. Doga\u0111aj je pru\u017eio uvid u poslove, prakse i prakti\u010dne projekte u me\u0111unarodnom okru\u017eenju.<\/p>\n<p>&nbsp;<\/p>\n<p>&nbsp;<\/p>\n"},{"acf_fc_layout":"two_columns","column_left":{"ID":32126,"id":32126,"title":"Article 71","filename":"Article-71.png","filesize":176184,"url":"https:\/\/www.netex.de\/wp-content\/uploads\/Article-71.png","link":"https:\/\/www.netex.de\/sr\/compa\/article-71-2\/","alt":"","author":"44","description":"","caption":"","name":"article-71-2","status":"inherit","uploaded_to":6025,"date":"2026-02-13 07:34:56","modified":"2026-02-13 07:34:56","menu_order":0,"mime_type":"image\/png","type":"image","subtype":"png","icon":"https:\/\/www.netex.de\/wp-includes\/images\/media\/default.png","width":436,"height":247,"sizes":{"thumbnail":"https:\/\/www.netex.de\/wp-content\/uploads\/Article-71-150x150.png","thumbnail-width":150,"thumbnail-height":150,"medium":"https:\/\/www.netex.de\/wp-content\/uploads\/Article-71-300x169.png","medium-width":300,"medium-height":169,"medium_large":"https:\/\/www.netex.de\/wp-content\/uploads\/Article-71-768x435.png","medium_large-width":768,"medium_large-height":435,"large":"https:\/\/www.netex.de\/wp-content\/uploads\/Article-71-1024x580.png","large-width":1024,"large-height":580,"1536x1536":"https:\/\/www.netex.de\/wp-content\/uploads\/Article-71-1536x870.png","1536x1536-width":1536,"1536x1536-height":870,"2048x2048":"https:\/\/www.netex.de\/wp-content\/uploads\/Article-71-2048x1160.png","2048x2048-width":2048,"2048x2048-height":1160,"post-thumbnail":"https:\/\/www.netex.de\/wp-content\/uploads\/Article-71-85x85.png","post-thumbnail-width":85,"post-thumbnail-height":85,"hero":"https:\/\/www.netex.de\/wp-content\/uploads\/Article-71.png","hero-width":436,"hero-height":247,"background":"https:\/\/www.netex.de\/wp-content\/uploads\/Article-71.png","background-width":436,"background-height":247,"milestone-home":"https:\/\/www.netex.de\/wp-content\/uploads\/Article-71.png","milestone-home-width":436,"milestone-home-height":247,"milestone-company":"https:\/\/www.netex.de\/wp-content\/uploads\/Article-71.png","milestone-company-width":436,"milestone-company-height":247,"news-company":"https:\/\/www.netex.de\/wp-content\/uploads\/Article-71-300x180.png","news-company-width":300,"news-company-height":180,"inner":"https:\/\/www.netex.de\/wp-content\/uploads\/Article-71-300x247.png","inner-width":300,"inner-height":247,"gallery":"https:\/\/www.netex.de\/wp-content\/uploads\/Article-71-320x230.png","gallery-width":320,"gallery-height":230,"contact":"https:\/\/www.netex.de\/wp-content\/uploads\/Article-71-95x95.png","contact-width":95,"contact-height":95}},"column_right":"<p style=\"font-size: 1.5em;\"><strong>OKTOBERFEST NA DWC-U \u2013 PROSLAVA TRADICIJE, ZAJEDNI\u0160TVA I POVEZANOSTI<\/strong><\/p>\n<p><strong>9 Octobar 2025<\/strong><\/p>\n<p><span data-sheets-root=\"1\">Dana 9. oktobra, Netex je u\u010destvovao na Oktoberfest doga\u0111aju u organizaciji Nema\u010dkog ekonomskog kluba (DWC), koji je okupio \u010dlanove rumunsko-nema\u010dke poslovne zajednice u opu\u0161tenoj i sve\u010danoj atmosferi.<\/span><\/p>\n<p>Inspirisano bavarskom tradicijom, ve\u010de je pru\u017eilo vi\u0161e od hrane i muzike \u2013 omogu\u0107ilo je neformalno umre\u017eavanje i smislen razgovor izvan uobi\u010dajenog poslovnog okru\u017eenja. Kolege i partneri su oja\u010dali me\u0111usobno poverenje i saradnju.<\/p>\n<p>Za Netex, u\u010de\u0161\u0107e na ovakvim doga\u0111ajima potvr\u0111uje na\u0161u posve\u0107enost dugoro\u010dnim partnerstvima i aktivnom u\u010de\u0161\u0107u u poslovnoj zajednici.<\/p>\n<p>&nbsp;<\/p>\n"},{"acf_fc_layout":"two_columns","column_left":{"ID":32071,"id":32071,"title":"Article 76","filename":"Article-76.png","filesize":432616,"url":"https:\/\/www.netex.de\/wp-content\/uploads\/Article-76.png","link":"https:\/\/www.netex.de\/sr\/compa\/article-76-2\/","alt":"","author":"44","description":"","caption":"","name":"article-76-2","status":"inherit","uploaded_to":6025,"date":"2026-02-13 07:34:29","modified":"2026-02-13 07:34:29","menu_order":0,"mime_type":"image\/png","type":"image","subtype":"png","icon":"https:\/\/www.netex.de\/wp-includes\/images\/media\/default.png","width":480,"height":600,"sizes":{"thumbnail":"https:\/\/www.netex.de\/wp-content\/uploads\/Article-76-150x150.png","thumbnail-width":150,"thumbnail-height":150,"medium":"https:\/\/www.netex.de\/wp-content\/uploads\/Article-76-240x300.png","medium-width":240,"medium-height":300,"medium_large":"https:\/\/www.netex.de\/wp-content\/uploads\/Article-76-768x960.png","medium_large-width":768,"medium_large-height":960,"large":"https:\/\/www.netex.de\/wp-content\/uploads\/Article-76-1024x1280.png","large-width":819,"large-height":1024,"1536x1536":"https:\/\/www.netex.de\/wp-content\/uploads\/Article-76-1536x1920.png","1536x1536-width":1229,"1536x1536-height":1536,"2048x2048":"https:\/\/www.netex.de\/wp-content\/uploads\/Article-76-2048x2560.png","2048x2048-width":1638,"2048x2048-height":2048,"post-thumbnail":"https:\/\/www.netex.de\/wp-content\/uploads\/Article-76-85x85.png","post-thumbnail-width":85,"post-thumbnail-height":85,"hero":"https:\/\/www.netex.de\/wp-content\/uploads\/Article-76.png","hero-width":480,"hero-height":600,"background":"https:\/\/www.netex.de\/wp-content\/uploads\/Article-76-480x535.png","background-width":480,"background-height":535,"milestone-home":"https:\/\/www.netex.de\/wp-content\/uploads\/Article-76-480x455.png","milestone-home-width":480,"milestone-home-height":455,"milestone-company":"https:\/\/www.netex.de\/wp-content\/uploads\/Article-76-470x300.png","milestone-company-width":470,"milestone-company-height":300,"news-company":"https:\/\/www.netex.de\/wp-content\/uploads\/Article-76-300x180.png","news-company-width":300,"news-company-height":180,"inner":"https:\/\/www.netex.de\/wp-content\/uploads\/Article-76-300x255.png","inner-width":300,"inner-height":255,"gallery":"https:\/\/www.netex.de\/wp-content\/uploads\/Article-76-320x230.png","gallery-width":320,"gallery-height":230,"contact":"https:\/\/www.netex.de\/wp-content\/uploads\/Article-76-95x95.png","contact-width":95,"contact-height":95}},"column_right":"<p style=\"font-size: 1.5em;\"><strong>PRILIKE I DIJALOG: NETEX NA SAJMU KARIJERA<\/strong><\/p>\n<p><strong>3 Octobar 2025<\/strong><\/p>\n<p><span data-sheets-root=\"1\">Dana 2\u20133. oktobra, Netex je u\u010destvovao na Sajmu karijera u BT Areni u Cluj-Napoci. Pokrenut 2006. godine, doga\u0111aj je namenjen kompanijama koje \u017eele efikasnu regrutaciju i popularan je me\u0111u studentima i diplomcima sa radnim iskustvom.<\/span><\/p>\n<p>Ponuda poslova obuhvatala je prakse i internship programe za mlade bez iskustva, kao i specijalizovane pozicije za iskusne profesionalce.<\/p>\n<p>Za Netex, u\u010de\u0161\u0107e je pove\u0107alo vidljivost na tr\u017ei\u0161tu rada i omogu\u0107ilo direktan kontakt sa kandidatima i drugim poslodavcima, promovi\u0161u\u0107i na\u0161u organizacionu kulturu i vrednosti.<\/p>\n<p>&nbsp;<\/p>\n"},{"acf_fc_layout":"two_columns","column_left":{"ID":32137,"id":32137,"title":"Article 70","filename":"Article-70.png","filesize":537447,"url":"https:\/\/www.netex.de\/wp-content\/uploads\/Article-70.png","link":"https:\/\/www.netex.de\/sr\/compa\/article-70-2\/","alt":"","author":"44","description":"","caption":"","name":"article-70-2","status":"inherit","uploaded_to":6025,"date":"2026-02-13 07:34:59","modified":"2026-02-13 07:34:59","menu_order":0,"mime_type":"image\/png","type":"image","subtype":"png","icon":"https:\/\/www.netex.de\/wp-includes\/images\/media\/default.png","width":600,"height":450,"sizes":{"thumbnail":"https:\/\/www.netex.de\/wp-content\/uploads\/Article-70-150x150.png","thumbnail-width":150,"thumbnail-height":150,"medium":"https:\/\/www.netex.de\/wp-content\/uploads\/Article-70-300x225.png","medium-width":300,"medium-height":225,"medium_large":"https:\/\/www.netex.de\/wp-content\/uploads\/Article-70-768x576.png","medium_large-width":768,"medium_large-height":576,"large":"https:\/\/www.netex.de\/wp-content\/uploads\/Article-70-1024x768.png","large-width":1024,"large-height":768,"1536x1536":"https:\/\/www.netex.de\/wp-content\/uploads\/Article-70-1536x1152.png","1536x1536-width":1536,"1536x1536-height":1152,"2048x2048":"https:\/\/www.netex.de\/wp-content\/uploads\/Article-70-2048x1536.png","2048x2048-width":2048,"2048x2048-height":1536,"post-thumbnail":"https:\/\/www.netex.de\/wp-content\/uploads\/Article-70-85x85.png","post-thumbnail-width":85,"post-thumbnail-height":85,"hero":"https:\/\/www.netex.de\/wp-content\/uploads\/Article-70.png","hero-width":600,"hero-height":450,"background":"https:\/\/www.netex.de\/wp-content\/uploads\/Article-70.png","background-width":600,"background-height":450,"milestone-home":"https:\/\/www.netex.de\/wp-content\/uploads\/Article-70-588x450.png","milestone-home-width":588,"milestone-home-height":450,"milestone-company":"https:\/\/www.netex.de\/wp-content\/uploads\/Article-70-470x300.png","milestone-company-width":470,"milestone-company-height":300,"news-company":"https:\/\/www.netex.de\/wp-content\/uploads\/Article-70-300x180.png","news-company-width":300,"news-company-height":180,"inner":"https:\/\/www.netex.de\/wp-content\/uploads\/Article-70-300x255.png","inner-width":300,"inner-height":255,"gallery":"https:\/\/www.netex.de\/wp-content\/uploads\/Article-70-320x230.png","gallery-width":320,"gallery-height":230,"contact":"https:\/\/www.netex.de\/wp-content\/uploads\/Article-70-95x95.png","contact-width":95,"contact-height":95}},"column_right":"<p style=\"font-size: 1.5em;\"><strong>NETEX OSVOJIO DWC SPORTS SHOOTING CUP \u2013 TIMSKI DUH, FOKUS I ODLI\u010cAN REZULTAT<\/strong><\/p>\n<p><strong>22 Septembar 2025<\/strong><\/p>\n<p><span data-sheets-root=\"1\">Dana 21. septembra 2025. Netex je u\u010destvovao na DWC Sports Shooting Cup-u, u organizaciji Nema\u010dkog ekonomskog kluba (DWC) u saradnji sa Sports Shooting Club Argus MAG u Girocu, kod Temi\u0161vara.<\/span><\/p>\n<p>Doga\u0111aj je okupio devet timova iz DWC kompanija \u010dlanica u takmi\u010denju zasnovanom na preciznosti, koncentraciji i timskom radu. Program je zapo\u010deo bezbednosnim brifingom, nakon \u010dega je usledio strukturirani izazov u profesionalnom okru\u017eenju.<\/p>\n<p>Pored takmi\u010darskog dela, doga\u0111aj je naglasio zajedni\u0161tvo i saradnju. Poseban ponos predstavlja \u010dinjenica da su Netex timovi osvojili sva tri prva mesta \u2013 rezultat koji potvr\u0111uje fokus, timski rad i zdrav takmi\u010darski duh.<\/p>\n<p>&nbsp;<\/p>\n<p>&nbsp;<\/p>\n"},{"acf_fc_layout":"two_columns","column_left":{"ID":32192,"id":32192,"title":"Article 66","filename":"Article-66.png","filesize":658709,"url":"https:\/\/www.netex.de\/wp-content\/uploads\/Article-66.png","link":"https:\/\/www.netex.de\/sr\/compa\/article-66-2\/","alt":"","author":"44","description":"","caption":"","name":"article-66-2","status":"inherit","uploaded_to":6025,"date":"2026-02-13 07:35:38","modified":"2026-02-13 07:35:38","menu_order":0,"mime_type":"image\/png","type":"image","subtype":"png","icon":"https:\/\/www.netex.de\/wp-includes\/images\/media\/default.png","width":615,"height":424,"sizes":{"thumbnail":"https:\/\/www.netex.de\/wp-content\/uploads\/Article-66-150x150.png","thumbnail-width":150,"thumbnail-height":150,"medium":"https:\/\/www.netex.de\/wp-content\/uploads\/Article-66-300x207.png","medium-width":300,"medium-height":207,"medium_large":"https:\/\/www.netex.de\/wp-content\/uploads\/Article-66-768x529.png","medium_large-width":768,"medium_large-height":529,"large":"https:\/\/www.netex.de\/wp-content\/uploads\/Article-66-1024x705.png","large-width":1024,"large-height":705,"1536x1536":"https:\/\/www.netex.de\/wp-content\/uploads\/Article-66-1536x1058.png","1536x1536-width":1536,"1536x1536-height":1058,"2048x2048":"https:\/\/www.netex.de\/wp-content\/uploads\/Article-66-2048x1411.png","2048x2048-width":2048,"2048x2048-height":1411,"post-thumbnail":"https:\/\/www.netex.de\/wp-content\/uploads\/Article-66-85x85.png","post-thumbnail-width":85,"post-thumbnail-height":85,"hero":"https:\/\/www.netex.de\/wp-content\/uploads\/Article-66.png","hero-width":615,"hero-height":424,"background":"https:\/\/www.netex.de\/wp-content\/uploads\/Article-66.png","background-width":615,"background-height":424,"milestone-home":"https:\/\/www.netex.de\/wp-content\/uploads\/Article-66-588x424.png","milestone-home-width":588,"milestone-home-height":424,"milestone-company":"https:\/\/www.netex.de\/wp-content\/uploads\/Article-66-470x300.png","milestone-company-width":470,"milestone-company-height":300,"news-company":"https:\/\/www.netex.de\/wp-content\/uploads\/Article-66-300x180.png","news-company-width":300,"news-company-height":180,"inner":"https:\/\/www.netex.de\/wp-content\/uploads\/Article-66-300x255.png","inner-width":300,"inner-height":255,"gallery":"https:\/\/www.netex.de\/wp-content\/uploads\/Article-66-320x230.png","gallery-width":320,"gallery-height":230,"contact":"https:\/\/www.netex.de\/wp-content\/uploads\/Article-66-95x95.png","contact-width":95,"contact-height":95}},"column_right":"<p style=\"font-size: 1.5em;\"><strong>Netex na DWC\u2013Ripensia fudbalskom turniru<\/strong><\/p>\n<p><strong>6 Septembar 2025<\/strong><\/p>\n<p><span data-sheets-root=\"1\">Dana 6. septembra, Netex je s ponosom u\u010destvovao na DWC\u2013Ripensia fudbalskom turniru, u organizaciji Nema\u010dkog ekonomskog kluba (DWC) i Ripensije Timi\u0219oara. Doga\u0111aj je okupio kompanije i profesionalce u dinami\u010dnom okru\u017eenju koje je spojilo takmi\u010darski duh i timski rad.<\/span><\/p>\n<p>Na terenu, Netex tim je pokazao odlu\u010dnost, saradnju i me\u0111usobno poverenje \u2013 vrednosti koje defini\u0161u i sport i profesionalni uspeh. Me\u010d je bio izazovan, a podr\u0161ka kolega sa tribina dodatno je naglasila snagu zajedni\u0161tva.<\/p>\n<p>Turnir je, pored rezultata, istakao klju\u010dne vrednosti Netexa: timski rad, po\u0161tovanje, odgovornost i fer-plej.<\/p>\n<p>&nbsp;<\/p>\n<p>&nbsp;<\/p>\n"},{"acf_fc_layout":"two_columns","column_left":{"ID":32170,"id":32170,"title":"Article 67","filename":"Article-67.png","filesize":175648,"url":"https:\/\/www.netex.de\/wp-content\/uploads\/Article-67.png","link":"https:\/\/www.netex.de\/sr\/compa\/article-67-2\/","alt":"","author":"44","description":"","caption":"","name":"article-67-2","status":"inherit","uploaded_to":6025,"date":"2026-02-13 07:35:28","modified":"2026-02-13 07:35:28","menu_order":0,"mime_type":"image\/png","type":"image","subtype":"png","icon":"https:\/\/www.netex.de\/wp-includes\/images\/media\/default.png","width":420,"height":281,"sizes":{"thumbnail":"https:\/\/www.netex.de\/wp-content\/uploads\/Article-67-150x150.png","thumbnail-width":150,"thumbnail-height":150,"medium":"https:\/\/www.netex.de\/wp-content\/uploads\/Article-67-300x200.png","medium-width":300,"medium-height":200,"medium_large":"https:\/\/www.netex.de\/wp-content\/uploads\/Article-67-768x513.png","medium_large-width":768,"medium_large-height":513,"large":"https:\/\/www.netex.de\/wp-content\/uploads\/Article-67-1024x685.png","large-width":1024,"large-height":685,"1536x1536":"https:\/\/www.netex.de\/wp-content\/uploads\/Article-67-1536x1027.png","1536x1536-width":1536,"1536x1536-height":1027,"2048x2048":"https:\/\/www.netex.de\/wp-content\/uploads\/Article-67-2048x1370.png","2048x2048-width":2048,"2048x2048-height":1370,"post-thumbnail":"https:\/\/www.netex.de\/wp-content\/uploads\/Article-67-85x85.png","post-thumbnail-width":85,"post-thumbnail-height":85,"hero":"https:\/\/www.netex.de\/wp-content\/uploads\/Article-67.png","hero-width":420,"hero-height":281,"background":"https:\/\/www.netex.de\/wp-content\/uploads\/Article-67.png","background-width":420,"background-height":281,"milestone-home":"https:\/\/www.netex.de\/wp-content\/uploads\/Article-67.png","milestone-home-width":420,"milestone-home-height":281,"milestone-company":"https:\/\/www.netex.de\/wp-content\/uploads\/Article-67.png","milestone-company-width":420,"milestone-company-height":281,"news-company":"https:\/\/www.netex.de\/wp-content\/uploads\/Article-67-300x180.png","news-company-width":300,"news-company-height":180,"inner":"https:\/\/www.netex.de\/wp-content\/uploads\/Article-67-300x255.png","inner-width":300,"inner-height":255,"gallery":"https:\/\/www.netex.de\/wp-content\/uploads\/Article-67-320x230.png","gallery-width":320,"gallery-height":230,"contact":"https:\/\/www.netex.de\/wp-content\/uploads\/Article-67-95x95.png","contact-width":95,"contact-height":95}},"column_right":"<p style=\"font-size: 1.5em;\"><strong>Netex na DELIVER Europe 2025: U korak sa industrijskim promenama<\/strong><\/p>\n<p><strong>6 Jun 2025<\/strong><\/p>\n<p><span data-sheets-root=\"1\">Dana 4\u20135. juna, Netex je predstavljao C\u0103t\u0103lin Vasilief na doga\u0111aju DELIVER Europe 2025 u Amsterdamu, jednom od vode\u0107ih evropskih doga\u0111aja u oblasti logistike, lanca snabdevanja i e-trgovine. Konferencija je okupila donosioce odluka iz sektora maloprodaje, tehnologije i logistike.<\/span><\/p>\n<p>Za Netex, u\u010de\u0161\u0107e na DELIVER Europe predstavlja deo strate\u0161ke posve\u0107enosti pra\u0107enju industrijskih trendova i promena. Klju\u010dne teme poput operativne efikasnosti, dono\u0161enja odluka zasnovanih na podacima, automatizacije i partnerstava odra\u017eavaju izazove sa kojima se suo\u010davaju na\u0161i klijenti.<\/p>\n<p>Direktnim razgovorima sa evropskim liderima sti\u010demo vredne uvide koji nam poma\u017eu da unapredimo na\u0161e usluge i ostanemo agilni i konkurentni.<\/p>\n<p>&nbsp;<\/p>\n<p>&nbsp;<\/p>\n"},{"acf_fc_layout":"two_columns","column_left":{"ID":32159,"id":32159,"title":"Article 68","filename":"Article-68.png","filesize":557538,"url":"https:\/\/www.netex.de\/wp-content\/uploads\/Article-68.png","link":"https:\/\/www.netex.de\/sr\/compa\/article-68-2\/","alt":"","author":"44","description":"","caption":"","name":"article-68-2","status":"inherit","uploaded_to":6025,"date":"2026-02-13 07:35:19","modified":"2026-02-13 07:35:19","menu_order":0,"mime_type":"image\/png","type":"image","subtype":"png","icon":"https:\/\/www.netex.de\/wp-includes\/images\/media\/default.png","width":640,"height":480,"sizes":{"thumbnail":"https:\/\/www.netex.de\/wp-content\/uploads\/Article-68-150x150.png","thumbnail-width":150,"thumbnail-height":150,"medium":"https:\/\/www.netex.de\/wp-content\/uploads\/Article-68-300x225.png","medium-width":300,"medium-height":225,"medium_large":"https:\/\/www.netex.de\/wp-content\/uploads\/Article-68-768x576.png","medium_large-width":768,"medium_large-height":576,"large":"https:\/\/www.netex.de\/wp-content\/uploads\/Article-68-1024x768.png","large-width":1024,"large-height":768,"1536x1536":"https:\/\/www.netex.de\/wp-content\/uploads\/Article-68-1536x1152.png","1536x1536-width":1536,"1536x1536-height":1152,"2048x2048":"https:\/\/www.netex.de\/wp-content\/uploads\/Article-68-2048x1536.png","2048x2048-width":2048,"2048x2048-height":1536,"post-thumbnail":"https:\/\/www.netex.de\/wp-content\/uploads\/Article-68-85x85.png","post-thumbnail-width":85,"post-thumbnail-height":85,"hero":"https:\/\/www.netex.de\/wp-content\/uploads\/Article-68.png","hero-width":640,"hero-height":480,"background":"https:\/\/www.netex.de\/wp-content\/uploads\/Article-68.png","background-width":640,"background-height":480,"milestone-home":"https:\/\/www.netex.de\/wp-content\/uploads\/Article-68-588x455.png","milestone-home-width":588,"milestone-home-height":455,"milestone-company":"https:\/\/www.netex.de\/wp-content\/uploads\/Article-68-470x300.png","milestone-company-width":470,"milestone-company-height":300,"news-company":"https:\/\/www.netex.de\/wp-content\/uploads\/Article-68-300x180.png","news-company-width":300,"news-company-height":180,"inner":"https:\/\/www.netex.de\/wp-content\/uploads\/Article-68-300x255.png","inner-width":300,"inner-height":255,"gallery":"https:\/\/www.netex.de\/wp-content\/uploads\/Article-68-320x230.png","gallery-width":320,"gallery-height":230,"contact":"https:\/\/www.netex.de\/wp-content\/uploads\/Article-68-95x95.png","contact-width":95,"contact-height":95}},"column_right":"<p style=\"font-size: 1.5em;\"><strong>NETEX NA GPEC SUMMITU U BUKURE\u0160TU<\/strong><\/p>\n<p><strong>28 Maj 2025<\/strong><\/p>\n<p><span data-sheets-root=\"1\">Dana 26\u201327. maja, Netex je prisustvovao GPeC Summitu u Bukure\u0161tu, jednom od najva\u017enijih doga\u0111aja za e-trgovinu i digitalni marketing u Centralnoj i Isto\u010dnoj Evropi.<\/span><\/p>\n<p>Samit je pru\u017eio vredne uvide u tr\u017ei\u0161ne trendove i razvoj industrije. Klju\u010dne teme bile su korisni\u010dko iskustvo, performance marketing, automatizacija, ve\u0161ta\u010dka inteligencija i odr\u017eivi rast.<\/p>\n<p>Doga\u0111aj je omogu\u0107io razmenu ideja sa stru\u010dnjacima i pomogao Netexu da potvrdi svoju strategiju i ostane uskla\u0111en sa potrebama klijenata i partnera.<\/p>\n<p>&nbsp;<\/p>\n"},{"acf_fc_layout":"two_columns","column_left":{"ID":32148,"id":32148,"title":"Article 69","filename":"Article-69.png","filesize":249338,"url":"https:\/\/www.netex.de\/wp-content\/uploads\/Article-69.png","link":"https:\/\/www.netex.de\/sr\/compa\/article-69-2\/","alt":"","author":"44","description":"","caption":"","name":"article-69-2","status":"inherit","uploaded_to":6025,"date":"2026-02-13 07:35:12","modified":"2026-02-13 07:35:12","menu_order":0,"mime_type":"image\/png","type":"image","subtype":"png","icon":"https:\/\/www.netex.de\/wp-includes\/images\/media\/default.png","width":600,"height":270,"sizes":{"thumbnail":"https:\/\/www.netex.de\/wp-content\/uploads\/Article-69-150x150.png","thumbnail-width":150,"thumbnail-height":150,"medium":"https:\/\/www.netex.de\/wp-content\/uploads\/Article-69-300x135.png","medium-width":300,"medium-height":135,"medium_large":"https:\/\/www.netex.de\/wp-content\/uploads\/Article-69-768x345.png","medium_large-width":768,"medium_large-height":345,"large":"https:\/\/www.netex.de\/wp-content\/uploads\/Article-69-1024x460.png","large-width":1024,"large-height":460,"1536x1536":"https:\/\/www.netex.de\/wp-content\/uploads\/Article-69-1536x691.png","1536x1536-width":1536,"1536x1536-height":691,"2048x2048":"https:\/\/www.netex.de\/wp-content\/uploads\/Article-69-2048x921.png","2048x2048-width":2048,"2048x2048-height":921,"post-thumbnail":"https:\/\/www.netex.de\/wp-content\/uploads\/Article-69-85x85.png","post-thumbnail-width":85,"post-thumbnail-height":85,"hero":"https:\/\/www.netex.de\/wp-content\/uploads\/Article-69.png","hero-width":600,"hero-height":270,"background":"https:\/\/www.netex.de\/wp-content\/uploads\/Article-69.png","background-width":600,"background-height":270,"milestone-home":"https:\/\/www.netex.de\/wp-content\/uploads\/Article-69-588x270.png","milestone-home-width":588,"milestone-home-height":270,"milestone-company":"https:\/\/www.netex.de\/wp-content\/uploads\/Article-69-470x270.png","milestone-company-width":470,"milestone-company-height":270,"news-company":"https:\/\/www.netex.de\/wp-content\/uploads\/Article-69-300x180.png","news-company-width":300,"news-company-height":180,"inner":"https:\/\/www.netex.de\/wp-content\/uploads\/Article-69-300x255.png","inner-width":300,"inner-height":255,"gallery":"https:\/\/www.netex.de\/wp-content\/uploads\/Article-69-320x230.png","gallery-width":320,"gallery-height":230,"contact":"https:\/\/www.netex.de\/wp-content\/uploads\/Article-69-95x95.png","contact-width":95,"contact-height":95}},"column_right":"<p style=\"font-size: 1.5em;\"><strong>RE\u0218I\u021aA: JEDNA KANCELARIJA, JEDAN TIM<\/strong><\/p>\n<p><strong>28 Maj 2025<\/strong><\/p>\n<p><span data-sheets-root=\"1\">Sa zadovoljstvom delimo va\u017enu vest o na\u0161im timovima u Re\u0161ici. Od decembra 2025. godine, kancelarija Re\u0219i\u021ba Gov\u00e2ndari zvani\u010dno se preselila u kancelariju Re\u0219i\u021ba Lunca, okupljaju\u0107i sve kolege pod jednim krovom.<\/span><\/p>\n<p>Ovaj korak omogu\u0107ava bli\u017eu saradnju, razmenu znanja i ve\u0107u operativnu efikasnost. Spajanjem timova stvaramo povezanije i agilnije radno okru\u017eenje.<\/p>\n<p>Pored optimizacije tro\u0161kova, ova promena ja\u010da timski duh i internu koheziju. Radujemo se novom poglavlju \u2013 kao jedan tim, u jednoj kancelariji, u Re\u0161ici.<\/p>\n<p>&nbsp;<\/p>\n"},{"acf_fc_layout":"two_columns","column_left":{"ID":32225,"id":32225,"title":"Article 62","filename":"Article-62.png","filesize":354939,"url":"https:\/\/www.netex.de\/wp-content\/uploads\/Article-62.png","link":"https:\/\/www.netex.de\/sr\/compa\/article-62-2\/","alt":"","author":"44","description":"","caption":"","name":"article-62-2","status":"inherit","uploaded_to":6025,"date":"2026-02-13 07:36:03","modified":"2026-02-13 07:36:03","menu_order":0,"mime_type":"image\/png","type":"image","subtype":"png","icon":"https:\/\/www.netex.de\/wp-includes\/images\/media\/default.png","width":615,"height":461,"sizes":{"thumbnail":"https:\/\/www.netex.de\/wp-content\/uploads\/Article-62-150x150.png","thumbnail-width":150,"thumbnail-height":150,"medium":"https:\/\/www.netex.de\/wp-content\/uploads\/Article-62-300x225.png","medium-width":300,"medium-height":225,"medium_large":"https:\/\/www.netex.de\/wp-content\/uploads\/Article-62-768x575.png","medium_large-width":768,"medium_large-height":575,"large":"https:\/\/www.netex.de\/wp-content\/uploads\/Article-62-1024x767.png","large-width":1024,"large-height":767,"1536x1536":"https:\/\/www.netex.de\/wp-content\/uploads\/Article-62-1536x1151.png","1536x1536-width":1536,"1536x1536-height":1151,"2048x2048":"https:\/\/www.netex.de\/wp-content\/uploads\/Article-62-2048x1535.png","2048x2048-width":2048,"2048x2048-height":1535,"post-thumbnail":"https:\/\/www.netex.de\/wp-content\/uploads\/Article-62-85x85.png","post-thumbnail-width":85,"post-thumbnail-height":85,"hero":"https:\/\/www.netex.de\/wp-content\/uploads\/Article-62.png","hero-width":615,"hero-height":461,"background":"https:\/\/www.netex.de\/wp-content\/uploads\/Article-62.png","background-width":615,"background-height":461,"milestone-home":"https:\/\/www.netex.de\/wp-content\/uploads\/Article-62-588x455.png","milestone-home-width":588,"milestone-home-height":455,"milestone-company":"https:\/\/www.netex.de\/wp-content\/uploads\/Article-62-470x300.png","milestone-company-width":470,"milestone-company-height":300,"news-company":"https:\/\/www.netex.de\/wp-content\/uploads\/Article-62-300x180.png","news-company-width":300,"news-company-height":180,"inner":"https:\/\/www.netex.de\/wp-content\/uploads\/Article-62-300x255.png","inner-width":300,"inner-height":255,"gallery":"https:\/\/www.netex.de\/wp-content\/uploads\/Article-62-320x230.png","gallery-width":320,"gallery-height":230,"contact":"https:\/\/www.netex.de\/wp-content\/uploads\/Article-62-95x95.png","contact-width":95,"contact-height":95}},"column_right":"<p style=\"font-size: 1.5em;\"><strong>NETEX DOBIJA PETI UZASTOPNI MANDAT U UPRAVNOM ODBORU NEMA\u010cKOG EKONOMSKOG KLUBA<\/strong><\/p>\n<p><strong>9 Maj 2025<\/strong><\/p>\n<p><span data-sheets-root=\"1\">Dana 8. maja, Netex je dobio peti uzastopni mandat kao \u010dlan Upravnog odbora Nema\u010dkog ekonomskog kluba (DWC), potvr\u0111uju\u0107i svoju sna\u017enu i kontinuiranu ulogu u rumunsko-nema\u010dkoj poslovnoj zajednici.<\/span><\/p>\n<p>Obnovljeni mandat odra\u017eava poverenje, kontinuitet i priznanje dugoro\u010dne posve\u0107enosti Netexa dijalogu, saradnji i odr\u017eivom razvoju u me\u0111unarodnom poslovnom okru\u017eenju. Kao \u010dlan Odbora, Netex aktivno doprinosi svojim znanjem i strate\u0161kom perspektivom inicijativama koje oblikuju \u0161iri ekonomski ekosistem.<\/p>\n<p>Za Netex, ova uloga predstavlja vi\u0161e od predstavljanja \u2013 ona simbolizuje anga\u017eovanost, odgovornost i zajedni\u010dke vrednosti. Peti uzastopni mandat potvr\u0111uje da su doslednost i vizija usmerena ka budu\u0107nosti prepoznate i cenjene.<\/p>\n<p>&nbsp;<\/p>\n"},{"acf_fc_layout":"two_columns","column_left":{"ID":32346,"id":32346,"title":"Article 50","filename":"Article-50.png","filesize":113710,"url":"https:\/\/www.netex.de\/wp-content\/uploads\/Article-50.png","link":"https:\/\/www.netex.de\/sr\/compa\/article-50-2\/","alt":"","author":"44","description":"","caption":"","name":"article-50-2","status":"inherit","uploaded_to":6025,"date":"2026-02-13 07:37:07","modified":"2026-02-13 07:37:07","menu_order":0,"mime_type":"image\/png","type":"image","subtype":"png","icon":"https:\/\/www.netex.de\/wp-includes\/images\/media\/default.png","width":565,"height":242,"sizes":{"thumbnail":"https:\/\/www.netex.de\/wp-content\/uploads\/Article-50-150x150.png","thumbnail-width":150,"thumbnail-height":150,"medium":"https:\/\/www.netex.de\/wp-content\/uploads\/Article-50-300x128.png","medium-width":300,"medium-height":128,"medium_large":"https:\/\/www.netex.de\/wp-content\/uploads\/Article-50-768x328.png","medium_large-width":768,"medium_large-height":328,"large":"https:\/\/www.netex.de\/wp-content\/uploads\/Article-50-1024x438.png","large-width":1024,"large-height":438,"1536x1536":"https:\/\/www.netex.de\/wp-content\/uploads\/Article-50-1536x657.png","1536x1536-width":1536,"1536x1536-height":657,"2048x2048":"https:\/\/www.netex.de\/wp-content\/uploads\/Article-50-2048x877.png","2048x2048-width":2048,"2048x2048-height":877,"post-thumbnail":"https:\/\/www.netex.de\/wp-content\/uploads\/Article-50-85x85.png","post-thumbnail-width":85,"post-thumbnail-height":85,"hero":"https:\/\/www.netex.de\/wp-content\/uploads\/Article-50.png","hero-width":565,"hero-height":242,"background":"https:\/\/www.netex.de\/wp-content\/uploads\/Article-50.png","background-width":565,"background-height":242,"milestone-home":"https:\/\/www.netex.de\/wp-content\/uploads\/Article-50.png","milestone-home-width":565,"milestone-home-height":242,"milestone-company":"https:\/\/www.netex.de\/wp-content\/uploads\/Article-50-470x242.png","milestone-company-width":470,"milestone-company-height":242,"news-company":"https:\/\/www.netex.de\/wp-content\/uploads\/Article-50-300x180.png","news-company-width":300,"news-company-height":180,"inner":"https:\/\/www.netex.de\/wp-content\/uploads\/Article-50-300x242.png","inner-width":300,"inner-height":242,"gallery":"https:\/\/www.netex.de\/wp-content\/uploads\/Article-50-320x230.png","gallery-width":320,"gallery-height":230,"contact":"https:\/\/www.netex.de\/wp-content\/uploads\/Article-50-95x95.png","contact-width":95,"contact-height":95}},"column_right":"<p style=\"font-size: 1.5em;\"><strong>POBEDA ZA NETEX NA<br \/>\nEUROPEAN ENTERPRISE AWARDS<\/strong><\/p>\n<p><strong>2 April 2025<\/strong><\/p>\n<p><span data-sheets-root=\"1\">Andreea Kremm, CEO Netex Group, progla\u0161ena je za \u201eAI-Driven Customer Care CEO of the Year 2025 \u2013 European Business Awards\u201c. Ovo presti\u017eno priznanje slavi njeno vizionarsko liderstvo i posve\u0107enost inovacijama u oblasti korisni\u010dkog iskustva zasnovanog na ve\u0161ta\u010dkoj inteligenciji u BPO industriji.<\/span><\/p>\n<p>Ali priznanja se tu nisu zaustavila.<\/p>\n<p>Netex Group je tako\u0111e nagra\u0111en priznanjem \u201eExcellence in Multilingual Omnichannel Communication\u201c \u2014 sna\u017enom potvrdom na\u0161e ekspertize u pru\u017eanju brze, integrisane i personalizovane podr\u0161ke kroz razli\u010dite komunikacione kanale.<\/p>\n<p>Ove nagrade dodatno potvr\u0111uju na\u0161e kontinuirane napore da spojimo najsavremeniju tehnologiju sa pristupom usmerenim na ljude, pokazuju\u0107i jo\u0161 jednom da ve\u0161ta\u010dka inteligencija i empatija nisu suprotnosti, ve\u0107 partneri.<\/p>\n<p>U Netexu, inovacija zna\u010di vi\u0161e od automatizacije \u2014 zna\u010di razvoj pametnih i intuitivnih re\u0161enja koja istinski odgovaraju potrebama klijenata na razli\u010ditim jezicima, platformama i tr\u017ei\u0161tima.<\/p>\n<p>Ponosni smo \u0161to su na\u0161 rad i vrednosti prepoznati na me\u0111unarodnoj sceni \u2014 a jo\u0161 ponosniji na izuzetne ljude koji sve to \u010dine mogu\u0107im.<\/p>\n<p>Nastavimo zajedno da gradimo budu\u0107nost korisni\u010dkog iskustva.<\/p>\n<p>&nbsp;<\/p>\n"},{"acf_fc_layout":"two_columns","column_left":{"ID":32335,"id":32335,"title":"Article 52","filename":"Article-52.png","filesize":926384,"url":"https:\/\/www.netex.de\/wp-content\/uploads\/Article-52.png","link":"https:\/\/www.netex.de\/sr\/compa\/article-52-2\/","alt":"","author":"44","description":"","caption":"","name":"article-52-2","status":"inherit","uploaded_to":6025,"date":"2026-02-13 07:37:00","modified":"2026-02-13 07:37:00","menu_order":0,"mime_type":"image\/png","type":"image","subtype":"png","icon":"https:\/\/www.netex.de\/wp-includes\/images\/media\/default.png","width":807,"height":605,"sizes":{"thumbnail":"https:\/\/www.netex.de\/wp-content\/uploads\/Article-52-150x150.png","thumbnail-width":150,"thumbnail-height":150,"medium":"https:\/\/www.netex.de\/wp-content\/uploads\/Article-52-300x225.png","medium-width":300,"medium-height":225,"medium_large":"https:\/\/www.netex.de\/wp-content\/uploads\/Article-52-768x576.png","medium_large-width":768,"medium_large-height":576,"large":"https:\/\/www.netex.de\/wp-content\/uploads\/Article-52-1024x767.png","large-width":1024,"large-height":767,"1536x1536":"https:\/\/www.netex.de\/wp-content\/uploads\/Article-52-1536x1151.png","1536x1536-width":1536,"1536x1536-height":1151,"2048x2048":"https:\/\/www.netex.de\/wp-content\/uploads\/Article-52-2048x1535.png","2048x2048-width":2048,"2048x2048-height":1535,"post-thumbnail":"https:\/\/www.netex.de\/wp-content\/uploads\/Article-52-85x85.png","post-thumbnail-width":85,"post-thumbnail-height":85,"hero":"https:\/\/www.netex.de\/wp-content\/uploads\/Article-52.png","hero-width":807,"hero-height":605,"background":"https:\/\/www.netex.de\/wp-content\/uploads\/Article-52-807x535.png","background-width":807,"background-height":535,"milestone-home":"https:\/\/www.netex.de\/wp-content\/uploads\/Article-52-588x455.png","milestone-home-width":588,"milestone-home-height":455,"milestone-company":"https:\/\/www.netex.de\/wp-content\/uploads\/Article-52-470x300.png","milestone-company-width":470,"milestone-company-height":300,"news-company":"https:\/\/www.netex.de\/wp-content\/uploads\/Article-52-300x180.png","news-company-width":300,"news-company-height":180,"inner":"https:\/\/www.netex.de\/wp-content\/uploads\/Article-52-300x255.png","inner-width":300,"inner-height":255,"gallery":"https:\/\/www.netex.de\/wp-content\/uploads\/Article-52-320x230.png","gallery-width":320,"gallery-height":230,"contact":"https:\/\/www.netex.de\/wp-content\/uploads\/Article-52-95x95.png","contact-width":95,"contact-height":95}},"column_right":"<p style=\"font-size: 1.5em;\"><strong>GODINE POSVE\u0106ENOSTI, BEZBROJ DOPRINOSA: SLAVIMO NA\u0160 TIM IZ NOVOG SADA<\/strong><\/p>\n<p><strong>1 April 2025<\/strong><\/p>\n<p><span data-sheets-root=\"1\">U Netexu verujemo da srce na\u0161eg uspeha le\u017ei u ljudima koji ga grade \u2014 ideju po ideju, saradnju po saradnju i izazov po izazov. Ovog prole\u0107a imali smo veliko zadovoljstvo da u na\u0161em novosadskom timu odamo priznanje izuzetnoj grupi kolega, \u010dija su posve\u0107enost, lojalnost i strast odigrale klju\u010dnu ulogu u oblikovanju kompanije kakva je danas.<\/span><\/p>\n<p>Ova posebna proslava nije bila samo o godinama sta\u017ea \u2014 ve\u0107 o ljudima koji stoje iza njih. Bila je to prilika da zastanemo, osvrnemo se i zahvalimo onima koji su vi\u0161e od decenije uz Netex, rastu\u0107i zajedno sa kompanijom i doprinose\u0107i na\u0161oj zajedni\u010dkoj misiji.<\/p>\n<p>Proslava dugogodi\u0161njih kolega<\/p>\n<p>Sa ponosom smo odali priznanje za devet izuzetnih \u010dlanova tima koji su obele\u017eili va\u017ene jubileje:<\/p>\n<p>15 godina u Netexu<br \/>\nEmilija Kolar<br \/>\nRade Pujin<br \/>\nBojan Kamberovi\u0107<br \/>\nSandra Ludrovan<br \/>\nSlavko Hodak<\/p>\n<p>10 godina u Netexu<br \/>\nMilena Malba\u0161i\u0107<br \/>\nNikolina Radivojevi\u0107<br \/>\nMilena Bubnjevi\u0107<br \/>\nJarmila Lekovi\u0107<\/p>\n<p>Svako od njih je u Netex uneo ne samo vreme, ve\u0107 i srce, znanje i integritet. Njihove pri\u010de nadilaze radne titule \u2014 oni su mentori, re\u0161avaoci problema, inovatori i istinski timski igra\u010di.<\/p>\n<p>Doga\u0111aj nam je pru\u017eio priliku da bolje upoznamo njihov profesionalni put, njihov razvoj u okviru Netexa i na\u010dine na koje su oblikovali na\u0161u organizacionu kulturu.<\/p>\n<p>Jubilarni opro\u0161taj<\/p>\n<p>Proslava je bila i emotivan opro\u0161taj od Branke Stojni\u0107, prve koleginice iz Srbije koja odlazi u penziju iz Netexa. Dok su se delile uspomene i pri\u010de iz njenog dugogodi\u0161njeg rada, bilo je jasno da \u0107e njen trag ostati trajno prisutan u hodnicima na\u0161eg novosadskog biroa. \u017delimo joj mnogo sre\u0107e i ispunjenja u novom \u017eivotnom poglavlju.<\/p>\n<p>Za\u0161to slavimo<\/p>\n<p>Ono \u0161to je ovaj susret u\u010dinilo posebnim bio je ose\u0107aj zajedni\u0161tva. Slave\u0107i ove jubileje, podsetili smo se da Netex nije samo mesto gde ljudi rade \u2014 ve\u0107 mesto gde rastu, doprinose i zajedno grade ne\u0161to smisleno i trajno.<\/p>\n<p>Svim kolegama u Novom Sadu i \u0161irom kompanije \u2014 hvala vam. Hvala \u0161to ste tu, \u0161to podr\u017eavate jedni druge i \u0161to svakog dana \u010dinite Netex sna\u017enijim.<\/p>\n<p>Za ljude koji \u010dine ovo putovanje vrednim!<\/p>\n<p>&nbsp;<\/p>\n"},{"acf_fc_layout":"two_columns","column_left":{"ID":32258,"id":32258,"title":"Article 59","filename":"Article-59.png","filesize":498466,"url":"https:\/\/www.netex.de\/wp-content\/uploads\/Article-59.png","link":"https:\/\/www.netex.de\/sr\/compa\/article-59-2\/","alt":"","author":"44","description":"","caption":"","name":"article-59-2","status":"inherit","uploaded_to":6025,"date":"2026-02-13 07:36:24","modified":"2026-02-13 07:36:24","menu_order":0,"mime_type":"image\/png","type":"image","subtype":"png","icon":"https:\/\/www.netex.de\/wp-includes\/images\/media\/default.png","width":640,"height":480,"sizes":{"thumbnail":"https:\/\/www.netex.de\/wp-content\/uploads\/Article-59-150x150.png","thumbnail-width":150,"thumbnail-height":150,"medium":"https:\/\/www.netex.de\/wp-content\/uploads\/Article-59-300x225.png","medium-width":300,"medium-height":225,"medium_large":"https:\/\/www.netex.de\/wp-content\/uploads\/Article-59-768x576.png","medium_large-width":768,"medium_large-height":576,"large":"https:\/\/www.netex.de\/wp-content\/uploads\/Article-59-1024x768.png","large-width":1024,"large-height":768,"1536x1536":"https:\/\/www.netex.de\/wp-content\/uploads\/Article-59-1536x1152.png","1536x1536-width":1536,"1536x1536-height":1152,"2048x2048":"https:\/\/www.netex.de\/wp-content\/uploads\/Article-59-2048x1536.png","2048x2048-width":2048,"2048x2048-height":1536,"post-thumbnail":"https:\/\/www.netex.de\/wp-content\/uploads\/Article-59-85x85.png","post-thumbnail-width":85,"post-thumbnail-height":85,"hero":"https:\/\/www.netex.de\/wp-content\/uploads\/Article-59.png","hero-width":640,"hero-height":480,"background":"https:\/\/www.netex.de\/wp-content\/uploads\/Article-59.png","background-width":640,"background-height":480,"milestone-home":"https:\/\/www.netex.de\/wp-content\/uploads\/Article-59-588x455.png","milestone-home-width":588,"milestone-home-height":455,"milestone-company":"https:\/\/www.netex.de\/wp-content\/uploads\/Article-59-470x300.png","milestone-company-width":470,"milestone-company-height":300,"news-company":"https:\/\/www.netex.de\/wp-content\/uploads\/Article-59-300x180.png","news-company-width":300,"news-company-height":180,"inner":"https:\/\/www.netex.de\/wp-content\/uploads\/Article-59-300x255.png","inner-width":300,"inner-height":255,"gallery":"https:\/\/www.netex.de\/wp-content\/uploads\/Article-59-320x230.png","gallery-width":320,"gallery-height":230,"contact":"https:\/\/www.netex.de\/wp-content\/uploads\/Article-59-95x95.png","contact-width":95,"contact-height":95}},"column_right":"<p style=\"font-size: 1.5em;\"><strong>NETEX NA SAJMU KARIJERA<\/strong><\/p>\n<p><strong>20 Mart 2025<\/strong><\/p>\n<p><span data-sheets-root=\"1\">Sajam karijera vratio se ovog prole\u0107a u Ki\u0161injev, okupljaju\u0107i poslodavce iz razli\u010ditih industrija i nude\u0107i brojne profesionalne mogu\u0107nosti.<\/span><\/p>\n<p>Nakon vi\u0161e od 10 godina anga\u017eovanja i posve\u0107enosti tr\u017ei\u0161tu rada u Republici Moldaviji, Sajam karijera postao je mesto gde su poslodavci i kandidati imali priliku da direktno komuniciraju i razgovaraju o dostupnim radnim mestima, organizacionoj kulturi, procesu regrutacije i radnom okru\u017eenju.<\/p>\n<p>Na doga\u0111aju su u\u010destvovale kompanije iz razli\u010ditih oblasti, uklju\u010duju\u0107i in\u017eenjering, proizvodnju i tehniku, auto i automotive industriju, IT, usluge i BPO, logistiku i transport, telekomunikacije, trgovinu, marketing, komunikacije, ljudske resurse i finansije-bankarstvo.<\/p>\n<p>&nbsp;<\/p>\n<p>&nbsp;<\/p>\n"},{"acf_fc_layout":"two_columns","column_left":{"ID":32357,"id":32357,"title":"Article 51","filename":"Article-51.png","filesize":329738,"url":"https:\/\/www.netex.de\/wp-content\/uploads\/Article-51.png","link":"https:\/\/www.netex.de\/sr\/compa\/article-51-2\/","alt":"","author":"44","description":"","caption":"","name":"article-51-2","status":"inherit","uploaded_to":6025,"date":"2026-02-13 07:37:09","modified":"2026-02-13 07:37:09","menu_order":0,"mime_type":"image\/png","type":"image","subtype":"png","icon":"https:\/\/www.netex.de\/wp-includes\/images\/media\/default.png","width":461,"height":576,"sizes":{"thumbnail":"https:\/\/www.netex.de\/wp-content\/uploads\/Article-51-150x150.png","thumbnail-width":150,"thumbnail-height":150,"medium":"https:\/\/www.netex.de\/wp-content\/uploads\/Article-51-240x300.png","medium-width":240,"medium-height":300,"medium_large":"https:\/\/www.netex.de\/wp-content\/uploads\/Article-51-768x959.png","medium_large-width":768,"medium_large-height":959,"large":"https:\/\/www.netex.de\/wp-content\/uploads\/Article-51-1024x1279.png","large-width":820,"large-height":1024,"1536x1536":"https:\/\/www.netex.de\/wp-content\/uploads\/Article-51-1536x1919.png","1536x1536-width":1229,"1536x1536-height":1536,"2048x2048":"https:\/\/www.netex.de\/wp-content\/uploads\/Article-51-2048x2558.png","2048x2048-width":1640,"2048x2048-height":2048,"post-thumbnail":"https:\/\/www.netex.de\/wp-content\/uploads\/Article-51-85x85.png","post-thumbnail-width":85,"post-thumbnail-height":85,"hero":"https:\/\/www.netex.de\/wp-content\/uploads\/Article-51.png","hero-width":461,"hero-height":576,"background":"https:\/\/www.netex.de\/wp-content\/uploads\/Article-51-461x535.png","background-width":461,"background-height":535,"milestone-home":"https:\/\/www.netex.de\/wp-content\/uploads\/Article-51-461x455.png","milestone-home-width":461,"milestone-home-height":455,"milestone-company":"https:\/\/www.netex.de\/wp-content\/uploads\/Article-51-461x300.png","milestone-company-width":461,"milestone-company-height":300,"news-company":"https:\/\/www.netex.de\/wp-content\/uploads\/Article-51-300x180.png","news-company-width":300,"news-company-height":180,"inner":"https:\/\/www.netex.de\/wp-content\/uploads\/Article-51-300x255.png","inner-width":300,"inner-height":255,"gallery":"https:\/\/www.netex.de\/wp-content\/uploads\/Article-51-320x230.png","gallery-width":320,"gallery-height":230,"contact":"https:\/\/www.netex.de\/wp-content\/uploads\/Article-51-95x95.png","contact-width":95,"contact-height":95}},"column_right":"<p style=\"font-size: 1.5em;\"><strong>ODAJU\u0106I PRIZNANJE POSVE\u0106ENOSTI:<br \/>\nSLAVIMO 10 I 15 GODINA U NETEXU<\/strong><\/p>\n<p><strong>20 Mart 2025<\/strong><\/p>\n<p><span data-sheets-root=\"1\">Dana 20. marta, Netex je imao zadovoljstvo da u na\u0161oj kancelariji u Cluj-Napoci proslavi dve izuzetne koleginice i kolege, \u010dija dugogodi\u0161nja posve\u0107enost i profesionalizam zna\u010dajno doprinose rastu i uspehu kompanije.<\/span><\/p>\n<p>Bernt Budde \u2013 10 godina u Netexu<br \/>\nJuliana Marton \u2013 15 godina u Netexu<\/p>\n<p>Njihova dosledna posve\u0107enost, integritet i kontinuirani doprinos ostavili su sna\u017ean trag u brojnim timovima i projektima. Iskreno smo zahvalni \u0161to su deo Netex tima.<\/p>\n<p>U Netexu \u010dvrsto verujemo da je prepoznavanje lojalnosti zaposlenih va\u017ean deo na\u0161e organizacione kulture. Ovakvi jubileji ne odra\u017eavaju samo li\u010dnu istrajnost, ve\u0107 i zajedni\u010dki duh koji pokre\u0107e na\u0161u organizaciju napred.<\/p>\n<p>Od srca zahvaljujemo Berntu i Juliani na njihovom izuzetnom doprinosu. Njihova radna etika i posve\u0107enost predstavljaju primer profesionalizma i predanosti za sve nas.<\/p>\n<p>Radujemo se nastavku zajedni\u010dkog puta i proslavi mnogih novih uspeha u godinama koje dolaze.<\/p>\n<p>&nbsp;<\/p>\n"},{"acf_fc_layout":"two_columns","column_left":{"ID":32302,"id":32302,"title":"Article 55","filename":"Article-55.png","filesize":367810,"url":"https:\/\/www.netex.de\/wp-content\/uploads\/Article-55.png","link":"https:\/\/www.netex.de\/sr\/compa\/article-55-2\/","alt":"","author":"44","description":"","caption":"","name":"article-55-2","status":"inherit","uploaded_to":6025,"date":"2026-02-13 07:36:40","modified":"2026-02-13 07:36:40","menu_order":0,"mime_type":"image\/png","type":"image","subtype":"png","icon":"https:\/\/www.netex.de\/wp-includes\/images\/media\/default.png","width":480,"height":362,"sizes":{"thumbnail":"https:\/\/www.netex.de\/wp-content\/uploads\/Article-55-150x150.png","thumbnail-width":150,"thumbnail-height":150,"medium":"https:\/\/www.netex.de\/wp-content\/uploads\/Article-55-300x226.png","medium-width":300,"medium-height":226,"medium_large":"https:\/\/www.netex.de\/wp-content\/uploads\/Article-55-768x579.png","medium_large-width":768,"medium_large-height":579,"large":"https:\/\/www.netex.de\/wp-content\/uploads\/Article-55-1024x772.png","large-width":1024,"large-height":772,"1536x1536":"https:\/\/www.netex.de\/wp-content\/uploads\/Article-55-1536x1158.png","1536x1536-width":1536,"1536x1536-height":1158,"2048x2048":"https:\/\/www.netex.de\/wp-content\/uploads\/Article-55-2048x1544.png","2048x2048-width":2048,"2048x2048-height":1544,"post-thumbnail":"https:\/\/www.netex.de\/wp-content\/uploads\/Article-55-85x85.png","post-thumbnail-width":85,"post-thumbnail-height":85,"hero":"https:\/\/www.netex.de\/wp-content\/uploads\/Article-55.png","hero-width":480,"hero-height":362,"background":"https:\/\/www.netex.de\/wp-content\/uploads\/Article-55.png","background-width":480,"background-height":362,"milestone-home":"https:\/\/www.netex.de\/wp-content\/uploads\/Article-55.png","milestone-home-width":480,"milestone-home-height":362,"milestone-company":"https:\/\/www.netex.de\/wp-content\/uploads\/Article-55-470x300.png","milestone-company-width":470,"milestone-company-height":300,"news-company":"https:\/\/www.netex.de\/wp-content\/uploads\/Article-55-300x180.png","news-company-width":300,"news-company-height":180,"inner":"https:\/\/www.netex.de\/wp-content\/uploads\/Article-55-300x255.png","inner-width":300,"inner-height":255,"gallery":"https:\/\/www.netex.de\/wp-content\/uploads\/Article-55-320x230.png","gallery-width":320,"gallery-height":230,"contact":"https:\/\/www.netex.de\/wp-content\/uploads\/Article-55-95x95.png","contact-width":95,"contact-height":95}},"column_right":"<p style=\"font-size: 1.5em;\"><strong>INSIDE CLOUDFEST 2025: INOVACIJE, UVIDI<br \/>\nI ME\u0110UNARODNE VEZE<\/strong><\/p>\n<p><strong>19 Mart 2025<\/strong><\/p>\n<p><span data-sheets-root=\"1\">Mehr als 10.000 Tech-Expertinnen und -Experten kamen vom 17.\u201319. M\u00e4rz im Europa-Park in Rust, Deutschland, zur CloudFest 2025 zusammen, Europas f\u00fchrender Veranstaltung der Cloud-Branche. Die diesj\u00e4hrige Ausgabe markierte eine klare Verschiebung hin zum realen Einfluss von K\u00fcnstlicher Intelligenz und zeigte, wie rasant KI das Cloud-\u00d6kosystem ver\u00e4ndert.<\/span><\/p>\n<p>Das Netex-Team nahm mit gro\u00dfer Begeisterung an der Veranstaltung teil und engagierte sich nicht nur in den Konferenzsessions, sondern auch aktiv in praxisnahen technischen Wettbewerben. Ein Highlight war eine anspruchsvolle Server-Assembly-Challenge, bei der das Team technisches Know-how, Effizienz und Teamarbeit unter Zeitdruck unter Beweis stellte. Eine weitere besondere Erfahrung war das Testen eines RAID-basierten Backup-Systems von Toshiba, bei dem durch das strategische Entfernen von Festplatten die Belastbarkeit des Systems ermittelt wurde. Das Ergebnis: Je nach Vorgehensweise konnten zwischen 9 und 29 Festplatten ausfallen, bevor es zu Datenverlust kam.<\/p>\n<p>CloudFest bot zudem inspirierende Begegnungen, darunter ein Treffen mit Karlheinz Brandenburg, dem Erfinder des MP3-Formats, sowie Einblicke in die 40-j\u00e4hrige Geschichte der ersten .com-Domain, symbolics.com.<\/p>\n<p>Insgesamt lieferte die CloudFest 2025 wertvolle Erkenntnisse zu KI, Infrastruktur-Resilienz und digitaler Innovation \u2013 und unterstrich Netex\u2019 Engagement, aktiv an der Weiterentwicklung von Cloud- und Technologietrends mitzuwirken.<\/p>\n<p>&nbsp;<\/p>\n<p>&nbsp;<\/p>\n"},{"acf_fc_layout":"two_columns","column_left":{"ID":32280,"id":32280,"title":"Article 57","filename":"Article-57.png","filesize":424281,"url":"https:\/\/www.netex.de\/wp-content\/uploads\/Article-57.png","link":"https:\/\/www.netex.de\/sr\/compa\/article-57-2\/","alt":"","author":"44","description":"","caption":"","name":"article-57-2","status":"inherit","uploaded_to":6025,"date":"2026-02-13 07:36:32","modified":"2026-02-13 07:36:32","menu_order":0,"mime_type":"image\/png","type":"image","subtype":"png","icon":"https:\/\/www.netex.de\/wp-includes\/images\/media\/default.png","width":450,"height":600,"sizes":{"thumbnail":"https:\/\/www.netex.de\/wp-content\/uploads\/Article-57-150x150.png","thumbnail-width":150,"thumbnail-height":150,"medium":"https:\/\/www.netex.de\/wp-content\/uploads\/Article-57-225x300.png","medium-width":225,"medium-height":300,"medium_large":"https:\/\/www.netex.de\/wp-content\/uploads\/Article-57-768x1024.png","medium_large-width":768,"medium_large-height":1024,"large":"https:\/\/www.netex.de\/wp-content\/uploads\/Article-57-1024x1365.png","large-width":768,"large-height":1024,"1536x1536":"https:\/\/www.netex.de\/wp-content\/uploads\/Article-57-1536x2048.png","1536x1536-width":1152,"1536x1536-height":1536,"2048x2048":"https:\/\/www.netex.de\/wp-content\/uploads\/Article-57-2048x2730.png","2048x2048-width":1536,"2048x2048-height":2048,"post-thumbnail":"https:\/\/www.netex.de\/wp-content\/uploads\/Article-57-85x85.png","post-thumbnail-width":85,"post-thumbnail-height":85,"hero":"https:\/\/www.netex.de\/wp-content\/uploads\/Article-57.png","hero-width":450,"hero-height":600,"background":"https:\/\/www.netex.de\/wp-content\/uploads\/Article-57-450x535.png","background-width":450,"background-height":535,"milestone-home":"https:\/\/www.netex.de\/wp-content\/uploads\/Article-57-450x455.png","milestone-home-width":450,"milestone-home-height":455,"milestone-company":"https:\/\/www.netex.de\/wp-content\/uploads\/Article-57-450x300.png","milestone-company-width":450,"milestone-company-height":300,"news-company":"https:\/\/www.netex.de\/wp-content\/uploads\/Article-57-300x180.png","news-company-width":300,"news-company-height":180,"inner":"https:\/\/www.netex.de\/wp-content\/uploads\/Article-57-300x255.png","inner-width":300,"inner-height":255,"gallery":"https:\/\/www.netex.de\/wp-content\/uploads\/Article-57-320x230.png","gallery-width":320,"gallery-height":230,"contact":"https:\/\/www.netex.de\/wp-content\/uploads\/Article-57-95x95.png","contact-width":95,"contact-height":95}},"column_right":"<p style=\"font-size: 1.5em;\"><strong>NETEX NA GALI \u201eVIITOR SUB STELE\u201d \u2013<br \/>\nPOSVE\u0106ENOST OBRAZOVANJU I ZAJEDNICI<\/strong><\/p>\n<p><strong>14 Mart 2025<\/strong><\/p>\n<p><span data-sheets-root=\"1\">Dana 1. marta, Netex je u\u010destvovao na gala doga\u0111aju \u201eViitor sub Stele\u201c, koji je organizovala Gimnazija Iulia Hasdeu s ciljem prikupljanja sredstava za djecu sa posebnim obrazovnim potrebama. Netex su predstavljali Elena Vl\u0103sceanu, Leo Frumuzache, Valentina Herciu i C\u0103t\u0103lin Pop, koji su zajedno sa nastavnicima, u\u010denicima i predstavnicima zajednice podr\u017eali inkluzivno obrazovanje i jednake mogu\u0107nosti.<\/span><\/p>\n<p>Ovaj doga\u0111aj odra\u017eava uvjerenje Netexa da uspjeh nadilazi poslovne rezultate i uklju\u010duje pozitivan dru\u0161tveni uticaj. Podr\u017eavaju\u0107i ovu inicijativu, kompanija je potvrdila svoju posve\u0107enost empatiji, cjelo\u017eivotnom u\u010denju i dru\u0161tvenoj odgovornosti. Ovakve aktivnosti ja\u010daju povezanost sa zajednicom i unutra\u0161nju koheziju, potvr\u0111uju\u0107i Netex kao kompaniju vo\u0111enu vrijednostima i fokusiranu na ljude.<\/p>\n<p>&nbsp;<\/p>\n<p>&nbsp;<\/p>\n"},{"acf_fc_layout":"two_columns","column_left":{"ID":32291,"id":32291,"title":"Article 56","filename":"Article-56.png","filesize":533642,"url":"https:\/\/www.netex.de\/wp-content\/uploads\/Article-56.png","link":"https:\/\/www.netex.de\/sr\/compa\/article-56-2\/","alt":"","author":"44","description":"","caption":"","name":"article-56-2","status":"inherit","uploaded_to":6025,"date":"2026-02-13 07:36:36","modified":"2026-02-13 07:36:36","menu_order":0,"mime_type":"image\/png","type":"image","subtype":"png","icon":"https:\/\/www.netex.de\/wp-includes\/images\/media\/default.png","width":615,"height":410,"sizes":{"thumbnail":"https:\/\/www.netex.de\/wp-content\/uploads\/Article-56-150x150.png","thumbnail-width":150,"thumbnail-height":150,"medium":"https:\/\/www.netex.de\/wp-content\/uploads\/Article-56-300x200.png","medium-width":300,"medium-height":200,"medium_large":"https:\/\/www.netex.de\/wp-content\/uploads\/Article-56-768x512.png","medium_large-width":768,"medium_large-height":512,"large":"https:\/\/www.netex.de\/wp-content\/uploads\/Article-56-1024x682.png","large-width":1024,"large-height":682,"1536x1536":"https:\/\/www.netex.de\/wp-content\/uploads\/Article-56-1536x1024.png","1536x1536-width":1536,"1536x1536-height":1024,"2048x2048":"https:\/\/www.netex.de\/wp-content\/uploads\/Article-56-2048x1365.png","2048x2048-width":2048,"2048x2048-height":1365,"post-thumbnail":"https:\/\/www.netex.de\/wp-content\/uploads\/Article-56-85x85.png","post-thumbnail-width":85,"post-thumbnail-height":85,"hero":"https:\/\/www.netex.de\/wp-content\/uploads\/Article-56.png","hero-width":615,"hero-height":410,"background":"https:\/\/www.netex.de\/wp-content\/uploads\/Article-56.png","background-width":615,"background-height":410,"milestone-home":"https:\/\/www.netex.de\/wp-content\/uploads\/Article-56-588x410.png","milestone-home-width":588,"milestone-home-height":410,"milestone-company":"https:\/\/www.netex.de\/wp-content\/uploads\/Article-56-470x300.png","milestone-company-width":470,"milestone-company-height":300,"news-company":"https:\/\/www.netex.de\/wp-content\/uploads\/Article-56-300x180.png","news-company-width":300,"news-company-height":180,"inner":"https:\/\/www.netex.de\/wp-content\/uploads\/Article-56-300x255.png","inner-width":300,"inner-height":255,"gallery":"https:\/\/www.netex.de\/wp-content\/uploads\/Article-56-320x230.png","gallery-width":320,"gallery-height":230,"contact":"https:\/\/www.netex.de\/wp-content\/uploads\/Article-56-95x95.png","contact-width":95,"contact-height":95}},"column_right":"<p style=\"font-size: 1.5em;\"><strong>VO\u0110ENJE SA VIZIJOM I SVRHOM<\/strong><\/p>\n<p><strong>14 Mart 2025<\/strong><\/p>\n<p><span data-sheets-root=\"1\">Andreea Kremm, CEO Netex Group, predstavljena je u Cartea Antreprenorilor 2024, publikaciji EY Entrepreneur of the Year Romania, i progla\u0161ena \u201eNajinspirativnijom poslovnom \u017eenom Rumunije 2024\u201c na EY Gala doga\u0111aju. Ova priznanja potvr\u0111uju njeno sna\u017eno liderstvo, strate\u0161ku viziju i dugoro\u010dni uticaj na poslovno okru\u017eenje u Rumuniji.<\/span><\/p>\n<p>Pod njenim strate\u0161kim vo\u0111stvom, Netex je prerastao iz lokalnog internet provajdera u me\u0111unarodnu BPO i e-commerce kompaniju koja posluje u 27 zemalja. Njena sposobnost da, posebno tokom finansijske krize 2008. godine, izazove pretvori u prilike za rast bila je klju\u010dna za transformaciju kompanije ka outsourcingu, digitalnim servisima i globalnoj ekspanziji.<\/p>\n<p>Njeno liderstvo karakteri\u0161u vizija, svestranost i inovacija. Kao doktor psihologije, Andreea je izgradila organizaciju usmerenu na ljude, vo\u0111enu tehnologijom, gde digitalna transformacija i AI integracija idu ruku pod ruku sa razvojem zaposlenih i brigom o njihovom blagostanju. Njena filozofija je jasna: tehnologija treba da optimizuje procese, dok ljudi treba da se fokusiraju na u\u010denje, inovacije i rast.<\/p>\n<p>Kroz strate\u0161ku dalekovidost, otpornost i posve\u0107enost odr\u017eivom razvoju, Andreea nastavlja da oblikuje dugoro\u010dnu viziju Netexa, u\u010dvr\u0161\u0107uju\u0107i njegovu poziciju kao globalno orijentisane i budu\u0107nosti posve\u0107ene kompanije.<\/p>\n<p>&nbsp;<\/p>\n<p>&nbsp;<\/p>\n"},{"acf_fc_layout":"two_columns","column_left":{"ID":32313,"id":32313,"title":"Article 54","filename":"Article-54.png","filesize":373557,"url":"https:\/\/www.netex.de\/wp-content\/uploads\/Article-54.png","link":"https:\/\/www.netex.de\/sr\/compa\/article-54-2\/","alt":"","author":"44","description":"","caption":"","name":"article-54-2","status":"inherit","uploaded_to":6025,"date":"2026-02-13 07:36:48","modified":"2026-02-13 07:36:48","menu_order":0,"mime_type":"image\/png","type":"image","subtype":"png","icon":"https:\/\/www.netex.de\/wp-includes\/images\/media\/default.png","width":461,"height":461,"sizes":{"thumbnail":"https:\/\/www.netex.de\/wp-content\/uploads\/Article-54-150x150.png","thumbnail-width":150,"thumbnail-height":150,"medium":"https:\/\/www.netex.de\/wp-content\/uploads\/Article-54-300x300.png","medium-width":300,"medium-height":300,"medium_large":"https:\/\/www.netex.de\/wp-content\/uploads\/Article-54-768x768.png","medium_large-width":768,"medium_large-height":768,"large":"https:\/\/www.netex.de\/wp-content\/uploads\/Article-54-1024x1024.png","large-width":1024,"large-height":1024,"1536x1536":"https:\/\/www.netex.de\/wp-content\/uploads\/Article-54-1536x1536.png","1536x1536-width":1536,"1536x1536-height":1536,"2048x2048":"https:\/\/www.netex.de\/wp-content\/uploads\/Article-54-2048x2048.png","2048x2048-width":2048,"2048x2048-height":2048,"post-thumbnail":"https:\/\/www.netex.de\/wp-content\/uploads\/Article-54-85x85.png","post-thumbnail-width":85,"post-thumbnail-height":85,"hero":"https:\/\/www.netex.de\/wp-content\/uploads\/Article-54.png","hero-width":461,"hero-height":461,"background":"https:\/\/www.netex.de\/wp-content\/uploads\/Article-54.png","background-width":461,"background-height":461,"milestone-home":"https:\/\/www.netex.de\/wp-content\/uploads\/Article-54-461x455.png","milestone-home-width":461,"milestone-home-height":455,"milestone-company":"https:\/\/www.netex.de\/wp-content\/uploads\/Article-54-461x300.png","milestone-company-width":461,"milestone-company-height":300,"news-company":"https:\/\/www.netex.de\/wp-content\/uploads\/Article-54-300x180.png","news-company-width":300,"news-company-height":180,"inner":"https:\/\/www.netex.de\/wp-content\/uploads\/Article-54-300x255.png","inner-width":300,"inner-height":255,"gallery":"https:\/\/www.netex.de\/wp-content\/uploads\/Article-54-320x230.png","gallery-width":320,"gallery-height":230,"contact":"https:\/\/www.netex.de\/wp-content\/uploads\/Article-54-95x95.png","contact-width":95,"contact-height":95}},"column_right":"<p style=\"font-size: 1.5em;\"><strong>BUDU\u0106NOST CUSTOMER CARE-A: POGLED IZ CCW 2025<\/strong><\/p>\n<p><strong>26 Februar 2025<\/strong><\/p>\n<p><span data-sheets-root=\"1\">Izme\u0111u 25. i 26. februara 2025. godine, Netex je aktivno u\u010destvovao na CCW 2025, vode\u0107em evropskom kongresno-sajamskom doga\u0111aju posve\u0107enom inovativnom dijalogu sa klijentima, \u010dime je dodatno u\u010dvrstio svoju poziciju kao kompanija okrenuta budu\u0107nosti u BPO i customer service industriji.<\/span><\/p>\n<p>Na doga\u0111aju je Netex predstavio svoja najnovija tehnolo\u0161ka unapre\u0111enja u oblasti korisni\u010dke podr\u0161ke i u\u010destvovao u klju\u010dnim diskusijama o integraciji ve\u0161ta\u010dke inteligencije, automatizaciji i budu\u0107nosti korisni\u010dkog iskustva. Konferencija je pokazala kako AI re\u0161enja \u2014 poput naprednih IVR sistema, inteligentnih alata za prioritizaciju i omnichannel platformi \u2014 transformi\u0161u interakciju sa klijentima.<\/p>\n<p>Prisustvo Netexa na CCW 2025 jo\u0161 jednom je potvrdilo njegovu posve\u0107enost inovacijama i strate\u0161ki pristup koji kombinuje napredne AI tehnologije sa stru\u010dnim ljudskim znanjem, ostaju\u0107i u samom vrhu industrijske transformacije.<\/p>\n<p>&nbsp;<\/p>\n"},{"acf_fc_layout":"two_columns","column_left":{"ID":32324,"id":32324,"title":"Article 53","filename":"Article-53.png","filesize":318995,"url":"https:\/\/www.netex.de\/wp-content\/uploads\/Article-53.png","link":"https:\/\/www.netex.de\/sr\/compa\/article-53-2\/","alt":"","author":"44","description":"","caption":"","name":"article-53-2","status":"inherit","uploaded_to":6025,"date":"2026-02-13 07:36:56","modified":"2026-02-13 07:36:56","menu_order":0,"mime_type":"image\/png","type":"image","subtype":"png","icon":"https:\/\/www.netex.de\/wp-includes\/images\/media\/default.png","width":615,"height":410,"sizes":{"thumbnail":"https:\/\/www.netex.de\/wp-content\/uploads\/Article-53-150x150.png","thumbnail-width":150,"thumbnail-height":150,"medium":"https:\/\/www.netex.de\/wp-content\/uploads\/Article-53-300x200.png","medium-width":300,"medium-height":200,"medium_large":"https:\/\/www.netex.de\/wp-content\/uploads\/Article-53-768x512.png","medium_large-width":768,"medium_large-height":512,"large":"https:\/\/www.netex.de\/wp-content\/uploads\/Article-53-1024x682.png","large-width":1024,"large-height":682,"1536x1536":"https:\/\/www.netex.de\/wp-content\/uploads\/Article-53-1536x1024.png","1536x1536-width":1536,"1536x1536-height":1024,"2048x2048":"https:\/\/www.netex.de\/wp-content\/uploads\/Article-53-2048x1365.png","2048x2048-width":2048,"2048x2048-height":1365,"post-thumbnail":"https:\/\/www.netex.de\/wp-content\/uploads\/Article-53-85x85.png","post-thumbnail-width":85,"post-thumbnail-height":85,"hero":"https:\/\/www.netex.de\/wp-content\/uploads\/Article-53.png","hero-width":615,"hero-height":410,"background":"https:\/\/www.netex.de\/wp-content\/uploads\/Article-53.png","background-width":615,"background-height":410,"milestone-home":"https:\/\/www.netex.de\/wp-content\/uploads\/Article-53-588x410.png","milestone-home-width":588,"milestone-home-height":410,"milestone-company":"https:\/\/www.netex.de\/wp-content\/uploads\/Article-53-470x300.png","milestone-company-width":470,"milestone-company-height":300,"news-company":"https:\/\/www.netex.de\/wp-content\/uploads\/Article-53-300x180.png","news-company-width":300,"news-company-height":180,"inner":"https:\/\/www.netex.de\/wp-content\/uploads\/Article-53-300x255.png","inner-width":300,"inner-height":255,"gallery":"https:\/\/www.netex.de\/wp-content\/uploads\/Article-53-320x230.png","gallery-width":320,"gallery-height":230,"contact":"https:\/\/www.netex.de\/wp-content\/uploads\/Article-53-95x95.png","contact-width":95,"contact-height":95}},"column_right":"<p style=\"font-size: 1.5em;\"><strong>NETEX NA E-COMMERCE BERLIN EXPO 2025:<br \/>\nKORAK ISPRED U BRZO MENJAJU\u0106EM DIGITALNOM SVETU<\/strong><\/p>\n<p><strong>20 Februar 2025<\/strong><\/p>\n<p><span data-sheets-root=\"1\">Od 19. do 20. februara 2025. godine, Netex je ponosno u\u010destvovao na sajmu E-commerce Berlin Expo, jednom od najuticajnijih doga\u0111aja u evropskom digitalnom komercijalnom prostoru. Odr\u017ean u STATION Berlinu, ovogodi\u0161nje izdanje okupilo je vi\u0161e od 12.000 u\u010desnika, 340 izlaga\u010da i preko 150 govornika tokom dva dana razmjene znanja, inovacija i profesionalnih veza u industriji.<br \/>\nKlju\u010dni trenutak za Netex bilo je prisustvo na\u0161e CEO, dr Andreea Kremm, koja je nastupila kao zvani\u010dni govornik.<\/span><\/p>\n<p><span data-sheets-root=\"1\">Njena prezentacija \u201eChatGPT Enterprise Usecases @ReifenDirekt.de\u201c istra\u017eila je na koji na\u010din se ve\u0161ta\u010dka inteligencija \u2014 konkretno ChatGPT \u2014 mo\u017ee integrisati u velike e-commerce operacije kako bi se unapredila efikasnost, automatizacija i korisni\u010dko iskustvo.<\/span><\/p>\n<p><span data-sheets-root=\"1\">Njeno izlaganje privuklo je zna\u010dajnu pa\u017enju i doprinelo \u0161iroj diskusiji o primeni AI tehnologija u maloprodaji.<br \/>\nU\u010de\u0161\u0107e na doga\u0111ajima poput E-commerce Berlin Expo ima va\u017enu ulogu u odr\u017eavanju Netexa u korak sa razvojem industrije. U sektoru koji je dinami\u010dan i brzo se menja, kao \u0161to je e-trgovina, od klju\u010dnog je zna\u010daja pratiti nove tehnologije, promene u pona\u0161anju potro\u0161a\u010da i strategije digitalne transformacije.<\/span><\/p>\n<p><span data-sheets-root=\"1\">Ovakvi skupovi pru\u017eaju izuzetne prilike za u\u010denje od globalnih stru\u010dnjaka, pore\u0111enje najboljih praksi i razumevanje pravca u kojem se industrija kre\u0107e \u2014 bilo da je re\u010d o personalizaciji zasnovanoj na ve\u0161ta\u010dkoj inteligenciji, omnichannel ispunjenju porud\u017ebina ili prekograni\u010dnoj logistici.<\/span><\/p>\n<p><span data-sheets-root=\"1\">U\u010de\u0161\u0107em na me\u0111unarodnim doga\u0111ajima ovog obima, Netex potvr\u0111uje svoju posve\u0107enost inovacijama, prilagodljivosti i kontinuiranom unapre\u0111enju.<\/span><\/p>\n<p>&nbsp;<\/p>\n<p>&nbsp;<\/p>\n"},{"acf_fc_layout":"two_columns","column_left":{"ID":32247,"id":32247,"title":"Article 60","filename":"Article-60.png","filesize":223864,"url":"https:\/\/www.netex.de\/wp-content\/uploads\/Article-60.png","link":"https:\/\/www.netex.de\/sr\/compa\/article-60-2\/","alt":"","author":"44","description":"","caption":"","name":"article-60-2","status":"inherit","uploaded_to":6025,"date":"2026-02-13 07:36:18","modified":"2026-02-13 07:36:18","menu_order":0,"mime_type":"image\/png","type":"image","subtype":"png","icon":"https:\/\/www.netex.de\/wp-includes\/images\/media\/default.png","width":324,"height":405,"sizes":{"thumbnail":"https:\/\/www.netex.de\/wp-content\/uploads\/Article-60-150x150.png","thumbnail-width":150,"thumbnail-height":150,"medium":"https:\/\/www.netex.de\/wp-content\/uploads\/Article-60-240x300.png","medium-width":240,"medium-height":300,"medium_large":"https:\/\/www.netex.de\/wp-content\/uploads\/Article-60-768x960.png","medium_large-width":768,"medium_large-height":960,"large":"https:\/\/www.netex.de\/wp-content\/uploads\/Article-60-1024x1280.png","large-width":819,"large-height":1024,"1536x1536":"https:\/\/www.netex.de\/wp-content\/uploads\/Article-60-1536x1920.png","1536x1536-width":1229,"1536x1536-height":1536,"2048x2048":"https:\/\/www.netex.de\/wp-content\/uploads\/Article-60-2048x2560.png","2048x2048-width":1638,"2048x2048-height":2048,"post-thumbnail":"https:\/\/www.netex.de\/wp-content\/uploads\/Article-60-85x85.png","post-thumbnail-width":85,"post-thumbnail-height":85,"hero":"https:\/\/www.netex.de\/wp-content\/uploads\/Article-60.png","hero-width":324,"hero-height":405,"background":"https:\/\/www.netex.de\/wp-content\/uploads\/Article-60.png","background-width":324,"background-height":405,"milestone-home":"https:\/\/www.netex.de\/wp-content\/uploads\/Article-60.png","milestone-home-width":324,"milestone-home-height":405,"milestone-company":"https:\/\/www.netex.de\/wp-content\/uploads\/Article-60-324x300.png","milestone-company-width":324,"milestone-company-height":300,"news-company":"https:\/\/www.netex.de\/wp-content\/uploads\/Article-60-300x180.png","news-company-width":300,"news-company-height":180,"inner":"https:\/\/www.netex.de\/wp-content\/uploads\/Article-60-300x255.png","inner-width":300,"inner-height":255,"gallery":"https:\/\/www.netex.de\/wp-content\/uploads\/Article-60-320x230.png","gallery-width":320,"gallery-height":230,"contact":"https:\/\/www.netex.de\/wp-content\/uploads\/Article-60-95x95.png","contact-width":95,"contact-height":95}},"column_right":"<p style=\"font-size: 1.5em;\"><strong>NETEX NA CAREER DAYS @UVT<\/strong><\/p>\n<p><strong>28 Januar 2025<\/strong><\/p>\n<p><span data-sheets-root=\"1\">Dana 6. marta, Andreea Dovlete je imala zadovoljstvo da predstavlja Netex na doga\u0111aju Career Days @UVT, koji je okupio studente i poslodavce u vrijednoj razmjeni ideja i prilika.<\/span><\/p>\n<p>U\u010de\u0161\u0107e na univerzitetskim sajmovima karijera od velikog je zna\u010daja za kompanije poput Netexa. Ovi doga\u0111aji nam omogu\u0107avaju da se direktno pove\u017eemo sa mladim talentima, predstavimo na\u0161u industriju i karijerne puteve koje nudimo. Tako\u0111e, doprinose ja\u010danju veze izme\u0111u akademskog i poslovnog okru\u017eenja.<\/p>\n<p>Tokom dana, Andreea je vodila sadr\u017eajne razgovore sa studentima koji su pokazali iskreno interesovanje ne samo za otvorene pozicije, ve\u0107 i za organizacionu kulturu, mogu\u0107nosti razvoja i programe u\u010denja. Njihova pitanja odra\u017eavala su sna\u017enu \u017eelju za profesionalnim napretkom i radom sa svrhom.<\/p>\n<p>&nbsp;<\/p>\n"},{"acf_fc_layout":"two_columns","column_left":{"ID":32269,"id":32269,"title":"Article 58","filename":"Article-58.png","filesize":272883,"url":"https:\/\/www.netex.de\/wp-content\/uploads\/Article-58.png","link":"https:\/\/www.netex.de\/sr\/compa\/article-58-2\/","alt":"","author":"44","description":"","caption":"","name":"article-58-2","status":"inherit","uploaded_to":6025,"date":"2026-02-13 07:36:29","modified":"2026-02-13 07:36:29","menu_order":0,"mime_type":"image\/png","type":"image","subtype":"png","icon":"https:\/\/www.netex.de\/wp-includes\/images\/media\/default.png","width":512,"height":288,"sizes":{"thumbnail":"https:\/\/www.netex.de\/wp-content\/uploads\/Article-58-150x150.png","thumbnail-width":150,"thumbnail-height":150,"medium":"https:\/\/www.netex.de\/wp-content\/uploads\/Article-58-300x168.png","medium-width":300,"medium-height":168,"medium_large":"https:\/\/www.netex.de\/wp-content\/uploads\/Article-58-768x432.png","medium_large-width":768,"medium_large-height":432,"large":"https:\/\/www.netex.de\/wp-content\/uploads\/Article-58-1024x576.png","large-width":1024,"large-height":576,"1536x1536":"https:\/\/www.netex.de\/wp-content\/uploads\/Article-58-1536x864.png","1536x1536-width":1536,"1536x1536-height":864,"2048x2048":"https:\/\/www.netex.de\/wp-content\/uploads\/Article-58-2048x1152.png","2048x2048-width":2048,"2048x2048-height":1152,"post-thumbnail":"https:\/\/www.netex.de\/wp-content\/uploads\/Article-58-85x85.png","post-thumbnail-width":85,"post-thumbnail-height":85,"hero":"https:\/\/www.netex.de\/wp-content\/uploads\/Article-58.png","hero-width":512,"hero-height":288,"background":"https:\/\/www.netex.de\/wp-content\/uploads\/Article-58.png","background-width":512,"background-height":288,"milestone-home":"https:\/\/www.netex.de\/wp-content\/uploads\/Article-58.png","milestone-home-width":512,"milestone-home-height":288,"milestone-company":"https:\/\/www.netex.de\/wp-content\/uploads\/Article-58-470x288.png","milestone-company-width":470,"milestone-company-height":288,"news-company":"https:\/\/www.netex.de\/wp-content\/uploads\/Article-58-300x180.png","news-company-width":300,"news-company-height":180,"inner":"https:\/\/www.netex.de\/wp-content\/uploads\/Article-58-300x255.png","inner-width":300,"inner-height":255,"gallery":"https:\/\/www.netex.de\/wp-content\/uploads\/Article-58-320x230.png","gallery-width":320,"gallery-height":230,"contact":"https:\/\/www.netex.de\/wp-content\/uploads\/Article-58-95x95.png","contact-width":95,"contact-height":95}},"column_right":"<p>&nbsp;<\/p>\n<p><strong>28 Januar 2025<\/strong><\/p>\n<p><span data-sheets-root=\"1\">Dana 28. januara 2025. godine, Netex je u\u010destvovao na eTrade Show-u u Var\u0161avi, doga\u0111aju posve\u0107enom e-commerce industriji u Isto\u010dnoj Evropi, sa posebnim fokusom na poljsko tr\u017ei\u0161te. Sajam, organizovan od strane Ptak Warsaw Expo, okupio je brojne agencije za online marketing i pru\u017eaoce digitalnih re\u0161enja.<\/span><\/p>\n<p>Cilj u\u010de\u0161\u0107a bio je istra\u017eivanje potencijalnih saradnji sa poljskim marketin\u0161kim agencijama, u skladu sa namerom Netexa da oja\u010da svoje prisustvo na ovom konkurentnom tr\u017ei\u0161tu. Odr\u017eani su razgovori sa predstavnicima kompanija Sellassist, PirkSpark, Time 4 Ecommerce, Nethansa, Semhouse i drugih, uz razmenu ideja o efikasnosti i razvoju u e-commerce sektoru.<\/p>\n<p>Ovakvi doga\u0111aji su od velikog zna\u010daja za Netex jer omogu\u0107avaju direktan uvid u lokalne tr\u017ei\u0161ne realnosti i poma\u017eu u identifikaciji novih partnerstava koja mogu podr\u017eati me\u0111unarodno \u0161irenje usluga kompanije.<\/p>\n<p>&nbsp;<\/p>\n"},{"acf_fc_layout":"two_columns","column_left":{"ID":32060,"id":32060,"title":"Article 49","filename":"Article-49.png","filesize":1593166,"url":"https:\/\/www.netex.de\/wp-content\/uploads\/Article-49.png","link":"https:\/\/www.netex.de\/sr\/compa\/article-49-2\/","alt":"","author":"44","description":"","caption":"","name":"article-49-2","status":"inherit","uploaded_to":6025,"date":"2026-02-13 07:29:32","modified":"2026-02-13 07:29:32","menu_order":0,"mime_type":"image\/png","type":"image","subtype":"png","icon":"https:\/\/www.netex.de\/wp-includes\/images\/media\/default.png","width":1229,"height":785,"sizes":{"thumbnail":"https:\/\/www.netex.de\/wp-content\/uploads\/Article-49-150x150.png","thumbnail-width":150,"thumbnail-height":150,"medium":"https:\/\/www.netex.de\/wp-content\/uploads\/Article-49-300x192.png","medium-width":300,"medium-height":192,"medium_large":"https:\/\/www.netex.de\/wp-content\/uploads\/Article-49-768x491.png","medium_large-width":768,"medium_large-height":491,"large":"https:\/\/www.netex.de\/wp-content\/uploads\/Article-49-1024x654.png","large-width":1024,"large-height":654,"1536x1536":"https:\/\/www.netex.de\/wp-content\/uploads\/Article-49-1536x981.png","1536x1536-width":1536,"1536x1536-height":981,"2048x2048":"https:\/\/www.netex.de\/wp-content\/uploads\/Article-49-2048x1308.png","2048x2048-width":2048,"2048x2048-height":1308,"post-thumbnail":"https:\/\/www.netex.de\/wp-content\/uploads\/Article-49-85x85.png","post-thumbnail-width":85,"post-thumbnail-height":85,"hero":"https:\/\/www.netex.de\/wp-content\/uploads\/Article-49-925x755.png","hero-width":925,"hero-height":755,"background":"https:\/\/www.netex.de\/wp-content\/uploads\/Article-49-1229x535.png","background-width":1229,"background-height":535,"milestone-home":"https:\/\/www.netex.de\/wp-content\/uploads\/Article-49-588x455.png","milestone-home-width":588,"milestone-home-height":455,"milestone-company":"https:\/\/www.netex.de\/wp-content\/uploads\/Article-49-470x300.png","milestone-company-width":470,"milestone-company-height":300,"news-company":"https:\/\/www.netex.de\/wp-content\/uploads\/Article-49-300x180.png","news-company-width":300,"news-company-height":180,"inner":"https:\/\/www.netex.de\/wp-content\/uploads\/Article-49-300x255.png","inner-width":300,"inner-height":255,"gallery":"https:\/\/www.netex.de\/wp-content\/uploads\/Article-49-320x230.png","gallery-width":320,"gallery-height":230,"contact":"https:\/\/www.netex.de\/wp-content\/uploads\/Article-49-95x95.png","contact-width":95,"contact-height":95}},"column_right":"<p style=\"font-size: 1.5em;\"><strong>25 GODINA NETEXA: PROSLAVA NASLE\u0110A I LOJALNOSTI<\/strong><\/p>\n<p><strong>26 Januar 2025<\/strong><\/p>\n<p><span data-sheets-root=\"1\">Ove godine, 26. januar obele\u017eio je va\u017enu prekretnicu u istoriji na\u0161e kompanije \u2014 25 godina od po\u010detka Netex putovanja. \u010cetvrt veka inovacija, rasta i timskog rada.<\/span><\/p>\n<p>Proslava jubileja odr\u017eana je 31. januara u Timi\u0219oari, okupljaju\u0107i kolege na doga\u0111aju ispunjenom osmesima, pri\u010dama i zajedni\u010dkim ponosom na to koliko smo daleko stigli.<\/p>\n<p>Ali ovo nije bila samo ro\u0111endanska proslava. Bila je to i prilika da odamo priznanje na\u0161im izuzetnim kolegama koji su deo Netex pri\u010de ve\u0107 10, 15, pa \u010dak i 20 godina. Njihova posve\u0107enost, istrajnost i lojalnost istaknuti su pred timom, podse\u0107aju\u0107i nas da je na\u0161a najve\u0107a snaga u ljudima.<\/p>\n<p>Kako bismo dodatno ulep\u0161ali trenutak, okupili smo se oko prelepe ro\u0111endanske torte, ise\u010dene ne samo u \u010dast 25. ro\u0111endana Netexa, ve\u0107 i kao simbol zahvalnosti kolegama koji su godinama svojim radom oblikovali na\u0161u kulturu. Bila je to radosna pauza od svakodnevice, ispunjena smehom, povezano\u0161\u0107u i dobrom energijom.<\/p>\n<p>Osvrnuli smo se na pro\u0161lost, proslavili sada\u0161njost i sa optimizmom pogledali ka budu\u0107nosti. Ono najva\u017enije \u2014 napunili smo se pozitivnom energijom, spremni da ciljeve i izazove na\u0161e 25. godine do\u010dekamo sa obnovljenim entuzijazmom.<\/p>\n<p>Hvala svima koji su doprineli da ovaj dan bude poseban. Radujemo se svemu \u0161to \u0107emo zajedno posti\u0107i u godini koja je pred nama \u2014 i ve\u0107 sada se veselimo slede\u0107oj proslavi!<\/p>\n"},{"acf_fc_layout":"two_columns","column_left":{"ID":31962,"id":31962,"title":"Article 44","filename":"Article-44.png","filesize":1158764,"url":"https:\/\/www.netex.de\/wp-content\/uploads\/Article-44.png","link":"https:\/\/www.netex.de\/sr\/compa\/article-44\/","alt":"","author":"44","description":"","caption":"","name":"article-44","status":"inherit","uploaded_to":6025,"date":"2026-02-12 08:28:12","modified":"2026-02-12 08:28:12","menu_order":0,"mime_type":"image\/png","type":"image","subtype":"png","icon":"https:\/\/www.netex.de\/wp-includes\/images\/media\/default.png","width":940,"height":788,"sizes":{"thumbnail":"https:\/\/www.netex.de\/wp-content\/uploads\/Article-44-150x150.png","thumbnail-width":150,"thumbnail-height":150,"medium":"https:\/\/www.netex.de\/wp-content\/uploads\/Article-44-300x251.png","medium-width":300,"medium-height":251,"medium_large":"https:\/\/www.netex.de\/wp-content\/uploads\/Article-44-768x644.png","medium_large-width":768,"medium_large-height":644,"large":"https:\/\/www.netex.de\/wp-content\/uploads\/Article-44-1024x858.png","large-width":1024,"large-height":858,"1536x1536":"https:\/\/www.netex.de\/wp-content\/uploads\/Article-44-1536x1287.png","1536x1536-width":1536,"1536x1536-height":1287,"2048x2048":"https:\/\/www.netex.de\/wp-content\/uploads\/Article-44-2048x1716.png","2048x2048-width":2048,"2048x2048-height":1716,"post-thumbnail":"https:\/\/www.netex.de\/wp-content\/uploads\/Article-44-85x85.png","post-thumbnail-width":85,"post-thumbnail-height":85,"hero":"https:\/\/www.netex.de\/wp-content\/uploads\/Article-44-925x755.png","hero-width":925,"hero-height":755,"background":"https:\/\/www.netex.de\/wp-content\/uploads\/Article-44-940x535.png","background-width":940,"background-height":535,"milestone-home":"https:\/\/www.netex.de\/wp-content\/uploads\/Article-44-588x455.png","milestone-home-width":588,"milestone-home-height":455,"milestone-company":"https:\/\/www.netex.de\/wp-content\/uploads\/Article-44-470x300.png","milestone-company-width":470,"milestone-company-height":300,"news-company":"https:\/\/www.netex.de\/wp-content\/uploads\/Article-44-300x180.png","news-company-width":300,"news-company-height":180,"inner":"https:\/\/www.netex.de\/wp-content\/uploads\/Article-44-300x255.png","inner-width":300,"inner-height":255,"gallery":"https:\/\/www.netex.de\/wp-content\/uploads\/Article-44-320x230.png","gallery-width":320,"gallery-height":230,"contact":"https:\/\/www.netex.de\/wp-content\/uploads\/Article-44-95x95.png","contact-width":95,"contact-height":95}},"column_right":"<p style=\"font-size: 1.5em;\"><strong>PRAZNICI ZAHVALNOSTI U RE\u0160ICI<\/strong><\/p>\n<p><strong>13 Decembar 2024<\/strong><\/p>\n<p><span data-sheets-root=\"1\">Kraj godine u Re\u0161ici obele\u017een je posebnim doga\u0111ajem ispunjenim emocijama i zahvalno\u0161\u0107u. Tokom bo\u017ei\u0107ne proslave organizovane za na\u0161 tim, imali smo zadovoljstvo da odamo priznanje posve\u0107enim kolegama koji su godinama uz nas i zna\u010dajno su doprineli na\u0161em uspehu.<\/span><\/p>\n<p>U sve\u010danoj atmosferi, uz osmehe, dobru energiju i prazni\u010dne dekoracije, proslavili smo izuzetna dostignu\u0107a na\u0161ih kolega. Andrei Orincan, Traian Pop i C\u0103t\u0103lin Pop obele\u017eili su 20 godina rada \u2013 period koji odra\u017eava profesionalizam, lojalnost i kontinuiranu posve\u0107enost izgradnji jakog tima. Tako\u0111e, Monia Sudescu i Cora Muntean nagra\u0111ene su za 15 godina rada, tokom kojih su pokazale istrajnost i posve\u0107enost.<\/p>\n<p>Ovaj doga\u0111aj prevazi\u0161ao je okvir obi\u010dne bo\u017ei\u0107ne proslave i postao posebna prilika za refleksiju o na\u0161em zajedni\u010dkom putu i slavlje vrednosti koje nas kao tim defini\u0161u.<\/p>\n<p>Se\u0107anja na uspomene, posebne trenutke i pri\u010de prikupljene tokom godina stvorila su toplu atmosferu ispunjenu emocijama i inspiracijom.<\/p>\n<p>Zahvaljujemo se svim kolegama slavljenicima na njihovoj predanosti i vrednom radu. \u010cestitamo im na postignu\u0107ima i \u017eelimo im da nastave da budu izvor inspiracije za sve nas. Tako\u0111e, zahvaljujemo celom timu na energiji i entuzijazmu, koji su u\u010dinili ovaj doga\u0111aj zaista nezaboravnim.<\/p>\n<p>Neka nova godina i Bo\u017ei\u0107ni praznici donesu na\u0161em timu jo\u0161 vi\u0161e uspeha, radosti i zajedni\u0161tva!<\/p>\n"},{"acf_fc_layout":"two_columns","column_left":{"ID":31951,"id":31951,"title":"Article 43","filename":"Article-43.png","filesize":977401,"url":"https:\/\/www.netex.de\/wp-content\/uploads\/Article-43.png","link":"https:\/\/www.netex.de\/sr\/compa\/article-43\/","alt":"","author":"44","description":"","caption":"","name":"article-43","status":"inherit","uploaded_to":6025,"date":"2026-02-12 08:28:07","modified":"2026-02-12 08:28:07","menu_order":0,"mime_type":"image\/png","type":"image","subtype":"png","icon":"https:\/\/www.netex.de\/wp-includes\/images\/media\/default.png","width":820,"height":615,"sizes":{"thumbnail":"https:\/\/www.netex.de\/wp-content\/uploads\/Article-43-150x150.png","thumbnail-width":150,"thumbnail-height":150,"medium":"https:\/\/www.netex.de\/wp-content\/uploads\/Article-43-300x225.png","medium-width":300,"medium-height":225,"medium_large":"https:\/\/www.netex.de\/wp-content\/uploads\/Article-43-768x576.png","medium_large-width":768,"medium_large-height":576,"large":"https:\/\/www.netex.de\/wp-content\/uploads\/Article-43-1024x768.png","large-width":1024,"large-height":768,"1536x1536":"https:\/\/www.netex.de\/wp-content\/uploads\/Article-43-1536x1152.png","1536x1536-width":1536,"1536x1536-height":1152,"2048x2048":"https:\/\/www.netex.de\/wp-content\/uploads\/Article-43-2048x1536.png","2048x2048-width":2048,"2048x2048-height":1536,"post-thumbnail":"https:\/\/www.netex.de\/wp-content\/uploads\/Article-43-85x85.png","post-thumbnail-width":85,"post-thumbnail-height":85,"hero":"https:\/\/www.netex.de\/wp-content\/uploads\/Article-43.png","hero-width":820,"hero-height":615,"background":"https:\/\/www.netex.de\/wp-content\/uploads\/Article-43-820x535.png","background-width":820,"background-height":535,"milestone-home":"https:\/\/www.netex.de\/wp-content\/uploads\/Article-43-588x455.png","milestone-home-width":588,"milestone-home-height":455,"milestone-company":"https:\/\/www.netex.de\/wp-content\/uploads\/Article-43-470x300.png","milestone-company-width":470,"milestone-company-height":300,"news-company":"https:\/\/www.netex.de\/wp-content\/uploads\/Article-43-300x180.png","news-company-width":300,"news-company-height":180,"inner":"https:\/\/www.netex.de\/wp-content\/uploads\/Article-43-300x255.png","inner-width":300,"inner-height":255,"gallery":"https:\/\/www.netex.de\/wp-content\/uploads\/Article-43-320x230.png","gallery-width":320,"gallery-height":230,"contact":"https:\/\/www.netex.de\/wp-content\/uploads\/Article-43-95x95.png","contact-width":95,"contact-height":95}},"column_right":"<p style=\"font-size: 1.5em;\"><strong>SLAVIMO POSTIGNU\u0106A I TIMSKI DUH U KANCELARIJI U SIBIU<\/strong><\/p>\n<p><strong>13 Decembar 2024<\/strong><\/p>\n<p><span data-sheets-root=\"1\">Decembar je u na\u0161u kancelariju u Sibiu doneo prazni\u010dni duh i atmosferu ispunjenu rado\u0161\u0107u. Proslavili smo 10 i 15 godina posve\u0107enosti i profesionalizma na\u0161ih kolega, Alexandre i Claudiua, sa emocijama i ponosom.<\/span><\/p>\n<p>Bio je to poseban dan, ispunjen lepim trenucima, u kojem smo u\u017eivali zajedno, slave\u0107i ne samo protekle godine, ve\u0107 i timski duh koji nas povezuje. Atmosfera je bila prijatna, uz dobro raspolo\u017eenje i opu\u0161tene razgovore, pru\u017eaju\u0107i svima priliku da na trenutak pobegnu od svakodnevne rutine.<\/p>\n<p>Deljenje uspomena iz godina provedenih zajedno i proslava na\u0161ih kolega ispunili su nas nostalgijom i smehom. \u017delimo im jo\u0161 mnogo li\u010dnih i profesionalnih uspeha i \u010destitamo im na ulo\u017eenom trudu.<\/p>\n<p>Povodom ovog doga\u0111aja, prenosimo nekoliko redova i utisaka koje su izrazili na\u0161i slavljenici:<\/p>\n<p>Alexandra Motrescu (C\u00e2ndea)<br \/>\n&#8222;Pro\u0161lo je 15 godina otkako sam zapo\u010dela ovo profesionalno putovanje u kompaniji i, gledaju\u0107i unazad, ose\u0107am ogromnu zahvalnost za svoj razvojni put. Kada sam po\u010dela, nisam ta\u010dno znala \u0161ta da o\u010dekujem. Nisu postojala pisana uputstva za rad, a moje prve lekcije dolazile su od mojih kolega, kojima se iz srca zahvaljujem na podr\u0161ci i strpljenju. Oni su bili ti koji su me vodili i pomagali mi da se integri\u0161em u tim.<\/p>\n<p>Ovih 15 godina pro\u0161lo je u trenu. Tokom tog perioda razvijala sam se profesionalno i li\u010dno, imala priliku da radim sa izvanrednim ljudima i nau\u010dim mnogo toga. Imala sam sre\u0107u da dobijem prilike koje su mi omogu\u0107ile da napredujem i poka\u017eem \u0161ta mogu.<\/p>\n<p>Svesna sam da put u\u010denja ne prestaje ovde. Znam da imam jo\u0161 mnogo toga da otkrijem i spremna sam da nastavim da se razvijam i doprinosim uspehu tima i kompanije.<\/p>\n<p>Ovo poglavlje moje karijere dokaz je strasti, truda i posve\u0107enosti, a budu\u0107nost me motivi\u0161e da nastavim da evoluiram.&#8220;<\/p>\n<p>Claudiu Proca<br \/>\n&#8222;Ako bih morao da rezimiram ono \u0161to sam nau\u010dio u ovih 10 godina u nekoliko re\u010di, to bi bile: Prihvati izazove, nikada ne prestaj da u\u010di\u0161 i ceni ljude oko sebe.&#8220;<\/p>\n"},{"acf_fc_layout":"two_columns","column_left":{"ID":31995,"id":31995,"title":"Article 42","filename":"Article-42.png","filesize":537613,"url":"https:\/\/www.netex.de\/wp-content\/uploads\/Article-42.png","link":"https:\/\/www.netex.de\/sr\/compa\/article-42\/","alt":"","author":"44","description":"","caption":"","name":"article-42","status":"inherit","uploaded_to":6025,"date":"2026-02-12 08:28:26","modified":"2026-02-12 08:28:26","menu_order":0,"mime_type":"image\/png","type":"image","subtype":"png","icon":"https:\/\/www.netex.de\/wp-includes\/images\/media\/default.png","width":540,"height":540,"sizes":{"thumbnail":"https:\/\/www.netex.de\/wp-content\/uploads\/Article-42-150x150.png","thumbnail-width":150,"thumbnail-height":150,"medium":"https:\/\/www.netex.de\/wp-content\/uploads\/Article-42-300x300.png","medium-width":300,"medium-height":300,"medium_large":"https:\/\/www.netex.de\/wp-content\/uploads\/Article-42-768x768.png","medium_large-width":768,"medium_large-height":768,"large":"https:\/\/www.netex.de\/wp-content\/uploads\/Article-42-1024x1024.png","large-width":1024,"large-height":1024,"1536x1536":"https:\/\/www.netex.de\/wp-content\/uploads\/Article-42-1536x1536.png","1536x1536-width":1536,"1536x1536-height":1536,"2048x2048":"https:\/\/www.netex.de\/wp-content\/uploads\/Article-42-2048x2048.png","2048x2048-width":2048,"2048x2048-height":2048,"post-thumbnail":"https:\/\/www.netex.de\/wp-content\/uploads\/Article-42-85x85.png","post-thumbnail-width":85,"post-thumbnail-height":85,"hero":"https:\/\/www.netex.de\/wp-content\/uploads\/Article-42.png","hero-width":540,"hero-height":540,"background":"https:\/\/www.netex.de\/wp-content\/uploads\/Article-42-540x535.png","background-width":540,"background-height":535,"milestone-home":"https:\/\/www.netex.de\/wp-content\/uploads\/Article-42-540x455.png","milestone-home-width":540,"milestone-home-height":455,"milestone-company":"https:\/\/www.netex.de\/wp-content\/uploads\/Article-42-470x300.png","milestone-company-width":470,"milestone-company-height":300,"news-company":"https:\/\/www.netex.de\/wp-content\/uploads\/Article-42-300x180.png","news-company-width":300,"news-company-height":180,"inner":"https:\/\/www.netex.de\/wp-content\/uploads\/Article-42-300x255.png","inner-width":300,"inner-height":255,"gallery":"https:\/\/www.netex.de\/wp-content\/uploads\/Article-42-320x230.png","gallery-width":320,"gallery-height":230,"contact":"https:\/\/www.netex.de\/wp-content\/uploads\/Article-42-95x95.png","contact-width":95,"contact-height":95}},"column_right":"<p style=\"font-size: 1.5em;\"><strong>SLAVIMO PREKRETNICE I ZAJEDNI\u0160TVO U KANCELARIJI U AGNITI<\/strong><\/p>\n<p><strong>13 Decembar 2024<\/strong><\/p>\n<p><span data-sheets-root=\"1\">Kako se godina bli\u017eila kraju, na\u0161 tim iz Agnite okupio se na fantasti\u010dnoj novogodi\u0161njoj proslavi koja je istinski oslikala timski duh i postignu\u0107a.<\/span><\/p>\n<p>Mesto doga\u0111aja postavilo je ton za nezaboravnu no\u0107. Veseud 11 pru\u017eio je toplu i prijatnu atmosferu, ukra\u0161enu prazni\u010dnim dekoracijama, koje su, u kombinaciji sa pa\u017eljivo odabranom muzikom, stvorile savr\u0161en ambijent za opu\u0161tanje i u\u017eivanje.<\/p>\n<p>Poseban trenutak ve\u010deri bila je dodela priznanja trojici izuzetnih kolega koji su ove godine proslavili zna\u010dajan jubilej \u2013 10 godina rada u kompaniji. Emese Belei, Lucian Ciubotariu i Cristina Madar nagra\u0111eni su za svoju posve\u0107enost, trud i dragoceni doprinos u protekloj deceniji. Njihove pri\u010de i dostignu\u0107a inspirisali su nas sve, podse\u0107aju\u0107i koliko mo\u017eemo posti\u0107i kada naporno radimo i me\u0111usobno se podr\u017eavamo.<\/p>\n<p>Proslava se nastavila uz ukusnu hranu i pi\u0107e, prilago\u0111ene svakom ukusu, osiguravaju\u0107i da niko ne ostane gladan. Kolege su razmenjivale uspomene iz protekle godine i delile nade za budu\u0107nost. Jedan od najupe\u010datljivijih trenutaka ve\u010deri bili su emotivni govori, koji su pokazali koliko je na\u0161 tim povezan, ostavljaju\u0107i mnoge sa osmesima, pa \u010dak i ponekom suzom radosnicom.<\/p>\n<p>Iskreno hvala svima koji su prisustvovali i u\u010dinili ovu no\u0107 nezaboravnom!<\/p>\n"},{"acf_fc_layout":"two_columns","column_left":{"ID":31918,"id":31918,"title":"Article 47","filename":"Article-47.png","filesize":384345,"url":"https:\/\/www.netex.de\/wp-content\/uploads\/Article-47.png","link":"https:\/\/www.netex.de\/sr\/compa\/article-47\/","alt":"","author":"44","description":"","caption":"","name":"article-47","status":"inherit","uploaded_to":6025,"date":"2026-02-12 08:27:56","modified":"2026-02-12 08:27:56","menu_order":0,"mime_type":"image\/png","type":"image","subtype":"png","icon":"https:\/\/www.netex.de\/wp-includes\/images\/media\/default.png","width":461,"height":615,"sizes":{"thumbnail":"https:\/\/www.netex.de\/wp-content\/uploads\/Article-47-150x150.png","thumbnail-width":150,"thumbnail-height":150,"medium":"https:\/\/www.netex.de\/wp-content\/uploads\/Article-47-225x300.png","medium-width":225,"medium-height":300,"medium_large":"https:\/\/www.netex.de\/wp-content\/uploads\/Article-47-768x1024.png","medium_large-width":768,"medium_large-height":1024,"large":"https:\/\/www.netex.de\/wp-content\/uploads\/Article-47-1024x1366.png","large-width":768,"large-height":1024,"1536x1536":"https:\/\/www.netex.de\/wp-content\/uploads\/Article-47-1536x2049.png","1536x1536-width":1151,"1536x1536-height":1536,"2048x2048":"https:\/\/www.netex.de\/wp-content\/uploads\/Article-47-2048x2732.png","2048x2048-width":1535,"2048x2048-height":2048,"post-thumbnail":"https:\/\/www.netex.de\/wp-content\/uploads\/Article-47-85x85.png","post-thumbnail-width":85,"post-thumbnail-height":85,"hero":"https:\/\/www.netex.de\/wp-content\/uploads\/Article-47.png","hero-width":461,"hero-height":615,"background":"https:\/\/www.netex.de\/wp-content\/uploads\/Article-47-461x535.png","background-width":461,"background-height":535,"milestone-home":"https:\/\/www.netex.de\/wp-content\/uploads\/Article-47-461x455.png","milestone-home-width":461,"milestone-home-height":455,"milestone-company":"https:\/\/www.netex.de\/wp-content\/uploads\/Article-47-461x300.png","milestone-company-width":461,"milestone-company-height":300,"news-company":"https:\/\/www.netex.de\/wp-content\/uploads\/Article-47-300x180.png","news-company-width":300,"news-company-height":180,"inner":"https:\/\/www.netex.de\/wp-content\/uploads\/Article-47-300x255.png","inner-width":300,"inner-height":255,"gallery":"https:\/\/www.netex.de\/wp-content\/uploads\/Article-47-320x230.png","gallery-width":320,"gallery-height":230,"contact":"https:\/\/www.netex.de\/wp-content\/uploads\/Article-47-95x95.png","contact-width":95,"contact-height":95}},"column_right":"<p style=\"font-size: 1.5em;\"><strong>SLAVIMO IZVRSNOST: NETEX ROMANIA NAGRA\u0110EN NA SVE\u010cANOSTI OKRUGA TIMI\u0218<\/strong><\/p>\n<p><strong>20 Novembar 2024<\/strong><\/p>\n<p><span data-sheets-root=\"1\">Dana 1. novembra 2024. godine, Privredna, industrijska i poljoprivredna komora Timi\u0161a organizovala je doga\u0111aj u \u010dast najuspe\u0161nijih kompanija u okrugu Timi\u0161.<\/span><\/p>\n<p>Doga\u0111aj je odr\u017ean u Timi\u0219oara Business Centeru, a zapo\u010deo je koncertom simfonijske muzike, nakon \u010dega su usledili kratki govori organizatora i gradona\u010delnika Temi\u0161vara, koji je \u010destitao svim nagra\u0111enim kompanijama. Me\u0111u po\u010dasnim gostima bili su premijer Rumunije Marcel \u010colacu i ministar saobra\u0107aja Sorin Grindeanu.<\/p>\n<p>Nakon govora, usledila je sve\u010dana dodela nagrada. U kategoriji Usluge za srednja preduze\u0107a, Netex Romania je zauzela drugo mesto u rangiranju kompanija u okrugu.<\/p>\n<p>Bilo je to zaista zna\u010dajno priznanje, i ponosni smo ne samo \u0161to smo u\u010destvovali, ve\u0107 i \u0161to smo dobili ovu presti\u017enu nagradu.<\/p>\n"},{"acf_fc_layout":"two_columns","column_left":{"ID":31907,"id":31907,"title":"Article 48","filename":"Article-48.png","filesize":547715,"url":"https:\/\/www.netex.de\/wp-content\/uploads\/Article-48.png","link":"https:\/\/www.netex.de\/sr\/compa\/article-48\/","alt":"","author":"44","description":"","caption":"","name":"article-48","status":"inherit","uploaded_to":6025,"date":"2026-02-12 08:27:53","modified":"2026-02-12 08:27:53","menu_order":0,"mime_type":"image\/png","type":"image","subtype":"png","icon":"https:\/\/www.netex.de\/wp-includes\/images\/media\/default.png","width":480,"height":640,"sizes":{"thumbnail":"https:\/\/www.netex.de\/wp-content\/uploads\/Article-48-150x150.png","thumbnail-width":150,"thumbnail-height":150,"medium":"https:\/\/www.netex.de\/wp-content\/uploads\/Article-48-225x300.png","medium-width":225,"medium-height":300,"medium_large":"https:\/\/www.netex.de\/wp-content\/uploads\/Article-48-768x1024.png","medium_large-width":768,"medium_large-height":1024,"large":"https:\/\/www.netex.de\/wp-content\/uploads\/Article-48-1024x1365.png","large-width":768,"large-height":1024,"1536x1536":"https:\/\/www.netex.de\/wp-content\/uploads\/Article-48-1536x2048.png","1536x1536-width":1152,"1536x1536-height":1536,"2048x2048":"https:\/\/www.netex.de\/wp-content\/uploads\/Article-48-2048x2730.png","2048x2048-width":1536,"2048x2048-height":2048,"post-thumbnail":"https:\/\/www.netex.de\/wp-content\/uploads\/Article-48-85x85.png","post-thumbnail-width":85,"post-thumbnail-height":85,"hero":"https:\/\/www.netex.de\/wp-content\/uploads\/Article-48.png","hero-width":480,"hero-height":640,"background":"https:\/\/www.netex.de\/wp-content\/uploads\/Article-48-480x535.png","background-width":480,"background-height":535,"milestone-home":"https:\/\/www.netex.de\/wp-content\/uploads\/Article-48-480x455.png","milestone-home-width":480,"milestone-home-height":455,"milestone-company":"https:\/\/www.netex.de\/wp-content\/uploads\/Article-48-470x300.png","milestone-company-width":470,"milestone-company-height":300,"news-company":"https:\/\/www.netex.de\/wp-content\/uploads\/Article-48-300x180.png","news-company-width":300,"news-company-height":180,"inner":"https:\/\/www.netex.de\/wp-content\/uploads\/Article-48-300x255.png","inner-width":300,"inner-height":255,"gallery":"https:\/\/www.netex.de\/wp-content\/uploads\/Article-48-320x230.png","gallery-width":320,"gallery-height":230,"contact":"https:\/\/www.netex.de\/wp-content\/uploads\/Article-48-95x95.png","contact-width":95,"contact-height":95}},"column_right":"<p style=\"font-size: 1.5em;\"><strong>PRISUSTVO NETEX-a NA BE\u010cKOM BALU TEMI\u0160VAR 2024<\/strong><\/p>\n<p><strong>18 Novembar 2024<\/strong><\/p>\n<p><span data-sheets-root=\"1\">Dana 28. novembra 2024. godine, Netex je imao zadovoljstvo da u\u010destvuje na 11. izdanju Be\u010dkog bala u Temi\u0161varu, presti\u017enom humanitarnom doga\u0111aju odr\u017eanom u Convention Center Timi\u0219oara. Na\u0161u kompaniju predstavljali su Elena Vl\u0103sceanu i C\u0103t\u0103lin Pop, koji su u\u017eivali u ve\u010deri ispunjenoj elegancijom i emocijama u spektakularnom ambijentu.<\/span><\/p>\n<p>Na\u0161e u\u010de\u0161\u0107e bilo je usmereno na podr\u0161ku humanitarnim inicijativama koje ovaj doga\u0111aj promovi\u0161e, ali i na negovanje kulturne tradicije koja okuplja istaknute li\u010dnosti iz ekonomskog i umetni\u010dkog \u017eivota Temi\u0161vara.<\/p>\n<p>Atmosfera je bila izuzetno sofisticirana, sa debitantima, gracioznim valcerima i zvucima operete, koji su doprineli impresivnom spektaklu.<\/p>\n<p>Prisustvo Netexa na Be\u010dkom balu odra\u017eava na\u0161u posve\u0107enost zajednici i \u017eelju da podr\u017eimo inicijative koje imaju pozitivan uticaj. Bila je to sjajna prilika za umre\u017eavanje, uspostavljanje novih kontakata i pridru\u017eivanje zajedni\u010dkim naporima za dobrobit dru\u0161tva.<\/p>\n<p>\u010cestitamo organizatorima na izuzetnom doga\u0111aju i ponosni smo \u0161to smo mogli doprineti ovoj inicijativi.<\/p>\n"},{"acf_fc_layout":"two_columns","column_left":{"ID":31929,"id":31929,"title":"Article 46","filename":"Article-46.png","filesize":464941,"url":"https:\/\/www.netex.de\/wp-content\/uploads\/Article-46.png","link":"https:\/\/www.netex.de\/sr\/compa\/article-46\/","alt":"","author":"44","description":"","caption":"","name":"article-46","status":"inherit","uploaded_to":6025,"date":"2026-02-12 08:28:00","modified":"2026-02-12 08:28:00","menu_order":0,"mime_type":"image\/png","type":"image","subtype":"png","icon":"https:\/\/www.netex.de\/wp-includes\/images\/media\/default.png","width":640,"height":480,"sizes":{"thumbnail":"https:\/\/www.netex.de\/wp-content\/uploads\/Article-46-150x150.png","thumbnail-width":150,"thumbnail-height":150,"medium":"https:\/\/www.netex.de\/wp-content\/uploads\/Article-46-300x225.png","medium-width":300,"medium-height":225,"medium_large":"https:\/\/www.netex.de\/wp-content\/uploads\/Article-46-768x576.png","medium_large-width":768,"medium_large-height":576,"large":"https:\/\/www.netex.de\/wp-content\/uploads\/Article-46-1024x768.png","large-width":1024,"large-height":768,"1536x1536":"https:\/\/www.netex.de\/wp-content\/uploads\/Article-46-1536x1152.png","1536x1536-width":1536,"1536x1536-height":1152,"2048x2048":"https:\/\/www.netex.de\/wp-content\/uploads\/Article-46-2048x1536.png","2048x2048-width":2048,"2048x2048-height":1536,"post-thumbnail":"https:\/\/www.netex.de\/wp-content\/uploads\/Article-46-85x85.png","post-thumbnail-width":85,"post-thumbnail-height":85,"hero":"https:\/\/www.netex.de\/wp-content\/uploads\/Article-46.png","hero-width":640,"hero-height":480,"background":"https:\/\/www.netex.de\/wp-content\/uploads\/Article-46.png","background-width":640,"background-height":480,"milestone-home":"https:\/\/www.netex.de\/wp-content\/uploads\/Article-46-588x455.png","milestone-home-width":588,"milestone-home-height":455,"milestone-company":"https:\/\/www.netex.de\/wp-content\/uploads\/Article-46-470x300.png","milestone-company-width":470,"milestone-company-height":300,"news-company":"https:\/\/www.netex.de\/wp-content\/uploads\/Article-46-300x180.png","news-company-width":300,"news-company-height":180,"inner":"https:\/\/www.netex.de\/wp-content\/uploads\/Article-46-300x255.png","inner-width":300,"inner-height":255,"gallery":"https:\/\/www.netex.de\/wp-content\/uploads\/Article-46-320x230.png","gallery-width":320,"gallery-height":230,"contact":"https:\/\/www.netex.de\/wp-content\/uploads\/Article-46-95x95.png","contact-width":95,"contact-height":95}},"column_right":"<p style=\"font-size: 1.5em;\"><strong>NETEX GROUP NA E-COMMERCE WEB SUMMIT-u U LISABONU<\/strong><\/p>\n<p><strong>18 Novembar 2024<\/strong><\/p>\n<p><span data-sheets-root=\"1\">Netex Group je s ponosom u\u010destvovao na ovogodi\u0161njem e-Commerce Web Summit-u u Lisabonu, doga\u0111aju na kojem prisustvujemo svake godine kako bismo ostali u toku s najnovijim trendovima u industriji.<\/span><\/p>\n<p>Ove godine iskoristili smo priliku da istaknemo MondoChat, na\u0161 vode\u0107i proizvod \u2013 naprednu omnichannel platformu dizajniranu za agente korisni\u010dke podr\u0161ke. MondoChat je bio u centru pa\u017enje na\u0161e prisutnosti, demonstriraju\u0107i kako pojednostavljuje komunikaciju izme\u0111u razli\u010ditih kanala, pove\u0107ava efikasnost i pobolj\u0161ava korisni\u010dko iskustvo \u2013 klju\u010dne vrednosti koje pokre\u0107u na\u0161 rad u Netex Group.<\/p>\n<p>Summit je tako\u0111e pru\u017eio priliku za umre\u017eavanje s liderima industrije i istra\u017eivanje novih trendova, uklju\u010duju\u0107i integraciju ve\u0161ta\u010dke inteligencije (AI), personalizaciju i odr\u017eivost u e-Commerce sektoru.<\/p>\n<p>Veliko hvala na\u0161em timu \u0161to je Netex Group predstavio s izuzetnom stra\u0161\u0107u i profesionalizmom!<\/p>\n<p>Zajedno nastavljamo da oblikujemo budu\u0107nost e-Commerce-a<\/p>\n"},{"acf_fc_layout":"two_columns","column_left":{"ID":31940,"id":31940,"title":"Article 45","filename":"Article-45.png","filesize":578697,"url":"https:\/\/www.netex.de\/wp-content\/uploads\/Article-45.png","link":"https:\/\/www.netex.de\/sr\/compa\/article-45\/","alt":"","author":"44","description":"","caption":"","name":"article-45","status":"inherit","uploaded_to":6025,"date":"2026-02-12 08:28:02","modified":"2026-02-12 08:28:02","menu_order":0,"mime_type":"image\/png","type":"image","subtype":"png","icon":"https:\/\/www.netex.de\/wp-includes\/images\/media\/default.png","width":802,"height":600,"sizes":{"thumbnail":"https:\/\/www.netex.de\/wp-content\/uploads\/Article-45-150x150.png","thumbnail-width":150,"thumbnail-height":150,"medium":"https:\/\/www.netex.de\/wp-content\/uploads\/Article-45-300x224.png","medium-width":300,"medium-height":224,"medium_large":"https:\/\/www.netex.de\/wp-content\/uploads\/Article-45-768x575.png","medium_large-width":768,"medium_large-height":575,"large":"https:\/\/www.netex.de\/wp-content\/uploads\/Article-45-1024x766.png","large-width":1024,"large-height":766,"1536x1536":"https:\/\/www.netex.de\/wp-content\/uploads\/Article-45-1536x1149.png","1536x1536-width":1536,"1536x1536-height":1149,"2048x2048":"https:\/\/www.netex.de\/wp-content\/uploads\/Article-45-2048x1532.png","2048x2048-width":2048,"2048x2048-height":1532,"post-thumbnail":"https:\/\/www.netex.de\/wp-content\/uploads\/Article-45-85x85.png","post-thumbnail-width":85,"post-thumbnail-height":85,"hero":"https:\/\/www.netex.de\/wp-content\/uploads\/Article-45.png","hero-width":802,"hero-height":600,"background":"https:\/\/www.netex.de\/wp-content\/uploads\/Article-45-802x535.png","background-width":802,"background-height":535,"milestone-home":"https:\/\/www.netex.de\/wp-content\/uploads\/Article-45-588x455.png","milestone-home-width":588,"milestone-home-height":455,"milestone-company":"https:\/\/www.netex.de\/wp-content\/uploads\/Article-45-470x300.png","milestone-company-width":470,"milestone-company-height":300,"news-company":"https:\/\/www.netex.de\/wp-content\/uploads\/Article-45-300x180.png","news-company-width":300,"news-company-height":180,"inner":"https:\/\/www.netex.de\/wp-content\/uploads\/Article-45-300x255.png","inner-width":300,"inner-height":255,"gallery":"https:\/\/www.netex.de\/wp-content\/uploads\/Article-45-320x230.png","gallery-width":320,"gallery-height":230,"contact":"https:\/\/www.netex.de\/wp-content\/uploads\/Article-45-95x95.png","contact-width":95,"contact-height":95}},"column_right":"<p style=\"font-size: 1.5em;\"><strong>NETEX GROUP ISTRA\u017dUJE SARADNJU SA IT PARK UZBEKISTAN<\/strong><\/p>\n<p><strong>18 Novembar 2024<\/strong><\/p>\n<p><span data-sheets-root=\"1\">Delegacija IT Park Uzbekistan, predvo\u0111ena generalnim direktorom Farkhodom Ibragimovom, zavr\u0161ila je svoju poslovnu posetu Rumuniji produktivnim sastankom u kompaniji Netex Group, globalnom lideru u razvoju softvera, IT konsaltingu i poslovnom procesnom autsorsingu (BPO). Razgovori, koje je vodio C\u0103t\u0103lin Carlaont, Business Unit Manager u Netex Group, fokusirali su se na istra\u017eivanje mogu\u0107nosti saradnje i isticanje rastu\u0107eg potencijala Uzbekistana kao centra za IT usluge (ITES).<\/span><\/p>\n<p>Tokom sastanka, delegacija IT Park Uzbekistan naglasila je strate\u0161ke prednosti Uzbekistana, uklju\u010duju\u0107i kvalifikovanu radnu snagu, povoljno poslovno okru\u017eenje i atraktivne investicione politike. Tako\u0111e su istakli strate\u0161ki polo\u017eaj zemlje i njen sve ve\u0107i zna\u010daj kao regionalnog IT centra. Netex Group je izrazila sna\u017eno interesovanje za konkurentske prednosti regiona i potencijal dugoro\u010dnih partnerstava, posebno u pogledu globalne potra\u017enje, podsticanja inovacija i razvoja ITES sektora.<\/p>\n<p>Kao provajder digitalnih re\u0161enja, Netex Group je specijalizovana za razvoj softvera, cloud computing, analizu podataka i sajber bezbednost, pru\u017eaju\u0107i kompanijama napredne tehnologije za digitalnu transformaciju. Interesovanje Netex Group za Uzbekistan odra\u017eava sve ve\u0107u prepoznatljivost regiona kao IT centra i njegovu atraktivnost za me\u0111unarodne saradnje.<\/p>\n<p>Ovaj sastanak nagla\u0161ava napore IT Park Uzbekistan da pozicionira zemlju kao globalnog igra\u010da u IT i autsorsing sektoru. O\u010dekuje se da \u0107e ovakve saradnje doneti zna\u010dajne ekonomske prilike, uklju\u010duju\u0107i otvaranje novih radnih mesta, razvoj ve\u0161tina i ja\u010danje globalne povezanosti IT sektora Uzbekistana.<\/p>\n<p>Promovi\u0161u\u0107i ovakva partnerstva, Netex Group i IT Park Uzbekistan otvaraju put ka inovacijama i rastu u globalnom IT sektoru.<\/p>\n"},{"acf_fc_layout":"two_columns","column_left":{"ID":31984,"id":31984,"title":"Article 41","filename":"Article-41.png","filesize":436467,"url":"https:\/\/www.netex.de\/wp-content\/uploads\/Article-41.png","link":"https:\/\/www.netex.de\/sr\/compa\/article-41\/","alt":"","author":"44","description":"","caption":"","name":"article-41","status":"inherit","uploaded_to":6025,"date":"2026-02-12 08:28:20","modified":"2026-02-12 08:28:20","menu_order":0,"mime_type":"image\/png","type":"image","subtype":"png","icon":"https:\/\/www.netex.de\/wp-includes\/images\/media\/default.png","width":540,"height":540,"sizes":{"thumbnail":"https:\/\/www.netex.de\/wp-content\/uploads\/Article-41-150x150.png","thumbnail-width":150,"thumbnail-height":150,"medium":"https:\/\/www.netex.de\/wp-content\/uploads\/Article-41-300x300.png","medium-width":300,"medium-height":300,"medium_large":"https:\/\/www.netex.de\/wp-content\/uploads\/Article-41-768x768.png","medium_large-width":768,"medium_large-height":768,"large":"https:\/\/www.netex.de\/wp-content\/uploads\/Article-41-1024x1024.png","large-width":1024,"large-height":1024,"1536x1536":"https:\/\/www.netex.de\/wp-content\/uploads\/Article-41-1536x1536.png","1536x1536-width":1536,"1536x1536-height":1536,"2048x2048":"https:\/\/www.netex.de\/wp-content\/uploads\/Article-41-2048x2048.png","2048x2048-width":2048,"2048x2048-height":2048,"post-thumbnail":"https:\/\/www.netex.de\/wp-content\/uploads\/Article-41-85x85.png","post-thumbnail-width":85,"post-thumbnail-height":85,"hero":"https:\/\/www.netex.de\/wp-content\/uploads\/Article-41.png","hero-width":540,"hero-height":540,"background":"https:\/\/www.netex.de\/wp-content\/uploads\/Article-41-540x535.png","background-width":540,"background-height":535,"milestone-home":"https:\/\/www.netex.de\/wp-content\/uploads\/Article-41-540x455.png","milestone-home-width":540,"milestone-home-height":455,"milestone-company":"https:\/\/www.netex.de\/wp-content\/uploads\/Article-41-470x300.png","milestone-company-width":470,"milestone-company-height":300,"news-company":"https:\/\/www.netex.de\/wp-content\/uploads\/Article-41-300x180.png","news-company-width":300,"news-company-height":180,"inner":"https:\/\/www.netex.de\/wp-content\/uploads\/Article-41-300x255.png","inner-width":300,"inner-height":255,"gallery":"https:\/\/www.netex.de\/wp-content\/uploads\/Article-41-320x230.png","gallery-width":320,"gallery-height":230,"contact":"https:\/\/www.netex.de\/wp-content\/uploads\/Article-41-95x95.png","contact-width":95,"contact-height":95}},"column_right":"<p style=\"font-size: 1.5em;\"><strong>NETEX U\u010cESTVUJE NA CAREER DAYS UVT: KARIJERNE PRILIKE ZA BUDU\u0106E PROFESIONALCE<\/strong><\/p>\n<p><strong>17 Octobar 2024<\/strong><\/p>\n<p><span data-sheets-root=\"1\">Dana 8. i 9. oktobra, Netex je u\u010destvovao na Career Days UVT, doga\u0111aju koji je organizovao Univerzitet Zapadnog Temi\u0161vara, gde su se brojne kompanije iz razli\u010ditih sektora sastale sa mladim studentima i diplomcima u potrazi za karijernim prilikama.<\/span><\/p>\n<p>Za Netex, ovo u\u010de\u0161\u0107e predstavljalo je va\u017enu priliku za privla\u010denje novih talenata i predstavljanje profesionalnih mogu\u0107nosti u okviru kompanije. Tim Netexa bio je dostupan za pru\u017eanje informacija o organizacionoj kulturi, teku\u0107im projektima i onome \u0161to zna\u010di biti deo uspe\u0161ne kompanije i posve\u0107enog tima.<\/p>\n<p>Career Days UVT pru\u017eio nam je priliku da direktno komuniciramo sa studentima, saznamo vi\u0161e o njihovim o\u010dekivanjima i predstavimo na\u010dine na koje mogu doprineti razvoju uspe\u0161ne kompanije dok grade dugoro\u010dnu karijeru. Na\u0161e prisustvo na ovom doga\u0111aju bilo je dragoceno iskustvo.<\/p>\n"},{"acf_fc_layout":"two_columns","column_left":{"ID":31973,"id":31973,"title":"Article 40","filename":"Article-40.png","filesize":621894,"url":"https:\/\/www.netex.de\/wp-content\/uploads\/Article-40.png","link":"https:\/\/www.netex.de\/sr\/compa\/article-40\/","alt":"","author":"44","description":"","caption":"","name":"article-40","status":"inherit","uploaded_to":6025,"date":"2026-02-12 08:28:17","modified":"2026-02-12 08:28:17","menu_order":0,"mime_type":"image\/png","type":"image","subtype":"png","icon":"https:\/\/www.netex.de\/wp-includes\/images\/media\/default.png","width":600,"height":450,"sizes":{"thumbnail":"https:\/\/www.netex.de\/wp-content\/uploads\/Article-40-150x150.png","thumbnail-width":150,"thumbnail-height":150,"medium":"https:\/\/www.netex.de\/wp-content\/uploads\/Article-40-300x225.png","medium-width":300,"medium-height":225,"medium_large":"https:\/\/www.netex.de\/wp-content\/uploads\/Article-40-768x576.png","medium_large-width":768,"medium_large-height":576,"large":"https:\/\/www.netex.de\/wp-content\/uploads\/Article-40-1024x768.png","large-width":1024,"large-height":768,"1536x1536":"https:\/\/www.netex.de\/wp-content\/uploads\/Article-40-1536x1152.png","1536x1536-width":1536,"1536x1536-height":1152,"2048x2048":"https:\/\/www.netex.de\/wp-content\/uploads\/Article-40-2048x1536.png","2048x2048-width":2048,"2048x2048-height":1536,"post-thumbnail":"https:\/\/www.netex.de\/wp-content\/uploads\/Article-40-85x85.png","post-thumbnail-width":85,"post-thumbnail-height":85,"hero":"https:\/\/www.netex.de\/wp-content\/uploads\/Article-40.png","hero-width":600,"hero-height":450,"background":"https:\/\/www.netex.de\/wp-content\/uploads\/Article-40.png","background-width":600,"background-height":450,"milestone-home":"https:\/\/www.netex.de\/wp-content\/uploads\/Article-40-588x450.png","milestone-home-width":588,"milestone-home-height":450,"milestone-company":"https:\/\/www.netex.de\/wp-content\/uploads\/Article-40-470x300.png","milestone-company-width":470,"milestone-company-height":300,"news-company":"https:\/\/www.netex.de\/wp-content\/uploads\/Article-40-300x180.png","news-company-width":300,"news-company-height":180,"inner":"https:\/\/www.netex.de\/wp-content\/uploads\/Article-40-300x255.png","inner-width":300,"inner-height":255,"gallery":"https:\/\/www.netex.de\/wp-content\/uploads\/Article-40-320x230.png","gallery-width":320,"gallery-height":230,"contact":"https:\/\/www.netex.de\/wp-content\/uploads\/Article-40-95x95.png","contact-width":95,"contact-height":95}},"column_right":"<p style=\"font-size: 1.5em;\"><strong>DWC FUDBALSKI TURNIR \u2013 VI\u0160E OD IGRE, VI\u0160E OD POBEDE<\/strong><\/p>\n<p><strong>17 Octobar 2024<\/strong><\/p>\n<p><span data-sheets-root=\"1\">U\u010de\u0161\u0107e na nedavnom fudbalskom turniru bilo je posebno iskustvo za sve nas. Iako nismo pro\u0161li grupnu fazu, \u0161to mo\u017eda nije bio trijumf kojem smo se nadali, ovo putovanje donelo je nezaboravne trenutke i dragocene lekcije.<\/span><\/p>\n<p>Na\u0161 tim postigao je samo jedan te\u0161ko izboren gol tokom turnira \u2013 mali uspeh, ali trenutak velike radosti za nas i na\u0161e navija\u010de. Na\u0161a jedina nere\u0161ena utakmica bila je prava emotivna vo\u017enja, ali je pokazala na\u0161 borbeni duh i \u017eelju da uvek te\u017eimo vi\u0161em, bez obzira na protivnika.<\/p>\n<p>Jedan od klju\u010dnih trenutaka bio je izuzetan nastup na\u0161eg golmana, Gabija Turcua, koji je briljirao odbranama, a zatim postao junak terena postigav\u0161i na\u0161 jedini gol.<\/p>\n<p>Uprkos povredama, na\u0161i igra\u010di Cosmin i Lucian igrali su sa neverovatnom uporno\u0161\u0107u, inspiri\u0161u\u0107i ceo tim tokom turnira.<\/p>\n<p>Van utakmica, turnir je bio proslava timskog duha i sportskog fer-pleja. Iako smo imali ograni\u010den broj treninga, svaki igra\u010d dao je sve od sebe, vo\u0111en na\u0161im sloganom:<br \/>\n&#8222;Uvek daj sve od sebe u svemu \u0161to radi\u0161, jer kada se osvrne\u0161 unazad, zna\u0107e\u0161 da si dao najbolje od onoga \u0161to si imao, i bi\u0107e\u0161 zahvalan za put koji si pre\u0161ao.&#8220; \u2013 Melanie Koulouris<\/p>\n<p>Posebno priznanje zaslu\u017euje organizacioni odbor za besprekornu koordinaciju i gostoprimstvo. Svaki detalj \u2013 od sme\u0161taja do dobro isplaniranog rasporeda utakmica \u2013 bio je pa\u017eljivo organizovan, i oti\u0161li smo izuzetno zadovoljni celokupnim doga\u0111ajem.<\/p>\n<p>Zaklju\u010dno, turnir je bio vi\u0161e od niza utakmica \u2013 bio je to zajedni\u010dki put ispunjen smehom, istrajno\u0161\u0107u i kolektivnim napretkom. Ova iskustva oja\u010dala su na\u0161e veze i sa nestrpljenjem i\u0161\u010dekujemo budu\u0107e turnire sa novom energijom i entuzijazmom. Na jo\u0161 mnogo golova i pobeda!<\/p>\n"},{"acf_fc_layout":"two_columns","column_left":{"ID":32006,"id":32006,"title":"Article 39","filename":"Article-39.png","filesize":218150,"url":"https:\/\/www.netex.de\/wp-content\/uploads\/Article-39.png","link":"https:\/\/www.netex.de\/sr\/compa\/article-39\/","alt":"","author":"44","description":"","caption":"","name":"article-39","status":"inherit","uploaded_to":6025,"date":"2026-02-12 08:28:30","modified":"2026-02-12 08:28:30","menu_order":0,"mime_type":"image\/png","type":"image","subtype":"png","icon":"https:\/\/www.netex.de\/wp-includes\/images\/media\/default.png","width":502,"height":264,"sizes":{"thumbnail":"https:\/\/www.netex.de\/wp-content\/uploads\/Article-39-150x150.png","thumbnail-width":150,"thumbnail-height":150,"medium":"https:\/\/www.netex.de\/wp-content\/uploads\/Article-39-300x157.png","medium-width":300,"medium-height":157,"medium_large":"https:\/\/www.netex.de\/wp-content\/uploads\/Article-39-768x403.png","medium_large-width":768,"medium_large-height":403,"large":"https:\/\/www.netex.de\/wp-content\/uploads\/Article-39-1024x538.png","large-width":1024,"large-height":538,"1536x1536":"https:\/\/www.netex.de\/wp-content\/uploads\/Article-39-1536x807.png","1536x1536-width":1536,"1536x1536-height":807,"2048x2048":"https:\/\/www.netex.de\/wp-content\/uploads\/Article-39-2048x1077.png","2048x2048-width":2048,"2048x2048-height":1077,"post-thumbnail":"https:\/\/www.netex.de\/wp-content\/uploads\/Article-39-85x85.png","post-thumbnail-width":85,"post-thumbnail-height":85,"hero":"https:\/\/www.netex.de\/wp-content\/uploads\/Article-39.png","hero-width":502,"hero-height":264,"background":"https:\/\/www.netex.de\/wp-content\/uploads\/Article-39.png","background-width":502,"background-height":264,"milestone-home":"https:\/\/www.netex.de\/wp-content\/uploads\/Article-39.png","milestone-home-width":502,"milestone-home-height":264,"milestone-company":"https:\/\/www.netex.de\/wp-content\/uploads\/Article-39-470x264.png","milestone-company-width":470,"milestone-company-height":264,"news-company":"https:\/\/www.netex.de\/wp-content\/uploads\/Article-39-300x180.png","news-company-width":300,"news-company-height":180,"inner":"https:\/\/www.netex.de\/wp-content\/uploads\/Article-39-300x255.png","inner-width":300,"inner-height":255,"gallery":"https:\/\/www.netex.de\/wp-content\/uploads\/Article-39-320x230.png","gallery-width":320,"gallery-height":230,"contact":"https:\/\/www.netex.de\/wp-content\/uploads\/Article-39-95x95.png","contact-width":95,"contact-height":95}},"column_right":"<p style=\"font-size: 1.5em;\"><strong>ISTRA\u017dIVANJE BUDU\u0106NOSTI SLOVA\u010cKE E-TRGOVINE @ E-COMMERCE DAY U BRATISLAVI<\/strong><\/p>\n<p><strong>17 Octobar 2024<\/strong><\/p>\n<p><span data-sheets-root=\"1\">Dana 17. oktobra, Bratislava je bila doma\u0107in dugo i\u0161\u010dekivanog E-Commerce Dana, doga\u0111aja koji je okupio lidere industrije, inovatore i entuzijaste kako bi istra\u017eili razvoj e-trgovine u Slova\u010dkoj. Ove godine doga\u0111aj nije bio samo prikaz trenutnih trendova, ve\u0107 i vizionarska diskusija o budu\u0107nosti online maloprodaje u regionu.<\/span><\/p>\n<p>Tokom dana, u\u010desnici su imali priliku da slu\u0161aju inspirativna izlaganja renomiranih stru\u010dnjaka, koji su delili svoja iskustva i predvi\u0111anja za sektor e-trgovine. Teme su obuhvatale rast mobilne kupovine, zna\u010daj korisni\u010dkog iskustva u pove\u0107anju prodaje i prilagodljivost u digitalnom okru\u017eenju. Naglasak na inovacijama odjeknuo je me\u0111u svim prisutnima, podse\u0107aju\u0107i da je u brzo promenljivom svetu e-trgovine klju\u010dno biti korak ispred.<\/p>\n<p>Doga\u0111aj je pru\u017eio izvanrednu priliku za umre\u017eavanje, razmenu ideja i uspostavljanje potencijalnih partnerstava. Duh saradnje dodatno je naglasio zna\u010daj zajednice za rast i inovacije u slova\u010dkom eCommerce ekosistemu.<\/p>\n<p>Jedna od glavnih tema bila je primena novih tehnologija, uz posebne sesije posve\u0107ene ve\u0161ta\u010dkoj inteligenciji (AI), ma\u0161inskom u\u010denju i analitici podataka. Stru\u010dnjaci su demonstrirali kako ove tehnologije mogu pobolj\u0161ati personalizaciju korisni\u010dkog iskustva, optimizovati operacije i unaprediti dono\u0161enje odluka. Mogu\u0107nosti koje tehnologija pru\u017ea za transformaciju e-trgovine su ogromne, a mnoge kompanije ve\u0107 istra\u017euju ove inovativne pravce.<\/p>\n"},{"acf_fc_layout":"two_columns","column_left":{"ID":31891,"id":31891,"title":"Article 38","filename":"Article-38.jpg","filesize":221782,"url":"https:\/\/www.netex.de\/wp-content\/uploads\/Article-38.jpg","link":"https:\/\/www.netex.de\/sr\/compa\/article-38\/","alt":"","author":"44","description":"","caption":"","name":"article-38","status":"inherit","uploaded_to":6025,"date":"2026-02-12 07:43:25","modified":"2026-02-12 07:43:25","menu_order":0,"mime_type":"image\/jpeg","type":"image","subtype":"jpeg","icon":"https:\/\/www.netex.de\/wp-includes\/images\/media\/default.png","width":1080,"height":1080,"sizes":{"thumbnail":"https:\/\/www.netex.de\/wp-content\/uploads\/Article-38-150x150.jpg","thumbnail-width":150,"thumbnail-height":150,"medium":"https:\/\/www.netex.de\/wp-content\/uploads\/Article-38-300x300.jpg","medium-width":300,"medium-height":300,"medium_large":"https:\/\/www.netex.de\/wp-content\/uploads\/Article-38-768x768.jpg","medium_large-width":768,"medium_large-height":768,"large":"https:\/\/www.netex.de\/wp-content\/uploads\/Article-38-1024x1024.jpg","large-width":1024,"large-height":1024,"1536x1536":"https:\/\/www.netex.de\/wp-content\/uploads\/Article-38-1536x1536.jpg","1536x1536-width":1536,"1536x1536-height":1536,"2048x2048":"https:\/\/www.netex.de\/wp-content\/uploads\/Article-38-2048x2048.jpg","2048x2048-width":2048,"2048x2048-height":2048,"post-thumbnail":"https:\/\/www.netex.de\/wp-content\/uploads\/Article-38-85x85.jpg","post-thumbnail-width":85,"post-thumbnail-height":85,"hero":"https:\/\/www.netex.de\/wp-content\/uploads\/Article-38-925x755.jpg","hero-width":925,"hero-height":755,"background":"https:\/\/www.netex.de\/wp-content\/uploads\/Article-38-1080x535.jpg","background-width":1080,"background-height":535,"milestone-home":"https:\/\/www.netex.de\/wp-content\/uploads\/Article-38-588x455.jpg","milestone-home-width":588,"milestone-home-height":455,"milestone-company":"https:\/\/www.netex.de\/wp-content\/uploads\/Article-38-470x300.jpg","milestone-company-width":470,"milestone-company-height":300,"news-company":"https:\/\/www.netex.de\/wp-content\/uploads\/Article-38-300x180.jpg","news-company-width":300,"news-company-height":180,"inner":"https:\/\/www.netex.de\/wp-content\/uploads\/Article-38-300x255.jpg","inner-width":300,"inner-height":255,"gallery":"https:\/\/www.netex.de\/wp-content\/uploads\/Article-38-320x230.jpg","gallery-width":320,"gallery-height":230,"contact":"https:\/\/www.netex.de\/wp-content\/uploads\/Article-38-95x95.jpg","contact-width":95,"contact-height":95}},"column_right":"<p style=\"font-size: 1.5em;\"><strong>USPE\u0160AN ISO 9001 AUDIT: SARADNI\u010cKI TRUD PREKO GRANICA<\/strong><\/p>\n<p><strong>30 Septembar 2024<\/strong><\/p>\n<p><span data-sheets-root=\"1\">Dana 26. i 27. septembra, na\u0161 tim je uspe\u0161no zavr\u0161io eksterni audit za ISO 9001, sproveden u Temi\u0161varu i Novom Sadu. Ovaj doga\u0111aj predstavlja jo\u0161 jedan va\u017ean korak u o\u010duvanju na\u0161ih visokih standarda upravljanja kvalitetom.<\/span><\/p>\n<p>ISO 9001 je me\u0111unarodno priznati standard koji osigurava dosledan kvalitet u svim na\u0161im procesima, \u0161to je posebno va\u017eno za kompaniju poput na\u0161e, koja se bavi poslovnim procesima (BPO). On pru\u017ea okvir za pobolj\u0161anje zadovoljstva korisnika kroz optimizaciju operacija, efikasnu isporuku usluga i kontinuirano unapre\u0111enje na\u0161ih unutra\u0161njih procesa. Za na\u0161e klijente, ova sertifikacija predstavlja garanciju da sledimo najbolje prakse i da smo posve\u0107eni pru\u017eanju usluga koje ispunjavaju najvi\u0161e standarde kvaliteta.<\/p>\n<p>U Temi\u0161varu je audit sproveden u\u017eivo, stvaraju\u0107i prijatnu i produktivnu atmosferu. Kolege iz svih na\u0161ih kancelarija okupile su se, a njihova srda\u010dnost i profesionalizam u\u010dinili su ovo iskustvo izuzetno uspe\u0161nim. U Novom Sadu, audit je sproveden online, \u0161to potvr\u0111uje na\u0161u sposobnost da efikasno sara\u0111ujemo preko granica. Posebno priznanje ide Goranu, na\u0161em internom auditoru, \u010dija je posve\u0107enost bila klju\u010dna za uspeh ovog procesa.<\/p>\n<p>Ovaj uspeh potvr\u0111uje na\u0161u posve\u0107enost kvalitetu i snagu timskog rada. \u010cestitamo svima koji su u\u010destvovali!<\/p>\n"},{"acf_fc_layout":"two_columns","column_left":{"ID":31840,"id":31840,"title":"Article 35","filename":"Article-35.png","filesize":495106,"url":"https:\/\/www.netex.de\/wp-content\/uploads\/Article-35.png","link":"https:\/\/www.netex.de\/sr\/compa\/article-35\/","alt":"","author":"44","description":"","caption":"","name":"article-35","status":"inherit","uploaded_to":6025,"date":"2026-02-11 14:32:44","modified":"2026-02-11 14:32:44","menu_order":0,"mime_type":"image\/png","type":"image","subtype":"png","icon":"https:\/\/www.netex.de\/wp-includes\/images\/media\/default.png","width":640,"height":427,"sizes":{"thumbnail":"https:\/\/www.netex.de\/wp-content\/uploads\/Article-35-150x150.png","thumbnail-width":150,"thumbnail-height":150,"medium":"https:\/\/www.netex.de\/wp-content\/uploads\/Article-35-300x200.png","medium-width":300,"medium-height":200,"medium_large":"https:\/\/www.netex.de\/wp-content\/uploads\/Article-35-768x512.png","medium_large-width":768,"medium_large-height":512,"large":"https:\/\/www.netex.de\/wp-content\/uploads\/Article-35-1024x683.png","large-width":1024,"large-height":683,"1536x1536":"https:\/\/www.netex.de\/wp-content\/uploads\/Article-35-1536x1024.png","1536x1536-width":1536,"1536x1536-height":1024,"2048x2048":"https:\/\/www.netex.de\/wp-content\/uploads\/Article-35-2048x1366.png","2048x2048-width":2048,"2048x2048-height":1366,"post-thumbnail":"https:\/\/www.netex.de\/wp-content\/uploads\/Article-35-85x85.png","post-thumbnail-width":85,"post-thumbnail-height":85,"hero":"https:\/\/www.netex.de\/wp-content\/uploads\/Article-35.png","hero-width":640,"hero-height":427,"background":"https:\/\/www.netex.de\/wp-content\/uploads\/Article-35.png","background-width":640,"background-height":427,"milestone-home":"https:\/\/www.netex.de\/wp-content\/uploads\/Article-35-588x427.png","milestone-home-width":588,"milestone-home-height":427,"milestone-company":"https:\/\/www.netex.de\/wp-content\/uploads\/Article-35-470x300.png","milestone-company-width":470,"milestone-company-height":300,"news-company":"https:\/\/www.netex.de\/wp-content\/uploads\/Article-35-300x180.png","news-company-width":300,"news-company-height":180,"inner":"https:\/\/www.netex.de\/wp-content\/uploads\/Article-35-300x255.png","inner-width":300,"inner-height":255,"gallery":"https:\/\/www.netex.de\/wp-content\/uploads\/Article-35-320x230.png","gallery-width":320,"gallery-height":230,"contact":"https:\/\/www.netex.de\/wp-content\/uploads\/Article-35-95x95.png","contact-width":95,"contact-height":95}},"column_right":"<p style=\"font-size: 1.5em;\"><strong>Netex prisustvuje dvema va\u017enim ekonomskim manifestacijama<\/strong><\/p>\n<p><strong>13 Juni 2024<\/strong><\/p>\n<p><span data-sheets-root=\"1\">Na\u0161a kompanija je nedavno u\u010destvovala na dvema zna\u010dajnim manifestacijama koje su organizovali poznati ekonomski klubovi, a koje su pru\u017eile dragocene mogu\u0107nosti za umre\u017eavanje i sticanje uvida u ekonomsku sliku.<\/span><\/p>\n<p>12. juna Netex je u\u010destvovao na doga\u0111aju koji je organizovao Ameri\u010dki ekonomski klub, odr\u017eanom u kompaniji Hamilton, poznatoj ameri\u010dkoj firmi. Doga\u0111aj je zapo\u010deo prezentacijom osniva\u010da kluba, nakon \u010dega su predsednik i potpredsednik kluba izneli klju\u010dne uvide, isti\u010du\u0107i viziju organizacije, postignu\u0107a i budu\u0107e planove.<br \/>\nMesto odr\u017eavanja, Hamilton, obezbedilo je impresivnu kulisu za doga\u0111aj. Prisustni, uklju\u010duju\u0107i \u010dlanove DWC-a, imali su priliku da obi\u0111u fabriku, steknu uvid u rad kompanije i njene inovativne procese. Obilazak je pru\u017eio dragoceno iskustvo i pokazao Hamiltonovu posve\u0107enost izvrsnosti.<\/p>\n<p>Doga\u0111aj je zavr\u0161en prijatnim pauzama za u\u017einu u dvori\u0161tu kompanije, stvaraju\u0107i opu\u0161tenu atmosferu za umre\u017eavanje.<\/p>\n<p>Slede\u0107eg dana, 13. juna, Netex je u\u010destvovao na Generalnoj skup\u0161tini Nema\u010dkog ekonomskog kluba. Skup\u0161tina je obuhvatila detaljne diskusije o aktivnostima kluba, postignu\u0107ima i izazovima u prvoj polovini godine. \u010clanovi su zajedni\u010dki razvili agendu za predstoje\u0107e sastanke, osiguravaju\u0107i fokusiran i efikasan pristup budu\u0107im naporima.<\/p>\n<p>Na\u0161i predstavnici sastali su se sa novim \u010dlanovima, pro\u0161iruju\u0107i na\u0161u profesionalnu mre\u017eu i ja\u010daju\u0107i postoje\u0107e odnose.<\/p>\n<p>U\u010de\u0161\u0107e u ovim doga\u0111ajima bilo je izuzetno korisno za na\u0161u kompaniju. Anga\u017eman sa zna\u010dajnim finansijskim klubovima, kao \u0161to su Ameri\u010dki ekonomski klub i Nema\u010dki ekonomski klub, omogu\u0107io nam je povezivanje sa potencijalnim klijentima i partnerima, \u010dime smo unapredili na\u0161e poslovne mogu\u0107nosti.<\/p>\n<p>Ova iskustva nagla\u0161avaju zna\u010daj aktivnog u\u010de\u0161\u0107a u profesionalnim organizacijama, jer one pru\u017eaju neprocenjive uvide i prilike za rast.<\/p>\n<p>Radujemo se nastavku u\u010de\u0161\u0107a u ovim doga\u0111ajima.<\/p>\n"},{"acf_fc_layout":"two_columns","column_left":{"ID":31880,"id":31880,"title":"article 36","filename":"article-36.png","filesize":580008,"url":"https:\/\/www.netex.de\/wp-content\/uploads\/article-36.png","link":"https:\/\/www.netex.de\/sr\/compa\/article-36\/","alt":"","author":"44","description":"","caption":"","name":"article-36","status":"inherit","uploaded_to":6025,"date":"2026-02-12 07:27:57","modified":"2026-02-12 07:27:57","menu_order":0,"mime_type":"image\/png","type":"image","subtype":"png","icon":"https:\/\/www.netex.de\/wp-includes\/images\/media\/default.png","width":768,"height":480,"sizes":{"thumbnail":"https:\/\/www.netex.de\/wp-content\/uploads\/article-36-150x150.png","thumbnail-width":150,"thumbnail-height":150,"medium":"https:\/\/www.netex.de\/wp-content\/uploads\/article-36-300x188.png","medium-width":300,"medium-height":188,"medium_large":"https:\/\/www.netex.de\/wp-content\/uploads\/article-36.png","medium_large-width":768,"medium_large-height":480,"large":"https:\/\/www.netex.de\/wp-content\/uploads\/article-36-1024x640.png","large-width":1024,"large-height":640,"1536x1536":"https:\/\/www.netex.de\/wp-content\/uploads\/article-36-1536x960.png","1536x1536-width":1536,"1536x1536-height":960,"2048x2048":"https:\/\/www.netex.de\/wp-content\/uploads\/article-36-2048x1280.png","2048x2048-width":2048,"2048x2048-height":1280,"post-thumbnail":"https:\/\/www.netex.de\/wp-content\/uploads\/article-36-85x85.png","post-thumbnail-width":85,"post-thumbnail-height":85,"hero":"https:\/\/www.netex.de\/wp-content\/uploads\/article-36.png","hero-width":768,"hero-height":480,"background":"https:\/\/www.netex.de\/wp-content\/uploads\/article-36.png","background-width":768,"background-height":480,"milestone-home":"https:\/\/www.netex.de\/wp-content\/uploads\/article-36-588x455.png","milestone-home-width":588,"milestone-home-height":455,"milestone-company":"https:\/\/www.netex.de\/wp-content\/uploads\/article-36-470x300.png","milestone-company-width":470,"milestone-company-height":300,"news-company":"https:\/\/www.netex.de\/wp-content\/uploads\/article-36-300x180.png","news-company-width":300,"news-company-height":180,"inner":"https:\/\/www.netex.de\/wp-content\/uploads\/article-36-300x255.png","inner-width":300,"inner-height":255,"gallery":"https:\/\/www.netex.de\/wp-content\/uploads\/article-36-320x230.png","gallery-width":320,"gallery-height":230,"contact":"https:\/\/www.netex.de\/wp-content\/uploads\/article-36-95x95.png","contact-width":95,"contact-height":95}},"column_right":"<p style=\"font-size: 1.5em;\"><strong>Prvo izdanje InfoDay@FMI-UVT: Uspe\u0161an centar za umre\u017eavanje i zapo\u0161ljavanje<\/strong><\/p>\n<p><strong>15 May 2024<\/strong><\/p>\n<p><span data-sheets-root=\"1\">Dana 15. maja 2024. godine, Fakultet za matematiku i ra\u010dunarstvo Univerziteta u Temi\u0161varu organizovao je prvo izdanje doga\u0111aja InfoDay@FMI-UVT. Doga\u0111aj je osmi\u0161ljen kao centar za umre\u017eavanje i zapo\u0161ljavanje, a glavni cilj bio je olak\u0161ati povezivanje poslodavaca i studenata, \u010dime su promovisane dragocene prilike za budu\u0107e IT i matemati\u010dke profesionalce.<\/span><\/p>\n<p>InfoDay@FMI-UVT je strukturiran tako da maksimalno podstakne direktne i zna\u010dajne interakcije izme\u0111u vode\u0107ih kompanija iz industrije i potencijalnih kandidata \u2013 od entuzijasti\u010dnih studenata do iskusnih diplomaca. U\u010desnici su imali priliku da direktno razgovaraju sa predstavnicima kompanija, saznaju vi\u0161e o karijernim mogu\u0107nostima i bolje razumeju zahteve tr\u017ei\u0161ta rada.<\/p>\n<p>Prvo izdanje doga\u0111aja InfoDay@FMI-UVT sa odu\u0161evljenjem su prihvatili i studenti i poslodavci. U\u010desnici su cenili besprekornu organizaciju i raznovrsnost prisutnih kompanija, koje su ponudile \u0161irok spektar perspektiva i karijernih prilika. Studenti su posebno istakli zna\u010daj mogu\u0107nosti direktne komunikacije sa potencijalnim poslodavcima, \u0161to im je omogu\u0107ilo da poka\u017eu svoje ve\u0161tine i razjasne profesionalna o\u010dekivanja.<\/p>\n<p>Doga\u0111aj je upotpunjen posebnim umetni\u010dkim programom, koji je dodao dinamiku i uzbu\u0111enje celokupnoj atmosferi. Umetni\u010dki segmenti, uklju\u010duju\u0107i muzi\u010dke i plesne nastupe, bili su odli\u010dno prihva\u0107eni od strane publike, doprinose\u0107i prijatnom i opu\u0161tenom ambijentu. Ove aktivnosti omogu\u0107ile su u\u010desnicima da se neformalno dru\u017ee i u\u017eivaju u zaslu\u017eenoj pauzi izme\u0111u sesija umre\u017eavanja i zapo\u0161ljavanja.<\/p>\n<p>InfoDay@FMI-UVT se pokazao kao veliki uspeh, ispuniv\u0161i ciljeve povezivanja studenata i diplomaca sa vrhunskim poslodavcima i stvaranja okru\u017eenja koje pogoduje profesionalnom razvoju. Prvo izdanje postavilo je odli\u010dan temelj za budu\u0107e doga\u0111aje, uz obe\u0107anje da \u0107e postati referentni skup za akademsku zajednicu i IT industriju u Temi\u0161varu.<\/p>\n<p>Ovim doga\u0111ajem Fakultet za matematiku i ra\u010dunarstvo jo\u0161 jednom je pokazao svoju posve\u0107enost kvalitetnom obrazovanju i podr\u0161ci integraciji studenata na tr\u017ei\u0161te rada.<\/p>\n"},{"acf_fc_layout":"two_columns","column_left":{"ID":31869,"id":31869,"title":"Article 37","filename":"Article-37.png","filesize":293400,"url":"https:\/\/www.netex.de\/wp-content\/uploads\/Article-37.png","link":"https:\/\/www.netex.de\/sr\/compa\/article-37\/","alt":"","author":"44","description":"","caption":"","name":"article-37","status":"inherit","uploaded_to":6025,"date":"2026-02-12 07:11:33","modified":"2026-02-12 07:11:33","menu_order":0,"mime_type":"image\/png","type":"image","subtype":"png","icon":"https:\/\/www.netex.de\/wp-includes\/images\/media\/default.png","width":480,"height":360,"sizes":{"thumbnail":"https:\/\/www.netex.de\/wp-content\/uploads\/Article-37-150x150.png","thumbnail-width":150,"thumbnail-height":150,"medium":"https:\/\/www.netex.de\/wp-content\/uploads\/Article-37-300x225.png","medium-width":300,"medium-height":225,"medium_large":"https:\/\/www.netex.de\/wp-content\/uploads\/Article-37-768x576.png","medium_large-width":768,"medium_large-height":576,"large":"https:\/\/www.netex.de\/wp-content\/uploads\/Article-37-1024x768.png","large-width":1024,"large-height":768,"1536x1536":"https:\/\/www.netex.de\/wp-content\/uploads\/Article-37-1536x1152.png","1536x1536-width":1536,"1536x1536-height":1152,"2048x2048":"https:\/\/www.netex.de\/wp-content\/uploads\/Article-37-2048x1536.png","2048x2048-width":2048,"2048x2048-height":1536,"post-thumbnail":"https:\/\/www.netex.de\/wp-content\/uploads\/Article-37-85x85.png","post-thumbnail-width":85,"post-thumbnail-height":85,"hero":"https:\/\/www.netex.de\/wp-content\/uploads\/Article-37.png","hero-width":480,"hero-height":360,"background":"https:\/\/www.netex.de\/wp-content\/uploads\/Article-37.png","background-width":480,"background-height":360,"milestone-home":"https:\/\/www.netex.de\/wp-content\/uploads\/Article-37.png","milestone-home-width":480,"milestone-home-height":360,"milestone-company":"https:\/\/www.netex.de\/wp-content\/uploads\/Article-37-470x300.png","milestone-company-width":470,"milestone-company-height":300,"news-company":"https:\/\/www.netex.de\/wp-content\/uploads\/Article-37-300x180.png","news-company-width":300,"news-company-height":180,"inner":"https:\/\/www.netex.de\/wp-content\/uploads\/Article-37-300x255.png","inner-width":300,"inner-height":255,"gallery":"https:\/\/www.netex.de\/wp-content\/uploads\/Article-37-320x230.png","gallery-width":320,"gallery-height":230,"contact":"https:\/\/www.netex.de\/wp-content\/uploads\/Article-37-95x95.png","contact-width":95,"contact-height":95}},"column_right":"<p style=\"font-size: 1.5em;\"><strong>Netex Rumunija na Me\u0111unarodnom poslovnom forumu u Temi\u0161varu<\/strong><\/p>\n<p><strong>9 Maj 2024<\/strong><\/p>\n<p><span data-sheets-root=\"1\">9. maja 2024. godine, Alexandru I. Moldovan i C\u0103t\u0103lin Pop predstavljali su Netex Rumuniju na Me\u0111unarodnom poslovnom forumu u Temi\u0161varu.<\/span><\/p>\n<p>Forum, koji je organizovala Privredna, industrijska i poljoprivredna komora Timi\u0161 (CCIAT), okupio je lidere industrije i inovatore kako bi diskutovali o globalnim poslovnim trendovima, izazovima i prilikama.<\/p>\n<p>Anga\u017eovanje sa liderima industrije<br \/>\nMoldovan i Pop razgovarali su sa brojnim u\u010desnicima, uklju\u010duju\u0107i predstavnike kompanija kao \u0161to su Alba Advisors Group, Aquatim SA, Auchan Rumunija i AGRO PROCULITA SRL. Ove interakcije bile su klju\u010dne za razmenu uvida u najbolje prakse i inovativna re\u0161enja, isti\u010du\u0107i ulogu Netex Rumunije kao zna\u010dajnog aktera na rumunskom i me\u0111unarodnom tr\u017ei\u0161tu.<\/p>\n<p>Njihovo aktivno u\u010de\u0161\u0107e u panel-diskusijama i radionicama omogu\u0107ilo im je da podele svoje stru\u010dne uvide, \u0161to je bilo odli\u010dno prihva\u0107eno od strane drugih u\u010desnika. Ovo je dodatno potvrdilo posve\u0107enost Netex Rumunije promociji me\u0111unarodne saradnje i pra\u0107enju savremenih industrijskih trendova.<\/p>\n<p>Umre\u017eavanje i strate\u0161ka partnerstva<br \/>\nForum je pru\u017eio izuzetnu platformu za umre\u017eavanje. Moldovan i Pop susreli su se sa predstavnicima razli\u010ditih sektora, uklju\u010duju\u0107i Adecco Resurse Umane SRL, AKS CONSULTING IMPEX S.R.L., Antemie i Arrow Management &amp; Consulting. Identifikovali su nove poslovne prilike i potencijalna partnerstva koja bi mogla doneti zna\u010dajne koristi Netex Rumuniji.<\/p>\n<p>Posebno su bile produktivne diskusije sa u\u010desnicima iz tehnolo\u0161kog i proizvodnog sektora, kao \u0161to su Dapredi Soft Systems SRL i Arggo Software West, pri \u010demu su istra\u017eene mogu\u0107nosti za saradnju i inovacije.<\/p>\n<p>Tako\u0111e, ostvareni su kontakti sa predstavnicima obrazovnog i istra\u017eiva\u010dkog sektora, s fokusom na integraciju akademskih istra\u017eivanja sa industrijskim potrebama. Ova inicijativa u potpunosti je u skladu sa strate\u0161kim ciljevima Netex Rumunije, koji uklju\u010duju kori\u0161\u0107enje vrhunskih istra\u017eivanja za unapre\u0111enje poslovnih procesa i podsticanje inovacija.<\/p>\n<p>Uvidi i zaklju\u010dci<br \/>\nMe\u0111unarodni poslovni forum pru\u017eio je Moldovanu i Popu dragocene uvide u najnovije industrijske trendove i napredne tehnologije. Prisustvovali su sesijama koje su obuhvatale \u0161irok spektar tema, uklju\u010duju\u0107i digitalnu transformaciju, odr\u017eivost, globalne tr\u017ei\u0161ne trendove i ekonomske prognoze. Ovi uvidi pomo\u0107i \u0107e u oblikovanju strate\u0161kog planiranja i dono\u0161enju odluka Netex Rumunije u narednim mesecima.<\/p>\n<p>Poseban akcenat na forumu bio je stavljen na odr\u017eivost i korporativnu dru\u0161tvenu odgovornost. Moldovan i Pop aktivno su u\u010destvovali u diskusijama o tome kako Netex Rumunija mo\u017ee dodatno unaprediti svoje inicijative u oblasti odr\u017eivosti, doprinositi odgovornijem i eti\u010dnijem poslovnom okru\u017eenju i kreirati dugoro\u010dne strategije u skladu sa ekolo\u0161kim i dru\u0161tvenim standardima.<\/p>\n<p>Zaklju\u010dak<br \/>\nU\u010de\u0161\u0107e Alexandru I. Moldovana i C\u0103t\u0103lina Popa na Me\u0111unarodnom poslovnom forumu u Temi\u0161varu naglasilo je proaktivan pristup Netex Rumunije u industrijskom anga\u017eovanju i poslovnoj saradnji. Njihove interakcije sa raznovrsnim u\u010desnicima, uklju\u010duju\u0107i CARGO-PARTNER EXPEDI\u021aII SRL, Euro-Testing Software Solutions, Farten Food i Flexik Automation SRL, oja\u010dale su postoje\u0107e odnose i otvorile nove prilike za rast i inovacije.<\/p>\n<p>Kako Netex Rumunija nastavlja da \u0161iri svoju prisutnost na globalnom tr\u017ei\u0161tu, uvidi i veze ste\u010dene na ovom forumu igra\u0107e klju\u010dnu ulogu u oblikovanju budu\u0107ih strategija kompanije. Prisutnost Moldovana i Popa na doga\u0111aju naglasila je zna\u010daj kontinuiranog u\u010denja, umre\u017eavanja i saradnje, \u0161to je od su\u0161tinske va\u017enosti za postizanje poslovne izvrsnosti i ostajanje u korak sa dinami\u010dnim razvojem industrije.<\/p>\n"},{"acf_fc_layout":"two_columns","column_left":{"ID":30934,"id":30934,"title":"Article 33","filename":"Article-33.png","filesize":1388700,"url":"https:\/\/www.netex.de\/wp-content\/uploads\/Article-33.png","link":"https:\/\/www.netex.de\/sr\/press\/netex-uz-prirodu\/article-33-2\/","alt":"","author":"44","description":"","caption":"","name":"article-33-2","status":"inherit","uploaded_to":30819,"date":"2024-06-21 11:06:23","modified":"2024-06-21 11:22:03","menu_order":0,"mime_type":"image\/png","type":"image","subtype":"png","icon":"https:\/\/www.netex.de\/wp-includes\/images\/media\/default.png","width":940,"height":788,"sizes":{"thumbnail":"https:\/\/www.netex.de\/wp-content\/uploads\/Article-33-150x150.png","thumbnail-width":150,"thumbnail-height":150,"medium":"https:\/\/www.netex.de\/wp-content\/uploads\/Article-33-300x251.png","medium-width":300,"medium-height":251,"medium_large":"https:\/\/www.netex.de\/wp-content\/uploads\/Article-33-768x644.png","medium_large-width":768,"medium_large-height":644,"large":"https:\/\/www.netex.de\/wp-content\/uploads\/Article-33-1024x858.png","large-width":1024,"large-height":858,"1536x1536":"https:\/\/www.netex.de\/wp-content\/uploads\/Article-33-1536x1287.png","1536x1536-width":1536,"1536x1536-height":1287,"2048x2048":"https:\/\/www.netex.de\/wp-content\/uploads\/Article-33-2048x1716.png","2048x2048-width":2048,"2048x2048-height":1716,"post-thumbnail":"https:\/\/www.netex.de\/wp-content\/uploads\/Article-33-85x85.png","post-thumbnail-width":85,"post-thumbnail-height":85,"hero":"https:\/\/www.netex.de\/wp-content\/uploads\/Article-33-925x755.png","hero-width":925,"hero-height":755,"background":"https:\/\/www.netex.de\/wp-content\/uploads\/Article-33-940x535.png","background-width":940,"background-height":535,"milestone-home":"https:\/\/www.netex.de\/wp-content\/uploads\/Article-33-588x455.png","milestone-home-width":588,"milestone-home-height":455,"milestone-company":"https:\/\/www.netex.de\/wp-content\/uploads\/Article-33-470x300.png","milestone-company-width":470,"milestone-company-height":300,"news-company":"https:\/\/www.netex.de\/wp-content\/uploads\/Article-33-300x180.png","news-company-width":300,"news-company-height":180,"inner":"https:\/\/www.netex.de\/wp-content\/uploads\/Article-33-300x255.png","inner-width":300,"inner-height":255,"gallery":"https:\/\/www.netex.de\/wp-content\/uploads\/Article-33-320x230.png","gallery-width":320,"gallery-height":230,"contact":"https:\/\/www.netex.de\/wp-content\/uploads\/Article-33-95x95.png","contact-width":95,"contact-height":95}},"column_right":"<p style=\"font-size: 1.5em;\"><strong>Netex uz prirodu<\/strong><\/p>\n<p><strong>1 April 2024<\/strong><\/p>\n<p><span data-sheets-root=\"1\">Negujem ljubav prema prirodi kroz umetnost sadnje drve\u0107a i to \u010dinim svake godine. Drve\u0107e \u0161tedi energiju leti i poma\u017ee nam da u\u0161tedimo novac. Pravilno zasa\u0111eno drve\u0107e mo\u017ee smanjiti tro\u0161kove klimatizacije za 15-30%. Drve\u0107e smanjuje koli\u010dinu toplote koja se reflektuje od puteva, zgrada i trotoara. \u017divim u gradu Ki\u0161injevu, gde je vazduh prili\u010dno zaga\u0111en. U poslednjih nekoliko godina, mnogo drve\u0107e ispred na\u0161e zgrade u ulici Vasile Lupu je pose\u010deno. Svake godine ga sadim sa nadom i verom da \u0107e \u0161to vi\u0161e drve\u0107a pustiti korenje. Trenutno je \u017eivotna sredina suo\u010dena sa velikim pretnjama koje uti\u010du na ekolo\u0161ku ravnote\u017eu i kvalitet \u017eivota na planeti. Verujem da, pored svoje uloge u ubla\u017eavanju klimatskih promena, drve\u0107e nudi brojne ekolo\u0161ke prednosti. Ono deluje kao prirodni filtracioni sistem, pobolj\u0161avaju\u0107i kvalitet vazduha tako \u0161to apsorbuje zaga\u0111iva\u010de i osloba\u0111a \u010distiji, kiseonikom bogat vazduh. U urbanim podru\u010djima, koja su \u010desto pogo\u0111ena zaga\u0111enjem, strate\u0161ka sadnja drve\u0107a stvara zdravija okru\u017eenja za zajednice. Pozivam sve kolege da svake godine u\u010destvuju u akcijama sadnje drve\u0107a, jer sadnja drve\u0107a dovodi do boljeg respiratornog zdravlja, smanjenja slu\u010dajeva respiratornih bolesti i op\u0161teg pobolj\u0161anja kvaliteta \u017eivota. \u010cist vazduh doprinosi pove\u0107anju produktivnosti i smanjenju tro\u0161kova zdravstvene za\u0161tite, \u0161to ima pozitivan uticaj na zajednice.<\/span><\/p>\n"},{"acf_fc_layout":"two_columns","column_left":{"ID":30956,"id":30956,"title":"Article 34","filename":"Article-34.png","filesize":1263702,"url":"https:\/\/www.netex.de\/wp-content\/uploads\/Article-34.png","link":"https:\/\/www.netex.de\/sr\/press\/tim-netex-na-cloudfest-2024\/article-34-2\/","alt":"","author":"44","description":"","caption":"","name":"article-34-2","status":"inherit","uploaded_to":30847,"date":"2024-06-21 11:33:38","modified":"2024-06-21 11:35:59","menu_order":0,"mime_type":"image\/png","type":"image","subtype":"png","icon":"https:\/\/www.netex.de\/wp-includes\/images\/media\/default.png","width":940,"height":788,"sizes":{"thumbnail":"https:\/\/www.netex.de\/wp-content\/uploads\/Article-34-150x150.png","thumbnail-width":150,"thumbnail-height":150,"medium":"https:\/\/www.netex.de\/wp-content\/uploads\/Article-34-300x251.png","medium-width":300,"medium-height":251,"medium_large":"https:\/\/www.netex.de\/wp-content\/uploads\/Article-34-768x644.png","medium_large-width":768,"medium_large-height":644,"large":"https:\/\/www.netex.de\/wp-content\/uploads\/Article-34-1024x858.png","large-width":1024,"large-height":858,"1536x1536":"https:\/\/www.netex.de\/wp-content\/uploads\/Article-34-1536x1287.png","1536x1536-width":1536,"1536x1536-height":1287,"2048x2048":"https:\/\/www.netex.de\/wp-content\/uploads\/Article-34-2048x1716.png","2048x2048-width":2048,"2048x2048-height":1716,"post-thumbnail":"https:\/\/www.netex.de\/wp-content\/uploads\/Article-34-85x85.png","post-thumbnail-width":85,"post-thumbnail-height":85,"hero":"https:\/\/www.netex.de\/wp-content\/uploads\/Article-34-925x755.png","hero-width":925,"hero-height":755,"background":"https:\/\/www.netex.de\/wp-content\/uploads\/Article-34-940x535.png","background-width":940,"background-height":535,"milestone-home":"https:\/\/www.netex.de\/wp-content\/uploads\/Article-34-588x455.png","milestone-home-width":588,"milestone-home-height":455,"milestone-company":"https:\/\/www.netex.de\/wp-content\/uploads\/Article-34-470x300.png","milestone-company-width":470,"milestone-company-height":300,"news-company":"https:\/\/www.netex.de\/wp-content\/uploads\/Article-34-300x180.png","news-company-width":300,"news-company-height":180,"inner":"https:\/\/www.netex.de\/wp-content\/uploads\/Article-34-300x255.png","inner-width":300,"inner-height":255,"gallery":"https:\/\/www.netex.de\/wp-content\/uploads\/Article-34-320x230.png","gallery-width":320,"gallery-height":230,"contact":"https:\/\/www.netex.de\/wp-content\/uploads\/Article-34-95x95.png","contact-width":95,"contact-height":95}},"column_right":"<p style=\"font-size: 1.5em;\"><strong>Tim Netex na CloudFest 2024<\/strong><\/p>\n<p><strong>20 Mart 2024<\/strong><\/p>\n<p><span data-sheets-root=\"1\">CloudFest 2024, odr\u017ean od 19. do 21. marta u slikovitom Europa Parku u Rustu, Nema\u010dka, bio je idili\u010dno mesto za ovaj zna\u010dajan doga\u0111aj.<\/span><\/p>\n<p>Obele\u017eavaju\u0107i dve decenije inovacija i saradnje, CloudFest 2024 je privukao neverovatnih 11.000 u\u010desnika iz celog sveta, \u010dine\u0107i ga jednim od najve\u0107ih okupljanja u kalendaru tehnolo\u0161ke industrije.<\/p>\n<p>Nije iznena\u0111uju\u0107e da je ve\u0161ta\u010dka inteligencija (AI) bila dominantna tema razgovora ove godine. Govornici i u\u010desnici bili su fascinirani napretkom, izazovima i prilikama koje pru\u017eaju AI tehnologije.<\/p>\n<p>Diskusije su se tako\u0111e bavile slo\u017eenostima velikih jezi\u010dkih modela (LLM) kao \u0161to su chatGPT i Gemini, isti\u010du\u0107i nijanse i izazove povezane sa njihovim performansama na razli\u010ditim jezicima. Dok LLM-ovi nude ogromne mogu\u0107nosti, priznaje se da njihova efikasnost varira u razli\u010ditim jezi\u010dkim kontekstima.<\/p>\n<p>Iako se AI graditelji sajtova \u010desto predstavljaju kao revolucionarna re\u0161enja, realnost \u010desto ne prati tu reklamu. Istaknuto je da, iako je AI vredan alat, jo\u0161 uvek nije sveobuhvatno re\u0161enje za kreiranje autenti\u010dnih, lokalizovanih i efikasnih sajtova na razli\u010ditim globalnim tr\u017ei\u0161tima.<\/p>\n<p>Razgovarano je i o rastu\u0107im tro\u0161kovima obuke AI modela, uz zabrinutost zbog zna\u010dajne ra\u010dunarske snage i potro\u0161nje elektri\u010dne energije koja je potrebna. Kako cene energije nastavljaju da rastu, preduze\u0107a se suo\u010davaju sa finansijskim implikacijama razvoja i implementacije AI.<\/p>\n<p>Tokom u\u010destvovanja u demonstraciji u\u017eivo sa fizi\u010dkim serverom koji se koristi za obuku sistema za pitanja i odgovore, otkrili smo da ve\u0107 koristimo ne\u0161to vrlo sli\u010dno u Mondo za pru\u017eanje standardnih tekstova za rumunski jezik.<\/p>\n<p>Dodaju\u0107i adrenalinski zaokret tradicionalnom predstavljanju startup-a, Silverstar Startup Pitch je izazvao u\u010desnike da predstave svoje poslovne ideje za samo jedan minut dok su se vozili na najuzbudljivijem rolerkosteru u parku, dr\u017ee\u0107i se za svoj \u017eivot.<\/p>\n<p>J\u00fcrgen Schmidhuber, poznat kao \u201eotac moderne AI\u201c, podelio je svoju viziju replikacije Einsteina pomo\u0107u AI i pru\u017eio utehu u vezi sa budu\u0107om saradnjom izme\u0111u ljudi i AI. Njegov optimizam i ohrabrenje odjeknuli su me\u0111u u\u010desnicima, inspiri\u0161u\u0107i poverenje u transformativni potencijal AI.<\/p>\n<p>U inspirativnom obra\u0107anju, Auma Obama je podsetila publiku da \u201eAfrika nije dr\u017eava\u201c, \u0161to zna\u010di da Afrika nije monolitna celina ve\u0107 raznovrstan kontinent sa jedinstvenim kulturama, jezicima i izazovima.<\/p>\n<p>U zaklju\u010dku, CloudFest 2024 je bio forum za istra\u017eivanje najnovijih trendova i tehnologija, kao i proslava saradnje i inovacija u stalno razvijaju\u0107em pejza\u017eu cloud computinga i AI.<\/p>\n"},{"acf_fc_layout":"two_columns","column_left":{"ID":30914,"id":30914,"title":"Article 32","filename":"Article-32.png","filesize":821332,"url":"https:\/\/www.netex.de\/wp-content\/uploads\/Article-32.png","link":"https:\/\/www.netex.de\/sr\/press\/netex-predstavlja-mondo-na-drw-arad\/article-32-2\/","alt":"","author":"44","description":"","caption":"","name":"article-32-2","status":"inherit","uploaded_to":30786,"date":"2024-06-21 10:55:05","modified":"2024-06-21 10:58:25","menu_order":0,"mime_type":"image\/png","type":"image","subtype":"png","icon":"https:\/\/www.netex.de\/wp-includes\/images\/media\/default.png","width":1080,"height":1080,"sizes":{"thumbnail":"https:\/\/www.netex.de\/wp-content\/uploads\/Article-32-150x150.png","thumbnail-width":150,"thumbnail-height":150,"medium":"https:\/\/www.netex.de\/wp-content\/uploads\/Article-32-300x300.png","medium-width":300,"medium-height":300,"medium_large":"https:\/\/www.netex.de\/wp-content\/uploads\/Article-32-768x768.png","medium_large-width":768,"medium_large-height":768,"large":"https:\/\/www.netex.de\/wp-content\/uploads\/Article-32-1024x1024.png","large-width":1024,"large-height":1024,"1536x1536":"https:\/\/www.netex.de\/wp-content\/uploads\/Article-32-1536x1536.png","1536x1536-width":1536,"1536x1536-height":1536,"2048x2048":"https:\/\/www.netex.de\/wp-content\/uploads\/Article-32-2048x2048.png","2048x2048-width":2048,"2048x2048-height":2048,"post-thumbnail":"https:\/\/www.netex.de\/wp-content\/uploads\/Article-32-85x85.png","post-thumbnail-width":85,"post-thumbnail-height":85,"hero":"https:\/\/www.netex.de\/wp-content\/uploads\/Article-32-925x755.png","hero-width":925,"hero-height":755,"background":"https:\/\/www.netex.de\/wp-content\/uploads\/Article-32-1080x535.png","background-width":1080,"background-height":535,"milestone-home":"https:\/\/www.netex.de\/wp-content\/uploads\/Article-32-588x455.png","milestone-home-width":588,"milestone-home-height":455,"milestone-company":"https:\/\/www.netex.de\/wp-content\/uploads\/Article-32-470x300.png","milestone-company-width":470,"milestone-company-height":300,"news-company":"https:\/\/www.netex.de\/wp-content\/uploads\/Article-32-300x180.png","news-company-width":300,"news-company-height":180,"inner":"https:\/\/www.netex.de\/wp-content\/uploads\/Article-32-300x255.png","inner-width":300,"inner-height":255,"gallery":"https:\/\/www.netex.de\/wp-content\/uploads\/Article-32-320x230.png","gallery-width":320,"gallery-height":230,"contact":"https:\/\/www.netex.de\/wp-content\/uploads\/Article-32-95x95.png","contact-width":95,"contact-height":95}},"column_right":"<p style=\"font-size: 1.5em;\"><strong>Netex predstavlja Mondo na DRW ARAD <\/strong><\/p>\n<p><strong>19 Mart 2024<\/strong><\/p>\n<p><span data-sheets-root=\"1\">Na va\u017enom DRW sastanku odr\u017eanom u Aradu imali smo privilegiju predstaviti klju\u010dne informacije o Evropskoj Direktivi 882\/2019, koja se fokusira na borbu protiv diskriminacije osoba sa invaliditetom. S obzirom na ovu aktuelnu temu, predstavili smo na\u0161e inovativno re\u0161enje: Mondo. U tom kontekstu, razgovarali smo o tome kako nova evropska regulativa mo\u017ee uticati na kompanije koje posluju na evropskom teritoriju. Jedna od glavnih tema o kojima se raspravljalo bila je kako ova direktiva postavlja stro\u017ee zahteve za kompanije u vezi sa pristupa\u010dno\u0161\u0107u i inkluzivnom komunikacijom za osobe sa invaliditetom. Neophodno je da sve kompanije po\u0161tuju nove zakonske odredbe kako bi izbegle kazne i promovisale pravednije i inkluzivnije okru\u017eenje. Implementacija Mondo u kompanijama omogu\u0107ava pru\u017eanje \u010deta kao alternativne metode kontakta, u skladu sa zakonskim zahtevima, dok istovremeno promovi\u0161e digitalnu inkluziju u dru\u0161tvu. Kao fleksibilan alat, Mondo nije samo stati\u010dno re\u0161enje, ve\u0107 dinami\u010dan alat koji se mo\u017ee prilagoditi specifi\u010dnostima svake kompanije. Nudi \u0161irok spektar opcija za prilago\u0111avanje i lako se integri\u0161e i prilago\u0111ava specifi\u010dnim zahtevima kompanije. Zajedno donosimo pozitivne promene nude\u0107i re\u0161enja za uravnote\u017eenije dru\u0161tvo.<\/span><\/p>\n"},{"acf_fc_layout":"two_columns","column_left":{"ID":30873,"id":30873,"title":"Article 30","filename":"Article-30.png","filesize":882246,"url":"https:\/\/www.netex.de\/wp-content\/uploads\/Article-30.png","link":"https:\/\/www.netex.de\/sr\/press\/sustina-timskog-rada-uvazavanje-na-radnom-mestu-15-mart-2024\/article-30-2\/","alt":"","author":"44","description":"","caption":"","name":"article-30-2","status":"inherit","uploaded_to":30697,"date":"2024-06-21 09:15:49","modified":"2024-06-21 09:20:31","menu_order":0,"mime_type":"image\/png","type":"image","subtype":"png","icon":"https:\/\/www.netex.de\/wp-includes\/images\/media\/default.png","width":940,"height":788,"sizes":{"thumbnail":"https:\/\/www.netex.de\/wp-content\/uploads\/Article-30-150x150.png","thumbnail-width":150,"thumbnail-height":150,"medium":"https:\/\/www.netex.de\/wp-content\/uploads\/Article-30-300x251.png","medium-width":300,"medium-height":251,"medium_large":"https:\/\/www.netex.de\/wp-content\/uploads\/Article-30-768x644.png","medium_large-width":768,"medium_large-height":644,"large":"https:\/\/www.netex.de\/wp-content\/uploads\/Article-30-1024x858.png","large-width":1024,"large-height":858,"1536x1536":"https:\/\/www.netex.de\/wp-content\/uploads\/Article-30-1536x1287.png","1536x1536-width":1536,"1536x1536-height":1287,"2048x2048":"https:\/\/www.netex.de\/wp-content\/uploads\/Article-30-2048x1716.png","2048x2048-width":2048,"2048x2048-height":1716,"post-thumbnail":"https:\/\/www.netex.de\/wp-content\/uploads\/Article-30-85x85.png","post-thumbnail-width":85,"post-thumbnail-height":85,"hero":"https:\/\/www.netex.de\/wp-content\/uploads\/Article-30-925x755.png","hero-width":925,"hero-height":755,"background":"https:\/\/www.netex.de\/wp-content\/uploads\/Article-30-940x535.png","background-width":940,"background-height":535,"milestone-home":"https:\/\/www.netex.de\/wp-content\/uploads\/Article-30-588x455.png","milestone-home-width":588,"milestone-home-height":455,"milestone-company":"https:\/\/www.netex.de\/wp-content\/uploads\/Article-30-470x300.png","milestone-company-width":470,"milestone-company-height":300,"news-company":"https:\/\/www.netex.de\/wp-content\/uploads\/Article-30-300x180.png","news-company-width":300,"news-company-height":180,"inner":"https:\/\/www.netex.de\/wp-content\/uploads\/Article-30-300x255.png","inner-width":300,"inner-height":255,"gallery":"https:\/\/www.netex.de\/wp-content\/uploads\/Article-30-320x230.png","gallery-width":320,"gallery-height":230,"contact":"https:\/\/www.netex.de\/wp-content\/uploads\/Article-30-95x95.png","contact-width":95,"contact-height":95}},"column_right":"<p style=\"font-size: 1.5em;\"><strong>Su\u0161tina timskog rada: Uva\u017eavanje na radnom mestu<\/strong><\/p>\n<p><strong>15 Mart 2024<\/strong><\/p>\n<p><span data-sheets-root=\"1\">U dana\u0161njem poslovnom okru\u017eenju, negovanje kulture uva\u017eavanja je klju\u010dno za uspeh organizacije. Dan uva\u017eavanja zaposlenih podse\u0107a na vrednost koju svaki pojedinac donosi timu. U Netexu je ova proslava poprimila oblik zajedni\u010dkog slaganja slagalica, koje simbolizuju povezanost timskog rada. Slogan \u201eTi si va\u017ean deo tima\u201c nagla\u0161ava zna\u010daj priznavanja doprinosa svakog \u010dlana tima.<\/span><\/p>\n<p>Su\u0161tina timskog rada:<br \/>\nTimski rad je osnovna dinamika u organizaciji i uklju\u010duje saradnju, komunikaciju i sinergiju me\u0111u pojedincima. Izjava francuskog sociologa \u00c9mile Durkheima \u201ePojedinac je proizvod socijalne interakcije; unutar grupe postaje ono \u0161to jeste\u201c nagla\u0161ava transformativnu snagu kolektivnih napora unutar timova.<\/p>\n<p>Zna\u010daj timskog rada na radnom mestu:<br \/>\n&#8211; Postizanje ciljeva: Timovi pokre\u0107u ostvarenje ciljeva organizacije okupljanjem talenata i resursa.<br \/>\n&#8211; Inovacija: Saradnja stvara okru\u017eenje u kojem razli\u010dite perspektive dovode do kreativnosti i inovacija.<br \/>\n&#8211; Produktivnost: Efektivan timski rad optimizuje radne procese, resurse i pove\u0107ava produktivnost.<br \/>\n&#8211; Anga\u017eovanost: Priznavanje doprinosa zaposlenih pobolj\u0161ava moral, zadovoljstvo poslom i smanjuje fluktuaciju.<br \/>\n&#8211; Otpornost: Zajedni\u0161tvo u timovima pokazuje otpornost pred izazovima kroz me\u0111usobnu podr\u0161ku i istrajnost.<\/p>\n<p>Netexova proslava Dana uva\u017eavanja zaposlenih:<br \/>\nU Netexu je Dan uva\u017eavanja zaposlenih proslavljen zna\u010dajem timskog rada kroz zajedni\u010dke aktivnosti slaganja slagalica. Doga\u0111aj je naglasio va\u017enost priznavanja i proslave doprinosa zaposlenih.<\/p>\n<p>U Netexu, Dan uva\u017eavanja zaposlenih podse\u0107a na va\u017enost priznavanja i proslave doprinosa svakog \u010dlana tima. Te\u017eimo izgradnji korporativne kulture koja se temelji na saradnji i uva\u017eavanju.&#8220;<\/p>\n"},{"acf_fc_layout":"two_columns","column_left":{"ID":30893,"id":30893,"title":"Article 31","filename":"Article-31.png","filesize":455728,"url":"https:\/\/www.netex.de\/wp-content\/uploads\/Article-31.png","link":"https:\/\/www.netex.de\/sr\/press\/netex-ucestvuje-na-one-to-one-retail-e-commerce-monaco\/article-31-2\/","alt":"","author":"44","description":"","caption":"","name":"article-31-2","status":"inherit","uploaded_to":30753,"date":"2024-06-21 09:33:59","modified":"2024-06-21 09:38:56","menu_order":0,"mime_type":"image\/png","type":"image","subtype":"png","icon":"https:\/\/www.netex.de\/wp-includes\/images\/media\/default.png","width":940,"height":788,"sizes":{"thumbnail":"https:\/\/www.netex.de\/wp-content\/uploads\/Article-31-150x150.png","thumbnail-width":150,"thumbnail-height":150,"medium":"https:\/\/www.netex.de\/wp-content\/uploads\/Article-31-300x251.png","medium-width":300,"medium-height":251,"medium_large":"https:\/\/www.netex.de\/wp-content\/uploads\/Article-31-768x644.png","medium_large-width":768,"medium_large-height":644,"large":"https:\/\/www.netex.de\/wp-content\/uploads\/Article-31-1024x858.png","large-width":1024,"large-height":858,"1536x1536":"https:\/\/www.netex.de\/wp-content\/uploads\/Article-31-1536x1287.png","1536x1536-width":1536,"1536x1536-height":1287,"2048x2048":"https:\/\/www.netex.de\/wp-content\/uploads\/Article-31-2048x1716.png","2048x2048-width":2048,"2048x2048-height":1716,"post-thumbnail":"https:\/\/www.netex.de\/wp-content\/uploads\/Article-31-85x85.png","post-thumbnail-width":85,"post-thumbnail-height":85,"hero":"https:\/\/www.netex.de\/wp-content\/uploads\/Article-31-925x755.png","hero-width":925,"hero-height":755,"background":"https:\/\/www.netex.de\/wp-content\/uploads\/Article-31-940x535.png","background-width":940,"background-height":535,"milestone-home":"https:\/\/www.netex.de\/wp-content\/uploads\/Article-31-588x455.png","milestone-home-width":588,"milestone-home-height":455,"milestone-company":"https:\/\/www.netex.de\/wp-content\/uploads\/Article-31-470x300.png","milestone-company-width":470,"milestone-company-height":300,"news-company":"https:\/\/www.netex.de\/wp-content\/uploads\/Article-31-300x180.png","news-company-width":300,"news-company-height":180,"inner":"https:\/\/www.netex.de\/wp-content\/uploads\/Article-31-300x255.png","inner-width":300,"inner-height":255,"gallery":"https:\/\/www.netex.de\/wp-content\/uploads\/Article-31-320x230.png","gallery-width":320,"gallery-height":230,"contact":"https:\/\/www.netex.de\/wp-content\/uploads\/Article-31-95x95.png","contact-width":95,"contact-height":95}},"column_right":"<p style=\"font-size: 1.5em;\"><strong>Netex u\u010destvuje na One to One Retail E-Commerce Monaco<\/strong><\/p>\n<p><strong>14 Mart 2024<\/strong><\/p>\n<p><span data-sheets-root=\"1\">Od 2011. godine, One to One Retail E-Commerce je nezaobilazni doga\u0111aj za donosioce odluka iz sektora maloprodaje i e-trgovine, koji tra\u017ee najbolje partnere za re\u0161enja za svoje investicione projekte.<\/span><\/p>\n<p>Tokom trodnevnih poslovnih sastanaka, direktori e-trgovine, CMOs, CEOs, direktori inovacija i direktori podataka dobijaju najbolje iz sticanja re\u0161enja za svoje projekte i testiraju svoje strategije kroz planirane i kvalifikovane One to One sastanke, program poslovno orijentisanih konferencija i radionica, kao i mogu\u0107nosti umre\u017eavanja sa svojim kolegama.<\/p>\n<p>Doga\u0111aj ONE TO ONE Retail E-Commerce Monaco pru\u017ea trgovcima priliku da saznaju najnovije trendove u e-trgovini. U\u010desnici se mogu umre\u017eiti sa stru\u010dnjacima iz industrije i ste\u0107i uvide u najnovije tehnologije i strategije za uspe\u0161nu online maloprodaju. Doga\u0111aj nudi glavne govornike, panel diskusije i radionice koje poma\u017eu trgovcima da razumeju trenutni pejza\u017e e-trgovine i kako ga najbolje iskoristiti za svoje poslovanje. U\u010desnici tako\u0111e imaju priliku da istra\u017ee najnovija re\u0161enja u e-trgovini i steknu dragocene uvide u budu\u0107nost maloprodaje.<\/p>\n"},{"acf_fc_layout":"two_columns","column_left":{"ID":30487,"id":30487,"title":"Article26","filename":"Article26.jpg","filesize":207105,"url":"https:\/\/www.netex.de\/wp-content\/uploads\/Article26.jpg","link":"https:\/\/www.netex.de\/sr\/press\/netex-na-celu-e-commerce-inovacija-u-berlinu\/article26-2\/","alt":"","author":"44","description":"","caption":"","name":"article26-2","status":"inherit","uploaded_to":30500,"date":"2024-05-29 10:29:59","modified":"2024-05-29 10:34:32","menu_order":0,"mime_type":"image\/jpeg","type":"image","subtype":"jpeg","icon":"https:\/\/www.netex.de\/wp-includes\/images\/media\/default.png","width":1348,"height":1134,"sizes":{"thumbnail":"https:\/\/www.netex.de\/wp-content\/uploads\/Article26-150x150.jpg","thumbnail-width":150,"thumbnail-height":150,"medium":"https:\/\/www.netex.de\/wp-content\/uploads\/Article26-300x252.jpg","medium-width":300,"medium-height":252,"medium_large":"https:\/\/www.netex.de\/wp-content\/uploads\/Article26-768x646.jpg","medium_large-width":768,"medium_large-height":646,"large":"https:\/\/www.netex.de\/wp-content\/uploads\/Article26-1024x861.jpg","large-width":1024,"large-height":861,"1536x1536":"https:\/\/www.netex.de\/wp-content\/uploads\/Article26-1536x1292.jpg","1536x1536-width":1536,"1536x1536-height":1292,"2048x2048":"https:\/\/www.netex.de\/wp-content\/uploads\/Article26-2048x1722.jpg","2048x2048-width":2048,"2048x2048-height":1722,"post-thumbnail":"https:\/\/www.netex.de\/wp-content\/uploads\/Article26-85x85.jpg","post-thumbnail-width":85,"post-thumbnail-height":85,"hero":"https:\/\/www.netex.de\/wp-content\/uploads\/Article26-925x755.jpg","hero-width":925,"hero-height":755,"background":"https:\/\/www.netex.de\/wp-content\/uploads\/Article26-1348x535.jpg","background-width":1348,"background-height":535,"milestone-home":"https:\/\/www.netex.de\/wp-content\/uploads\/Article26-588x455.jpg","milestone-home-width":588,"milestone-home-height":455,"milestone-company":"https:\/\/www.netex.de\/wp-content\/uploads\/Article26-470x300.jpg","milestone-company-width":470,"milestone-company-height":300,"news-company":"https:\/\/www.netex.de\/wp-content\/uploads\/Article26-300x180.jpg","news-company-width":300,"news-company-height":180,"inner":"https:\/\/www.netex.de\/wp-content\/uploads\/Article26-300x255.jpg","inner-width":300,"inner-height":255,"gallery":"https:\/\/www.netex.de\/wp-content\/uploads\/Article26-320x230.jpg","gallery-width":320,"gallery-height":230,"contact":"https:\/\/www.netex.de\/wp-content\/uploads\/Article26-95x95.jpg","contact-width":95,"contact-height":95}},"column_right":"<p style=\"font-size: 1.5em;\"><strong>NETEX NA \u010cELU E-COMMERCE INOVACIJA U BERLINU<\/strong><\/p>\n<p><strong>29 Februar 2024<\/strong><\/p>\n<p><span data-sheets-root=\"1\">U februaru je Berlin postao epicentar e-commerce inovacija i bio je doma\u0107in dva najo\u010dekivanija doga\u0111aja u industriji: E-Commerce Expo (E-BE) i CCW 2024 (Call Center World). Netex je iskoristio ovu priliku da predstavi Mondo, na\u0161 revolucionarni proizvod koji ima za cilj da preoblikuje e-commerce pejza\u017e. Berlin, grad poznat po svojoj dinami\u010dnoj kulturi i tehnolo\u0161kim naprecima, pru\u017eio je savr\u0161enu pozadinu za ove doga\u0111aje.<\/span><\/p>\n<p>E-Commerce Expo, koja se odr\u017eala 22. februara, okupila je preko 70 stru\u010dnjaka iz industrije na raznim pozornicama i pru\u017eila uvide u najnovije trendove i najbolje prakse. Sa vi\u0161e od 280 pru\u017ealaca usluga iz Nema\u010dke i 30 drugih me\u0111unarodnih tr\u017ei\u0161ta, sajam je ponudio neuporedivu platformu za u\u010desnike da istra\u017ee najnovija re\u0161enja koja pokre\u0107u e-commerce.<\/p>\n<p>Od 27. do 29. februara, godi\u0161nji CCW doga\u0111aj odr\u017ean je na berlinskom sajmi\u0161tu i privukao je kreativne umove iz celog sveta. Sa naglaskom na dizajn komunikacije, CCW 2024 istakao je raznolikost unutar industrije, od \u0161tampanih medija do digitalnih iskustava, i ohrabrio u\u010desnike da u\u010destvuju u radionicama i aktivnostima koje podsti\u010du kreativnost.<\/p>\n<p>Za Netex, u\u010de\u0161\u0107e na E-Commerce Expo i CCW bila je strate\u0161ka odluka da se Mondo predstavi globalnoj publici. Ovi doga\u0111aji su ponudili idealne platforme da se demonstriraju sposobnosti Mondo-a klju\u010dnim akterima u industriji i pru\u017ee uvide kako mo\u017ee pobolj\u0161ati njihove e-commerce strategije. U\u010desnici su tako\u0111e imali ekskluzivnu priliku da besplatno koriste Mondo 30 dana, \u0161to nagla\u0161ava Netexovo poverenje u vrednost i efikasnost proizvoda.<\/p>\n"},{"acf_fc_layout":"two_columns","column_left":{"ID":30527,"id":30527,"title":"Article27","filename":"Article27.jpg","filesize":111436,"url":"https:\/\/www.netex.de\/wp-content\/uploads\/Article27.jpg","link":"https:\/\/www.netex.de\/sr\/press\/znacaj-ucesca-i-nemacke-e-commerce-industrije\/article27-2\/","alt":"","author":"44","description":"","caption":"","name":"article27-2","status":"inherit","uploaded_to":30540,"date":"2024-05-29 11:36:14","modified":"2024-05-29 11:39:27","menu_order":0,"mime_type":"image\/jpeg","type":"image","subtype":"jpeg","icon":"https:\/\/www.netex.de\/wp-includes\/images\/media\/default.png","width":1233,"height":646,"sizes":{"thumbnail":"https:\/\/www.netex.de\/wp-content\/uploads\/Article27-150x150.jpg","thumbnail-width":150,"thumbnail-height":150,"medium":"https:\/\/www.netex.de\/wp-content\/uploads\/Article27-300x157.jpg","medium-width":300,"medium-height":157,"medium_large":"https:\/\/www.netex.de\/wp-content\/uploads\/Article27-768x402.jpg","medium_large-width":768,"medium_large-height":402,"large":"https:\/\/www.netex.de\/wp-content\/uploads\/Article27-1024x536.jpg","large-width":1024,"large-height":536,"1536x1536":"https:\/\/www.netex.de\/wp-content\/uploads\/Article27-1536x804.jpg","1536x1536-width":1536,"1536x1536-height":804,"2048x2048":"https:\/\/www.netex.de\/wp-content\/uploads\/Article27-2048x1072.jpg","2048x2048-width":2048,"2048x2048-height":1072,"post-thumbnail":"https:\/\/www.netex.de\/wp-content\/uploads\/Article27-85x85.jpg","post-thumbnail-width":85,"post-thumbnail-height":85,"hero":"https:\/\/www.netex.de\/wp-content\/uploads\/Article27-925x646.jpg","hero-width":925,"hero-height":646,"background":"https:\/\/www.netex.de\/wp-content\/uploads\/Article27-1233x535.jpg","background-width":1233,"background-height":535,"milestone-home":"https:\/\/www.netex.de\/wp-content\/uploads\/Article27-588x455.jpg","milestone-home-width":588,"milestone-home-height":455,"milestone-company":"https:\/\/www.netex.de\/wp-content\/uploads\/Article27-470x300.jpg","milestone-company-width":470,"milestone-company-height":300,"news-company":"https:\/\/www.netex.de\/wp-content\/uploads\/Article27-300x180.jpg","news-company-width":300,"news-company-height":180,"inner":"https:\/\/www.netex.de\/wp-content\/uploads\/Article27-300x255.jpg","inner-width":300,"inner-height":255,"gallery":"https:\/\/www.netex.de\/wp-content\/uploads\/Article27-320x230.jpg","gallery-width":320,"gallery-height":230,"contact":"https:\/\/www.netex.de\/wp-content\/uploads\/Article27-95x95.jpg","contact-width":95,"contact-height":95}},"column_right":"<p style=\"font-size: 1.5em;\"><strong>ZNA\u010cAJ U\u010cE\u0160\u0106A I NEMA\u010cKE E-COMMERCE INDUSTRIJE<\/strong><\/p>\n<p><strong>29 Februar 2024<\/strong><\/p>\n<p><span data-sheets-root=\"1\">U\u010de\u0161\u0107e na ovim presti\u017enim doga\u0111ajima u Berlinu bilo je presudno iz nekoliko razloga. Prvo, omogu\u0107ilo je Netexu da pozicionira Mondo u sredi\u0161te e-commerce diskusije, u skladu sa vode\u0107im trendovima i inovacijama. Raznovrsna publika, od stru\u010dnjaka iz industrije do potencijalnih klijenata, pru\u017eila je \u0161iroku platformu za povratne informacije i anga\u017eovanje, \u0161to je omogu\u0107ilo Netexu da unapredi ponude Monda na osnovu stvarnih povratnih informacija.<\/span><\/p>\n<p>Pored toga, nema\u010dka e-commerce industrija, poznata po svojoj robusnosti i inovativnosti, bila je savr\u0161eno testno polje za Mondo. Nema\u010dki ugled za kvalitet i efikasnost odra\u017eava vrednosti Netexa, \u010dine\u0107i ga idealnim tr\u017ei\u0161tem za demonstraciju potencijala Monda. U\u010de\u0161\u0107e na ovim doga\u0111ajima pokazalo je sposobnosti Monda i naglasilo posve\u0107enost Netexa unapre\u0111enju e-commerce-a u Nema\u010dkoj i \u0161irom sveta.<\/p>\n<p>Zaklju\u010dno, prisustvo Netexa na E-Commerce Expo i CCW 2024 u Berlinu ozna\u010dilo je zna\u010dajnu prekretnicu u na\u0161em putovanju. Potvrdilo je na\u0161u posve\u0107enost inovacijama i na\u0161u ulogu kao lidera u e-commerce sektoru. Iskori\u0161\u0107avanjem \u017eivopisne pozadine nema\u010dke e-commerce industrije, Netex je uspe\u0161no predstavio Mondo klju\u010dnim interesnim grupama i otvorio put za budu\u0107u saradnju i napredak u e-commerce tehnologiji.<\/p>\n"},{"acf_fc_layout":"two_columns","column_left":{"ID":30634,"id":30634,"title":"Article29","filename":"Article29.jpg","filesize":83640,"url":"https:\/\/www.netex.de\/wp-content\/uploads\/Article29.jpg","link":"https:\/\/www.netex.de\/sr\/press\/osiguravanje-uskladenosti-monda-sa-evropskom-direktivom-882-2019\/article29-2\/","alt":"","author":"44","description":"","caption":"","name":"article29-2","status":"inherit","uploaded_to":30648,"date":"2024-05-31 09:36:32","modified":"2024-05-31 09:55:55","menu_order":0,"mime_type":"image\/jpeg","type":"image","subtype":"jpeg","icon":"https:\/\/www.netex.de\/wp-includes\/images\/media\/default.png","width":1200,"height":629,"sizes":{"thumbnail":"https:\/\/www.netex.de\/wp-content\/uploads\/Article29-150x150.jpg","thumbnail-width":150,"thumbnail-height":150,"medium":"https:\/\/www.netex.de\/wp-content\/uploads\/Article29-300x157.jpg","medium-width":300,"medium-height":157,"medium_large":"https:\/\/www.netex.de\/wp-content\/uploads\/Article29-768x403.jpg","medium_large-width":768,"medium_large-height":403,"large":"https:\/\/www.netex.de\/wp-content\/uploads\/Article29-1024x536.jpg","large-width":1024,"large-height":536,"1536x1536":"https:\/\/www.netex.de\/wp-content\/uploads\/Article29-1536x805.jpg","1536x1536-width":1536,"1536x1536-height":805,"2048x2048":"https:\/\/www.netex.de\/wp-content\/uploads\/Article29-2048x1073.jpg","2048x2048-width":2048,"2048x2048-height":1073,"post-thumbnail":"https:\/\/www.netex.de\/wp-content\/uploads\/Article29-85x85.jpg","post-thumbnail-width":85,"post-thumbnail-height":85,"hero":"https:\/\/www.netex.de\/wp-content\/uploads\/Article29-925x629.jpg","hero-width":925,"hero-height":629,"background":"https:\/\/www.netex.de\/wp-content\/uploads\/Article29-1200x535.jpg","background-width":1200,"background-height":535,"milestone-home":"https:\/\/www.netex.de\/wp-content\/uploads\/Article29-588x455.jpg","milestone-home-width":588,"milestone-home-height":455,"milestone-company":"https:\/\/www.netex.de\/wp-content\/uploads\/Article29-470x300.jpg","milestone-company-width":470,"milestone-company-height":300,"news-company":"https:\/\/www.netex.de\/wp-content\/uploads\/Article29-300x180.jpg","news-company-width":300,"news-company-height":180,"inner":"https:\/\/www.netex.de\/wp-content\/uploads\/Article29-300x255.jpg","inner-width":300,"inner-height":255,"gallery":"https:\/\/www.netex.de\/wp-content\/uploads\/Article29-320x230.jpg","gallery-width":320,"gallery-height":230,"contact":"https:\/\/www.netex.de\/wp-content\/uploads\/Article29-95x95.jpg","contact-width":95,"contact-height":95}},"column_right":"<p style=\"font-size: 1.5em;\"><strong>OSIGURAVANJE USKLA\u0110ENOSTI MONDA SA EVROPSKOM DIREKTIVOM 882\/2019<\/strong><\/p>\n<p><strong>16 Februar 2024<\/strong><\/p>\n<p><span data-sheets-root=\"1\">U dana\u0161njem dinami\u010dnom poslovnom svetu, klju\u010dno je za kompanije koje se zala\u017eu za inkluziju i ravnopravnost da budu informisane o regulatornim promenama. Jedna takva regulativa, Evropska Direktiva 882\/2019, predstavlja svetionik u borbi protiv diskriminacije osoba sa invaliditetom, promovi\u0161e socijalnu integraciju i \u0161titi pravo na usluge.<\/span><\/p>\n<p>Nedavno je Mondo imao privilegiju da se predstavi na DWC-Nema\u010dkom privrednom klubu u Temi\u0161varu i uka\u017ee na to kako na\u0161e usluge mogu pomo\u0107i kompanijama da se prilagode Direktivi 882\/2019. Na\u0161a prezentacija je naglasila potrebu za kompanije da osiguraju uskla\u0111enost sa ovom direktivom i istakla zna\u010daj promovisanja inkluzivnog okru\u017eenja.<\/p>\n<p>Uz na\u0161e usluge, kompanije mogu omogu\u0107iti neprekinut pristup komunikaciji na integrisanim kanalima unutar jedne platforme, bez obzira na invaliditet. Na taj na\u010din, sa jednim alatom imamo vi\u0161e komunikacionih kanala i razli\u010dite funkcije koje pobolj\u0161avaju korisni\u010dko iskustvo.<\/p>\n<p>Dok nastavljamo na\u0161u misiju promovisanja raznolikosti i inkluzije, pozivamo kompanije da nam se pridru\u017ee i ostvare pozitivan uticaj. Zajedno te\u017eimo budu\u0107nosti u kojoj je svaka osoba, bez obzira na invaliditet, cenjena i uklju\u010dena.<\/p>\n"},{"acf_fc_layout":"two_columns","column_left":{"ID":30594,"id":30594,"title":"Article28","filename":"Article28.png","filesize":2136553,"url":"https:\/\/www.netex.de\/wp-content\/uploads\/Article28.png","link":"https:\/\/www.netex.de\/sr\/press\/netex-prisustvuje-ahk-u-bukurestu\/article28-2\/","alt":"","author":"44","description":"","caption":"","name":"article28-2","status":"inherit","uploaded_to":30608,"date":"2024-05-31 08:59:06","modified":"2024-05-31 09:21:00","menu_order":0,"mime_type":"image\/png","type":"image","subtype":"png","icon":"https:\/\/www.netex.de\/wp-includes\/images\/media\/default.png","width":1080,"height":1080,"sizes":{"thumbnail":"https:\/\/www.netex.de\/wp-content\/uploads\/Article28-150x150.png","thumbnail-width":150,"thumbnail-height":150,"medium":"https:\/\/www.netex.de\/wp-content\/uploads\/Article28-300x300.png","medium-width":300,"medium-height":300,"medium_large":"https:\/\/www.netex.de\/wp-content\/uploads\/Article28-768x768.png","medium_large-width":768,"medium_large-height":768,"large":"https:\/\/www.netex.de\/wp-content\/uploads\/Article28-1024x1024.png","large-width":1024,"large-height":1024,"1536x1536":"https:\/\/www.netex.de\/wp-content\/uploads\/Article28-1536x1536.png","1536x1536-width":1536,"1536x1536-height":1536,"2048x2048":"https:\/\/www.netex.de\/wp-content\/uploads\/Article28-2048x2048.png","2048x2048-width":2048,"2048x2048-height":2048,"post-thumbnail":"https:\/\/www.netex.de\/wp-content\/uploads\/Article28-85x85.png","post-thumbnail-width":85,"post-thumbnail-height":85,"hero":"https:\/\/www.netex.de\/wp-content\/uploads\/Article28-925x755.png","hero-width":925,"hero-height":755,"background":"https:\/\/www.netex.de\/wp-content\/uploads\/Article28-1080x535.png","background-width":1080,"background-height":535,"milestone-home":"https:\/\/www.netex.de\/wp-content\/uploads\/Article28-588x455.png","milestone-home-width":588,"milestone-home-height":455,"milestone-company":"https:\/\/www.netex.de\/wp-content\/uploads\/Article28-470x300.png","milestone-company-width":470,"milestone-company-height":300,"news-company":"https:\/\/www.netex.de\/wp-content\/uploads\/Article28-300x180.png","news-company-width":300,"news-company-height":180,"inner":"https:\/\/www.netex.de\/wp-content\/uploads\/Article28-300x255.png","inner-width":300,"inner-height":255,"gallery":"https:\/\/www.netex.de\/wp-content\/uploads\/Article28-320x230.png","gallery-width":320,"gallery-height":230,"contact":"https:\/\/www.netex.de\/wp-content\/uploads\/Article28-95x95.png","contact-width":95,"contact-height":95}},"column_right":"<p style=\"font-size: 1.5em;\"><strong>NETEX PRISUSTVUJE AHK U BUKURE\u0160TU<\/strong><\/p>\n<p><strong>2 Februar 2024<\/strong><\/p>\n<p><span data-sheets-root=\"1\">Inovacija je pokreta\u010dka snaga napretka. Ona mo\u017ee promeniti na\u0161e \u017eivote i oblikovati na\u0161u budu\u0107nost pronala\u017eenjem re\u0161enja za lokalne i globalne izazove. Inovacija zna\u010di ekonomski rast, pobolj\u0161ane \u017eivotne standarde, najnovije tehnologije, transformaciju i prilago\u0111avanje novim situacijama.<\/span><\/p>\n<p>Zbog toga je AHK ove godine posvetila temu &#8222;Inovacija pokre\u0107e budu\u0107nost&#8220;. Tako je &#8222;Novogodi\u0161nji prijem&#8220; bila sjajna prilika da se naglasi da AHK Rumunija ve\u0107 ima centralnu ulogu u promicanju inovacija unutar nema\u010dko-rumunske poslovne zajednice i aktivno podr\u017eava saradnju u razli\u010ditim inovativnim oblastima i politikama za promicanje inovacija.<\/p>\n<p>Kao \u0161to se o\u010dekivalo, ovakav doga\u0111aj morao je biti organizovan na zna\u010dajnom mestu za Rumuniju i odr\u017ean je u Palati Parlamenta u Bukure\u0161tu. Zgrada se smatra najve\u0107om administrativnom zgradom na svetu za civilne svrhe po povr\u0161ini i drugom najve\u0107om administrativnom zgradom nakon Pentagona u Sjedinjenim Ameri\u010dkim Dr\u017eavama.<\/p>\n"},{"acf_fc_layout":"two_columns","column_left":{"ID":30444,"id":30444,"title":"Article25","filename":"Article25.jpg","filesize":359137,"url":"https:\/\/www.netex.de\/wp-content\/uploads\/Article25.jpg","link":"https:\/\/www.netex.de\/sr\/press\/24-godine-netexa-24-godine-pruzanja-izvrsne-usluge\/article25-2\/","alt":"","author":"44","description":"","caption":"","name":"article25-2","status":"inherit","uploaded_to":30457,"date":"2024-05-28 12:41:22","modified":"2024-05-29 08:13:23","menu_order":0,"mime_type":"image\/jpeg","type":"image","subtype":"jpeg","icon":"https:\/\/www.netex.de\/wp-includes\/images\/media\/default.png","width":1080,"height":1080,"sizes":{"thumbnail":"https:\/\/www.netex.de\/wp-content\/uploads\/Article25-150x150.jpg","thumbnail-width":150,"thumbnail-height":150,"medium":"https:\/\/www.netex.de\/wp-content\/uploads\/Article25-300x300.jpg","medium-width":300,"medium-height":300,"medium_large":"https:\/\/www.netex.de\/wp-content\/uploads\/Article25-768x768.jpg","medium_large-width":768,"medium_large-height":768,"large":"https:\/\/www.netex.de\/wp-content\/uploads\/Article25-1024x1024.jpg","large-width":1024,"large-height":1024,"1536x1536":"https:\/\/www.netex.de\/wp-content\/uploads\/Article25-1536x1536.jpg","1536x1536-width":1536,"1536x1536-height":1536,"2048x2048":"https:\/\/www.netex.de\/wp-content\/uploads\/Article25-2048x2048.jpg","2048x2048-width":2048,"2048x2048-height":2048,"post-thumbnail":"https:\/\/www.netex.de\/wp-content\/uploads\/Article25-85x85.jpg","post-thumbnail-width":85,"post-thumbnail-height":85,"hero":"https:\/\/www.netex.de\/wp-content\/uploads\/Article25-925x755.jpg","hero-width":925,"hero-height":755,"background":"https:\/\/www.netex.de\/wp-content\/uploads\/Article25-1080x535.jpg","background-width":1080,"background-height":535,"milestone-home":"https:\/\/www.netex.de\/wp-content\/uploads\/Article25-588x455.jpg","milestone-home-width":588,"milestone-home-height":455,"milestone-company":"https:\/\/www.netex.de\/wp-content\/uploads\/Article25-470x300.jpg","milestone-company-width":470,"milestone-company-height":300,"news-company":"https:\/\/www.netex.de\/wp-content\/uploads\/Article25-300x180.jpg","news-company-width":300,"news-company-height":180,"inner":"https:\/\/www.netex.de\/wp-content\/uploads\/Article25-300x255.jpg","inner-width":300,"inner-height":255,"gallery":"https:\/\/www.netex.de\/wp-content\/uploads\/Article25-320x230.jpg","gallery-width":320,"gallery-height":230,"contact":"https:\/\/www.netex.de\/wp-content\/uploads\/Article25-95x95.jpg","contact-width":95,"contact-height":95}},"column_right":"<p style=\"font-size: 1.5em;\"><strong>24 GODINE NETEXA, 24 GODINE PRU\u017dANJA IZVRSNE USLUGE<\/strong><\/p>\n<p><strong>26 Januar 2024<\/strong><\/p>\n<p><span data-sheets-root=\"1\">26. januara proslavili smo 24 godine od po\u010detka na\u0161eg putovanja. Tim povodom odlu\u010dili smo da to posvetimo 16 na\u0161ih kolega koji su s nama ve\u0107 10 i 20 godina.<\/span><\/p>\n<p>Desetoro njih su deo na\u0161eg tima ve\u0107 deset godina. Me\u0111u njima je i Larisa Ababi iz Ki\u0161injeva, koja je prihvatila na\u0161u ponudu da do\u0111e u Temi\u0161var i sa nama proslavi svoje desetogodi\u0161nje jubilej.<\/p>\n<p>Na narednim stranicama mo\u017eete prona\u0107i svedo\u010danstva nekih na\u0161ih kolega koji \u0107e sa vama podeliti svoja iskustva tokom godina. Tako je proslava bila dvostruka, u\u017eivali smo u prezentaciji i zasladili se komadom torte u \u010dast kompanije i nagra\u0111enih. Bio je to poseban dan za sve, dan kada smo se odvojili od radne rutine, komunicirali, proveli lepo vreme i pre svega se opustili, kako bismo na\u0161e ciljeve u 24. godini postojanja ostvarili sa obnovljenom pozitivnom energijom.<\/p>\n<p>\u010cestitke, Netex! \u010cestitke svim na\u0161im nagra\u0111enim kolegama!<\/p>\n<p>Radujemo se zajedni\u010dkoj proslavi i slede\u0107e godine!<\/p>\n"},{"acf_fc_layout":"two_columns","column_left":{"ID":30400,"id":30400,"title":"Article24","filename":"Article24.png","filesize":1161898,"url":"https:\/\/www.netex.de\/wp-content\/uploads\/Article24.png","link":"https:\/\/www.netex.de\/sr\/press\/u-netexu-vec-vise-od-decenije\/article24-2\/","alt":"","author":"44","description":"","caption":"","name":"article24-2","status":"inherit","uploaded_to":30415,"date":"2024-05-28 11:15:33","modified":"2024-05-28 11:20:11","menu_order":0,"mime_type":"image\/png","type":"image","subtype":"png","icon":"https:\/\/www.netex.de\/wp-includes\/images\/media\/default.png","width":1080,"height":1080,"sizes":{"thumbnail":"https:\/\/www.netex.de\/wp-content\/uploads\/Article24-150x150.png","thumbnail-width":150,"thumbnail-height":150,"medium":"https:\/\/www.netex.de\/wp-content\/uploads\/Article24-300x300.png","medium-width":300,"medium-height":300,"medium_large":"https:\/\/www.netex.de\/wp-content\/uploads\/Article24-768x768.png","medium_large-width":768,"medium_large-height":768,"large":"https:\/\/www.netex.de\/wp-content\/uploads\/Article24-1024x1024.png","large-width":1024,"large-height":1024,"1536x1536":"https:\/\/www.netex.de\/wp-content\/uploads\/Article24-1536x1536.png","1536x1536-width":1536,"1536x1536-height":1536,"2048x2048":"https:\/\/www.netex.de\/wp-content\/uploads\/Article24-2048x2048.png","2048x2048-width":2048,"2048x2048-height":2048,"post-thumbnail":"https:\/\/www.netex.de\/wp-content\/uploads\/Article24-85x85.png","post-thumbnail-width":85,"post-thumbnail-height":85,"hero":"https:\/\/www.netex.de\/wp-content\/uploads\/Article24-925x755.png","hero-width":925,"hero-height":755,"background":"https:\/\/www.netex.de\/wp-content\/uploads\/Article24-1080x535.png","background-width":1080,"background-height":535,"milestone-home":"https:\/\/www.netex.de\/wp-content\/uploads\/Article24-588x455.png","milestone-home-width":588,"milestone-home-height":455,"milestone-company":"https:\/\/www.netex.de\/wp-content\/uploads\/Article24-470x300.png","milestone-company-width":470,"milestone-company-height":300,"news-company":"https:\/\/www.netex.de\/wp-content\/uploads\/Article24-300x180.png","news-company-width":300,"news-company-height":180,"inner":"https:\/\/www.netex.de\/wp-content\/uploads\/Article24-300x255.png","inner-width":300,"inner-height":255,"gallery":"https:\/\/www.netex.de\/wp-content\/uploads\/Article24-320x230.png","gallery-width":320,"gallery-height":230,"contact":"https:\/\/www.netex.de\/wp-content\/uploads\/Article24-95x95.png","contact-width":95,"contact-height":95}},"column_right":"<p style=\"font-size: 1.5em;\"><strong>U NETEXU VE\u0106 VI\u0160E OD DECENIJE<\/strong><\/p>\n<p><strong>1 Decembar 2023<\/strong><\/p>\n<p><span data-sheets-root=\"1\">Danas je sve re\u0111e da zaposleni ostaju u istoj kompaniji du\u017ee od decenije. Tokom tog perioda, \u010dovek nau\u010di kako kompanija razmi\u0161lja, upozna interno mre\u017eu i stekne mnogo iskustva, ali tako\u0111e do\u017eivi uspone i padove.<\/span><\/p>\n<p>Neki od na\u0161ih kolega iz Novog Sada ove godine tako\u0111e slave svoj radni jubilej, a njima \u0107e biti posve\u0107en poseban program tokom bo\u017ei\u0107ne proslave.<\/p>\n<p>Bili smo znati\u017eeljni da saznamo gde se nalaze sa svojim mislima i ose\u0107anjima nakon 10 godina, i intervjuisali smo nekoliko njih. \u010cast nam je da vam predstavimo 5 na\u0161ih dugogodi\u0161njih kolega, iako oni za ve\u0107inu Netex zaposlenih nisu nepoznati:<\/p>\n<p><strong>IVANA KIROV<\/strong> je u Netexu od septembra 2009. godine, po\u010dela je kao agent za bugarsko tr\u017ei\u0161te, zatim je bila manje od 6 godina rukovodilac kancelarije u Novom Sadu i vratila se zbog okolnosti u odeljenje za Isto\u010dnu Evropu za bugarsko tr\u017ei\u0161te. Ka\u017ee: &#8222;\u010cini mi se nestvarno koliko su brzo pro\u0161le sve ove godine. U Netexu sam upoznala divne ljude i prijatelje koji \u0107e ostati uz mene do kraja \u017eivota. Na\u017ealost, zbog okolnosti sam napustila Novi Sad, ali grad i svi ti ljudi ostaju u mom srcu.&#8220; Ne voli da se hvali, ali svi koji je poznaju znaju kakva je. Njen moto je: &#8222;Budi ono \u0161to jesi!&#8220; Samo dobre vibracije &#8211; to preporu\u010duje i \u017eeli i drugim kolegama.<\/p>\n<p><strong>MARIJA EGI\u0106<\/strong> je u Netexu ve\u0107 14 godina i uglavnom je radila sa Pro-Client klijentima (Gourmondo, Video Ident). Radi u logisti\u010dkom odeljenju, ali \u010desto u\u010destvuje u Pro-Client projektima. Ka\u017ee: &#8222;Bilo je mnogo izazova i mogu\u0107nosti za u\u010denje i napredovanje, ali ponosna sam \u0161to sam izdr\u017eala. Ve\u0107ina toga ne bi bila mogu\u0107a bez pomo\u0107i, ohrabrenja i saradnje dobrih kolega, i zahvalna sam im na tome.&#8220; Ne voli da pri\u010da o svom privatnom \u017eivotu, ali nam je rekla da je ples njena velika strast i da u njemu veoma u\u017eiva. &#8222;U \u017eivotu se uvek trudim da vredno radim i budem posve\u0107ena, ali tako\u0111e poku\u0161avam da se brinem o svojoj porodici, braku i prijateljima, jer \u017eivot je vredan samo ako ga deli\u0161 sa ljudima koje voli\u0161 i u\u017eiva\u0161 u daru \u017eivota koji si dobio. To me vodi kroz \u017eivot i to bih preporu\u010dila i svojim kolegama.&#8220;<\/p>\n<p><strong>MARKO TELE\u010cKI<\/strong> nam je ispri\u010dao: &#8222;Ve\u0107 deset godina radim u kompaniji kao \u010dlan odeljenja za Isto\u010dnu Evropu. Jo\u0161 uvek sam deo tog odeljenja i trenutno sam na poziciji tim lidera. Cenim iskustva i odnose koji su izgra\u0111eni tokom ovog perioda. Intenzivno suo\u010davanje sa izazovima omogu\u0107ilo mi je da rastem li\u010dno i profesionalno. Imao sam privilegiju da radim sa mnogim vrednim kolegama, doprinosim uspehu kompanije i posmatram njen rast. Najve\u0107e za mene su bili izuzetni ljudi koje sam imao priliku upoznati tokom godina.&#8220; Tako\u0111e otkriva da je jedno od njegovih hobija koje voli kuvanje. Tako izra\u017eava svoju kreativnost i pronalazi mesto sre\u0107e. Voli da eksperimenti\u0161e sa razli\u010ditim sastojcima i receptima, a najbolje je \u0161to rezultate mo\u017ee deliti sa prijateljima i porodicom. Drugo interesovanje mu je putovanje, koje mu donosi veliku radost, osve\u017eava ga i daje novu energiju. Njegov \u017eivotni moto je &#8222;Presko\u010di pore\u0111enja. Budi veran sebi; tu le\u017ei tvoja snaga i unutra\u0161nja stabilnost. Fokusiraj se na svoj put i \u017eelje,&#8220; a njegov savet kolegama glasi: &#8222;Upoznaj sebe kako bi mirno navigirao kroz \u017eivot i rad, a kada otkrije\u0161 ko si, \u017eivi u skladu s tim.<\/p>\n"},{"acf_fc_layout":"two_columns","column_left":{"ID":30303,"id":30303,"title":"Article22","filename":"Article22.png","filesize":1735367,"url":"https:\/\/www.netex.de\/wp-content\/uploads\/Article22.png","link":"https:\/\/www.netex.de\/sr\/press\/web-summit-lisabon-2023\/article22-2\/","alt":"","author":"44","description":"","caption":"","name":"article22-2","status":"inherit","uploaded_to":30316,"date":"2024-05-27 13:17:35","modified":"2024-05-28 08:58:41","menu_order":0,"mime_type":"image\/png","type":"image","subtype":"png","icon":"https:\/\/www.netex.de\/wp-includes\/images\/media\/default.png","width":1080,"height":1080,"sizes":{"thumbnail":"https:\/\/www.netex.de\/wp-content\/uploads\/Article22-150x150.png","thumbnail-width":150,"thumbnail-height":150,"medium":"https:\/\/www.netex.de\/wp-content\/uploads\/Article22-300x300.png","medium-width":300,"medium-height":300,"medium_large":"https:\/\/www.netex.de\/wp-content\/uploads\/Article22-768x768.png","medium_large-width":768,"medium_large-height":768,"large":"https:\/\/www.netex.de\/wp-content\/uploads\/Article22-1024x1024.png","large-width":1024,"large-height":1024,"1536x1536":"https:\/\/www.netex.de\/wp-content\/uploads\/Article22-1536x1536.png","1536x1536-width":1536,"1536x1536-height":1536,"2048x2048":"https:\/\/www.netex.de\/wp-content\/uploads\/Article22-2048x2048.png","2048x2048-width":2048,"2048x2048-height":2048,"post-thumbnail":"https:\/\/www.netex.de\/wp-content\/uploads\/Article22-85x85.png","post-thumbnail-width":85,"post-thumbnail-height":85,"hero":"https:\/\/www.netex.de\/wp-content\/uploads\/Article22-925x755.png","hero-width":925,"hero-height":755,"background":"https:\/\/www.netex.de\/wp-content\/uploads\/Article22-1080x535.png","background-width":1080,"background-height":535,"milestone-home":"https:\/\/www.netex.de\/wp-content\/uploads\/Article22-588x455.png","milestone-home-width":588,"milestone-home-height":455,"milestone-company":"https:\/\/www.netex.de\/wp-content\/uploads\/Article22-470x300.png","milestone-company-width":470,"milestone-company-height":300,"news-company":"https:\/\/www.netex.de\/wp-content\/uploads\/Article22-300x180.png","news-company-width":300,"news-company-height":180,"inner":"https:\/\/www.netex.de\/wp-content\/uploads\/Article22-300x255.png","inner-width":300,"inner-height":255,"gallery":"https:\/\/www.netex.de\/wp-content\/uploads\/Article22-320x230.png","gallery-width":320,"gallery-height":230,"contact":"https:\/\/www.netex.de\/wp-content\/uploads\/Article22-95x95.png","contact-width":95,"contact-height":95}},"column_right":"<p style=\"font-size: 1.5em;\"><strong>WEB SUMMIT LISABON 2023<\/strong><\/p>\n<p><strong>16 Novembar 2023<\/strong><\/p>\n<p><span data-sheets-root=\"1\">U impresivnom prikazu inovacija i umre\u017eavanja, Web Summit Lisabon 2023 okupio je ogromnu zajednicu u\u010desnika. Pretvorio je portugalsku prestonicu u epicentar diskusije i napretka u tehnologiji i e-commerce-u.<\/span><\/p>\n<p>Sa rekordnih 70.000 u\u010desnika, Web Summit Lisabon 2023 bio je jedan od najve\u0107ih tehnolo\u0161kih doga\u0111aja na svetu. Strastveni i nestrpljivi ljudi su se okupili kako bi delili ideje, u\u010dili od lidera mi\u0161ljenja i istra\u017eivali najnovije trendove u digitalnom univerzumu.<\/p>\n<p>Fokus doga\u0111aja bio je na tehnologiji i e-commerce-u, daju\u0107i u\u010desnicima \u0161iroku perspektivu o teku\u0107im digitalnim transformacijama i njihovom uticaju na online trgovinu. Svaki aspekt tehnolo\u0161kog spektra je strastveno istra\u017een i debatovan, od ve\u0161ta\u010dke inteligencije do virtuelne realnosti, od blockchaina do online iskustava kupovine.<\/p>\n<p>Proizvod koji je predstavio Netex bio je Mondo, na\u0161 omnichannel SaaS za komunikaciju za e-commerce kompanije. U\u010desnici web summita su na\u0161li na\u0161 proizvod veoma zanimljivim, tako da je svaki od nas imao priliku da svakodnevno vodi razgovore sa desetinama razli\u010ditih ljudi.<\/p>\n<p>Web Summit je okupio impresivnu grupu govornika, uklju\u010duju\u0107i poslovne lidere, preduzetnike i tehnolo\u0161ke pionire. Oni su odr\u017eali fascinantne prezentacije, pru\u017eaju\u0107i dragocene uvide u budu\u0107e trendove i radikalne promene u industriji.<\/p>\n<p>Iskustvo je bilo zahtevno, ali jedinstveno; svideo mi se ose\u0107aj biti okru\u017een sa toliko entuzijasti\u010dnih ljudi, gotovo kao na do\u010deku Nove godine \ud83d\ude00 Imali smo priliku da razvijemo na\u0161e komunikacione i prodajne ve\u0161tine usred gomile poslovnih i informacija \u017eednih pojedinaca. Stoga smo se vratili ku\u0107i sa dobrim prtljagom znanja i iskustava.<\/p>\n"},{"acf_fc_layout":"two_columns","column_left":{"ID":30350,"id":30350,"title":"Article23","filename":"Article23.png","filesize":1448947,"url":"https:\/\/www.netex.de\/wp-content\/uploads\/Article23.png","link":"https:\/\/www.netex.de\/sr\/press\/netex-se-istice-u-informacionoj-bezbednosti-iso-270012022-resertifikacija-uspesno-zavrsena\/article23-2\/","alt":"","author":"44","description":"","caption":"","name":"article23-2","status":"inherit","uploaded_to":30363,"date":"2024-05-28 09:18:38","modified":"2024-05-28 10:36:56","menu_order":0,"mime_type":"image\/png","type":"image","subtype":"png","icon":"https:\/\/www.netex.de\/wp-includes\/images\/media\/default.png","width":1080,"height":1080,"sizes":{"thumbnail":"https:\/\/www.netex.de\/wp-content\/uploads\/Article23-150x150.png","thumbnail-width":150,"thumbnail-height":150,"medium":"https:\/\/www.netex.de\/wp-content\/uploads\/Article23-300x300.png","medium-width":300,"medium-height":300,"medium_large":"https:\/\/www.netex.de\/wp-content\/uploads\/Article23-768x768.png","medium_large-width":768,"medium_large-height":768,"large":"https:\/\/www.netex.de\/wp-content\/uploads\/Article23-1024x1024.png","large-width":1024,"large-height":1024,"1536x1536":"https:\/\/www.netex.de\/wp-content\/uploads\/Article23-1536x1536.png","1536x1536-width":1536,"1536x1536-height":1536,"2048x2048":"https:\/\/www.netex.de\/wp-content\/uploads\/Article23-2048x2048.png","2048x2048-width":2048,"2048x2048-height":2048,"post-thumbnail":"https:\/\/www.netex.de\/wp-content\/uploads\/Article23-85x85.png","post-thumbnail-width":85,"post-thumbnail-height":85,"hero":"https:\/\/www.netex.de\/wp-content\/uploads\/Article23-925x755.png","hero-width":925,"hero-height":755,"background":"https:\/\/www.netex.de\/wp-content\/uploads\/Article23-1080x535.png","background-width":1080,"background-height":535,"milestone-home":"https:\/\/www.netex.de\/wp-content\/uploads\/Article23-588x455.png","milestone-home-width":588,"milestone-home-height":455,"milestone-company":"https:\/\/www.netex.de\/wp-content\/uploads\/Article23-470x300.png","milestone-company-width":470,"milestone-company-height":300,"news-company":"https:\/\/www.netex.de\/wp-content\/uploads\/Article23-300x180.png","news-company-width":300,"news-company-height":180,"inner":"https:\/\/www.netex.de\/wp-content\/uploads\/Article23-300x255.png","inner-width":300,"inner-height":255,"gallery":"https:\/\/www.netex.de\/wp-content\/uploads\/Article23-320x230.png","gallery-width":320,"gallery-height":230,"contact":"https:\/\/www.netex.de\/wp-content\/uploads\/Article23-95x95.png","contact-width":95,"contact-height":95}},"column_right":"<p style=\"font-size: 1.5em;\"><strong>NETEX SE ISTI\u010cE U INFORMACIONOJ BEZBEDNOSTI: ISO 27001:2022 RESERTIFIKACIJA USPE\u0160NO ZAVR\u0160ENA<\/strong><\/p>\n<p><strong>10 Novembar 2023<\/strong><\/p>\n<p><span data-sheets-root=\"1\">Netex sa ponosom objavljuje da je uspe\u0161no zavr\u0161io rezertifikaciju prema ISO 27001:2022, \u0161to nagla\u0161ava njegovu posve\u0107enost informacionoj bezbednosti. Ceo tim, pod vo\u0111stvom slu\u017ebenika za informacionu bezbednost Ionu\u021ba Cozme, odigrao je klju\u010dnu ulogu u postizanju ovog zna\u010dajnog dostignu\u0107a.<\/span><\/p>\n<p>Tokom temeljitog eksternog audita od 6. do 10. novembra, glavni auditor Goran Grabe\u017e svojim stru\u010dnim znanjem zna\u010dajno je doprineo pobolj\u0161anju sistema upravljanja informacionom bezbedno\u0161\u0107u u Netexu.<\/p>\n<p>ISO 27001:2022 sertifikacija simbolizuje stalnu posve\u0107enost Netexa za\u0161titi osetljivih podataka, osiguravanju privatnosti i ja\u010danju odbrane protiv potencijalnih pretnji. Ova sertifikacija slu\u017ei kao obe\u0107anje klijentima i partnerima da Netex ozbiljno shvata bezbednost podataka.<\/p>\n<p>&#8222;\u017delim izraziti zahvalnost svom izvanrednom timu u Netexu, \u010dija je predanost i stru\u010dnost dovela do sticanja na\u0161e ISO 27001 sertifikacije i pokazuje na\u0161u posve\u0107enost informacionoj bezbednosti na svetskom nivou. Hvala vam na va\u0161em neumornom trudu,&#8220; rekao je C\u0103t\u0103lin Carlaon\u021b, menad\u017eer Shared Services Business Unit u Netexu.<\/p>\n<p>Ova posve\u0107enost nadilazi uskla\u0111enost sa standardima industrije i pokazuje proaktivan pristup Netexa u prilago\u0111avanju stalno promenjivom pejza\u017eu informacione bezbednosti. Uspe\u0161na rezertifikacija odra\u017eava predanost Netexa odr\u017eavanju nenadma\u0161ne integriteta, poverljivosti i dostupnosti u informacionoj bezbednosti. Ovaj uspeh je dokaz izvrsnosti i osigurava klijentima i partnerima da je bezbednost njihovih podataka za Netex najvi\u0161i prioritet.<\/p>\n<p>Ceo Netex tim se hvali za svoju predanost i marljivost u postizanju ovog zna\u010dajnog dostignu\u0107a. Kao \u0161to je C\u0103t\u0103lin Carlaon\u021b rekao: &#8222;Va\u0161 naporan rad bio je klju\u010dan za osiguranje da Netex ostane pouzdan \u010duvar osetljivih informacija.&#8220;<\/p>\n<p>Ovim uspehom Netex nastavlja postavljati standard izvrsnosti u informacionoj bezbednosti, u\u010dvr\u0161\u0107uju\u0107i svoju poziciju kao pouzdan \u010duvar integriteta podataka.<\/p>\n"},{"acf_fc_layout":"two_columns","column_left":{"ID":30186,"id":30186,"title":"Article19","filename":"Article19.png","filesize":1462037,"url":"https:\/\/www.netex.de\/wp-content\/uploads\/Article19.png","link":"https:\/\/www.netex.de\/sr\/press\/iso-9001-resertifikacioni-audit\/article19-2\/","alt":"","author":"44","description":"","caption":"","name":"article19-2","status":"inherit","uploaded_to":30199,"date":"2024-05-27 09:40:39","modified":"2024-05-27 10:02:19","menu_order":0,"mime_type":"image\/png","type":"image","subtype":"png","icon":"https:\/\/www.netex.de\/wp-includes\/images\/media\/default.png","width":1080,"height":1080,"sizes":{"thumbnail":"https:\/\/www.netex.de\/wp-content\/uploads\/Article19-150x150.png","thumbnail-width":150,"thumbnail-height":150,"medium":"https:\/\/www.netex.de\/wp-content\/uploads\/Article19-300x300.png","medium-width":300,"medium-height":300,"medium_large":"https:\/\/www.netex.de\/wp-content\/uploads\/Article19-768x768.png","medium_large-width":768,"medium_large-height":768,"large":"https:\/\/www.netex.de\/wp-content\/uploads\/Article19-1024x1024.png","large-width":1024,"large-height":1024,"1536x1536":"https:\/\/www.netex.de\/wp-content\/uploads\/Article19-1536x1536.png","1536x1536-width":1536,"1536x1536-height":1536,"2048x2048":"https:\/\/www.netex.de\/wp-content\/uploads\/Article19-2048x2048.png","2048x2048-width":2048,"2048x2048-height":2048,"post-thumbnail":"https:\/\/www.netex.de\/wp-content\/uploads\/Article19-85x85.png","post-thumbnail-width":85,"post-thumbnail-height":85,"hero":"https:\/\/www.netex.de\/wp-content\/uploads\/Article19-925x755.png","hero-width":925,"hero-height":755,"background":"https:\/\/www.netex.de\/wp-content\/uploads\/Article19-1080x535.png","background-width":1080,"background-height":535,"milestone-home":"https:\/\/www.netex.de\/wp-content\/uploads\/Article19-588x455.png","milestone-home-width":588,"milestone-home-height":455,"milestone-company":"https:\/\/www.netex.de\/wp-content\/uploads\/Article19-470x300.png","milestone-company-width":470,"milestone-company-height":300,"news-company":"https:\/\/www.netex.de\/wp-content\/uploads\/Article19-300x180.png","news-company-width":300,"news-company-height":180,"inner":"https:\/\/www.netex.de\/wp-content\/uploads\/Article19-300x255.png","inner-width":300,"inner-height":255,"gallery":"https:\/\/www.netex.de\/wp-content\/uploads\/Article19-320x230.png","gallery-width":320,"gallery-height":230,"contact":"https:\/\/www.netex.de\/wp-content\/uploads\/Article19-95x95.png","contact-width":95,"contact-height":95}},"column_right":"<p style=\"font-size: 1.5em;\"><strong>ISO 9001 RESERTIFIKACIONI AUDIT<\/strong><\/p>\n<p><strong>29 Septembar 2023<\/strong><\/p>\n<p><span data-sheets-root=\"1\">Resertifikacioni audit za Timi\u0219oaru i Novi Sad u vezi sa standardom za upravljanje kvalitetom (ISO 9001) odr\u017ean je izme\u0111u 27. i 29. septembra.<\/span><\/p>\n<p>ISO 9001 je me\u0111unarodno priznat standard za upravljanje kvalitetom koji je razvila Me\u0111unarodna organizacija za standardizaciju (ISO). Kada kompanija postigne ISO 9001 sertifikaciju, to zna\u010di da je uspostavila i odr\u017eava efikasan sistem upravljanja kvalitetom (QMS) u skladu sa zahtevima ISO 9001 standarda.<\/p>\n<p>Evo \u0161ta ISO 9001 sertifikacija zna\u010di za jednu kompaniju:<\/p>\n<p>ISO 9001 sertifikacija demonstrira posve\u0107enost kompanije pru\u017eanju visokokvalitetnih proizvoda ili usluga svojim klijentima. To zna\u010di da kompanija kontinuirano defini\u0161e ciljeve kvaliteta i procese kako bi ispunila zahteve klijenata. Da bi postigla sertifikaciju, kompanija mora uspostaviti i dokumentovati efikasne procese. Ovo \u010desto dovodi do pobolj\u0161ane interne efikasnosti i efektivnosti, jer se procesi optimizuju i pojednostavljuju.<\/p>\n<p>ISO 9001 nagla\u0161ava zadovoljstvo klijenata. Sertifikovane organizacije se fokusiraju na razumevanje potreba klijenata i ispunjavanje njihovih o\u010dekivanja, \u0161to mo\u017ee pove\u0107ati zadovoljstvo i lojalnost klijenata.<\/p>\n<p>ISO 9001 podsti\u010de organizacije da identifikuju i ubla\u017ee rizike koji bi mogli uticati na kvalitet njihovih proizvoda ili usluga. Ovaj proaktivan pristup upravljanju rizicima mo\u017ee spre\u010diti probleme pre nego \u0161to postanu ozbiljni.<\/p>\n<p>ISO 9001 promovi\u0161e kulturu kontinuiranog unapre\u0111enja. Sertifikovane organizacije redovno procenjuju svoje procese, identifikuju oblasti za pobolj\u0161anje i sprovode korektivne mere. Ovaj ciklus kontinuiranog unapre\u0111enja pobolj\u0161ava proizvode, usluge i zadovoljstvo klijenata.<\/p>\n<p>Ukratko, ISO 9001 sertifikacija zna\u010di da je kompanija posve\u0107ena kvalitetu, upravljanju rizicima, zadovoljstvu klijenata, uskla\u0111enosti i kontinuiranom unapre\u0111enju svojih procesa. To je znak kvaliteta koji mo\u017ee pozitivno uticati na operativne procese i ugled kompanije.<\/p>\n<p>Na\u0161 korporativni audit sproveden je kroz intervjue i dokumentovane dokaze za svaku izjavu koja je data. Auditor je dao pozitivne povratne informacije o procesu sertifikacije kompanije. Jo\u0161 va\u017enije, dobili smo vredne uvide i savete.<\/p>\n<p>Zahvaljujemo svima koji su doprineli i pozivamo svakoga da podeli svoje predloge za unapre\u0111enje procesa sa nama na iso@netex.ro. Va\u0161i doprinosi poma\u017eu nam da pobolj\u0161amo kvalitet usluga koje pru\u017eamo.<\/p>\n<p>&nbsp;<\/p>\n"},{"acf_fc_layout":"two_columns","column_left":{"ID":30222,"id":30222,"title":"Article20","filename":"Article20.jpg","filesize":288098,"url":"https:\/\/www.netex.de\/wp-content\/uploads\/Article20.jpg","link":"https:\/\/www.netex.de\/sr\/press\/e-commerce-expo-septembar-2023\/article20-2\/","alt":"","author":"44","description":"","caption":"","name":"article20-2","status":"inherit","uploaded_to":30235,"date":"2024-05-27 10:19:58","modified":"2024-05-27 10:29:51","menu_order":0,"mime_type":"image\/jpeg","type":"image","subtype":"jpeg","icon":"https:\/\/www.netex.de\/wp-includes\/images\/media\/default.png","width":2016,"height":1134,"sizes":{"thumbnail":"https:\/\/www.netex.de\/wp-content\/uploads\/Article20-150x150.jpg","thumbnail-width":150,"thumbnail-height":150,"medium":"https:\/\/www.netex.de\/wp-content\/uploads\/Article20-300x169.jpg","medium-width":300,"medium-height":169,"medium_large":"https:\/\/www.netex.de\/wp-content\/uploads\/Article20-768x432.jpg","medium_large-width":768,"medium_large-height":432,"large":"https:\/\/www.netex.de\/wp-content\/uploads\/Article20-1024x576.jpg","large-width":1024,"large-height":576,"1536x1536":"https:\/\/www.netex.de\/wp-content\/uploads\/Article20-1536x864.jpg","1536x1536-width":1536,"1536x1536-height":864,"2048x2048":"https:\/\/www.netex.de\/wp-content\/uploads\/Article20-2048x1152.jpg","2048x2048-width":2048,"2048x2048-height":1152,"post-thumbnail":"https:\/\/www.netex.de\/wp-content\/uploads\/Article20-85x85.jpg","post-thumbnail-width":85,"post-thumbnail-height":85,"hero":"https:\/\/www.netex.de\/wp-content\/uploads\/Article20-925x755.jpg","hero-width":925,"hero-height":755,"background":"https:\/\/www.netex.de\/wp-content\/uploads\/Article20-1920x535.jpg","background-width":1920,"background-height":535,"milestone-home":"https:\/\/www.netex.de\/wp-content\/uploads\/Article20-588x455.jpg","milestone-home-width":588,"milestone-home-height":455,"milestone-company":"https:\/\/www.netex.de\/wp-content\/uploads\/Article20-470x300.jpg","milestone-company-width":470,"milestone-company-height":300,"news-company":"https:\/\/www.netex.de\/wp-content\/uploads\/Article20-300x180.jpg","news-company-width":300,"news-company-height":180,"inner":"https:\/\/www.netex.de\/wp-content\/uploads\/Article20-300x255.jpg","inner-width":300,"inner-height":255,"gallery":"https:\/\/www.netex.de\/wp-content\/uploads\/Article20-320x230.jpg","gallery-width":320,"gallery-height":230,"contact":"https:\/\/www.netex.de\/wp-content\/uploads\/Article20-95x95.jpg","contact-width":95,"contact-height":95}},"column_right":"<p style=\"font-size: 1.5em;\"><strong>E-COMMERCE EXPO SEPTEMBAR 2023<\/strong><\/p>\n<p><strong>28 Septembar 2023<\/strong><\/p>\n<p><span data-sheets-root=\"1\">U septembru je delegacija iz Netexa posetila E-Commerce Expo u Londonu.<\/span><\/p>\n<p>Doga\u0111aj je odr\u017ean 27. i 28. septembra 2023. godine i okupio je preko 11.000 e-commerce profesionalaca sa vi\u0161e od 300 vode\u0107ih e-commerce brendova i dobavlja\u010da. To je savr\u0161eno mesto za osigurati da je va\u0161a e-commerce strategija u skladu sa najnovijim trendovima.<\/p>\n<p>Besplatan doga\u0111aj predstavio je hiljade e-commerce profesionalaca iz multi-channel, pureplay, B2B i B2C trgovaca i brendova. E-Commerce Expo organizovala je 10 konferencijskih pozornica sa raznim temama i preko 200 sesija kako bi osigurala da svi u\u010desnici budu informisani o najnovijim trendovima u digitalnim strategijama i promenjenim pona\u0161anjima tokom pandemije.<\/p>\n<p>Svrha ovog doga\u0111aja bila je predstaviti novosti iz Ujedinjenog Kraljevstva i sveta koje se ti\u010du sektora bezbednosti, IT-a i usluga. Neka od najva\u017enijih imena na doga\u0111aju bila su:<\/p>\n<p>51Degrees, Absolute Design, Active Ants, Ayko Digital, Deployteq, eComOne, Kontent.ai, Nethansa, Oban International, Optimizely, PHL, Pimcore, Robosol Software, Siteimprove, WeDoCRM.<\/p>\n<p>Ve\u0161ta\u010dka inteligencija bila je jedna od klju\u010dnih tema tokom dvodnevnih sesija. U\u010desnici su diskutovali o transformativnom potencijalu AI za prakti\u010dare sadr\u017eaja i njenom uticaju na lanac isporuke sadr\u017eaja.<\/p>\n<p>Slede\u0107e godine, Expo \u0107e se odr\u017eati 18. \u2013 19. septembra, i mo\u017eete se registrovati ovde.<\/p>\n<p>&nbsp;<\/p>\n"},{"acf_fc_layout":"two_columns","column_left":{"ID":30258,"id":30258,"title":"Article21","filename":"Article21.png","filesize":1429483,"url":"https:\/\/www.netex.de\/wp-content\/uploads\/Article21.png","link":"https:\/\/www.netex.de\/sr\/press\/dwc-ripensia-kup\/article21-2\/","alt":"","author":"44","description":"","caption":"","name":"article21-2","status":"inherit","uploaded_to":30272,"date":"2024-05-27 12:06:45","modified":"2024-05-27 12:37:37","menu_order":0,"mime_type":"image\/png","type":"image","subtype":"png","icon":"https:\/\/www.netex.de\/wp-includes\/images\/media\/default.png","width":1080,"height":1080,"sizes":{"thumbnail":"https:\/\/www.netex.de\/wp-content\/uploads\/Article21-150x150.png","thumbnail-width":150,"thumbnail-height":150,"medium":"https:\/\/www.netex.de\/wp-content\/uploads\/Article21-300x300.png","medium-width":300,"medium-height":300,"medium_large":"https:\/\/www.netex.de\/wp-content\/uploads\/Article21-768x768.png","medium_large-width":768,"medium_large-height":768,"large":"https:\/\/www.netex.de\/wp-content\/uploads\/Article21-1024x1024.png","large-width":1024,"large-height":1024,"1536x1536":"https:\/\/www.netex.de\/wp-content\/uploads\/Article21-1536x1536.png","1536x1536-width":1536,"1536x1536-height":1536,"2048x2048":"https:\/\/www.netex.de\/wp-content\/uploads\/Article21-2048x2048.png","2048x2048-width":2048,"2048x2048-height":2048,"post-thumbnail":"https:\/\/www.netex.de\/wp-content\/uploads\/Article21-85x85.png","post-thumbnail-width":85,"post-thumbnail-height":85,"hero":"https:\/\/www.netex.de\/wp-content\/uploads\/Article21-925x755.png","hero-width":925,"hero-height":755,"background":"https:\/\/www.netex.de\/wp-content\/uploads\/Article21-1080x535.png","background-width":1080,"background-height":535,"milestone-home":"https:\/\/www.netex.de\/wp-content\/uploads\/Article21-588x455.png","milestone-home-width":588,"milestone-home-height":455,"milestone-company":"https:\/\/www.netex.de\/wp-content\/uploads\/Article21-470x300.png","milestone-company-width":470,"milestone-company-height":300,"news-company":"https:\/\/www.netex.de\/wp-content\/uploads\/Article21-300x180.png","news-company-width":300,"news-company-height":180,"inner":"https:\/\/www.netex.de\/wp-content\/uploads\/Article21-300x255.png","inner-width":300,"inner-height":255,"gallery":"https:\/\/www.netex.de\/wp-content\/uploads\/Article21-320x230.png","gallery-width":320,"gallery-height":230,"contact":"https:\/\/www.netex.de\/wp-content\/uploads\/Article21-95x95.png","contact-width":95,"contact-height":95}},"column_right":"<p style=\"font-size: 1.5em;\"><strong>DWC RIPENSIA KUP<\/strong><\/p>\n<p><strong>03 Septembar 2023<\/strong><\/p>\n<p><span data-sheets-root=\"1\">U subotu, 3. septembra 2023. godine, fudbalski teren u Freidorfu bio je doma\u0107in petog po redu Ripensia DWC Kupa, a Netex Rumunija je ponosno u\u010destvovala na takmi\u010denju. Put Netex Rumunije na Ripensia DWC Kupu 2023. bio je ispunjen trenucima ve\u0161tine, strategije i timskog rada. Performans tima na ovom turniru bio je izvanredan. Sa jakim prisustvom na terenu, igrali su sa odlu\u010dno\u0161\u0107u i dubokom stra\u0161\u0107u za igru.<\/span><\/p>\n<p>Ripensia DWC Kup nije bio samo test fudbalskih sposobnosti, ve\u0107 i prilika za ja\u010danje veza unutar tima. Uspeh tima na Ripensia DWC Kupu nije samo odraz njihovih sportskih ve\u0161tina, ve\u0107 i posve\u0107enosti i strasti u kulturi kompanije. Ovaj uspeh je izvor ponosa kako za kompaniju, tako i za njene zaposlene, i nagla\u0161ava va\u017enost prihvatanja vrednosti timskog rada i odlu\u010dnosti na radnom mestu.<\/p>\n<p>Dok Netex Rumunija nastavlja da se isti\u010de kako u poslovnom svetu, tako i u sportu, na\u0161e prisustvo na Ripensia DWC Kupu slu\u017ei kao sjajan primer onoga \u0161to se mo\u017ee posti\u0107i kada tim vodi zajedni\u010dka strast i posve\u0107enost. Ripensia DWC Kup 2023. \u0107e ostati zapam\u0107en kao zna\u010dajna prekretnica na putu Netex Rumunije i nagla\u0161ava da uspeh ne zavisi samo od individualnog u\u010dinka, ve\u0107 i od snage tima.<\/p>\n<p>\u010cestitamo Netex Rumuniji na izvanrednom performansu na Ripensia DWC Kupu 2023. i neka nas na\u0161a posve\u0107enost i strast vode ka jo\u0161 ve\u0107im uspesima u budu\u0107nosti.<\/p>\n"},{"acf_fc_layout":"two_columns","column_left":{"ID":30146,"id":30146,"title":"Article18","filename":"Article18.png","filesize":316745,"url":"https:\/\/www.netex.de\/wp-content\/uploads\/Article18.png","link":"https:\/\/www.netex.de\/sr\/press\/mondo-omnichannel-prvi-korak-ka-buducnosti\/article18-2\/","alt":"","author":"44","description":"","caption":"","name":"article18-2","status":"inherit","uploaded_to":30159,"date":"2024-05-24 12:45:29","modified":"2024-05-24 12:49:23","menu_order":0,"mime_type":"image\/png","type":"image","subtype":"png","icon":"https:\/\/www.netex.de\/wp-includes\/images\/media\/default.png","width":1080,"height":1080,"sizes":{"thumbnail":"https:\/\/www.netex.de\/wp-content\/uploads\/Article18-150x150.png","thumbnail-width":150,"thumbnail-height":150,"medium":"https:\/\/www.netex.de\/wp-content\/uploads\/Article18-300x300.png","medium-width":300,"medium-height":300,"medium_large":"https:\/\/www.netex.de\/wp-content\/uploads\/Article18-768x768.png","medium_large-width":768,"medium_large-height":768,"large":"https:\/\/www.netex.de\/wp-content\/uploads\/Article18-1024x1024.png","large-width":1024,"large-height":1024,"1536x1536":"https:\/\/www.netex.de\/wp-content\/uploads\/Article18-1536x1536.png","1536x1536-width":1536,"1536x1536-height":1536,"2048x2048":"https:\/\/www.netex.de\/wp-content\/uploads\/Article18-2048x2048.png","2048x2048-width":2048,"2048x2048-height":2048,"post-thumbnail":"https:\/\/www.netex.de\/wp-content\/uploads\/Article18-85x85.png","post-thumbnail-width":85,"post-thumbnail-height":85,"hero":"https:\/\/www.netex.de\/wp-content\/uploads\/Article18-925x755.png","hero-width":925,"hero-height":755,"background":"https:\/\/www.netex.de\/wp-content\/uploads\/Article18-1080x535.png","background-width":1080,"background-height":535,"milestone-home":"https:\/\/www.netex.de\/wp-content\/uploads\/Article18-588x455.png","milestone-home-width":588,"milestone-home-height":455,"milestone-company":"https:\/\/www.netex.de\/wp-content\/uploads\/Article18-470x300.png","milestone-company-width":470,"milestone-company-height":300,"news-company":"https:\/\/www.netex.de\/wp-content\/uploads\/Article18-300x180.png","news-company-width":300,"news-company-height":180,"inner":"https:\/\/www.netex.de\/wp-content\/uploads\/Article18-300x255.png","inner-width":300,"inner-height":255,"gallery":"https:\/\/www.netex.de\/wp-content\/uploads\/Article18-320x230.png","gallery-width":320,"gallery-height":230,"contact":"https:\/\/www.netex.de\/wp-content\/uploads\/Article18-95x95.png","contact-width":95,"contact-height":95}},"column_right":"<p style=\"font-size: 1.5em;\"><strong>MONDO OMNICHANNEL \u2013 PRVI KORAK KA BUDU\u0106NOSTI<\/strong><\/p>\n<p><strong>01 Septembar 2023<\/strong><\/p>\n<p><span data-sheets-root=\"1\">Netex sa ponosom objavljuje da smo po\u010deli prelaziti iz uslu\u017ene kompanije u provajdera softverskih SaaS rje\u0161enja.<\/span><\/p>\n<p>\u0160ta je to provajder softverskih SaaS rje\u0161enja, pitate se? Software as a Service (SaaS) je model distribucije softvera u kojem pru\u017eatelj usluga u oblaku hostuje aplikacije i stavlja ih na raspolaganje krajnjim korisnicima putem interneta.<\/p>\n<p>Sje\u0107ate li se ove definicije: \u201eMondo je omnichannel platforma za korisni\u010dku podr\u0161ku koja integri\u0161e vi\u0161e kanala u jedno korisni\u010dko su\u010delje.\u201c? (Mondo priru\u010dnik)<\/p>\n<p>U poslednje 2 godine, na\u0161i programeri su radili na razvoju Monda i mo\u017eemo re\u0107i da je razvoj zavr\u0161en. Na\u0161i agenti za korisni\u010dku podr\u0161ku istovremeno komuniciraju sa vi\u0161e korisnika putem web chata, Facebooka, WhatsAppa, telefona i e-maila. Mondo se mo\u017ee brzo prilagoditi za svakog Netex klijenta dodavanjem klijenta, prodavnice, kanala\/reda \u010dekanja i agenata (Netex agenata ili klijenata). Standardni tekstovi i poruke mogu biti implementirani za brze interakcije, a sistem za pra\u0107enje tiketa mo\u017ee biti dodat za brzo re\u0161avanje problemati\u010dnih slu\u010dajeva. \u010cak i najsavremeniji IVR mo\u017ee biti personalizovan prema zahtevima klijenata kako bi pomogao kada agenti nisu dostupni. I, poga\u0111ate? Sve to mo\u017eemo na mnogo jezika!<\/p>\n<p>Svaki klijent mo\u017ee nadzirati svoje agente u Mondu (slu\u0161ati pozive, \u010ditati chat ili e-mail interakcije) i generisati sve vrste izve\u0161taja. Neverovatna vest je da sve gore navedeno radi u jednoj aplikaciji koja je dostupna iz bilo kog pregleda\u010da sa korisni\u010dkim imenom i lozinkom.<\/p>\n<p>S obzirom na navedeno, spremni smo predstaviti Mondo \u0161irom sveta i privu\u0107i vi\u0161e klijenata. Od 13. do 16. novembra 2023. godine, Netex \u0107e biti prisutan na Web Summitu u Lisabonu, Portugal. \u0160ta je Web Summit? \u201eKompanija sa sedi\u0161tem u Dublinu, Irska, koja organizuje doga\u0111aje \u0161irom sveta: Web Summit u Lisabonu, Web Summit Rio u Rio de \u017daneiru, Web Summit Qatar u Dohi, Collision u Torontu i RISE u Hong Kongu.\u201c Smatra se \u201evode\u0107om svetskom tehnolo\u0161kom konferencijom\u201c. Bi\u0107emo 22. februara 2024. na E-Commerce Berlin &#8211; https:\/\/ecommerceberlin.com<\/p>\n<p>Od 26.02. do 29.02.2024. bi\u0107emo na CCW 2024 &#8211; 25. me\u0111unarodnoj konferenciji i sajmu za inovativni dijalog sa korisnicima &#8211; CCW konferencija i sajam okuplja revolucionarne tehnologije, istaknute lidere mi\u0161ljenja i iskusne prakti\u010dare za vas &#8211; u\u017eivo u Berlinu i digitalno online \u0161irom sveta. Iskoristite ovu sjajnu priliku da upoznate Who&#8217;s Who iz industrije na CCW konferenciji i sajmu, diskutujete o novim trendovima i sagledate stare probleme iz nove perspektive. Vi\u0161e informacija mo\u017eete prona\u0107i na www.ccw.eu<\/p>\n<p>Sre\u0107no svima koji posete sajmove, radujemo se povratnim informacijama koje \u0107ete dobiti o Mondu!<\/p>\n"},{"acf_fc_layout":"two_columns","column_left":{"ID":30069,"id":30069,"title":"Article16","filename":"Article16.jpg","filesize":336425,"url":"https:\/\/www.netex.de\/wp-content\/uploads\/Article16.jpg","link":"https:\/\/www.netex.de\/sr\/press\/netex-organizacija-na-gpec-samitu-2023-sila-sa-kojom-se-mora-racunati-u-sektoru-online-usluga-rumunije\/article16-2\/","alt":"","author":"44","description":"","caption":"","name":"article16-2","status":"inherit","uploaded_to":30083,"date":"2024-05-24 09:49:04","modified":"2024-05-24 11:37:01","menu_order":0,"mime_type":"image\/jpeg","type":"image","subtype":"jpeg","icon":"https:\/\/www.netex.de\/wp-includes\/images\/media\/default.png","width":1200,"height":1200,"sizes":{"thumbnail":"https:\/\/www.netex.de\/wp-content\/uploads\/Article16-150x150.jpg","thumbnail-width":150,"thumbnail-height":150,"medium":"https:\/\/www.netex.de\/wp-content\/uploads\/Article16-300x300.jpg","medium-width":300,"medium-height":300,"medium_large":"https:\/\/www.netex.de\/wp-content\/uploads\/Article16-768x768.jpg","medium_large-width":768,"medium_large-height":768,"large":"https:\/\/www.netex.de\/wp-content\/uploads\/Article16-1024x1024.jpg","large-width":1024,"large-height":1024,"1536x1536":"https:\/\/www.netex.de\/wp-content\/uploads\/Article16-1536x1536.jpg","1536x1536-width":1536,"1536x1536-height":1536,"2048x2048":"https:\/\/www.netex.de\/wp-content\/uploads\/Article16-2048x2048.jpg","2048x2048-width":2048,"2048x2048-height":2048,"post-thumbnail":"https:\/\/www.netex.de\/wp-content\/uploads\/Article16-85x85.jpg","post-thumbnail-width":85,"post-thumbnail-height":85,"hero":"https:\/\/www.netex.de\/wp-content\/uploads\/Article16-925x755.jpg","hero-width":925,"hero-height":755,"background":"https:\/\/www.netex.de\/wp-content\/uploads\/Article16-1200x535.jpg","background-width":1200,"background-height":535,"milestone-home":"https:\/\/www.netex.de\/wp-content\/uploads\/Article16-588x455.jpg","milestone-home-width":588,"milestone-home-height":455,"milestone-company":"https:\/\/www.netex.de\/wp-content\/uploads\/Article16-470x300.jpg","milestone-company-width":470,"milestone-company-height":300,"news-company":"https:\/\/www.netex.de\/wp-content\/uploads\/Article16-300x180.jpg","news-company-width":300,"news-company-height":180,"inner":"https:\/\/www.netex.de\/wp-content\/uploads\/Article16-300x255.jpg","inner-width":300,"inner-height":255,"gallery":"https:\/\/www.netex.de\/wp-content\/uploads\/Article16-320x230.jpg","gallery-width":320,"gallery-height":230,"contact":"https:\/\/www.netex.de\/wp-content\/uploads\/Article16-95x95.jpg","contact-width":95,"contact-height":95}},"column_right":"<p style=\"font-size: 1.5em;\"><strong>NETEX ORGANIZACIJA NA GPEC SAMITU 2023: SILA SA KOJOM SE MORA RA\u010cUNATI U SEKTORU ONLINE USLUGA RUMUNIJE<\/strong><\/p>\n<p><strong>23 Maj 2023<\/strong><\/p>\n<p><span data-sheets-root=\"1\">Bukure\u0161t, Rumunija &#8211; Dugoo\u010dekivani GPeC Samit 2023 odr\u017ean je 22. i 23. maja i privukao je impresivno okupljanje entuzijasta e-trgovine i online marketinga. Me\u0111u renomiranim u\u010desnicima bila je Netex organizacija, dominantan igra\u010d u sektoru online usluga Rumunije. Sa svojim izuzetnim prisustvom na doga\u0111aju, Netex je demonstrirao za\u0161to je i dalje sila sa kojom se mora ra\u010dunati u digitalnom pejza\u017eu zemlje. Doga\u0111aj je zapo\u010deo 22. maja sa GPeC konferencijom u Nacionalnom pozori\u0161tu u Bukure\u0161tu, ekskluzivnom lokacijom koja je odgovarala veli\u010danstvenosti prilike. Netex je zajedno sa preko 700 lidera imao priliku da se udubi u najnovije trendove i inovacije u e-trgovini i online marketingu. Renomirani stru\u010dnjaci iz lokalnih i me\u0111unarodnih oblasti iza\u0161li su na binu i podelili svoje dragocene uvide i ekspertize sa zainteresovanom publikom.<\/span><\/p>\n<p>Istovremeno, GPeC Expo se odr\u017eavao na istoj lokaciji, pru\u017eaju\u0107i platformu za pru\u017eaoce usluga e-trgovine da direktno predstave svoja re\u0161enja online prodavnicama. Bila je to idealna prilika za Netex da predstavi svoje napredne ponude i uspostavi vredne poslovne veze. Expo je promovisao atmosferu saradnje i rasta, osiguravaju\u0107i da u\u010desnici istra\u017ee ogroman potencijal e-trgovine i formiraju obostrano korisna partnerstva. Sa jakom reputacijom za izvrsnost, inovacije i orijentaciju ka klijentima, Netex nastavlja da oblikuje online pejza\u017e Rumunije. Njegovo prisustvo na GPeC Samitu 2023 u\u010dvrstilo je njegovu poziciju kao jednog od klju\u010dnih igra\u010da koji pokre\u0107u digitalnu transformaciju zemlje.<\/p>\n<p>Netexova posve\u0107enost pru\u017eanju online re\u0161enja na svetskom nivou pridobila je poverenje i lojalnost brojnih klijenata. Izdvaja je nepokolebljiva usmerenost kompanije na pru\u017eanje vrhunskih tehnologija i prilago\u0111enih usluga. Kroz stalno pra\u0107enje trendova i dosledno usvajanje novih trendova, Netex se pozicionirao kao lider u industriji koji je sposoban da donese zna\u010dajne promene u sektoru online usluga.<\/p>\n<p>GPeC Samit 2023 pokazao se kao klju\u010dni doga\u0111aj za Netex organizaciju, omogu\u0107iv\u0161i kompaniji da demonstrira svoju ekspertizu i uspostavi kontakte sa kolegama iz industrije i potencijalnim partnerima. Kako se rumunsko tr\u017ei\u0161te online usluga brzo razvija, u\u010de\u0161\u0107e Netexa na ovako renomiranim doga\u0111ajima nagla\u0161ava njegovu odlu\u010dnost da ostane na vrhu inovacija i o\u010duva svoju dominaciju na tr\u017ei\u0161tu.<\/p>\n<p>Sa zavr\u0161etkom GPeC Samita 2023, zajednica e-trgovine i online marketinga sa nestrpljenjem i\u0161\u010dekuje transformativni uticaj koji \u0107e Netex organizacija nastaviti da ima na industriju. Kako se kompanije i potro\u0161a\u010di sve vi\u0161e oslanjaju na digitalne platforme, Netexova nepokolebljiva posve\u0107enost izvrsnosti osigurava da \u0107e i dalje biti uticajna sila u oblikovanju pejza\u017ea online usluga Rumunije u narednim godinama.<\/p>\n"},{"acf_fc_layout":"two_columns","column_left":{"ID":30109,"id":30109,"title":"Article17","filename":"Article17.jpg","filesize":80981,"url":"https:\/\/www.netex.de\/wp-content\/uploads\/Article17.jpg","link":"https:\/\/www.netex.de\/sr\/press\/timisoara-vs-novi-sad-fudbalski-dogadaj\/article17-2\/","alt":"","author":"44","description":"","caption":"","name":"article17-2","status":"inherit","uploaded_to":30119,"date":"2024-05-24 12:20:02","modified":"2024-05-24 12:26:08","menu_order":0,"mime_type":"image\/jpeg","type":"image","subtype":"jpeg","icon":"https:\/\/www.netex.de\/wp-includes\/images\/media\/default.png","width":669,"height":602,"sizes":{"thumbnail":"https:\/\/www.netex.de\/wp-content\/uploads\/Article17-150x150.jpg","thumbnail-width":150,"thumbnail-height":150,"medium":"https:\/\/www.netex.de\/wp-content\/uploads\/Article17-300x270.jpg","medium-width":300,"medium-height":270,"medium_large":"https:\/\/www.netex.de\/wp-content\/uploads\/Article17-768x691.jpg","medium_large-width":768,"medium_large-height":691,"large":"https:\/\/www.netex.de\/wp-content\/uploads\/Article17-1024x921.jpg","large-width":1024,"large-height":921,"1536x1536":"https:\/\/www.netex.de\/wp-content\/uploads\/Article17-1536x1382.jpg","1536x1536-width":1536,"1536x1536-height":1382,"2048x2048":"https:\/\/www.netex.de\/wp-content\/uploads\/Article17-2048x1842.jpg","2048x2048-width":2048,"2048x2048-height":1842,"post-thumbnail":"https:\/\/www.netex.de\/wp-content\/uploads\/Article17-85x85.jpg","post-thumbnail-width":85,"post-thumbnail-height":85,"hero":"https:\/\/www.netex.de\/wp-content\/uploads\/Article17.jpg","hero-width":669,"hero-height":602,"background":"https:\/\/www.netex.de\/wp-content\/uploads\/Article17-669x535.jpg","background-width":669,"background-height":535,"milestone-home":"https:\/\/www.netex.de\/wp-content\/uploads\/Article17-588x455.jpg","milestone-home-width":588,"milestone-home-height":455,"milestone-company":"https:\/\/www.netex.de\/wp-content\/uploads\/Article17-470x300.jpg","milestone-company-width":470,"milestone-company-height":300,"news-company":"https:\/\/www.netex.de\/wp-content\/uploads\/Article17-300x180.jpg","news-company-width":300,"news-company-height":180,"inner":"https:\/\/www.netex.de\/wp-content\/uploads\/Article17-300x255.jpg","inner-width":300,"inner-height":255,"gallery":"https:\/\/www.netex.de\/wp-content\/uploads\/Article17-320x230.jpg","gallery-width":320,"gallery-height":230,"contact":"https:\/\/www.netex.de\/wp-content\/uploads\/Article17-95x95.jpg","contact-width":95,"contact-height":95}},"column_right":"<p style=\"font-size: 1.5em;\"><b>TIMISOARA VS NOVI SAD \u2013 FUDBALSKi DOGA\u0110AJ<\/b><\/p>\n<p><strong>20 Maj 2023<\/strong><\/p>\n<p><span data-sheets-root=\"1\">Nakon \u0161to su tri nedelje zaredom trenirali u prijateljskim lokalnim fudbalskim utakmicama, spektakularni fudbalski tim iz Timi\u0219oare bio je spreman da se suo\u010di sa \u0161ampionima: fudbalskim timom iz Novog Sada!<\/span><\/p>\n<p>Tako su se igra\u010di Timi\u0219oare, puni uzbu\u0111enja, sastali jednog subotnjeg jutra u kancelariji i krenuli ka Srbiji kako bi osvojili ono \u0161to su smatrali svojim: titulu za &#8222;&#8220;Najbolji NETEX fudbalski tim&#8220;&#8220; &#8211; utakmica Timi\u0219oara protiv Novog Sada.<\/p>\n<p>Pro\u0161lo je 30 minuta igre. Marko Jak\u0161i\u0107 iz Novog Sada se se\u0107a: \u201e2 crvena kartona za Gabriela Turcua, 1 \u017euti karton za Luciana i 1 \u017euti karton za Victora\u201c. Trenutni rezultat bio je 5:1 u korist Novog Sada. Timi\u0219oara je lo\u0161e zapo\u010dela, ali jo\u0161 je bilo vremena da se pobolj\u0161aju i oporave.<\/p>\n<p>90 minuta i oglasio se poslednji zvi\u017eduk. Ponovo se se\u0107a Marko Jak\u0161i\u0107: \u201eTim iz Timi\u0219oare je pobedio kao dizel motor: sporo na po\u010detku, ali sna\u017eno u fini\u0161u\u201c. Kona\u010dan rezultat: 10:7 u korist Timi\u0219oare. Neo\u010dekivan preokret doga\u0111aja!<\/p>\n<p>Neki sumnjaju da je dolazak pice nakon 70 minuta bio razlog gubitka koncentracije tima iz Novog Sada. Nikada ne\u0107emo saznati istinu, ali znamo da su na kraju utakmice u\u017eivali u zaslu\u017eenom ru\u010dku i dobrom srpskom pivu. Jedan u\u010desnik, koji je \u017eeleo da ostane anoniman, komentarisao je situaciju: \u201eDa, bilo je zabavno, svi su dobro igrali, po\u0161tovali se i sve to&#8230; ali nadam se da \u0107e slede\u0107i put u\u010destvovati i neke devojke!\u201c<\/p>\n<p>Sve u svemu, ova aktivnost je bila zaista zabavna i svi su u\u017eivali. Moramo se pripremiti za DWC fudbalsko takmi\u010denje u septembru, pa je to bila i prilika da vidimo najbolje igra\u010de oba tima. U bliskoj budu\u0107nosti bi\u0107e jo\u0161 ovakvih izleta kako bi se prona\u0161li najbolji NETEX fudbaleri, tako da ako \u010dujete ne\u0161to o tome u va\u0161oj kancelariji, zaista vas ohrabrujem da u\u010destvujete!<\/p>\n<p>Do slede\u0107eg grada!<\/p>\n"},{"acf_fc_layout":"two_columns","column_left":{"ID":30029,"id":30029,"title":"Article15","filename":"Article15.png","filesize":1303684,"url":"https:\/\/www.netex.de\/wp-content\/uploads\/Article15.png","link":"https:\/\/www.netex.de\/sr\/press\/netex-cetvrti-mandat-u-upravnom-odboru-nemackog-ekonomskog-kluba-u-temisvaru\/article15-2\/","alt":"","author":"44","description":"","caption":"","name":"article15-2","status":"inherit","uploaded_to":30042,"date":"2024-05-24 09:18:36","modified":"2024-05-24 09:36:47","menu_order":0,"mime_type":"image\/png","type":"image","subtype":"png","icon":"https:\/\/www.netex.de\/wp-includes\/images\/media\/default.png","width":1080,"height":1080,"sizes":{"thumbnail":"https:\/\/www.netex.de\/wp-content\/uploads\/Article15-150x150.png","thumbnail-width":150,"thumbnail-height":150,"medium":"https:\/\/www.netex.de\/wp-content\/uploads\/Article15-300x300.png","medium-width":300,"medium-height":300,"medium_large":"https:\/\/www.netex.de\/wp-content\/uploads\/Article15-768x768.png","medium_large-width":768,"medium_large-height":768,"large":"https:\/\/www.netex.de\/wp-content\/uploads\/Article15-1024x1024.png","large-width":1024,"large-height":1024,"1536x1536":"https:\/\/www.netex.de\/wp-content\/uploads\/Article15-1536x1536.png","1536x1536-width":1536,"1536x1536-height":1536,"2048x2048":"https:\/\/www.netex.de\/wp-content\/uploads\/Article15-2048x2048.png","2048x2048-width":2048,"2048x2048-height":2048,"post-thumbnail":"https:\/\/www.netex.de\/wp-content\/uploads\/Article15-85x85.png","post-thumbnail-width":85,"post-thumbnail-height":85,"hero":"https:\/\/www.netex.de\/wp-content\/uploads\/Article15-925x755.png","hero-width":925,"hero-height":755,"background":"https:\/\/www.netex.de\/wp-content\/uploads\/Article15-1080x535.png","background-width":1080,"background-height":535,"milestone-home":"https:\/\/www.netex.de\/wp-content\/uploads\/Article15-588x455.png","milestone-home-width":588,"milestone-home-height":455,"milestone-company":"https:\/\/www.netex.de\/wp-content\/uploads\/Article15-470x300.png","milestone-company-width":470,"milestone-company-height":300,"news-company":"https:\/\/www.netex.de\/wp-content\/uploads\/Article15-300x180.png","news-company-width":300,"news-company-height":180,"inner":"https:\/\/www.netex.de\/wp-content\/uploads\/Article15-300x255.png","inner-width":300,"inner-height":255,"gallery":"https:\/\/www.netex.de\/wp-content\/uploads\/Article15-320x230.png","gallery-width":320,"gallery-height":230,"contact":"https:\/\/www.netex.de\/wp-content\/uploads\/Article15-95x95.png","contact-width":95,"contact-height":95}},"column_right":"<p style=\"font-size: 1.5em;\"><b>NETEX &#8211; \u010cETVRTI MANDAT U UPRAVNOM ODBORU NEMA\u010cKOG EKONOMSKOG KLUBA U TEMI\u0160VARU<\/b><\/p>\n<p><strong>11 Maj 2023<\/strong><\/p>\n<p><span data-sheets-root=\"1\">Ove godine, 11. maja, Netex je \u010detvrti put izabran u Upravni odbor Nema\u010dkog poslovnog kluba u Temi\u0161varu. Kao \u0161to mnogi znaju, Netex je uvek bio uklju\u010den u poslovno okru\u017eenje. Nema\u010dki poslovni klub Banat ili DWC Banat postoji ve\u0107 20 godina i tokom tog vremena intenzivno je bio uklju\u010den u poslovno okru\u017eenje u Banatu i \u0161ire. Klub banatskog poslovnog kluba osnovan je 2002. kao neprofitna organizacija i promovi\u0161e ekonomske odnose izme\u0111u nema\u010dkog govornog podru\u010dja i Rumunije. Pre svega, aktivno podr\u017eava razmenu iskustava izme\u0111u \u010dlanova udru\u017eenja i odr\u017eava intenzivan kontakt sa socio-ekonomskim okru\u017eenjem regiona.<\/span><\/p>\n<p>Trenutno okuplja oko 160 \u010dlanova, kompanija i pojedinaca koji dele interes za ekonomske odnose izme\u0111u Rumunije i zemalja DACH-a na osnovu nema\u010dkog jezika.<\/p>\n<p>\u010clanovi kluba dele zajedni\u010dki jezik i trude se da zastupaju svoje interese u centralnom, ekonomski razvijenom regionu sa dobrim saobra\u0107ajnim vezama. Klub ima svoj kancelariju u Temi\u0161varu, a \u010dlanovi dolaze iz \u010ditavog grada Temi\u0161vara.<\/p>\n"},{"acf_fc_layout":"two_columns","column_left":{"ID":29916,"id":29916,"title":"Article13","filename":"Article13.jpg","filesize":121716,"url":"https:\/\/www.netex.de\/wp-content\/uploads\/Article13.jpg","link":"https:\/\/www.netex.de\/sr\/press\/ecom21-ix-medunarodni-forum-o-e-trgovini\/article13-2\/","alt":"","author":"44","description":"","caption":"","name":"article13-2","status":"inherit","uploaded_to":29929,"date":"2024-05-23 08:11:06","modified":"2024-05-23 08:32:11","menu_order":0,"mime_type":"image\/jpeg","type":"image","subtype":"jpeg","icon":"https:\/\/www.netex.de\/wp-includes\/images\/media\/default.png","width":1600,"height":900,"sizes":{"thumbnail":"https:\/\/www.netex.de\/wp-content\/uploads\/Article13-150x150.jpg","thumbnail-width":150,"thumbnail-height":150,"medium":"https:\/\/www.netex.de\/wp-content\/uploads\/Article13-300x169.jpg","medium-width":300,"medium-height":169,"medium_large":"https:\/\/www.netex.de\/wp-content\/uploads\/Article13-768x432.jpg","medium_large-width":768,"medium_large-height":432,"large":"https:\/\/www.netex.de\/wp-content\/uploads\/Article13-1024x576.jpg","large-width":1024,"large-height":576,"1536x1536":"https:\/\/www.netex.de\/wp-content\/uploads\/Article13-1536x864.jpg","1536x1536-width":1536,"1536x1536-height":864,"2048x2048":"https:\/\/www.netex.de\/wp-content\/uploads\/Article13-2048x1152.jpg","2048x2048-width":2048,"2048x2048-height":1152,"post-thumbnail":"https:\/\/www.netex.de\/wp-content\/uploads\/Article13-85x85.jpg","post-thumbnail-width":85,"post-thumbnail-height":85,"hero":"https:\/\/www.netex.de\/wp-content\/uploads\/Article13-925x755.jpg","hero-width":925,"hero-height":755,"background":"https:\/\/www.netex.de\/wp-content\/uploads\/Article13-1600x535.jpg","background-width":1600,"background-height":535,"milestone-home":"https:\/\/www.netex.de\/wp-content\/uploads\/Article13-588x455.jpg","milestone-home-width":588,"milestone-home-height":455,"milestone-company":"https:\/\/www.netex.de\/wp-content\/uploads\/Article13-470x300.jpg","milestone-company-width":470,"milestone-company-height":300,"news-company":"https:\/\/www.netex.de\/wp-content\/uploads\/Article13-300x180.jpg","news-company-width":300,"news-company-height":180,"inner":"https:\/\/www.netex.de\/wp-content\/uploads\/Article13-300x255.jpg","inner-width":300,"inner-height":255,"gallery":"https:\/\/www.netex.de\/wp-content\/uploads\/Article13-320x230.jpg","gallery-width":320,"gallery-height":230,"contact":"https:\/\/www.netex.de\/wp-content\/uploads\/Article13-95x95.jpg","contact-width":95,"contact-height":95}},"column_right":"<p style=\"font-size: 1.5em;\"><b>ECOM21 IX INTERNATIONAL ECOMMERCE FORUM<\/b><\/p>\n<p><strong>13 April 2023<\/strong><\/p>\n<p><span data-sheets-root=\"1\">ECOM21 je vode\u0107a me\u0111unarodna konferencija za e-trgovinu i fintech, koja okuplja vo\u0111e industrije i donosioce odluka kako bi diskutovali o najnovijim trendovima i izazovima u post-pandemijskom svetu. Ove godine, doga\u0111aj je odr\u017ean 12. i 13. aprila 2023. godine u Rigi (Letonija).<\/span><\/p>\n<p>Diskusije su se fokusirale na interakciju izme\u0111u Forexa, Web3 projekata i regulacije fintech-a, kao i na uticaj ovih oblasti na budu\u0107nost finansijske industrije. U\u010desnici su delili svoja saznanja i perspektive o trendovima, izazovima i prilikama koje inovacija i rast donose u njihovom brzo evoluiraju\u0107em pejza\u017eu. Dvodnevni forum okupio je eksperte iz oblasti fintech-a i e-trgovine sa vi\u0161e od 50 govornika. Netex je u\u010destvovao kako bi istra\u017eio budu\u0107nost e-trgovine u Balti\u010dkim dr\u017eavama.<\/p>\n"},{"acf_fc_layout":"two_columns","column_left":{"ID":29961,"id":29961,"title":"Article14","filename":"Article14.png","filesize":1009527,"url":"https:\/\/www.netex.de\/wp-content\/uploads\/Article14.png","link":"https:\/\/www.netex.de\/sr\/press\/cloudfest-mesto-gde-se-energija-srece-sa-tehnologijom\/article14-2\/","alt":"","author":"44","description":"","caption":"","name":"article14-2","status":"inherit","uploaded_to":29976,"date":"2024-05-23 13:05:57","modified":"2024-05-23 13:18:07","menu_order":0,"mime_type":"image\/png","type":"image","subtype":"png","icon":"https:\/\/www.netex.de\/wp-includes\/images\/media\/default.png","width":1080,"height":1080,"sizes":{"thumbnail":"https:\/\/www.netex.de\/wp-content\/uploads\/Article14-150x150.png","thumbnail-width":150,"thumbnail-height":150,"medium":"https:\/\/www.netex.de\/wp-content\/uploads\/Article14-300x300.png","medium-width":300,"medium-height":300,"medium_large":"https:\/\/www.netex.de\/wp-content\/uploads\/Article14-768x768.png","medium_large-width":768,"medium_large-height":768,"large":"https:\/\/www.netex.de\/wp-content\/uploads\/Article14-1024x1024.png","large-width":1024,"large-height":1024,"1536x1536":"https:\/\/www.netex.de\/wp-content\/uploads\/Article14-1536x1536.png","1536x1536-width":1536,"1536x1536-height":1536,"2048x2048":"https:\/\/www.netex.de\/wp-content\/uploads\/Article14-2048x2048.png","2048x2048-width":2048,"2048x2048-height":2048,"post-thumbnail":"https:\/\/www.netex.de\/wp-content\/uploads\/Article14-85x85.png","post-thumbnail-width":85,"post-thumbnail-height":85,"hero":"https:\/\/www.netex.de\/wp-content\/uploads\/Article14-925x755.png","hero-width":925,"hero-height":755,"background":"https:\/\/www.netex.de\/wp-content\/uploads\/Article14-1080x535.png","background-width":1080,"background-height":535,"milestone-home":"https:\/\/www.netex.de\/wp-content\/uploads\/Article14-588x455.png","milestone-home-width":588,"milestone-home-height":455,"milestone-company":"https:\/\/www.netex.de\/wp-content\/uploads\/Article14-470x300.png","milestone-company-width":470,"milestone-company-height":300,"news-company":"https:\/\/www.netex.de\/wp-content\/uploads\/Article14-300x180.png","news-company-width":300,"news-company-height":180,"inner":"https:\/\/www.netex.de\/wp-content\/uploads\/Article14-300x255.png","inner-width":300,"inner-height":255,"gallery":"https:\/\/www.netex.de\/wp-content\/uploads\/Article14-320x230.png","gallery-width":320,"gallery-height":230,"contact":"https:\/\/www.netex.de\/wp-content\/uploads\/Article14-95x95.png","contact-width":95,"contact-height":95}},"column_right":"<p style=\"font-size: 1.5em;\"><strong>CLOUDFEST &#8211; MESTO GDE SE ENERGIJA SRE\u0106E SA TEHNOLOGIJOM<\/strong><\/p>\n<p><strong>23 Marta 2023<\/strong><\/p>\n<p><span data-sheets-root=\"1\">Od 21. do 23. marta 2023. godine, zaljubljenici u tehnologiju iz celog sveta su se okupili u parku Europa-Park u Nema\u010dkoj za CloudFest, godi\u0161nji festival posve\u0107en oblaku ra\u010dunarstva, kiberneti\u010dkoj bezbednosti i internet infrastrukturi. Doga\u0111aj je pru\u017eio jedinstvenu priliku da se pove\u017eete sa stru\u010dnjacima, liderima industrije i inovatorima i istra\u017eite najnovije trendove, izazove i mogu\u0107nosti u ovom domenu. Evo nekoliko vrhunaca ove nezaboravne avanture.<\/span><\/p>\n<p>Jedan od najzanimljivijih aspekata doga\u0111aja bio je razgovor sa Majklom Videniusom, tvorcem MariaDB, otvorenog sistema upravljanja bazama podataka. On je podelio svoja zapa\u017eanja i iskustva o prednostima i nedostacima kori\u0161\u0107enja okida\u010da u MariaDB-u i kako se mo\u017ee optimizovati performanse i bezbednost baze podataka. Istakao je va\u017enost jednostavnosti i korisni\u010dke prijateljstva, kao i potrebu da se funkcionalnost izbalansira sa prakti\u010dno\u0161\u0107u.<\/p>\n<p>Jo\u0161 jedna fascinantna tema koja je raspravljana na CloudFest-u 2023. godine bila je ceremonija obnove Internet klju\u010deva, gde su kriptografski klju\u010devi koji osiguravaju sigurnost i integritet globalnog Sistema domenskih imena (DNS) a\u017eurirani. Ovaj slo\u017een i detaljan proces izveden je sa precizno\u0161\u0107u i pa\u017enjom, \u0161to nagla\u0161ava klju\u010dnu ulogu DNS-a za funkcionisanje interneta i stalnu potrebu za oprezom i inovacijama u oblasti kiberneti\u010dke bezbednosti. Dodatno, CloudFest 2023. pru\u017eio je priliku da se sretne jedan od pionira interneta i legendarnu figuru u oblasti DNS-a i kiberneti\u010dke bezbednosti, Pol Viksi. On je podelio svoja iskustva i vizije za budu\u0107nost interneta, isti\u010du\u0107i potrebu za saradnjom, inovacijama i odgovornim upravljanjem digitalnom zajednicom.<\/p>\n<p>Doga\u0111aj je tako\u0111e istakao nove izazove upravljanja vi\u0161estrukim oblacima, koji postaju sve va\u017eniji kako sve vi\u0161e organizacija prem\u0161ta svoje radne optere\u0107enja i podatke na vi\u0161e oblak platformi. Stru\u010dnjaci su delili svoja saznanja i najbolje prakse za upravljanje hibridnim i vi\u0161estrukim obla\u010dnim okru\u017eenjima, uklju\u010duju\u0107i zna\u010daj automatizacije, orkestracije i vidljivosti. Jedan od najupe\u010datljivijih eksponata na CloudFest-u 2023. bio je ra\u010dunarski server uronjen u mineralno ulje, kako bi se optimizovalo hla\u0111enje i smanjila potro\u0161nja energije. Server, koji je izgledao kao nadrealna i futuristi\u010dka skulptura, demonstrirao je potencijal inovativnih i odr\u017eivih re\u0161enja za industriju podataka, koja se suo\u010dava sa zna\u010dajnim izazovima u pogledu efikasnosti i uticaja na \u017eivotnu sredinu.<\/p>\n<p>Pored informativnih razgovora i diskusija, CloudFest 2023. tako\u0111e je pru\u017eio mnogo zabave i uzbu\u0111enja, uklju\u010duju\u0107i mogu\u0107nost istra\u017eivanja neverovatnog Europa-Park-a, jednog od najve\u0107ih i najpopularnijih zabavnih parkova u Evropi. U\u010desnici su mogli da u\u017eivaju u uzbudljivim vo\u017enjama, spektakularnim predstavama i \u0161armantnim atrakcijama parka, \u0161to je predstavljalo osve\u017eenje od intenzivne i energi\u010dne atmosfere festivala.<\/p>\n<p>Kona\u010dno, vrhunac hrabrosti i izdr\u017eljivosti bio je Silver Star, jedna od najbr\u017eih i najvi\u0161ih rolerkostera u Evropi. Pre\u017eivljavanje Silver Stara bilo je priznanje hrabrosti i otpornosti u\u010desnika CloudFesta. Ukratko, CloudFest 2023. bio je jedinstveno i nezaboravno iskustvo koje je objedinilo najbolje iz tehnologije, inovacija, zabave i avanture. Pru\u017eio je vrednu priliku za u\u010denje, povezivanje i zabavu, isti\u010du\u0107i va\u017enost saradnje, kreativnosti i odr\u017eivosti u digitalnom dobu. Radujemo se CloudFestu 2024. i njegovim otkri\u0107ima i do\u017eivljajima.<\/p>\n<p>&nbsp;<\/p>\n"},{"acf_fc_layout":"two_columns","column_left":{"ID":29876,"id":29876,"title":"Article12","filename":"Article12.png","filesize":1242499,"url":"https:\/\/www.netex.de\/wp-content\/uploads\/Article12.png","link":"https:\/\/www.netex.de\/sr\/press\/ccw-2023-uspesan-ponovni-pocetak-nakon-2-godine-pandemije\/article12-2\/","alt":"","author":"44","description":"","caption":"","name":"article12-2","status":"inherit","uploaded_to":29890,"date":"2024-05-23 06:38:09","modified":"2024-05-23 07:05:41","menu_order":0,"mime_type":"image\/png","type":"image","subtype":"png","icon":"https:\/\/www.netex.de\/wp-includes\/images\/media\/default.png","width":1080,"height":1080,"sizes":{"thumbnail":"https:\/\/www.netex.de\/wp-content\/uploads\/Article12-150x150.png","thumbnail-width":150,"thumbnail-height":150,"medium":"https:\/\/www.netex.de\/wp-content\/uploads\/Article12-300x300.png","medium-width":300,"medium-height":300,"medium_large":"https:\/\/www.netex.de\/wp-content\/uploads\/Article12-768x768.png","medium_large-width":768,"medium_large-height":768,"large":"https:\/\/www.netex.de\/wp-content\/uploads\/Article12-1024x1024.png","large-width":1024,"large-height":1024,"1536x1536":"https:\/\/www.netex.de\/wp-content\/uploads\/Article12-1536x1536.png","1536x1536-width":1536,"1536x1536-height":1536,"2048x2048":"https:\/\/www.netex.de\/wp-content\/uploads\/Article12-2048x2048.png","2048x2048-width":2048,"2048x2048-height":2048,"post-thumbnail":"https:\/\/www.netex.de\/wp-content\/uploads\/Article12-85x85.png","post-thumbnail-width":85,"post-thumbnail-height":85,"hero":"https:\/\/www.netex.de\/wp-content\/uploads\/Article12-925x755.png","hero-width":925,"hero-height":755,"background":"https:\/\/www.netex.de\/wp-content\/uploads\/Article12-1080x535.png","background-width":1080,"background-height":535,"milestone-home":"https:\/\/www.netex.de\/wp-content\/uploads\/Article12-588x455.png","milestone-home-width":588,"milestone-home-height":455,"milestone-company":"https:\/\/www.netex.de\/wp-content\/uploads\/Article12-470x300.png","milestone-company-width":470,"milestone-company-height":300,"news-company":"https:\/\/www.netex.de\/wp-content\/uploads\/Article12-300x180.png","news-company-width":300,"news-company-height":180,"inner":"https:\/\/www.netex.de\/wp-content\/uploads\/Article12-300x255.png","inner-width":300,"inner-height":255,"gallery":"https:\/\/www.netex.de\/wp-content\/uploads\/Article12-320x230.png","gallery-width":320,"gallery-height":230,"contact":"https:\/\/www.netex.de\/wp-content\/uploads\/Article12-95x95.png","contact-width":95,"contact-height":95}},"column_right":"<p style=\"font-size: 1.5em;\"><b>CCW 2023 \u2013 USPE\u0160AN PONOVNI PO\u010cETAK NAKON 2 GODINE PANDEMIJE<\/b><\/p>\n<p><strong>3 Marta 2023<\/strong><\/p>\n<p><span data-sheets-root=\"1\">Ove godine je odr\u017ean 24. me\u0111unarodni kongres sajma inovativne komunikacije s kupcima kao hibridna konferencija i sajam nakon dvogodi\u0161nje pauze. Oko 6.500 internacionalnih posetilaca iz 42 zemlje i 200 izlaga\u010da iz 18 zemalja u\u010destvovalo je u\u017eivo u Berlinu i digitalno online.<\/span><\/p>\n<p>Glavna tema bila je &#8222;Upravljanje ukupnim iskustvom&#8220;. Izvanredna usluga i inteligentne tehnologije pove\u0107avaju brzinu korisni\u010dke podr\u0161ke i unapre\u0111uju korisni\u010dko iskustvo. &#8222;Evropski \u0161ampion u korisni\u010dkoj podr\u0161ci&#8220; (EUROCC) po drugi put su dodelili Management Circle AG zajedno sa magazinom cmm360.ch.<\/p>\n<p>Slede\u0107a CCW konferencija i sajam odr\u017ea\u0107e se od 26. do 29. februara 2024. godine ponovo u hibridnom formatu u ECC Berlinu.<\/p>\n<p>Ove godine je Netex predstavljao Andreea Kremm (levo). Ona je zajedno sa Maren Mielenhausen (u sredini) i Svenom Nicolausom (desno), koji su predstavljali Delticom, u\u010destvovala na doga\u0111aju.<\/p>\n"},{"acf_fc_layout":"two_columns","column_left":{"ID":29483,"id":29483,"title":"Article 8","filename":"Article-8.png","filesize":1411185,"url":"https:\/\/www.netex.de\/wp-content\/uploads\/Article-8.png","link":"https:\/\/www.netex.de\/sr\/press\/dan-zahvalnosti-zaposlenima\/article-8-2\/","alt":"","author":"44","description":"","caption":"","name":"article-8-2","status":"inherit","uploaded_to":29714,"date":"2024-05-09 09:35:14","modified":"2024-05-13 16:34:49","menu_order":0,"mime_type":"image\/png","type":"image","subtype":"png","icon":"https:\/\/www.netex.de\/wp-includes\/images\/media\/default.png","width":1080,"height":1080,"sizes":{"thumbnail":"https:\/\/www.netex.de\/wp-content\/uploads\/Article-8-150x150.png","thumbnail-width":150,"thumbnail-height":150,"medium":"https:\/\/www.netex.de\/wp-content\/uploads\/Article-8-300x300.png","medium-width":300,"medium-height":300,"medium_large":"https:\/\/www.netex.de\/wp-content\/uploads\/Article-8-768x768.png","medium_large-width":768,"medium_large-height":768,"large":"https:\/\/www.netex.de\/wp-content\/uploads\/Article-8-1024x1024.png","large-width":1024,"large-height":1024,"1536x1536":"https:\/\/www.netex.de\/wp-content\/uploads\/Article-8-1536x1536.png","1536x1536-width":1536,"1536x1536-height":1536,"2048x2048":"https:\/\/www.netex.de\/wp-content\/uploads\/Article-8-2048x2048.png","2048x2048-width":2048,"2048x2048-height":2048,"post-thumbnail":"https:\/\/www.netex.de\/wp-content\/uploads\/Article-8-85x85.png","post-thumbnail-width":85,"post-thumbnail-height":85,"hero":"https:\/\/www.netex.de\/wp-content\/uploads\/Article-8-925x755.png","hero-width":925,"hero-height":755,"background":"https:\/\/www.netex.de\/wp-content\/uploads\/Article-8-1080x535.png","background-width":1080,"background-height":535,"milestone-home":"https:\/\/www.netex.de\/wp-content\/uploads\/Article-8-588x455.png","milestone-home-width":588,"milestone-home-height":455,"milestone-company":"https:\/\/www.netex.de\/wp-content\/uploads\/Article-8-470x300.png","milestone-company-width":470,"milestone-company-height":300,"news-company":"https:\/\/www.netex.de\/wp-content\/uploads\/Article-8-300x180.png","news-company-width":300,"news-company-height":180,"inner":"https:\/\/www.netex.de\/wp-content\/uploads\/Article-8-300x255.png","inner-width":300,"inner-height":255,"gallery":"https:\/\/www.netex.de\/wp-content\/uploads\/Article-8-320x230.png","gallery-width":320,"gallery-height":230,"contact":"https:\/\/www.netex.de\/wp-content\/uploads\/Article-8-95x95.png","contact-width":95,"contact-height":95}},"column_right":"<p style=\"font-size: 1.5em;\"><strong>MITARBEITERANERKENNUNGSTAG<\/strong><\/p>\n<p><strong><span data-sheets-root=\"1\">3 Marta<\/span>\u00a02023<\/strong><\/p>\n<p><span data-sheets-root=\"1\">Dan zahvalnosti zaposlenima je poseban dan koji nam pru\u017ea priliku da poka\u017eemo na\u0161e po\u0161tovanje i zahvalnost za va\u0161 svakodnevni trud.<\/span><\/p>\n<p>I koji bolji na\u010din da to u\u010dinimo nego sa ukusnim kokicama?<\/p>\n<p>U petak, 3. marta, pokazali smo na\u0161u zahvalnost.<\/p>\n<p>HVALA!<\/p>\n"},{"acf_fc_layout":"two_columns","column_left":{"ID":29825,"id":29825,"title":"Article11","filename":"Article11.png","filesize":1362686,"url":"https:\/\/www.netex.de\/wp-content\/uploads\/Article11.png","link":"https:\/\/www.netex.de\/sr\/press\/program-studentske-prakse-u-netex-u-u-saradnji-sa-univerzitetom-u-nisu\/article11-2\/","alt":"","author":"44","description":"","caption":"","name":"article11-2","status":"inherit","uploaded_to":29843,"date":"2024-05-14 14:26:44","modified":"2024-05-14 15:32:13","menu_order":0,"mime_type":"image\/png","type":"image","subtype":"png","icon":"https:\/\/www.netex.de\/wp-includes\/images\/media\/default.png","width":1080,"height":1080,"sizes":{"thumbnail":"https:\/\/www.netex.de\/wp-content\/uploads\/Article11-150x150.png","thumbnail-width":150,"thumbnail-height":150,"medium":"https:\/\/www.netex.de\/wp-content\/uploads\/Article11-300x300.png","medium-width":300,"medium-height":300,"medium_large":"https:\/\/www.netex.de\/wp-content\/uploads\/Article11-768x768.png","medium_large-width":768,"medium_large-height":768,"large":"https:\/\/www.netex.de\/wp-content\/uploads\/Article11-1024x1024.png","large-width":1024,"large-height":1024,"1536x1536":"https:\/\/www.netex.de\/wp-content\/uploads\/Article11-1536x1536.png","1536x1536-width":1536,"1536x1536-height":1536,"2048x2048":"https:\/\/www.netex.de\/wp-content\/uploads\/Article11-2048x2048.png","2048x2048-width":2048,"2048x2048-height":2048,"post-thumbnail":"https:\/\/www.netex.de\/wp-content\/uploads\/Article11-85x85.png","post-thumbnail-width":85,"post-thumbnail-height":85,"hero":"https:\/\/www.netex.de\/wp-content\/uploads\/Article11-925x755.png","hero-width":925,"hero-height":755,"background":"https:\/\/www.netex.de\/wp-content\/uploads\/Article11-1080x535.png","background-width":1080,"background-height":535,"milestone-home":"https:\/\/www.netex.de\/wp-content\/uploads\/Article11-588x455.png","milestone-home-width":588,"milestone-home-height":455,"milestone-company":"https:\/\/www.netex.de\/wp-content\/uploads\/Article11-470x300.png","milestone-company-width":470,"milestone-company-height":300,"news-company":"https:\/\/www.netex.de\/wp-content\/uploads\/Article11-300x180.png","news-company-width":300,"news-company-height":180,"inner":"https:\/\/www.netex.de\/wp-content\/uploads\/Article11-300x255.png","inner-width":300,"inner-height":255,"gallery":"https:\/\/www.netex.de\/wp-content\/uploads\/Article11-320x230.png","gallery-width":320,"gallery-height":230,"contact":"https:\/\/www.netex.de\/wp-content\/uploads\/Article11-95x95.png","contact-width":95,"contact-height":95}},"column_right":"<p style=\"font-size: 1.5em;\"><strong>PROGRAM STUDENTSKE PRAKSE U NETEX-U U SARADNJI SA UNIVERZITETOM U NI\u0160U<\/strong><\/p>\n<p><strong><span data-sheets-root=\"1\">28 Februar<\/span>\u00a02023<\/strong><\/p>\n<p><span data-sheets-root=\"1\">\u017delim da podelim svoje utiske o putovanju u ju\u017enosrpski grad Ni\u0161. Putovanje je odr\u017eano krajem februara. Razlog za putovanje bio je predstavljanje programa studentske prakse koji je Netex implementirao u saradnji sa Univerzitetom u Ni\u0161u.<\/span><\/p>\n<p>Prezentacija je ozna\u010dila poslednji korak u obimnoj saradnji izme\u0111u Netexa i univerziteta, koju je inicirala zaposlenica Netexa, Daniela Randjelovi\u0107. Saradnja je imala za cilj pru\u017eanje mogu\u0107nosti studentima da steknu prakti\u010dno iskustvo u svojoj oblasti studiranja i uspostavljanje veza izme\u0111u univerziteta i Netexa. To bi Netexu omogu\u0107ilo da se pozicionira kao pouzdan potencijalni poslodavac. Ova pri\u010da skicira glavne ta\u010dke prezentacije i pru\u017ea pregled saradnje izme\u0111u Netexa i Univerziteta u Ni\u0161u. Kao kompanija, Netex se sna\u017eno fokusira na obrazovanje i investira u razvoj mladih stru\u010dnjaka. Kao rezultat toga, Netex je razvio program studentske prakse koji ima za cilj pru\u017eanje prakti\u010dnog iskustva studentima u njihovoj oblasti studiranja. Program je dizajniran da studentima pru\u017ei vredno iskustvo koje \u0107e ih pripremiti za radni svet. Program je koncipiran kao hibrid izme\u0111u prevodila\u010dke prakse i prakse digitalnog marketinga i potpuno ga vodi marketing odeljenje Netexa.<\/p>\n<p>Daniela Randjelovi\u0107, zaposlenica Netexa, inicirala je saradnju sa Univerzitetom u Ni\u0161u. Randjelovi\u0107 je sa stra\u0161\u0107u radila u Netexu i verovala je da kompanija mo\u017ee napraviti razliku u \u017eivotima studenata.<\/p>\n<p>Kontaktirala je Ivana Jovanovi\u0107a, profesora francuskog jezika na Filozofskom fakultetu Univerziteta u Ni\u0161u. Jovanovi\u0107 je bio zainteresovan da svojim studentima pru\u017ei prakti\u010dno iskustvo i bio je impresioniran anga\u017eovanjem Netexa u oblasti obrazovanja. Prvi kontakti su uspostavljeni 2022. godine.<\/p>\n<p>Nakon Randjelovi\u0107, uklju\u010dile su se i druge osobe i posetile Ni\u0161 kako bi planirale detalje budu\u0107e saradnje i dodatne poslovne podr\u0161ke. Me\u0111u u\u010desnicima su bile Marija Maru\u0161i\u0107, HR; Katarina Ostoji\u0107, psiholog; i Kristina Jovanovi\u0107, izvr\u0161na direktorka. Organizovali su nekoliko radionica o tome kako napisati CV i kako se pona\u0161ati na intervjuu za posao. Tako\u0111e su u\u010destvovali na sajmu poslova koji je organizovala fakultet.<\/p>\n<p>Program studentske prakse omogu\u0107io je studentima da steknu prakti\u010dno iskustvo u svojoj oblasti studiranja i digitalnom marketingu. Program je bio otvoren za master studente, napredne studente i studente prvog semestra na Univerzitetu u Ni\u0161u. O\u010dekivalo se da studenti imaju \u010dvrstu akademsku osnovu i pravo interesovanje za svoju izabranu oblast studija. Program je omogu\u0107io studentima da rade na stvarnim projektima, u\u010de od iskusnih stru\u010dnjaka i steknu vredno iskustvo koje \u0107e ih pripremiti za radni svet.<\/p>\n<p>Prezentacija programa studentske prakse ozna\u010dila je poslednji korak u saradnji izme\u0111u Netexa i Univerziteta u Ni\u0161u. Odr\u017eana je 28. februara i vodio ju je Zoran Jozi\u0107, \u0161ef marketinga.<\/p>\n<p>Prezentacija je bila dobro pose\u0107ena od strane studenata, profesora i predstavnika Netexa. Obezbedila je pregled saradnje izme\u0111u Netexa i Univerziteta u Ni\u0161u, programa studentske prakse, odgovornosti u\u010desnika i koristi od u\u010de\u0161\u0107a u programu.<\/p>\n<p>Ukratko, saradnja izme\u0111u Netexa i Univerziteta u Ni\u0161u bila je uspe\u0161na. Program studentske prakse pru\u017eio je vredno iskustvo studentima i pomogao u uspostavljanju veza izme\u0111u univerziteta i Netexa.<\/p>\n<p>Prezentacija programa ozna\u010dila je poslednji korak u saradnji i dobro je prihva\u0107ena od svih prisutnih. Netex ostaje posve\u0107en obrazovanju i raduje se nastavku saradnje sa Univerzitetom u Ni\u0161u kako bi studentima pru\u017eio vredno iskustvo koje \u0107e ih pripremiti za radni svet.<\/p>\n<p>Nakon prezentacije, odr\u017ean je neformalan sastanak izme\u0111u Ivana Jovanovi\u0107a i Jasminke \u0110or\u0111evi\u0107, profesora na Univerzitetu u Ni\u0161u, kao i Marije Malu\u0161i\u0107 i Zorana Jozi\u0107a, koji su predstavljali Netex. U srda\u010dnoj komunikaciji dogovoreno je da je prezentacija bila uspe\u0161na i da \u0107e u narednim godinama biti temelj budu\u0107e saradnje izme\u0111u dve strane.<\/p>\n"},{"acf_fc_layout":"two_columns","column_left":{"ID":29781,"id":29781,"title":"Article10","filename":"Article10.jpg","filesize":316483,"url":"https:\/\/www.netex.de\/wp-content\/uploads\/Article10.jpg","link":"https:\/\/www.netex.de\/sr\/press\/skunkworks-teambuilding-u-berlinu\/article10-2\/","alt":"","author":"44","description":"","caption":"","name":"article10-2","status":"inherit","uploaded_to":29797,"date":"2024-05-14 13:30:24","modified":"2024-05-14 13:50:11","menu_order":0,"mime_type":"image\/jpeg","type":"image","subtype":"jpeg","icon":"https:\/\/www.netex.de\/wp-includes\/images\/media\/default.png","width":1080,"height":1080,"sizes":{"thumbnail":"https:\/\/www.netex.de\/wp-content\/uploads\/Article10-150x150.jpg","thumbnail-width":150,"thumbnail-height":150,"medium":"https:\/\/www.netex.de\/wp-content\/uploads\/Article10-300x300.jpg","medium-width":300,"medium-height":300,"medium_large":"https:\/\/www.netex.de\/wp-content\/uploads\/Article10-768x768.jpg","medium_large-width":768,"medium_large-height":768,"large":"https:\/\/www.netex.de\/wp-content\/uploads\/Article10-1024x1024.jpg","large-width":1024,"large-height":1024,"1536x1536":"https:\/\/www.netex.de\/wp-content\/uploads\/Article10-1536x1536.jpg","1536x1536-width":1536,"1536x1536-height":1536,"2048x2048":"https:\/\/www.netex.de\/wp-content\/uploads\/Article10-2048x2048.jpg","2048x2048-width":2048,"2048x2048-height":2048,"post-thumbnail":"https:\/\/www.netex.de\/wp-content\/uploads\/Article10-85x85.jpg","post-thumbnail-width":85,"post-thumbnail-height":85,"hero":"https:\/\/www.netex.de\/wp-content\/uploads\/Article10-925x755.jpg","hero-width":925,"hero-height":755,"background":"https:\/\/www.netex.de\/wp-content\/uploads\/Article10-1080x535.jpg","background-width":1080,"background-height":535,"milestone-home":"https:\/\/www.netex.de\/wp-content\/uploads\/Article10-588x455.jpg","milestone-home-width":588,"milestone-home-height":455,"milestone-company":"https:\/\/www.netex.de\/wp-content\/uploads\/Article10-470x300.jpg","milestone-company-width":470,"milestone-company-height":300,"news-company":"https:\/\/www.netex.de\/wp-content\/uploads\/Article10-300x180.jpg","news-company-width":300,"news-company-height":180,"inner":"https:\/\/www.netex.de\/wp-content\/uploads\/Article10-300x255.jpg","inner-width":300,"inner-height":255,"gallery":"https:\/\/www.netex.de\/wp-content\/uploads\/Article10-320x230.jpg","gallery-width":320,"gallery-height":230,"contact":"https:\/\/www.netex.de\/wp-content\/uploads\/Article10-95x95.jpg","contact-width":95,"contact-height":95}},"column_right":"<p style=\"font-size: 1.5em;\"><strong>SKUNKWORKS TEAMBUILDING U BERLINU<\/strong><\/p>\n<p><strong>23 Februar 2023<\/strong><\/p>\n<p><span data-sheets-root=\"1\">Timbilding koji smo imali u Berlinu sa kolegama iz Javashops tima bio je divno iskustvo. Imali smo priliku da se sastanemo sa kolegama iz Nema\u010dke, iz Delticoma, i da provedemo vreme zajedno u Berlinu. Posetili smo E-trgovinsku izlo\u017ebu u Berlinu, gde smo prisustvovali zanimljivim prezentacijama trgova\u010dkih marki i tehnolo\u0161kih kompanija.<\/span><\/p>\n<p>Posebno sam bio impresioniran prezentacijom Meta o Metaverse-u. Iako je tema prili\u010dno kompleksna, veoma dobro sam razumeo prezentaciju i bio sam odu\u0161evljen \u0161to sam nau\u010dio vi\u0161e o ovoj tehnologiji. Prezentacija Allegro-a tako\u0111e mi je pomogla da bolje razumem proces prodaje na toj platformi i dala mi nove perspektive na ovom tr\u017ei\u0161tu.<\/p>\n<p>Poslednja prezentacija bavila se Google Analytics 4, gde sam imao priliku da razjasnim neke stvari koje su me zanimale. Ova prezentacija je bila veoma korisna i nau\u010dio sam mnogo novih stvari.<\/p>\n<p>Ukratko, timbilding koji smo imali u Berlinu sa kolegama iz Javashops tima bio je divno iskustvo. Zaista mi je bilo zadovoljstvo upoznati kolege, provesti vreme zajedno u Berlinu i do\u017eiveti ovo prijatno iskustvo na E-trgovinskoj izlo\u017ebi u Berlinu. Prezentacije su bile interesantne, a informacije koje smo dobili veoma korisne. Nadam se da \u0107emo imati priliku da u budu\u0107nosti u\u010destvujemo na sli\u010dnim doga\u0111ajima.<\/p>\n"},{"acf_fc_layout":"two_columns","column_left":{"ID":29741,"id":29741,"title":"Article9","filename":"Article9.png","filesize":813643,"url":"https:\/\/www.netex.de\/wp-content\/uploads\/Article9.png","link":"https:\/\/www.netex.de\/sr\/press\/netex-istrazuje-madarsko-e-trgovinsko-trziste-u-budimpesti\/article9-2\/","alt":"","author":"44","description":"","caption":"","name":"article9-2","status":"inherit","uploaded_to":29754,"date":"2024-05-13 17:05:24","modified":"2024-05-13 17:25:35","menu_order":0,"mime_type":"image\/png","type":"image","subtype":"png","icon":"https:\/\/www.netex.de\/wp-includes\/images\/media\/default.png","width":1080,"height":1080,"sizes":{"thumbnail":"https:\/\/www.netex.de\/wp-content\/uploads\/Article9-150x150.png","thumbnail-width":150,"thumbnail-height":150,"medium":"https:\/\/www.netex.de\/wp-content\/uploads\/Article9-300x300.png","medium-width":300,"medium-height":300,"medium_large":"https:\/\/www.netex.de\/wp-content\/uploads\/Article9-768x768.png","medium_large-width":768,"medium_large-height":768,"large":"https:\/\/www.netex.de\/wp-content\/uploads\/Article9-1024x1024.png","large-width":1024,"large-height":1024,"1536x1536":"https:\/\/www.netex.de\/wp-content\/uploads\/Article9-1536x1536.png","1536x1536-width":1536,"1536x1536-height":1536,"2048x2048":"https:\/\/www.netex.de\/wp-content\/uploads\/Article9-2048x2048.png","2048x2048-width":2048,"2048x2048-height":2048,"post-thumbnail":"https:\/\/www.netex.de\/wp-content\/uploads\/Article9-85x85.png","post-thumbnail-width":85,"post-thumbnail-height":85,"hero":"https:\/\/www.netex.de\/wp-content\/uploads\/Article9-925x755.png","hero-width":925,"hero-height":755,"background":"https:\/\/www.netex.de\/wp-content\/uploads\/Article9-1080x535.png","background-width":1080,"background-height":535,"milestone-home":"https:\/\/www.netex.de\/wp-content\/uploads\/Article9-588x455.png","milestone-home-width":588,"milestone-home-height":455,"milestone-company":"https:\/\/www.netex.de\/wp-content\/uploads\/Article9-470x300.png","milestone-company-width":470,"milestone-company-height":300,"news-company":"https:\/\/www.netex.de\/wp-content\/uploads\/Article9-300x180.png","news-company-width":300,"news-company-height":180,"inner":"https:\/\/www.netex.de\/wp-content\/uploads\/Article9-300x255.png","inner-width":300,"inner-height":255,"gallery":"https:\/\/www.netex.de\/wp-content\/uploads\/Article9-320x230.png","gallery-width":320,"gallery-height":230,"contact":"https:\/\/www.netex.de\/wp-content\/uploads\/Article9-95x95.png","contact-width":95,"contact-height":95}},"column_right":"<p style=\"font-size: 1.5em;\"><b>NETEX ISTRA\u017dUJE MA\u0110ARSKO E-TRGOVINSKO TR\u017dI\u0160TE U BUDIMPE\u0160TI<\/b><\/p>\n<p><strong> 22 Februar 2023<\/strong><\/p>\n<p><span data-sheets-root=\"1\">Budimpe\u0161ta, Ma\u0111arska &#8211; Nedavno je Netex prisustvovao va\u017enom industrijskom doga\u0111aju u Budimpe\u0161ti. Radu Cre\u021bu i Train Pop, predstavnici Netexa, bili su me\u0111u prisutnima na doga\u0111aju koji je okupio sve glavne aktere ma\u0111arskog tr\u017ei\u0161ta e-trgovine.<\/span><\/p>\n<p>U\u010de\u0161\u0107e Netexa na ovom doga\u0111aju bilo je usmereno na sticanje vrednih uvida o ma\u0111arskom tr\u017ei\u0161tu i istra\u017eivanje regionalnih transportnih opcija. Tako\u0111e, kompanija je \u017eelela uspostaviti nove kontakte s lokalnim poslovnim subjektima kako bi pove\u0107ala svoje prisustvo na ma\u0111arskom tr\u017ei\u0161tu.<\/p>\n<p>Netex je tokom doga\u0111aja uspostavio nove poslovne veze s lokalnom marketin\u0161kom agencijom. To \u0107e kompaniji pru\u017eiti neprocenjivu pomo\u0107 u snala\u017eenju kroz slo\u017eenosti ma\u0111arskog tr\u017ei\u0161ta i razvijanju efikasnih marketin\u0161kih strategija za anga\u017eovanje lokalnih potro\u0161a\u010da.<\/p>\n<p>Transport je bio jo\u0161 jedan klju\u010dni aspekt za Netex, a doga\u0111aj je pru\u017eio priliku za istra\u017eivanje transportnih opcija u regiji. S obzirom na svoju centralnu lokaciju i dobro razvijenu infrastrukturu, Budimpe\u0161ta predstavlja idealan \u010dvor za e-trgovinske kompanije koje \u017eele pro\u0161iriti svoj doseg u okolne zemlje.<\/p>\n<p>Ukupno gledano, u\u010de\u0161\u0107e Netexa na doga\u0111aju bilo je produktivno i uspe\u0161no poslovno putovanje. Sticanjem vrednih uvida o ma\u0111arskom tr\u017ei\u0161tu, uspostavljanjem novih kontakata s lokalnim poslovnim subjektima i istra\u017eivanjem transportnih opcija, Netex je sada dobro opremljen za pove\u0107anje svoje regionalne prisutnosti i \u0161irenje poslovanja u Ma\u0111arskoj.<\/p>\n<p>Ovaj doga\u0111aj isti\u010de va\u017enost u\u010de\u0161\u0107a na industrijskim skupovima i umre\u017eavanja s lokalnim poslovnim subjektima pri nastojanju da se pro\u0161iri na nove tr\u017ei\u0161te. Kako globalna e-trgovina nastavlja rasti, kompanije moraju biti informisane o najnovijim trendovima i razvoju kako bi ostale konkurentne i uspe\u0161no se \u0161irile na nove regije. U\u010de\u0161\u0107e Netexa na ovom doga\u0111aju pokazuje njegovu predanost rastu i odlu\u010dnost da uspe na ma\u0111arskom tr\u017ei\u0161tu.<\/p>\n"},{"acf_fc_layout":"two_columns","column_left":false,"column_right":"<p style=\"font-size: 1.5em;\"><b>O\u010cUVANJE SERTIFIKACIJE ISO 27001:2013<\/b><\/p>\n<p><strong>17 Januar 2023<\/strong><\/p>\n<p><span data-sheets-root=\"1\">16. i 17. januara odr\u017eana je spoljna provera na\u0161ih praksi u vezi sa informacionom sigurno\u0161\u0107u. Audit je sproveden na daljinu. Spoljni revizori su proveli dva dana proveravaju\u0107i uskla\u0111enost na\u0161ih procesa sa zakonskim i normativnim zahtevima. Pro\u0161li smo audit bez zna\u010dajnih odstupanja. Me\u0111utim, dobili smo preporuke o tome kako sistem mo\u017ee biti dodatno unapre\u0111en na osnovu preporuka revizora.<\/span><\/p>\n<p>Na\u0161 sertifikat je produ\u017een za jo\u0161 jednu godinu.<\/p>\n<p>Po\u0161to je odr\u017eavanje sistema upravljanja informacionom sigurno\u0161\u0107u kontinuirani proces, slede\u0107e godine \u0107e se odr\u017eati audit za recertifikaciju, tokom kojeg \u0107e na\u0161i procesi biti pregledani da bi se dokazalo da su va\u017ene informacije s kojima radimo dobro za\u0161ti\u0107ene.<\/p>\n<p>Sistem upravljanja informacionom sigurno\u0161\u0107u sastoji se od politika, procedura, procesa i IT sistema koji upravljaju rizicima informacione sigurnosti kao \u0161to su sajber napadi, hakerski napadi, curenja podataka ili kra\u0111a. Sticanjem ISO 27001 sertifikata i prolaskom auditima koji sprovode spoljni stru\u010dnjaci, dokazujemo da primenjujemo najbolje prakse u upravljanju informacionom sigurno\u0161\u0107u.<\/p>\n<p>Po\u0161tovanjem postoje\u0107ih praksi mo\u017eemo adekvatno reagovati na incidente, izbe\u0107i finansijske gubitke povezane sa incidentima sa podacima i ispuniti poslovne, pravne i ugovorne zahteve. Pored za\u0161tite va\u017enih informacija, prednosti ISO 27001 sertifikata uklju\u010duju za\u0161titu i pobolj\u0161anje na\u0161eg tr\u017ei\u0161nog ugleda, pobolj\u0161anje odnosa sa postoje\u0107im klijentima, kao i pove\u0107anje na\u0161e konkurentnosti na tr\u017ei\u0161tu i privla\u010denje novih klijenata.<\/p>\n"},{"acf_fc_layout":"two_columns","column_left":{"ID":29382,"id":29382,"title":"Article6","filename":"Article6.png","filesize":1209775,"url":"https:\/\/www.netex.de\/wp-content\/uploads\/Article6.png","link":"https:\/\/www.netex.de\/sr\/press\/10-15-i-20-godina-u-netexu-2\/article6-2\/","alt":"","author":"44","description":"","caption":"","name":"article6-2","status":"inherit","uploaded_to":29396,"date":"2024-05-07 10:31:54","modified":"2024-05-07 10:44:33","menu_order":0,"mime_type":"image\/png","type":"image","subtype":"png","icon":"https:\/\/www.netex.de\/wp-includes\/images\/media\/default.png","width":1080,"height":1080,"sizes":{"thumbnail":"https:\/\/www.netex.de\/wp-content\/uploads\/Article6-150x150.png","thumbnail-width":150,"thumbnail-height":150,"medium":"https:\/\/www.netex.de\/wp-content\/uploads\/Article6-300x300.png","medium-width":300,"medium-height":300,"medium_large":"https:\/\/www.netex.de\/wp-content\/uploads\/Article6-768x768.png","medium_large-width":768,"medium_large-height":768,"large":"https:\/\/www.netex.de\/wp-content\/uploads\/Article6-1024x1024.png","large-width":1024,"large-height":1024,"1536x1536":"https:\/\/www.netex.de\/wp-content\/uploads\/Article6-1536x1536.png","1536x1536-width":1536,"1536x1536-height":1536,"2048x2048":"https:\/\/www.netex.de\/wp-content\/uploads\/Article6-2048x2048.png","2048x2048-width":2048,"2048x2048-height":2048,"post-thumbnail":"https:\/\/www.netex.de\/wp-content\/uploads\/Article6-85x85.png","post-thumbnail-width":85,"post-thumbnail-height":85,"hero":"https:\/\/www.netex.de\/wp-content\/uploads\/Article6-925x755.png","hero-width":925,"hero-height":755,"background":"https:\/\/www.netex.de\/wp-content\/uploads\/Article6-1080x535.png","background-width":1080,"background-height":535,"milestone-home":"https:\/\/www.netex.de\/wp-content\/uploads\/Article6-588x455.png","milestone-home-width":588,"milestone-home-height":455,"milestone-company":"https:\/\/www.netex.de\/wp-content\/uploads\/Article6-470x300.png","milestone-company-width":470,"milestone-company-height":300,"news-company":"https:\/\/www.netex.de\/wp-content\/uploads\/Article6-300x180.png","news-company-width":300,"news-company-height":180,"inner":"https:\/\/www.netex.de\/wp-content\/uploads\/Article6-300x255.png","inner-width":300,"inner-height":255,"gallery":"https:\/\/www.netex.de\/wp-content\/uploads\/Article6-320x230.png","gallery-width":320,"gallery-height":230,"contact":"https:\/\/www.netex.de\/wp-content\/uploads\/Article6-95x95.png","contact-width":95,"contact-height":95}},"column_right":"<p style=\"font-size: 1.5em;\"><b>23 GODINE NETEXA<\/b><\/p>\n<p><strong>27 Januar 2022<\/strong><\/p>\n<p><span data-sheets-root=\"1\">Netex je u januaru proslavio 23 godine od svog osnivanja. Tokom svih ovih godina, Netex je neprekidno tra\u017eio nove mogu\u0107nosti i tehni\u010dka re\u0161enja kako bi se stalno pobolj\u0161avao i pru\u017eao svojim klijentima najbolju mogu\u0107u uslugu. Na\u0161a misija je da podr\u017eimo uspeh online preduze\u0107a \u0161irom sveta kroz na\u0161e high-tech proizvode i strate\u0161ku automatizaciju. Na\u0161e usluge su dizajnirane da pove\u0107aju anga\u017eovanost klijenata, pove\u0107aju prihode i pro\u0161ire poslovanje na\u0161ih klijenata. Poma\u017eemo u uspostavljanju veze izme\u0111u krajnjih kupaca i proizvoda ili usluga koje na\u0161i klijenti prodaju preko interneta. Na\u0161 cilj je oduvek bio da stvorimo pogodno okru\u017eenje za razvoj svakog novog zaposlenog, kako bismo im pomogli da profesionalno rastu i steknu nove profesionalne ve\u0161tine.<\/span><\/p>\n<p>\u017delimo iskoristiti ovu priliku da zahvalimo svima koji su se odlu\u010dili da budu deo Netex tima! Hvala za 23 godine, i radujemo se mnogim narednim! Sre\u0107an ro\u0111endan, Netex!<\/p>\n"},{"acf_fc_layout":"two_columns","column_left":{"ID":29314,"id":29314,"title":"Article5","filename":"Article5.png","filesize":1716652,"url":"https:\/\/www.netex.de\/wp-content\/uploads\/Article5.png","link":"https:\/\/www.netex.de\/sr\/press\/10-15-i-20-godina-u-netexu\/article5-2\/","alt":"","author":"44","description":"","caption":"","name":"article5-2","status":"inherit","uploaded_to":29325,"date":"2024-04-26 11:09:30","modified":"2024-04-26 11:12:30","menu_order":0,"mime_type":"image\/png","type":"image","subtype":"png","icon":"https:\/\/www.netex.de\/wp-includes\/images\/media\/default.png","width":1080,"height":1080,"sizes":{"thumbnail":"https:\/\/www.netex.de\/wp-content\/uploads\/Article5-150x150.png","thumbnail-width":150,"thumbnail-height":150,"medium":"https:\/\/www.netex.de\/wp-content\/uploads\/Article5-300x300.png","medium-width":300,"medium-height":300,"medium_large":"https:\/\/www.netex.de\/wp-content\/uploads\/Article5-768x768.png","medium_large-width":768,"medium_large-height":768,"large":"https:\/\/www.netex.de\/wp-content\/uploads\/Article5-1024x1024.png","large-width":1024,"large-height":1024,"1536x1536":"https:\/\/www.netex.de\/wp-content\/uploads\/Article5-1536x1536.png","1536x1536-width":1536,"1536x1536-height":1536,"2048x2048":"https:\/\/www.netex.de\/wp-content\/uploads\/Article5-2048x2048.png","2048x2048-width":2048,"2048x2048-height":2048,"post-thumbnail":"https:\/\/www.netex.de\/wp-content\/uploads\/Article5-85x85.png","post-thumbnail-width":85,"post-thumbnail-height":85,"hero":"https:\/\/www.netex.de\/wp-content\/uploads\/Article5-925x755.png","hero-width":925,"hero-height":755,"background":"https:\/\/www.netex.de\/wp-content\/uploads\/Article5-1080x535.png","background-width":1080,"background-height":535,"milestone-home":"https:\/\/www.netex.de\/wp-content\/uploads\/Article5-588x455.png","milestone-home-width":588,"milestone-home-height":455,"milestone-company":"https:\/\/www.netex.de\/wp-content\/uploads\/Article5-470x300.png","milestone-company-width":470,"milestone-company-height":300,"news-company":"https:\/\/www.netex.de\/wp-content\/uploads\/Article5-300x180.png","news-company-width":300,"news-company-height":180,"inner":"https:\/\/www.netex.de\/wp-content\/uploads\/Article5-300x255.png","inner-width":300,"inner-height":255,"gallery":"https:\/\/www.netex.de\/wp-content\/uploads\/Article5-320x230.png","gallery-width":320,"gallery-height":230,"contact":"https:\/\/www.netex.de\/wp-content\/uploads\/Article5-95x95.png","contact-width":95,"contact-height":95}},"column_right":"<p style=\"font-size: 1.5em;\"><b>10, 15 I 20 GODINA U NETEXU<\/b><\/p>\n<p><strong>10 Decembar 2022<\/strong><\/p>\n<p><span data-sheets-root=\"1\">Sa zadovoljstvom objavljujemo da su neki od na\u0161ih zaposlenih u Netexu postigli va\u017ene jubileje u kompaniji. Na\u0161i kolege su posvetili 10, 15 i 20 godina svoje karijere Netexu i zaslu\u017euju da budu proslavljeni za svoj izuzetan rad i posve\u0107enost kompaniji.<\/span><\/p>\n<p>Ovi jubileji su za nas posebna prilika da zahvalimo na\u0161im kolegama na njihovom trudu i doprinosu uspehu Netexa. Igrali su va\u017enu ulogu u tome da nam pomognu da ostvarimo na\u0161e ciljeve i izgradimo sna\u017enu, uspe\u0161nu organizaciju.<\/p>\n<p>\u017delimo na\u0161im kolegama sve najbolje u narednim godinama i nadamo se da \u0107emo ih jo\u0161 dugo videti u na\u0161em timu. Hvala vam za sve \u0161to ste u\u010dinili i zahvalni smo za va\u0161u posve\u0107enost Netexu.<\/p>\n"},{"acf_fc_layout":"two_columns","column_left":{"ID":29260,"id":29260,"title":"Article4","filename":"Article4.png","filesize":2326736,"url":"https:\/\/www.netex.de\/wp-content\/uploads\/Article4.png","link":"https:\/\/www.netex.de\/sr\/press\/nove-avanture-sa-menadzment-timom\/article4-2\/","alt":"","author":"44","description":"","caption":"","name":"article4-2","status":"inherit","uploaded_to":29279,"date":"2024-04-26 09:57:06","modified":"2024-04-26 10:15:40","menu_order":0,"mime_type":"image\/png","type":"image","subtype":"png","icon":"https:\/\/www.netex.de\/wp-includes\/images\/media\/default.png","width":1080,"height":1080,"sizes":{"thumbnail":"https:\/\/www.netex.de\/wp-content\/uploads\/Article4-150x150.png","thumbnail-width":150,"thumbnail-height":150,"medium":"https:\/\/www.netex.de\/wp-content\/uploads\/Article4-300x300.png","medium-width":300,"medium-height":300,"medium_large":"https:\/\/www.netex.de\/wp-content\/uploads\/Article4-768x768.png","medium_large-width":768,"medium_large-height":768,"large":"https:\/\/www.netex.de\/wp-content\/uploads\/Article4-1024x1024.png","large-width":1024,"large-height":1024,"1536x1536":"https:\/\/www.netex.de\/wp-content\/uploads\/Article4-1536x1536.png","1536x1536-width":1536,"1536x1536-height":1536,"2048x2048":"https:\/\/www.netex.de\/wp-content\/uploads\/Article4-2048x2048.png","2048x2048-width":2048,"2048x2048-height":2048,"post-thumbnail":"https:\/\/www.netex.de\/wp-content\/uploads\/Article4-85x85.png","post-thumbnail-width":85,"post-thumbnail-height":85,"hero":"https:\/\/www.netex.de\/wp-content\/uploads\/Article4-925x755.png","hero-width":925,"hero-height":755,"background":"https:\/\/www.netex.de\/wp-content\/uploads\/Article4-1080x535.png","background-width":1080,"background-height":535,"milestone-home":"https:\/\/www.netex.de\/wp-content\/uploads\/Article4-588x455.png","milestone-home-width":588,"milestone-home-height":455,"milestone-company":"https:\/\/www.netex.de\/wp-content\/uploads\/Article4-470x300.png","milestone-company-width":470,"milestone-company-height":300,"news-company":"https:\/\/www.netex.de\/wp-content\/uploads\/Article4-300x180.png","news-company-width":300,"news-company-height":180,"inner":"https:\/\/www.netex.de\/wp-content\/uploads\/Article4-300x255.png","inner-width":300,"inner-height":255,"gallery":"https:\/\/www.netex.de\/wp-content\/uploads\/Article4-320x230.png","gallery-width":320,"gallery-height":230,"contact":"https:\/\/www.netex.de\/wp-content\/uploads\/Article4-95x95.png","contact-width":95,"contact-height":95}},"column_right":"<p style=\"font-size: 1.5em;\"><b>NOVE AVANTURE SA MENAD\u017dMENT TIMOM<\/b><\/p>\n<p><b>31 juna 2022.<\/b><\/p>\n<p><span data-sheets-root=\"1\">Timbilding pobolj\u0161ava efikasnost i performanse radne grupe kroz razli\u010dite aktivnosti. Ove aktivnosti zahtevaju mnoge ve\u0161tine, analizu i posmatranje kako bi se formirao \u010dvrst i sposoban tim.<\/span><\/p>\n<p>Timbilding menad\u017ement tima odr\u017ean je od 29. do 31. jula 2022. godine, i 25 hrabrih kolega je u\u010destvovalo :-).<\/p>\n<p>U petak, 29. jula, sastali smo se u hotelu &#8211; Pensiunea Retezat, gde smo imali sme\u0161taj i ru\u010dak, a poslepodne smo dokazali na\u0161e avanturisti\u010dke sposobnosti u avanturisti\u010dkom parku. Bilo je tri nivoa te\u017eine i svaki kolega je mogao da izabere jedan. Uve\u010de smo razmenili utiske i u\u017eivali u zajedni\u010dkom vremenu pored logorske vatre.<\/p>\n<p>Glavna aktivnost u subotu bila je planinarenje. Nekim kolegama se to svidelo, ali drugi su smatrali da je veoma te\u0161ko. Najva\u017enije je bilo to \u0161to smo tu aktivnost izveli kao tim. Pomagali smo jedni drugima. Ohrabrivali smo one koji su rekli da ne mogu da stignu do kraja, i&#8230; u\u017eivali smo u divnom pogledu, okru\u017eeni planinama. Nakon planinarenja imali smo vreme da se opustimo pored bazena.<\/p>\n"},{"acf_fc_layout":"two_columns","column_left":{"ID":26476,"id":26476,"title":"Team buildings","filename":"Team-buildings.png","filesize":1891158,"url":"https:\/\/www.netex.de\/wp-content\/uploads\/Team-buildings.png","link":"https:\/\/www.netex.de\/sr\/compa\/team-buildings-2\/","alt":"","author":"1","description":"","caption":"","name":"team-buildings-2","status":"inherit","uploaded_to":6025,"date":"2022-08-17 11:02:02","modified":"2022-08-17 11:02:02","menu_order":0,"mime_type":"image\/png","type":"image","subtype":"png","icon":"https:\/\/www.netex.de\/wp-includes\/images\/media\/default.png","width":1080,"height":1080,"sizes":{"thumbnail":"https:\/\/www.netex.de\/wp-content\/uploads\/Team-buildings-150x150.png","thumbnail-width":150,"thumbnail-height":150,"medium":"https:\/\/www.netex.de\/wp-content\/uploads\/Team-buildings-300x300.png","medium-width":300,"medium-height":300,"medium_large":"https:\/\/www.netex.de\/wp-content\/uploads\/Team-buildings-768x768.png","medium_large-width":768,"medium_large-height":768,"large":"https:\/\/www.netex.de\/wp-content\/uploads\/Team-buildings-1024x1024.png","large-width":1024,"large-height":1024,"1536x1536":"https:\/\/www.netex.de\/wp-content\/uploads\/Team-buildings-1536x1536.png","1536x1536-width":1536,"1536x1536-height":1536,"2048x2048":"https:\/\/www.netex.de\/wp-content\/uploads\/Team-buildings-2048x2048.png","2048x2048-width":2048,"2048x2048-height":2048,"post-thumbnail":"https:\/\/www.netex.de\/wp-content\/uploads\/Team-buildings-85x85.png","post-thumbnail-width":85,"post-thumbnail-height":85,"hero":"https:\/\/www.netex.de\/wp-content\/uploads\/Team-buildings-925x755.png","hero-width":925,"hero-height":755,"background":"https:\/\/www.netex.de\/wp-content\/uploads\/Team-buildings-1080x535.png","background-width":1080,"background-height":535,"milestone-home":"https:\/\/www.netex.de\/wp-content\/uploads\/Team-buildings-588x455.png","milestone-home-width":588,"milestone-home-height":455,"milestone-company":"https:\/\/www.netex.de\/wp-content\/uploads\/Team-buildings-470x300.png","milestone-company-width":470,"milestone-company-height":300,"news-company":"https:\/\/www.netex.de\/wp-content\/uploads\/Team-buildings-300x180.png","news-company-width":300,"news-company-height":180,"inner":"https:\/\/www.netex.de\/wp-content\/uploads\/Team-buildings-300x255.png","inner-width":300,"inner-height":255,"gallery":"https:\/\/www.netex.de\/wp-content\/uploads\/Team-buildings-320x230.png","gallery-width":320,"gallery-height":230,"contact":"https:\/\/www.netex.de\/wp-content\/uploads\/Team-buildings-95x95.png","contact-width":95,"contact-height":95}},"column_right":"<p style=\"font-size: 1.5em;\"><b>2022 &#8211; godina okupljanja<\/b><\/p>\n<p><b>07. juna 2022.<\/b><\/p>\n<p>Ova godina je obele\u017eena tim bildingom. Netex odeljenja su se okupila, omoguc\u0301avajuc\u0301i kolegama da se upoznaju i stvore lepe uspomene.<br \/>\nIzraz &#8222;tim building&#8220; je izveden od re\u010di &#8222;tim&#8220;. On okuplja ljude podsti\u010duc\u0301i saradnju i timski rad. Cilj je formiranje tima koji efikasno radi na zajedni\u010dkom cilju stvaranjem veza i odnosa. Jedinstven tim obezbe\u0111uje produktivnost i dobro radno okru\u017eenje. Uspe\u0161an tim bilding uklju\u010duje svakog u\u010desnika u svet igre, razvoja i upoznavanja osobe koja sedi pored vas.<br \/>\nAktivnosti kao \u0161to su rafting, paintball, biciklizam, grn\u010darija, escape room i strelja\u0161tvo bile su ve\u017ebe koje su svakog od nas izvele iz na\u0161e zone komfora i nau\u010dile nas ne\u010demu novom o sebi, ali i va\u017enosti komunikacije i poverenja u na\u0161e saigra\u010de. Vec\u0301 se radujemo sledec\u0301oj tim bilding sezoni!<\/p>\n"},{"acf_fc_layout":"two_columns","column_left":{"ID":26512,"id":26512,"title":"usa","filename":"usa-e1660809254895.png","filesize":1470823,"url":"https:\/\/www.netex.de\/wp-content\/uploads\/usa-e1660809254895.png","link":"https:\/\/www.netex.de\/sr\/compa\/usa-2\/","alt":"","author":"3","description":"","caption":"","name":"usa-2","status":"inherit","uploaded_to":6025,"date":"2022-08-18 06:59:40","modified":"2026-02-10 07:48:18","menu_order":0,"mime_type":"image\/png","type":"image","subtype":"png","icon":"https:\/\/www.netex.de\/wp-includes\/images\/media\/default.png","width":1080,"height":936,"sizes":{"thumbnail":"https:\/\/www.netex.de\/wp-content\/uploads\/usa-e1660814335931-150x150.png","thumbnail-width":150,"thumbnail-height":150,"medium":"https:\/\/www.netex.de\/wp-content\/uploads\/usa-e1660814335931-300x260.png","medium-width":300,"medium-height":260,"medium_large":"https:\/\/www.netex.de\/wp-content\/uploads\/usa-e1660814335931-768x666.png","medium_large-width":768,"medium_large-height":666,"large":"https:\/\/www.netex.de\/wp-content\/uploads\/usa-e1660814335931-1024x887.png","large-width":1024,"large-height":887,"1536x1536":"https:\/\/www.netex.de\/wp-content\/uploads\/usa-e1660814335931-1536x1331.png","1536x1536-width":1536,"1536x1536-height":1331,"2048x2048":"https:\/\/www.netex.de\/wp-content\/uploads\/usa-e1660814335931-2048x1774.png","2048x2048-width":2048,"2048x2048-height":1774,"post-thumbnail":"https:\/\/www.netex.de\/wp-content\/uploads\/usa-e1660814335931-85x85.png","post-thumbnail-width":85,"post-thumbnail-height":85,"hero":"https:\/\/www.netex.de\/wp-content\/uploads\/usa-e1660814335931-925x755.png","hero-width":925,"hero-height":755,"background":"https:\/\/www.netex.de\/wp-content\/uploads\/usa-e1660814335931-1080x535.png","background-width":1080,"background-height":535,"milestone-home":"https:\/\/www.netex.de\/wp-content\/uploads\/usa-e1660814335931-588x455.png","milestone-home-width":588,"milestone-home-height":455,"milestone-company":"https:\/\/www.netex.de\/wp-content\/uploads\/usa-e1660814335931-470x300.png","milestone-company-width":470,"milestone-company-height":300,"news-company":"https:\/\/www.netex.de\/wp-content\/uploads\/usa-e1660814335931-300x180.png","news-company-width":300,"news-company-height":180,"inner":"https:\/\/www.netex.de\/wp-content\/uploads\/usa-e1660814335931-300x255.png","inner-width":300,"inner-height":255,"gallery":"https:\/\/www.netex.de\/wp-content\/uploads\/usa-e1660814335931-320x230.png","gallery-width":320,"gallery-height":230,"contact":"https:\/\/www.netex.de\/wp-content\/uploads\/usa-e1660814335931-95x95.png","contact-width":95,"contact-height":95}},"column_right":"<p style=\"font-size: 1.5em;\"><b>UnlockUSA &#8211; SIBB delegacija na isto\u010dnoj obali<\/b><\/p>\n<p><b>02. maja 2022.<\/b><\/p>\n<p>SAD su trenutno odli\u010dna prilika za investitore da razviju i unaprede svoje poslovanje. Zajedno sa jo\u0161 17 kompanija iz Nema\u010dke, Netex je u\u010destvovao u delegacijskom putovanju u SAD u organizaciji SIBB Berlin. Glavni ciljevi putovanja bili su izgradnja poslovnih mre\u017ea i pronala\u017eenje partnera za buduc\u0301a pro\u0161irenja ili ulaganja.<br \/>\nAndreea Kremm predstavila je usluge koje Netex nudi buduc\u0301im partnerima.<br \/>\nDelegacija je posetila Va\u0161ington, Vird\u017einiju, Ferfaks, Filadelfiju i Njujork. Netex je odlu\u010dio da se pro\u0161iri u SAD i otvoric\u0301e kancelariju u Filadelfiji. Vec\u0301 imamo dva nova klijenta iz SAD i radujemo se \u0161to c\u0301emo mo\u0107i dodati jo\u0161 mnogo klijenata. Na\u0161 novi ameri\u010dki prodajni tim bic\u0301e odgovoran za servisiranje ove nove grane Netex-ovog poslovanja.<\/p>\n"},{"acf_fc_layout":"two_columns","column_left":{"ID":26081,"id":26081,"title":"3","filename":"3.jpg","filesize":0,"url":"https:\/\/www.netex.de\/wp-content\/uploads\/3.jpg","link":"https:\/\/www.netex.de\/sr\/compa\/3-2\/","alt":"","author":"3","description":"","caption":"","name":"3-2","status":"inherit","uploaded_to":6025,"date":"2022-03-24 10:22:08","modified":"2022-03-24 10:22:08","menu_order":0,"mime_type":"image\/jpeg","type":"image","subtype":"jpeg","icon":"https:\/\/www.netex.de\/wp-includes\/images\/media\/default.png","width":300,"height":255,"sizes":{"thumbnail":"https:\/\/www.netex.de\/wp-content\/uploads\/3-150x150.jpg","thumbnail-width":150,"thumbnail-height":150,"medium":"https:\/\/www.netex.de\/wp-content\/uploads\/3.jpg","medium-width":300,"medium-height":255,"medium_large":"https:\/\/www.netex.de\/wp-content\/uploads\/3-768x652.jpg","medium_large-width":768,"medium_large-height":652,"large":"https:\/\/www.netex.de\/wp-content\/uploads\/3-1024x870.jpg","large-width":1024,"large-height":870,"1536x1536":"https:\/\/www.netex.de\/wp-content\/uploads\/3-1536x1305.jpg","1536x1536-width":1536,"1536x1536-height":1305,"2048x2048":"https:\/\/www.netex.de\/wp-content\/uploads\/3-2048x1740.jpg","2048x2048-width":2048,"2048x2048-height":1740,"post-thumbnail":"https:\/\/www.netex.de\/wp-content\/uploads\/3-85x85.jpg","post-thumbnail-width":85,"post-thumbnail-height":85,"hero":"https:\/\/www.netex.de\/wp-content\/uploads\/3.jpg","hero-width":300,"hero-height":255,"background":"https:\/\/www.netex.de\/wp-content\/uploads\/3.jpg","background-width":300,"background-height":255,"milestone-home":"https:\/\/www.netex.de\/wp-content\/uploads\/3.jpg","milestone-home-width":300,"milestone-home-height":255,"milestone-company":"https:\/\/www.netex.de\/wp-content\/uploads\/3.jpg","milestone-company-width":300,"milestone-company-height":255,"news-company":"https:\/\/www.netex.de\/wp-content\/uploads\/3-300x180.jpg","news-company-width":300,"news-company-height":180,"inner":"https:\/\/www.netex.de\/wp-content\/uploads\/3.jpg","inner-width":300,"inner-height":255,"gallery":"https:\/\/www.netex.de\/wp-content\/uploads\/3-300x230.jpg","gallery-width":300,"gallery-height":230,"contact":"https:\/\/www.netex.de\/wp-content\/uploads\/3-95x95.jpg","contact-width":95,"contact-height":95}},"column_right":"<p style=\"font-size: 1.5em;\"><b>Ohrabruju\u0107i po\u010detak 2022. godine<\/b><\/p>\n<p><b>10. mart 2022.<\/b><\/p>\n<p>Po\u010detak 2022. godine povezan je sa sna\u017enom motivacijom ka ostvarivanju strate\u0161kih ciljeva.<\/p>\n<p>Tokom februara i marta meseca otvorene su dve nove kancelarije &#8211; u Oradei (Rumunija) i u Kragujevcu (Srbija). Ove zna\u010dajne promene sa sobom donose pregr\u0161t emocija, brojne izazove i posve\u0107en rad na\u0161ih kolega, ali kada se osvrnemo i vidimo tim koji je nastao zahvaljuju\u0107i predanom zalaganju, ose\u0107aj zadovoljstva je neprocenjiv.<\/p>\n<p>Ovom prilikom bismo \u017eeleli da se zahvalimo svim kolegama za posve\u0107en trud i rad, i da im po\u017eelimo uspeh i zadovoljstvo na njihovom karijernom putu u Netexu.<\/p>\n"},{"acf_fc_layout":"two_columns","column_left":{"ID":25724,"id":25724,"title":"2nd version","filename":"2nd-version.jpg","filesize":597948,"url":"https:\/\/www.netex.de\/wp-content\/uploads\/2nd-version.jpg","link":"https:\/\/www.netex.de\/sr\/compa\/2nd-version-2\/","alt":"","author":"3","description":"","caption":"","name":"2nd-version-2","status":"inherit","uploaded_to":6025,"date":"2022-01-28 12:54:30","modified":"2026-02-10 07:48:18","menu_order":0,"mime_type":"image\/jpeg","type":"image","subtype":"jpeg","icon":"https:\/\/www.netex.de\/wp-includes\/images\/media\/default.png","width":1500,"height":959,"sizes":{"thumbnail":"https:\/\/www.netex.de\/wp-content\/uploads\/2nd-version-150x150.jpg","thumbnail-width":150,"thumbnail-height":150,"medium":"https:\/\/www.netex.de\/wp-content\/uploads\/2nd-version-300x192.jpg","medium-width":300,"medium-height":192,"medium_large":"https:\/\/www.netex.de\/wp-content\/uploads\/2nd-version-768x491.jpg","medium_large-width":768,"medium_large-height":491,"large":"https:\/\/www.netex.de\/wp-content\/uploads\/2nd-version-1024x654.jpg","large-width":1024,"large-height":654,"1536x1536":"https:\/\/www.netex.de\/wp-content\/uploads\/2nd-version-1536x982.jpg","1536x1536-width":1536,"1536x1536-height":982,"2048x2048":"https:\/\/www.netex.de\/wp-content\/uploads\/2nd-version-2048x1309.jpg","2048x2048-width":2048,"2048x2048-height":1309,"post-thumbnail":"https:\/\/www.netex.de\/wp-content\/uploads\/2nd-version-85x85.jpg","post-thumbnail-width":85,"post-thumbnail-height":85,"hero":"https:\/\/www.netex.de\/wp-content\/uploads\/2nd-version-925x755.jpg","hero-width":925,"hero-height":755,"background":"https:\/\/www.netex.de\/wp-content\/uploads\/2nd-version-1500x535.jpg","background-width":1500,"background-height":535,"milestone-home":"https:\/\/www.netex.de\/wp-content\/uploads\/2nd-version-588x455.jpg","milestone-home-width":588,"milestone-home-height":455,"milestone-company":"https:\/\/www.netex.de\/wp-content\/uploads\/2nd-version-470x300.jpg","milestone-company-width":470,"milestone-company-height":300,"news-company":"https:\/\/www.netex.de\/wp-content\/uploads\/2nd-version-300x180.jpg","news-company-width":300,"news-company-height":180,"inner":"https:\/\/www.netex.de\/wp-content\/uploads\/2nd-version-300x255.jpg","inner-width":300,"inner-height":255,"gallery":"https:\/\/www.netex.de\/wp-content\/uploads\/2nd-version-320x230.jpg","gallery-width":320,"gallery-height":230,"contact":"https:\/\/www.netex.de\/wp-content\/uploads\/2nd-version-95x95.jpg","contact-width":95,"contact-height":95}},"column_right":"<p style=\"font-size: 1.5em;\"><b>22 godine i vi\u0161e od 700 promenjenih sudbina<\/b><\/p>\n<p><b>26. januar 2022.<\/b><\/p>\n<p>Ranije smo rekli da je prvih 20 godina najte\u017ee. Me\u0111utim, ispostavilo se da nakon dostizanja 20 godina rada sve ide lak\u0161e. Sve je jednostavnije, zato \u0161to imamo bogato iskustvo iza sebe i dobro uigran tim.<\/p>\n<p>Netex je obele\u017eio 22 godine rada u sredu 26. januara. Dva puta smo slavili punoletstvo (prvo po evropskoj tradiciji sa 18, a zatim po ameri\u010dkoj sa 21) i sada slavimo jednu bonus godinu. Prethodna godina predstavlja kulminaciju vrednog rada i razvoja timskog duha. Tokom ovog vremena, vi\u0161e od 700 ljudi nam se pridru\u017eilo sa \u017eeljom da se razviju na profesionalnom polju i nau\u010de nove stvari.<br \/>\nZa svakog od njih smo se trudili da stvorimo amosferu pogodnu za profesionalni razvoj, jer ovde svi u\u010dimo jedni od drugih, smejemo se i rastemo zajedno.<\/p>\n<p>Hvala vam svima na ove 22 godine, nadam se da \u0107emo mo\u0107i da proslavimo bar jo\u0161 toliko. Kolege iz Netexa, sre\u0107an nam ro\u0111endan!<\/p>\n"},{"acf_fc_layout":"two_columns","column_left":{"ID":22745,"id":22745,"title":"10-15th-aniversary_noLogo","filename":"10-15th-aniversary_noLogo.jpg","filesize":181747,"url":"https:\/\/www.netex.de\/wp-content\/uploads\/10-15th-aniversary_noLogo.jpg","link":"https:\/\/www.netex.de\/sr\/compa\/10-15th-aniversary_nologo\/","alt":"","author":"3","description":"","caption":"","name":"10-15th-aniversary_nologo","status":"inherit","uploaded_to":6025,"date":"2021-06-08 08:43:14","modified":"2021-06-08 08:43:14","menu_order":0,"mime_type":"image\/jpeg","type":"image","subtype":"jpeg","icon":"https:\/\/www.netex.de\/wp-includes\/images\/media\/default.png","width":600,"height":600,"sizes":{"thumbnail":"https:\/\/www.netex.de\/wp-content\/uploads\/10-15th-aniversary_noLogo-150x150.jpg","thumbnail-width":150,"thumbnail-height":150,"medium":"https:\/\/www.netex.de\/wp-content\/uploads\/10-15th-aniversary_noLogo-300x300.jpg","medium-width":300,"medium-height":300,"medium_large":"https:\/\/www.netex.de\/wp-content\/uploads\/10-15th-aniversary_noLogo-768x768.jpg","medium_large-width":768,"medium_large-height":768,"large":"https:\/\/www.netex.de\/wp-content\/uploads\/10-15th-aniversary_noLogo-1024x1024.jpg","large-width":1024,"large-height":1024,"1536x1536":"https:\/\/www.netex.de\/wp-content\/uploads\/10-15th-aniversary_noLogo-1536x1536.jpg","1536x1536-width":1536,"1536x1536-height":1536,"2048x2048":"https:\/\/www.netex.de\/wp-content\/uploads\/10-15th-aniversary_noLogo-2048x2048.jpg","2048x2048-width":2048,"2048x2048-height":2048,"post-thumbnail":"https:\/\/www.netex.de\/wp-content\/uploads\/10-15th-aniversary_noLogo-85x85.jpg","post-thumbnail-width":85,"post-thumbnail-height":85,"hero":"https:\/\/www.netex.de\/wp-content\/uploads\/10-15th-aniversary_noLogo.jpg","hero-width":600,"hero-height":600,"background":"https:\/\/www.netex.de\/wp-content\/uploads\/10-15th-aniversary_noLogo-600x535.jpg","background-width":600,"background-height":535,"milestone-home":"https:\/\/www.netex.de\/wp-content\/uploads\/10-15th-aniversary_noLogo-588x455.jpg","milestone-home-width":588,"milestone-home-height":455,"milestone-company":"https:\/\/www.netex.de\/wp-content\/uploads\/10-15th-aniversary_noLogo-470x300.jpg","milestone-company-width":470,"milestone-company-height":300,"news-company":"https:\/\/www.netex.de\/wp-content\/uploads\/10-15th-aniversary_noLogo-300x180.jpg","news-company-width":300,"news-company-height":180,"inner":"https:\/\/www.netex.de\/wp-content\/uploads\/10-15th-aniversary_noLogo-300x255.jpg","inner-width":300,"inner-height":255,"gallery":"https:\/\/www.netex.de\/wp-content\/uploads\/10-15th-aniversary_noLogo-320x230.jpg","gallery-width":320,"gallery-height":230,"contact":"https:\/\/www.netex.de\/wp-content\/uploads\/10-15th-aniversary_noLogo-95x95.jpg","contact-width":95,"contact-height":95}},"column_right":"<p style=\"font-size: 1.5em;\"><b>Proslava u \u010dast kolegama povodom 10 i 15 godina rada u kompaniji<\/b><\/p>\n<p><b>24. maja 2021.<\/b><br \/>\nOd po\u010detka godine do sada, organizovali smo okupljanje u Temi\u0161vara, Sibiu, Cluju i Resiti. Svrha ovog doga\u0111aja bila je proslava u ime kolega koji su deo Netex tima 10 i 15 godina.<br \/>\nIspri\u010dali su nam tim povodom kako je protekao njihov prvi dan u na\u0161oj kompaniji i podelili su sa nama svoju pri\u010du o profesionalnom razvoju kroz protekli period.<\/p>\n<p>\u017deleli bismo da im se zahvalimo za sve godine provedene sa nama. Sre\u0107no u buduc\u0301im ostvarenjima!<\/p>\n"},{"acf_fc_layout":"two_columns","column_left":{"ID":22245,"id":22245,"title":"1611934321361","filename":"1611934321361.jpg","filesize":125469,"url":"https:\/\/www.netex.de\/wp-content\/uploads\/1611934321361.jpg","link":"https:\/\/www.netex.de\/sr\/compa\/1611934321361-2\/","alt":"","author":"3","description":"","caption":"","name":"1611934321361-2","status":"inherit","uploaded_to":6025,"date":"2021-02-16 09:43:55","modified":"2021-02-16 09:43:55","menu_order":0,"mime_type":"image\/jpeg","type":"image","subtype":"jpeg","icon":"https:\/\/www.netex.de\/wp-includes\/images\/media\/default.png","width":812,"height":670,"sizes":{"thumbnail":"https:\/\/www.netex.de\/wp-content\/uploads\/1611934321361-e1613468822156-150x150.jpg","thumbnail-width":150,"thumbnail-height":150,"medium":"https:\/\/www.netex.de\/wp-content\/uploads\/1611934321361-e1613468822156-300x248.jpg","medium-width":300,"medium-height":248,"medium_large":"https:\/\/www.netex.de\/wp-content\/uploads\/1611934321361-e1613468822156-768x634.jpg","medium_large-width":768,"medium_large-height":634,"large":"https:\/\/www.netex.de\/wp-content\/uploads\/1611934321361-e1613468822156-1024x844.jpg","large-width":1024,"large-height":844,"1536x1536":"https:\/\/www.netex.de\/wp-content\/uploads\/1611934321361-e1613468822156-1536x1267.jpg","1536x1536-width":1536,"1536x1536-height":1267,"2048x2048":"https:\/\/www.netex.de\/wp-content\/uploads\/1611934321361-e1613468822156-2048x1689.jpg","2048x2048-width":2048,"2048x2048-height":1689,"post-thumbnail":"https:\/\/www.netex.de\/wp-content\/uploads\/1611934321361-e1613468822156-85x85.jpg","post-thumbnail-width":85,"post-thumbnail-height":85,"hero":"https:\/\/www.netex.de\/wp-content\/uploads\/1611934321361-925x755.jpg","hero-width":925,"hero-height":755,"background":"https:\/\/www.netex.de\/wp-content\/uploads\/1611934321361-e1613468822156-812x535.jpg","background-width":812,"background-height":535,"milestone-home":"https:\/\/www.netex.de\/wp-content\/uploads\/1611934321361-e1613468822156-588x455.jpg","milestone-home-width":588,"milestone-home-height":455,"milestone-company":"https:\/\/www.netex.de\/wp-content\/uploads\/1611934321361-e1613468822156-470x300.jpg","milestone-company-width":470,"milestone-company-height":300,"news-company":"https:\/\/www.netex.de\/wp-content\/uploads\/1611934321361-e1613468822156-300x180.jpg","news-company-width":300,"news-company-height":180,"inner":"https:\/\/www.netex.de\/wp-content\/uploads\/1611934321361-e1613468822156-300x255.jpg","inner-width":300,"inner-height":255,"gallery":"https:\/\/www.netex.de\/wp-content\/uploads\/1611934321361-e1613468822156-320x230.jpg","gallery-width":320,"gallery-height":230,"contact":"https:\/\/www.netex.de\/wp-content\/uploads\/1611934321361-e1613468822156-95x95.jpg","contact-width":95,"contact-height":95}},"column_right":"<p style=\"font-size: 1.5em;\"><b>Sertifikacija ISO \/ IEC 27001: 2013<\/b><\/p>\n<p><b>29. januar 2021.<\/b><\/p>\n<p>Netex Group je ove godine ostvario novi cilj: sertifikat ISO \/ IEC 27001: 2013.<\/p>\n<p>27001: 2013 je najva\u017eniji me\u0111unarodni standard zasnovan na bezbednosnim informacijama, koji je objavila Me\u0111unarodna organizacija za standardizaciju (ISO) u saradnji sa Me\u0111unarodnom elektrotehni\u010dkom komisijom (IEC).<\/p>\n<p>Me\u0111unarodno priznat sertifikat predstavlja garanciju za na\u0161e saradnike i klijente da Netex Group svim informacijama upravlja prema najvi\u0161im standardima.<\/p>\n"},{"acf_fc_layout":"two_columns","column_left":{"ID":22709,"id":22709,"title":"21th-aniversary_600x600","filename":"21th-aniversary_600x600-1.jpg","filesize":88394,"url":"https:\/\/www.netex.de\/wp-content\/uploads\/21th-aniversary_600x600-1.jpg","link":"https:\/\/www.netex.de\/sr\/compa\/21th-aniversary_600x600\/","alt":"","author":"3","description":"","caption":"","name":"21th-aniversary_600x600","status":"inherit","uploaded_to":6025,"date":"2021-06-08 08:40:49","modified":"2021-06-08 08:40:49","menu_order":0,"mime_type":"image\/jpeg","type":"image","subtype":"jpeg","icon":"https:\/\/www.netex.de\/wp-includes\/images\/media\/default.png","width":600,"height":600,"sizes":{"thumbnail":"https:\/\/www.netex.de\/wp-content\/uploads\/21th-aniversary_600x600-1-150x150.jpg","thumbnail-width":150,"thumbnail-height":150,"medium":"https:\/\/www.netex.de\/wp-content\/uploads\/21th-aniversary_600x600-1-300x300.jpg","medium-width":300,"medium-height":300,"medium_large":"https:\/\/www.netex.de\/wp-content\/uploads\/21th-aniversary_600x600-1-768x768.jpg","medium_large-width":768,"medium_large-height":768,"large":"https:\/\/www.netex.de\/wp-content\/uploads\/21th-aniversary_600x600-1-1024x1024.jpg","large-width":1024,"large-height":1024,"1536x1536":"https:\/\/www.netex.de\/wp-content\/uploads\/21th-aniversary_600x600-1-1536x1536.jpg","1536x1536-width":1536,"1536x1536-height":1536,"2048x2048":"https:\/\/www.netex.de\/wp-content\/uploads\/21th-aniversary_600x600-1-2048x2048.jpg","2048x2048-width":2048,"2048x2048-height":2048,"post-thumbnail":"https:\/\/www.netex.de\/wp-content\/uploads\/21th-aniversary_600x600-1-85x85.jpg","post-thumbnail-width":85,"post-thumbnail-height":85,"hero":"https:\/\/www.netex.de\/wp-content\/uploads\/21th-aniversary_600x600-1.jpg","hero-width":600,"hero-height":600,"background":"https:\/\/www.netex.de\/wp-content\/uploads\/21th-aniversary_600x600-1-600x535.jpg","background-width":600,"background-height":535,"milestone-home":"https:\/\/www.netex.de\/wp-content\/uploads\/21th-aniversary_600x600-1-588x455.jpg","milestone-home-width":588,"milestone-home-height":455,"milestone-company":"https:\/\/www.netex.de\/wp-content\/uploads\/21th-aniversary_600x600-1-470x300.jpg","milestone-company-width":470,"milestone-company-height":300,"news-company":"https:\/\/www.netex.de\/wp-content\/uploads\/21th-aniversary_600x600-1-300x180.jpg","news-company-width":300,"news-company-height":180,"inner":"https:\/\/www.netex.de\/wp-content\/uploads\/21th-aniversary_600x600-1-300x255.jpg","inner-width":300,"inner-height":255,"gallery":"https:\/\/www.netex.de\/wp-content\/uploads\/21th-aniversary_600x600-1-320x230.jpg","gallery-width":320,"gallery-height":230,"contact":"https:\/\/www.netex.de\/wp-content\/uploads\/21th-aniversary_600x600-1-95x95.jpg","contact-width":95,"contact-height":95}},"column_right":"<p style=\"font-size: 1.5em;\"><b>Netex slavi 21 godinu svog postojanja<\/b><\/p>\n<p><b>26. januar 2021.<\/b><\/p>\n<p>Januar za sve nas predstavlja novi po\u010detak. To je mesec u kojem utvr\u0111ujemo ciljeve za celu godinu. Ali, za Netex grupu januar predstavlja razlog za slavlje!<\/p>\n<p>Ove godine na\u0161a kompanija navr\u0161ava 21 godinu postojanja. 21 godina u kojoj je svaki zaposleni pokazao ambiciju, posvec\u0301enost, puno rada, i na kraju, ali ne najmanje va\u017eno, kontinuirani profesionalni rast.<br \/>\nSvaka godina je bila uspe\u0161na i lepa godina u kojoj smo rasli i zajedno uspeli da prebrodimo sve kriti\u010dne trenutke i prepreke.<\/p>\n<p>I ovde se nec\u0301emo zaustaviti. Imamo puno planova za buduc\u0301nost, uvereni da c\u0301emo postic\u0301i svoje ciljeve.<\/p>\n"},{"acf_fc_layout":"two_columns","column_left":{"ID":22179,"id":22179,"title":"RO-EN-version","filename":"RO-EN-version.jpg","filesize":371181,"url":"https:\/\/www.netex.de\/wp-content\/uploads\/RO-EN-version.jpg","link":"https:\/\/www.netex.de\/sr\/compa\/ro-en-version-2\/","alt":"","author":"3","description":"","caption":"","name":"ro-en-version-2","status":"inherit","uploaded_to":6025,"date":"2021-02-16 09:08:09","modified":"2026-02-10 07:48:18","menu_order":0,"mime_type":"image\/jpeg","type":"image","subtype":"jpeg","icon":"https:\/\/www.netex.de\/wp-includes\/images\/media\/default.png","width":1080,"height":1080,"sizes":{"thumbnail":"https:\/\/www.netex.de\/wp-content\/uploads\/RO-EN-version-150x150.jpg","thumbnail-width":150,"thumbnail-height":150,"medium":"https:\/\/www.netex.de\/wp-content\/uploads\/RO-EN-version-300x300.jpg","medium-width":300,"medium-height":300,"medium_large":"https:\/\/www.netex.de\/wp-content\/uploads\/RO-EN-version-768x768.jpg","medium_large-width":768,"medium_large-height":768,"large":"https:\/\/www.netex.de\/wp-content\/uploads\/RO-EN-version-1024x1024.jpg","large-width":1024,"large-height":1024,"1536x1536":"https:\/\/www.netex.de\/wp-content\/uploads\/RO-EN-version-1536x1536.jpg","1536x1536-width":1536,"1536x1536-height":1536,"2048x2048":"https:\/\/www.netex.de\/wp-content\/uploads\/RO-EN-version-2048x2048.jpg","2048x2048-width":2048,"2048x2048-height":2048,"post-thumbnail":"https:\/\/www.netex.de\/wp-content\/uploads\/RO-EN-version-85x85.jpg","post-thumbnail-width":85,"post-thumbnail-height":85,"hero":"https:\/\/www.netex.de\/wp-content\/uploads\/RO-EN-version-925x755.jpg","hero-width":925,"hero-height":755,"background":"https:\/\/www.netex.de\/wp-content\/uploads\/RO-EN-version-1080x535.jpg","background-width":1080,"background-height":535,"milestone-home":"https:\/\/www.netex.de\/wp-content\/uploads\/RO-EN-version-588x455.jpg","milestone-home-width":588,"milestone-home-height":455,"milestone-company":"https:\/\/www.netex.de\/wp-content\/uploads\/RO-EN-version-470x300.jpg","milestone-company-width":470,"milestone-company-height":300,"news-company":"https:\/\/www.netex.de\/wp-content\/uploads\/RO-EN-version-300x180.jpg","news-company-width":300,"news-company-height":180,"inner":"https:\/\/www.netex.de\/wp-content\/uploads\/RO-EN-version-300x255.jpg","inner-width":300,"inner-height":255,"gallery":"https:\/\/www.netex.de\/wp-content\/uploads\/RO-EN-version-320x230.jpg","gallery-width":320,"gallery-height":230,"contact":"https:\/\/www.netex.de\/wp-content\/uploads\/RO-EN-version-95x95.jpg","contact-width":95,"contact-height":95}},"column_right":"<p style=\"font-size: 1.5em;\"><b>Resertifikacija ISO 9001: 2015<\/b><\/p>\n<p><b>18. oktobra 2020.<\/b><\/p>\n<p>Netex obnavlja ISO sertifikat 2020. Revizija je u potpunosti odr\u017eana na daljinu zbog pandemijskih uslova a rezultat je bio uspe\u0161an, zahvaljujuci vasem angazovanju i napornom radu.<\/p>\n"},{"acf_fc_layout":"two_columns","column_left":{"ID":21238,"id":21238,"title":"82711127_3755306434487439_6155878124576833536_o","filename":"82711127_3755306434487439_6155878124576833536_o.jpg","filesize":75578,"url":"https:\/\/www.netex.de\/wp-content\/uploads\/82711127_3755306434487439_6155878124576833536_o.jpg","link":"https:\/\/www.netex.de\/sr\/compa\/82711127_3755306434487439_6155878124576833536_o-2\/","alt":"","author":"3","description":"","caption":"","name":"82711127_3755306434487439_6155878124576833536_o-2","status":"inherit","uploaded_to":6025,"date":"2020-06-17 07:24:16","modified":"2026-02-10 07:48:18","menu_order":0,"mime_type":"image\/jpeg","type":"image","subtype":"jpeg","icon":"https:\/\/www.netex.de\/wp-includes\/images\/media\/default.png","width":1920,"height":1080,"sizes":{"thumbnail":"https:\/\/www.netex.de\/wp-content\/uploads\/82711127_3755306434487439_6155878124576833536_o-150x150.jpg","thumbnail-width":150,"thumbnail-height":150,"medium":"https:\/\/www.netex.de\/wp-content\/uploads\/82711127_3755306434487439_6155878124576833536_o-300x169.jpg","medium-width":300,"medium-height":169,"medium_large":"https:\/\/www.netex.de\/wp-content\/uploads\/82711127_3755306434487439_6155878124576833536_o-768x432.jpg","medium_large-width":768,"medium_large-height":432,"large":"https:\/\/www.netex.de\/wp-content\/uploads\/82711127_3755306434487439_6155878124576833536_o-1024x576.jpg","large-width":1024,"large-height":576,"1536x1536":"https:\/\/www.netex.de\/wp-content\/uploads\/82711127_3755306434487439_6155878124576833536_o-1536x864.jpg","1536x1536-width":1536,"1536x1536-height":864,"2048x2048":"https:\/\/www.netex.de\/wp-content\/uploads\/82711127_3755306434487439_6155878124576833536_o-2048x1152.jpg","2048x2048-width":2048,"2048x2048-height":1152,"post-thumbnail":"https:\/\/www.netex.de\/wp-content\/uploads\/82711127_3755306434487439_6155878124576833536_o-85x85.jpg","post-thumbnail-width":85,"post-thumbnail-height":85,"hero":"https:\/\/www.netex.de\/wp-content\/uploads\/82711127_3755306434487439_6155878124576833536_o-925x755.jpg","hero-width":925,"hero-height":755,"background":"https:\/\/www.netex.de\/wp-content\/uploads\/82711127_3755306434487439_6155878124576833536_o-1920x535.jpg","background-width":1920,"background-height":535,"milestone-home":"https:\/\/www.netex.de\/wp-content\/uploads\/82711127_3755306434487439_6155878124576833536_o-588x455.jpg","milestone-home-width":588,"milestone-home-height":455,"milestone-company":"https:\/\/www.netex.de\/wp-content\/uploads\/82711127_3755306434487439_6155878124576833536_o-470x300.jpg","milestone-company-width":470,"milestone-company-height":300,"news-company":"https:\/\/www.netex.de\/wp-content\/uploads\/82711127_3755306434487439_6155878124576833536_o-300x180.jpg","news-company-width":300,"news-company-height":180,"inner":"https:\/\/www.netex.de\/wp-content\/uploads\/82711127_3755306434487439_6155878124576833536_o-300x255.jpg","inner-width":300,"inner-height":255,"gallery":"https:\/\/www.netex.de\/wp-content\/uploads\/82711127_3755306434487439_6155878124576833536_o-320x230.jpg","gallery-width":320,"gallery-height":230,"contact":"https:\/\/www.netex.de\/wp-content\/uploads\/82711127_3755306434487439_6155878124576833536_o-95x95.jpg","contact-width":95,"contact-height":95}},"column_right":"<p style=\"font-size: 1.5em;\"><b>Proslavljamo 20 godina postojanja!<\/b><\/p>\n<p><b>26. januara 2020<\/b><\/p>\n<p>Ka\u017ee se da je prvih 20 godina poslovanja najte\u017ee &#8230; Je li tako?<\/p>\n<p>2020. godina je posebna za Netex grupaciju. Pitate se za\u0161to? Pa, pre 20 godina, u gradu Resita, Rumunija, osnovana je Netex kompanija zapo\u010dev\u0161i rad sa samo 3 zaposlena. Danas, posle dve decenije, vi\u0161e od 600 kolega udru\u017eilo je snage sa prvih 3.<br \/>\nOni rade u 23 kancelarije iz Rumunije, Ukrajine, Srbije, Moldavije, Bosne, Belorusije i Gruzije.<\/p>\n<p>Gledajuc\u0301i unazad, prvih 20 godina zaista jeste najte\u017ee &#8230; ali bez njih, kako bismo postali to \u0161to jesmo danas?<\/p>\n<p>Hvala svima koji su podr\u017eali Netex grupaciju u proteklih 20 godina!<\/p>\n<p>Na\u0161a prognoza za sledec\u0301ih 20 godina: Najbolje tek dolazi!<\/p>\n"},{"acf_fc_layout":"two_columns","column_left":{"ID":20313,"id":20313,"title":"milestone588x455","filename":"milestone588x455.jpg","filesize":236692,"url":"https:\/\/www.netex.de\/wp-content\/uploads\/milestone588x455.jpg","link":"https:\/\/www.netex.de\/sr\/compa\/milestone588x455-2\/","alt":"","author":"3","description":"","caption":"","name":"milestone588x455-2","status":"inherit","uploaded_to":6025,"date":"2019-11-14 06:54:43","modified":"2026-02-10 07:48:19","menu_order":0,"mime_type":"image\/jpeg","type":"image","subtype":"jpeg","icon":"https:\/\/www.netex.de\/wp-includes\/images\/media\/default.png","width":588,"height":455,"sizes":{"thumbnail":"https:\/\/www.netex.de\/wp-content\/uploads\/milestone588x455-150x150.jpg","thumbnail-width":150,"thumbnail-height":150,"medium":"https:\/\/www.netex.de\/wp-content\/uploads\/milestone588x455-300x232.jpg","medium-width":300,"medium-height":232,"medium_large":"https:\/\/www.netex.de\/wp-content\/uploads\/milestone588x455-767x594.jpg","medium_large-width":767,"medium_large-height":594,"large":"https:\/\/www.netex.de\/wp-content\/uploads\/milestone588x455-1024x792.jpg","large-width":1024,"large-height":792,"1536x1536":"https:\/\/www.netex.de\/wp-content\/uploads\/milestone588x455.jpg","1536x1536-width":588,"1536x1536-height":455,"2048x2048":"https:\/\/www.netex.de\/wp-content\/uploads\/milestone588x455.jpg","2048x2048-width":588,"2048x2048-height":455,"post-thumbnail":"https:\/\/www.netex.de\/wp-content\/uploads\/milestone588x455-85x85.jpg","post-thumbnail-width":85,"post-thumbnail-height":85,"hero":"https:\/\/www.netex.de\/wp-content\/uploads\/milestone588x455.jpg","hero-width":588,"hero-height":455,"background":"https:\/\/www.netex.de\/wp-content\/uploads\/milestone588x455.jpg","background-width":588,"background-height":455,"milestone-home":"https:\/\/www.netex.de\/wp-content\/uploads\/milestone588x455.jpg","milestone-home-width":588,"milestone-home-height":455,"milestone-company":"https:\/\/www.netex.de\/wp-content\/uploads\/milestone588x455-470x300.jpg","milestone-company-width":470,"milestone-company-height":300,"news-company":"https:\/\/www.netex.de\/wp-content\/uploads\/milestone588x455-300x180.jpg","news-company-width":300,"news-company-height":180,"inner":"https:\/\/www.netex.de\/wp-content\/uploads\/milestone588x455-300x255.jpg","inner-width":300,"inner-height":255,"gallery":"https:\/\/www.netex.de\/wp-content\/uploads\/milestone588x455-320x230.jpg","gallery-width":320,"gallery-height":230,"contact":"https:\/\/www.netex.de\/wp-content\/uploads\/milestone588x455-95x95.jpg","contact-width":95,"contact-height":95}},"column_right":"<p style=\"font-size: 1.5em;\"><b>Sertifikat ISO 9001:2015<\/b><\/p>\n<p><b>29. Oktobar 2019.<\/b><br \/>\nNetex je obnovio ISO Sertifikat 2018. Imali smo reviziju u oktobru 2019. sa uspesnim rezultatom.<\/p>\n"},{"acf_fc_layout":"two_columns","column_left":{"ID":20846,"id":20846,"title":"Management Meeting","filename":"Management-Meeting.jpg","filesize":142334,"url":"https:\/\/www.netex.de\/wp-content\/uploads\/Management-Meeting.jpg","link":"https:\/\/www.netex.de\/sr\/compa\/management-meeting-2\/","alt":"","author":"3","description":"","caption":"","name":"management-meeting-2","status":"inherit","uploaded_to":6025,"date":"2019-11-18 07:13:24","modified":"2019-11-18 07:13:24","menu_order":0,"mime_type":"image\/jpeg","type":"image","subtype":"jpeg","icon":"https:\/\/www.netex.de\/wp-includes\/images\/media\/default.png","width":600,"height":500,"sizes":{"thumbnail":"https:\/\/www.netex.de\/wp-content\/uploads\/Management-Meeting-150x150.jpg","thumbnail-width":150,"thumbnail-height":150,"medium":"https:\/\/www.netex.de\/wp-content\/uploads\/Management-Meeting-300x250.jpg","medium-width":300,"medium-height":250,"medium_large":"https:\/\/www.netex.de\/wp-content\/uploads\/Management-Meeting-768x640.jpg","medium_large-width":768,"medium_large-height":640,"large":"https:\/\/www.netex.de\/wp-content\/uploads\/Management-Meeting-1024x853.jpg","large-width":1024,"large-height":853,"1536x1536":"https:\/\/www.netex.de\/wp-content\/uploads\/Management-Meeting.jpg","1536x1536-width":600,"1536x1536-height":500,"2048x2048":"https:\/\/www.netex.de\/wp-content\/uploads\/Management-Meeting.jpg","2048x2048-width":600,"2048x2048-height":500,"post-thumbnail":"https:\/\/www.netex.de\/wp-content\/uploads\/Management-Meeting-85x85.jpg","post-thumbnail-width":85,"post-thumbnail-height":85,"hero":"https:\/\/www.netex.de\/wp-content\/uploads\/Management-Meeting.jpg","hero-width":600,"hero-height":500,"background":"https:\/\/www.netex.de\/wp-content\/uploads\/Management-Meeting.jpg","background-width":600,"background-height":500,"milestone-home":"https:\/\/www.netex.de\/wp-content\/uploads\/Management-Meeting-588x455.jpg","milestone-home-width":588,"milestone-home-height":455,"milestone-company":"https:\/\/www.netex.de\/wp-content\/uploads\/Management-Meeting-470x300.jpg","milestone-company-width":470,"milestone-company-height":300,"news-company":"https:\/\/www.netex.de\/wp-content\/uploads\/Management-Meeting-300x180.jpg","news-company-width":300,"news-company-height":180,"inner":"https:\/\/www.netex.de\/wp-content\/uploads\/Management-Meeting-300x255.jpg","inner-width":300,"inner-height":255,"gallery":"https:\/\/www.netex.de\/wp-content\/uploads\/Management-Meeting-320x230.jpg","gallery-width":320,"gallery-height":230,"contact":"https:\/\/www.netex.de\/wp-content\/uploads\/Management-Meeting-95x95.jpg","contact-width":95,"contact-height":95}},"column_right":"<p style=\"font-size: 1.5em;\"><b>Sastanak menad\u017ementa<\/b><\/p>\n<p><b>1. Jun 2019.<\/b><br \/>\nU prva dva dana juna 2019, menad\u017ement tim se okupio u Brebu Nou na godi\u0161njem sastanku. Ovom prilikom su poja\u010dali misiju i vrednosti kompanije i nastavili sa planom za sledec\u0301a tri meseca. Sledec\u0301eg dana, pre polaska, bili su uklju\u010deni u neke aktivnosti team buildinga i oja\u010dali su svoju vezu.<\/p>\n"},{"acf_fc_layout":"two_columns","column_left":{"ID":20795,"id":20795,"title":"DWC","filename":"DWC.jpg","filesize":941342,"url":"https:\/\/www.netex.de\/wp-content\/uploads\/DWC.jpg","link":"https:\/\/www.netex.de\/sr\/compa\/dwc-2\/","alt":"","author":"3","description":"","caption":"","name":"dwc-2","status":"inherit","uploaded_to":6025,"date":"2019-11-15 14:38:42","modified":"2019-11-15 14:38:42","menu_order":0,"mime_type":"image\/jpeg","type":"image","subtype":"jpeg","icon":"https:\/\/www.netex.de\/wp-includes\/images\/media\/default.png","width":2048,"height":1536,"sizes":{"thumbnail":"https:\/\/www.netex.de\/wp-content\/uploads\/DWC-150x150.jpg","thumbnail-width":150,"thumbnail-height":150,"medium":"https:\/\/www.netex.de\/wp-content\/uploads\/DWC-300x225.jpg","medium-width":300,"medium-height":225,"medium_large":"https:\/\/www.netex.de\/wp-content\/uploads\/DWC-768x576.jpg","medium_large-width":768,"medium_large-height":576,"large":"https:\/\/www.netex.de\/wp-content\/uploads\/DWC-1024x768.jpg","large-width":1024,"large-height":768,"1536x1536":"https:\/\/www.netex.de\/wp-content\/uploads\/DWC.jpg","1536x1536-width":1536,"1536x1536-height":1152,"2048x2048":"https:\/\/www.netex.de\/wp-content\/uploads\/DWC.jpg","2048x2048-width":2048,"2048x2048-height":1536,"post-thumbnail":"https:\/\/www.netex.de\/wp-content\/uploads\/DWC-85x85.jpg","post-thumbnail-width":85,"post-thumbnail-height":85,"hero":"https:\/\/www.netex.de\/wp-content\/uploads\/DWC-925x755.jpg","hero-width":925,"hero-height":755,"background":"https:\/\/www.netex.de\/wp-content\/uploads\/DWC-1920x535.jpg","background-width":1920,"background-height":535,"milestone-home":"https:\/\/www.netex.de\/wp-content\/uploads\/DWC-588x455.jpg","milestone-home-width":588,"milestone-home-height":455,"milestone-company":"https:\/\/www.netex.de\/wp-content\/uploads\/DWC-470x300.jpg","milestone-company-width":470,"milestone-company-height":300,"news-company":"https:\/\/www.netex.de\/wp-content\/uploads\/DWC-300x180.jpg","news-company-width":300,"news-company-height":180,"inner":"https:\/\/www.netex.de\/wp-content\/uploads\/DWC-300x255.jpg","inner-width":300,"inner-height":255,"gallery":"https:\/\/www.netex.de\/wp-content\/uploads\/DWC-320x230.jpg","gallery-width":320,"gallery-height":230,"contact":"https:\/\/www.netex.de\/wp-content\/uploads\/DWC-95x95.jpg","contact-width":95,"contact-height":95}},"column_right":"<p style=\"font-size: 1.5em;\"><b>Ripensia Cup &#8211; DWC<\/b><\/p>\n<p><b>22. Maj 2019<\/b><br \/>\nNakon na\u0161eg internog mini turnira, izabrali smo na\u0161u najbolju fudbalsku reprezentaciju koja c\u0301e nas predstavljati na Ripensia kupu koji organizuje DVC, na podru\u010dju Banata. \u017delimo da se zahvalimo kolegama koji su na ovom turniru u\u010destvovali kao igra\u010di ili kao navija\u010di!<\/p>\n"},{"acf_fc_layout":"two_columns","column_left":{"ID":20750,"id":20750,"title":"Football2","filename":"Football2.png","filesize":463541,"url":"https:\/\/www.netex.de\/wp-content\/uploads\/Football2.png","link":"https:\/\/www.netex.de\/sr\/compa\/football2-2\/","alt":"","author":"3","description":"","caption":"","name":"football2-2","status":"inherit","uploaded_to":6025,"date":"2019-11-15 14:24:42","modified":"2019-11-15 14:24:42","menu_order":0,"mime_type":"image\/png","type":"image","subtype":"png","icon":"https:\/\/www.netex.de\/wp-includes\/images\/media\/default.png","width":600,"height":500,"sizes":{"thumbnail":"https:\/\/www.netex.de\/wp-content\/uploads\/Football2-150x150.png","thumbnail-width":150,"thumbnail-height":150,"medium":"https:\/\/www.netex.de\/wp-content\/uploads\/Football2-300x250.png","medium-width":300,"medium-height":250,"medium_large":"https:\/\/www.netex.de\/wp-content\/uploads\/Football2-768x640.png","medium_large-width":768,"medium_large-height":640,"large":"https:\/\/www.netex.de\/wp-content\/uploads\/Football2-1024x853.png","large-width":1024,"large-height":853,"1536x1536":"https:\/\/www.netex.de\/wp-content\/uploads\/Football2.png","1536x1536-width":600,"1536x1536-height":500,"2048x2048":"https:\/\/www.netex.de\/wp-content\/uploads\/Football2.png","2048x2048-width":600,"2048x2048-height":500,"post-thumbnail":"https:\/\/www.netex.de\/wp-content\/uploads\/Football2-85x85.png","post-thumbnail-width":85,"post-thumbnail-height":85,"hero":"https:\/\/www.netex.de\/wp-content\/uploads\/Football2.png","hero-width":600,"hero-height":500,"background":"https:\/\/www.netex.de\/wp-content\/uploads\/Football2.png","background-width":600,"background-height":500,"milestone-home":"https:\/\/www.netex.de\/wp-content\/uploads\/Football2-588x455.png","milestone-home-width":588,"milestone-home-height":455,"milestone-company":"https:\/\/www.netex.de\/wp-content\/uploads\/Football2-470x300.png","milestone-company-width":470,"milestone-company-height":300,"news-company":"https:\/\/www.netex.de\/wp-content\/uploads\/Football2-300x180.png","news-company-width":300,"news-company-height":180,"inner":"https:\/\/www.netex.de\/wp-content\/uploads\/Football2-300x255.png","inner-width":300,"inner-height":255,"gallery":"https:\/\/www.netex.de\/wp-content\/uploads\/Football2-320x230.png","gallery-width":320,"gallery-height":230,"contact":"https:\/\/www.netex.de\/wp-content\/uploads\/Football2-95x95.png","contact-width":95,"contact-height":95}},"column_right":"<p style=\"font-size: 1.5em;\"><b>Nastavlja se Netex fudbalsko prvenstvo<\/b><\/p>\n<p><b>12. Maj 2019.<\/b><br \/>\n4. i 11. maja 2019. godine planirane su sledec\u0301e dve utakmice. Prvog vikenda tim iz Temi\u0161vara igrao je zajedno sa ekipom iz Novog Sada. Sledec\u0301eg vikenda, ekipa iz Temi\u0161vara igrala je sa ekipom iz Sibiua. \u010cestitamo svim kolegama koji su podr\u017eali na\u0161e fudbalsko prvenstvo, kao i njihovim navija\u010dima.<\/p>\n"},{"acf_fc_layout":"two_columns","column_left":{"ID":20717,"id":20717,"title":"Resita_Timisoara","filename":"Resita_Timisoara.jpg","filesize":273560,"url":"https:\/\/www.netex.de\/wp-content\/uploads\/Resita_Timisoara.jpg","link":"https:\/\/www.netex.de\/sr\/compa\/resita_timisoara-2\/","alt":"","author":"3","description":"","caption":"","name":"resita_timisoara-2","status":"inherit","uploaded_to":6025,"date":"2019-11-15 14:19:40","modified":"2019-11-15 14:19:40","menu_order":0,"mime_type":"image\/jpeg","type":"image","subtype":"jpeg","icon":"https:\/\/www.netex.de\/wp-includes\/images\/media\/default.png","width":2048,"height":1536,"sizes":{"thumbnail":"https:\/\/www.netex.de\/wp-content\/uploads\/Resita_Timisoara-150x150.jpg","thumbnail-width":150,"thumbnail-height":150,"medium":"https:\/\/www.netex.de\/wp-content\/uploads\/Resita_Timisoara-300x225.jpg","medium-width":300,"medium-height":225,"medium_large":"https:\/\/www.netex.de\/wp-content\/uploads\/Resita_Timisoara-768x576.jpg","medium_large-width":768,"medium_large-height":576,"large":"https:\/\/www.netex.de\/wp-content\/uploads\/Resita_Timisoara-1024x768.jpg","large-width":1024,"large-height":768,"1536x1536":"https:\/\/www.netex.de\/wp-content\/uploads\/Resita_Timisoara.jpg","1536x1536-width":1536,"1536x1536-height":1152,"2048x2048":"https:\/\/www.netex.de\/wp-content\/uploads\/Resita_Timisoara.jpg","2048x2048-width":2048,"2048x2048-height":1536,"post-thumbnail":"https:\/\/www.netex.de\/wp-content\/uploads\/Resita_Timisoara-85x85.jpg","post-thumbnail-width":85,"post-thumbnail-height":85,"hero":"https:\/\/www.netex.de\/wp-content\/uploads\/Resita_Timisoara-925x755.jpg","hero-width":925,"hero-height":755,"background":"https:\/\/www.netex.de\/wp-content\/uploads\/Resita_Timisoara-1920x535.jpg","background-width":1920,"background-height":535,"milestone-home":"https:\/\/www.netex.de\/wp-content\/uploads\/Resita_Timisoara-588x455.jpg","milestone-home-width":588,"milestone-home-height":455,"milestone-company":"https:\/\/www.netex.de\/wp-content\/uploads\/Resita_Timisoara-470x300.jpg","milestone-company-width":470,"milestone-company-height":300,"news-company":"https:\/\/www.netex.de\/wp-content\/uploads\/Resita_Timisoara-300x180.jpg","news-company-width":300,"news-company-height":180,"inner":"https:\/\/www.netex.de\/wp-content\/uploads\/Resita_Timisoara-300x255.jpg","inner-width":300,"inner-height":255,"gallery":"https:\/\/www.netex.de\/wp-content\/uploads\/Resita_Timisoara-320x230.jpg","gallery-width":320,"gallery-height":230,"contact":"https:\/\/www.netex.de\/wp-content\/uploads\/Resita_Timisoara-95x95.jpg","contact-width":95,"contact-height":95}},"column_right":"<p style=\"font-size: 1.5em;\"><b>Po\u010delo je Netex fudbalsko prvenstvo!<\/b><\/p>\n<p><b>April 7, 2019<\/b><br \/>\n6. aprila 2019. godine odr\u017eana je prva fudbalska utakmica sa \u0161ampionata Netex na otvorenom terenu od Resita. Kolege iz Temi\u0161vara otputovale su u Resitu kako bi zapo\u010deli turnir. U narednim nedeljama planirano je da igraju timovi iz drugih kancelarija.<\/p>\n"},{"acf_fc_layout":"two_columns","column_left":{"ID":10302,"id":10302,"title":"job_fair_main","filename":"job_fair_main.jpg","filesize":80298,"url":"https:\/\/www.netex.de\/wp-content\/uploads\/job_fair_main.jpg","link":"https:\/\/www.netex.de\/sr\/compa\/job_fair_main\/","alt":"","author":"1","description":"","caption":"","name":"job_fair_main","status":"inherit","uploaded_to":6025,"date":"2017-03-21 15:32:23","modified":"2017-03-21 15:32:23","menu_order":0,"mime_type":"image\/jpeg","type":"image","subtype":"jpeg","icon":"https:\/\/www.netex.de\/wp-includes\/images\/media\/default.png","width":960,"height":720,"sizes":{"thumbnail":"https:\/\/www.netex.de\/wp-content\/uploads\/job_fair_main-150x150.jpg","thumbnail-width":150,"thumbnail-height":150,"medium":"https:\/\/www.netex.de\/wp-content\/uploads\/job_fair_main-300x225.jpg","medium-width":300,"medium-height":225,"medium_large":"https:\/\/www.netex.de\/wp-content\/uploads\/job_fair_main-768x576.jpg","medium_large-width":768,"medium_large-height":576,"large":"https:\/\/www.netex.de\/wp-content\/uploads\/job_fair_main-1024x768.jpg","large-width":1024,"large-height":768,"1536x1536":"https:\/\/www.netex.de\/wp-content\/uploads\/job_fair_main.jpg","1536x1536-width":960,"1536x1536-height":720,"2048x2048":"https:\/\/www.netex.de\/wp-content\/uploads\/job_fair_main.jpg","2048x2048-width":960,"2048x2048-height":720,"post-thumbnail":"https:\/\/www.netex.de\/wp-content\/uploads\/job_fair_main-85x85.jpg","post-thumbnail-width":85,"post-thumbnail-height":85,"hero":"https:\/\/www.netex.de\/wp-content\/uploads\/job_fair_main-925x720.jpg","hero-width":925,"hero-height":720,"background":"https:\/\/www.netex.de\/wp-content\/uploads\/job_fair_main-960x535.jpg","background-width":960,"background-height":535,"milestone-home":"https:\/\/www.netex.de\/wp-content\/uploads\/job_fair_main-588x455.jpg","milestone-home-width":588,"milestone-home-height":455,"milestone-company":"https:\/\/www.netex.de\/wp-content\/uploads\/job_fair_main-470x300.jpg","milestone-company-width":470,"milestone-company-height":300,"news-company":"https:\/\/www.netex.de\/wp-content\/uploads\/job_fair_main-300x180.jpg","news-company-width":300,"news-company-height":180,"inner":"https:\/\/www.netex.de\/wp-content\/uploads\/job_fair_main-300x255.jpg","inner-width":300,"inner-height":255,"gallery":"https:\/\/www.netex.de\/wp-content\/uploads\/job_fair_main-320x230.jpg","gallery-width":320,"gallery-height":230,"contact":"https:\/\/www.netex.de\/wp-content\/uploads\/job_fair_main-95x95.jpg","contact-width":95,"contact-height":95}},"column_right":"<p style=\"font-size: 1.5em;\"><b>JOB FAIR u Ni\u0161u<\/b><\/p>\n<p><b>6. i 7. Mart 2017.<\/b><\/p>\n<p>Sajam poslova i stru\u010dnih praksi \u201eJob Fair\u201c je nastao kao \u017eelja da studentima i kvalifikovanim mladim ljudima pomogne u nala\u017eenju posla, ali i da im pru\u017ei mogu\u0107nosti za zaposlenje u struci.<\/p>\n<p><img fetchpriority=\"high\" decoding=\"async\" class=\"alignright\" src=\"http:\/\/www.netex.ro\/wp-content\/uploads\/job_fair.jpg\" alt=\"\" width=\"420\" height=\"190\" \/>Pored toga, jedan od glavnih motiva ovog sajma je unapre\u0111enje ve\u0161tina studenata.<\/p>\n<p><strong>Netex<\/strong> je imao tu\u00a0\u010dast da u\u010destvuje na osmom\u00a0poredu Sajmu poslova i stru\u010dnih praksi koji je odrzan u zgradi Elektronskog fakulteta Univerziteta u Ni\u0161u.<\/p>\n<p>Ovo je bila odli\u010dna prilika da predstavimo oblasti na\u0161eg poslovanja i pro\u0161irimo na\u0161 tim.<\/p>\n<p>&nbsp;<\/p>\n"},{"acf_fc_layout":"two_columns","column_left":{"ID":10160,"id":10160,"title":"pic_6","filename":"pic_6.jpg","filesize":72035,"url":"https:\/\/www.netex.de\/wp-content\/uploads\/pic_6.jpg","link":"https:\/\/www.netex.de\/sr\/compa\/pic_6\/","alt":"","author":"1","description":"","caption":"","name":"pic_6","status":"inherit","uploaded_to":6025,"date":"2017-02-13 13:27:58","modified":"2026-02-10 07:48:19","menu_order":0,"mime_type":"image\/jpeg","type":"image","subtype":"jpeg","icon":"https:\/\/www.netex.de\/wp-includes\/images\/media\/default.png","width":1008,"height":627,"sizes":{"thumbnail":"https:\/\/www.netex.de\/wp-content\/uploads\/pic_6-150x150.jpg","thumbnail-width":150,"thumbnail-height":150,"medium":"https:\/\/www.netex.de\/wp-content\/uploads\/pic_6-300x187.jpg","medium-width":300,"medium-height":187,"medium_large":"https:\/\/www.netex.de\/wp-content\/uploads\/pic_6-768x478.jpg","medium_large-width":768,"medium_large-height":478,"large":"https:\/\/www.netex.de\/wp-content\/uploads\/pic_6-1024x636.jpg","large-width":1024,"large-height":636,"1536x1536":"https:\/\/www.netex.de\/wp-content\/uploads\/pic_6.jpg","1536x1536-width":1008,"1536x1536-height":627,"2048x2048":"https:\/\/www.netex.de\/wp-content\/uploads\/pic_6.jpg","2048x2048-width":1008,"2048x2048-height":627,"post-thumbnail":"https:\/\/www.netex.de\/wp-content\/uploads\/pic_6-85x85.jpg","post-thumbnail-width":85,"post-thumbnail-height":85,"hero":"https:\/\/www.netex.de\/wp-content\/uploads\/pic_6-925x627.jpg","hero-width":925,"hero-height":627,"background":"https:\/\/www.netex.de\/wp-content\/uploads\/pic_6-1008x535.jpg","background-width":1008,"background-height":535,"milestone-home":"https:\/\/www.netex.de\/wp-content\/uploads\/pic_6-588x455.jpg","milestone-home-width":588,"milestone-home-height":455,"milestone-company":"https:\/\/www.netex.de\/wp-content\/uploads\/pic_6-470x300.jpg","milestone-company-width":470,"milestone-company-height":300,"news-company":"https:\/\/www.netex.de\/wp-content\/uploads\/pic_6-300x180.jpg","news-company-width":300,"news-company-height":180,"inner":"https:\/\/www.netex.de\/wp-content\/uploads\/pic_6-300x255.jpg","inner-width":300,"inner-height":255,"gallery":"https:\/\/www.netex.de\/wp-content\/uploads\/pic_6-320x230.jpg","gallery-width":320,"gallery-height":230,"contact":"https:\/\/www.netex.de\/wp-content\/uploads\/pic_6-95x95.jpg","contact-width":95,"contact-height":95}},"column_right":"<p style=\"font-size: 1.5em;\"><b>E-commerce Berlin Expo 2017<\/b><\/p>\n<p><b>2 Feb 2017<\/b><\/p>\n<p>Globalni korisni\u010dki servis <strong>\u201cNetex\u201d<\/strong> u\u010destvovao je na \u010duvenoj berlinskoj \u201cE-Commerce Expo\u201d manifestaciji, koja okuplja najzna\u010dajnije internacionalne predstavnike iz oblasti elektronskog i \u201con-line\u201d poslovanja, kao i drugih povezanih oblasti i disciplina.<br \/>\nSvake godine \u201cE-commerce Expo\u201d u Berlinu izaziva novo interesovanje publike i u\u010desnika, pre svega, zbog sve ve\u0107e tr\u017ei\u0161ne zastupljenosti i udela elektronske trgovine u modernom poslovanju. Upravo zato bila je ovo odli\u010dna prilika za na\u0161u kompaniju da predstavi svoje dosege i budu\u0107a stremljenja.<br \/>\n\u201cNetex\u201d je ovom prilikom sve prisutne upoznao sa velikom paletom usluga iz sfere e-commerce poslovanja koje uspe\u0161no obavlja na me\u0111unarodnom polju, sa osvrtom na usluge globalnog korisni\u010dkog servisa, IT re\u0161enja, logistike, marketing miksa kao podr\u0161ke ka kona\u010dnom klijentu, ali i povezanih disciplina koje primenjujemo u na\u0161em poslovnom sistemu.<\/p>\n<p><a href=\"https:\/\/www.facebook.com\/NetexConsultingSrbija\" target=\"_blank\" rel=\"noopener\">Facebook<\/a><\/p>\n"},{"acf_fc_layout":"two_columns","column_left":{"ID":8237,"id":8237,"title":"dscn2041","filename":"DSCN2041.jpg","filesize":1303940,"url":"https:\/\/www.netex.de\/wp-content\/uploads\/DSCN2041.jpg","link":"https:\/\/www.netex.de\/sr\/compa\/dscn2041\/","alt":"","author":"1","description":"","caption":"","name":"dscn2041","status":"inherit","uploaded_to":6025,"date":"2016-10-25 10:59:45","modified":"2026-02-10 07:48:19","menu_order":0,"mime_type":"image\/jpeg","type":"image","subtype":"jpeg","icon":"https:\/\/www.netex.de\/wp-includes\/images\/media\/default.png","width":3072,"height":2304,"sizes":{"thumbnail":"https:\/\/www.netex.de\/wp-content\/uploads\/DSCN2041-150x150.jpg","thumbnail-width":150,"thumbnail-height":150,"medium":"https:\/\/www.netex.de\/wp-content\/uploads\/DSCN2041-300x225.jpg","medium-width":300,"medium-height":225,"medium_large":"https:\/\/www.netex.de\/wp-content\/uploads\/DSCN2041-768x576.jpg","medium_large-width":768,"medium_large-height":576,"large":"https:\/\/www.netex.de\/wp-content\/uploads\/DSCN2041-1024x768.jpg","large-width":1024,"large-height":768,"1536x1536":"https:\/\/www.netex.de\/wp-content\/uploads\/DSCN2041.jpg","1536x1536-width":1536,"1536x1536-height":1152,"2048x2048":"https:\/\/www.netex.de\/wp-content\/uploads\/DSCN2041.jpg","2048x2048-width":2048,"2048x2048-height":1536,"post-thumbnail":"https:\/\/www.netex.de\/wp-content\/uploads\/DSCN2041-85x85.jpg","post-thumbnail-width":85,"post-thumbnail-height":85,"hero":"https:\/\/www.netex.de\/wp-content\/uploads\/DSCN2041-925x755.jpg","hero-width":925,"hero-height":755,"background":"https:\/\/www.netex.de\/wp-content\/uploads\/DSCN2041-1920x535.jpg","background-width":1920,"background-height":535,"milestone-home":"https:\/\/www.netex.de\/wp-content\/uploads\/DSCN2041-588x455.jpg","milestone-home-width":588,"milestone-home-height":455,"milestone-company":"https:\/\/www.netex.de\/wp-content\/uploads\/DSCN2041-470x300.jpg","milestone-company-width":470,"milestone-company-height":300,"news-company":"https:\/\/www.netex.de\/wp-content\/uploads\/DSCN2041-300x180.jpg","news-company-width":300,"news-company-height":180,"inner":"https:\/\/www.netex.de\/wp-content\/uploads\/DSCN2041-300x255.jpg","inner-width":300,"inner-height":255,"gallery":"https:\/\/www.netex.de\/wp-content\/uploads\/DSCN2041-320x230.jpg","gallery-width":320,"gallery-height":230,"contact":"https:\/\/www.netex.de\/wp-content\/uploads\/DSCN2041-95x95.jpg","contact-width":95,"contact-height":95}},"column_right":"<p style=\"font-size: 1.5em;\"><b>Po\u010detak Netex akademije u Ni\u0161u<\/b><\/p>\n<p style=\"text-align: left;\">Po\u010detak realizacije projekta <strong><b>\u201cNetex akademije\u201d<\/b><\/strong>\u00a0&#8211; programa besplatne obuke za rad u me\u0111unarodnom globalnom korisni\u010dkom servisu, koja je otvorena za sve gra\u0111ane Ni\u0161a. Netex akademija se sprovodi uz podr\u0161ku Grada Ni\u0161a i Nacionalne slu\u017ebe za zapo\u0161ljavanje.<\/p>\n<p style=\"text-align: left;\">Ovaj program najpre je pokrenut uz podr\u0161ku Grada Novog Sada i Nacionalne slu\u017ebe za zapo\u0161ljavanje u Novom Sadu, da bi se potom pro\u0161irio i u Zrenjaninu, sa izuzetnim rezultatima u domenu poslovne edukacije sprovedenim u ovim sredinama. Tako\u0111e, zahvaljuju\u0107i programu <strong>\u201cNetex akademije\u201d<\/strong>, kroz koji je do sada pro\u0161lo vi\u0161e desetina kandidata, mnogi od njih su upravo svoje stalno zaposlenje prona\u0161li zahvaljuju\u0107i ovom projektu.<\/p>\n<p style=\"text-align: left;\"><img decoding=\"async\" class=\"wp-image-8245 alignright\" src=\"http:\/\/www.netex.ro\/wp-content\/uploads\/DSCN2014-300x225.jpg\" alt=\"\" width=\"289\" height=\"217\" srcset=\"https:\/\/www.netex.de\/wp-content\/uploads\/DSCN2014-300x225.jpg 300w, https:\/\/www.netex.de\/wp-content\/uploads\/DSCN2014-768x576.jpg 768w, https:\/\/www.netex.de\/wp-content\/uploads\/DSCN2014-1024x768.jpg 1024w\" sizes=\"(max-width: 289px) 100vw, 289px\" \/>Predava\u010di <strong>\u201cNetex akademije\u201d<\/strong> su iskusni profesionalci sa me\u0111unarodnim iskustvom u oblasti usluga korisni\u010dkog servisa, logistike, transporta, internacionalne komunikacije i tehni\u010dke podr\u0161ke klijentima. Ovo su upravo ona polja i oblasti, zajedno sa poslovnim sferama IT podr\u0161ke, marketinga i svega onoga \u0161to \u010dini okosnicu usluga modernog globalnog korisni\u010dkog servisa dana\u0161njice u kojima je kompanija <strong>\u201cNetex\u201d<\/strong> lider na jednom \u0161irem me\u0111unarodnom polju.<\/p>\n<p style=\"text-align: left;\">Na\u0161i klijenti nalaze se diljem sveta, \u0161to je od su\u0161tinskog zna\u010daja za polaznike <strong>\u201cNetex akademije\u201d<\/strong>, jer na taj na\u010din sti\u010du jedno sveobuhvatnije, me\u0111unarodno iskustvo i poslovnu praksu. Kompanija Netex ima svoje poslovnice u nekoliko evropskih zemalja sa sedi\u0161tem u Temi\u0161varu (Rumunija). Srpski ogranak kompanije najpre je osnovan u Novom Sadu, da bi se potom kompanija kontinuirano \u0161irila u Srbiji sa novotvorenim kancelarijama u Ni\u0161u i Zrenjaninu.<\/p>\n<p style=\"text-align: left;\"><strong>Prijavljivanje su mogu\u0107e putem mejla <a href=\"mailto:akademija@netex.rs\">akademija@netex.rs<\/a> i preko Nacionalne sluzbe za zapo\u0161ljavanje.<\/strong><\/p>\n"},{"acf_fc_layout":"two_columns","column_left":{"ID":9845,"id":9845,"title":"fnt","filename":"fnt.jpg","filesize":93445,"url":"https:\/\/www.netex.de\/wp-content\/uploads\/fnt.jpg","link":"https:\/\/www.netex.de\/sr\/compa\/fnt\/","alt":"","author":"1","description":"","caption":"","name":"fnt","status":"inherit","uploaded_to":6025,"date":"2017-01-04 11:35:00","modified":"2026-02-10 07:48:19","menu_order":0,"mime_type":"image\/jpeg","type":"image","subtype":"jpeg","icon":"https:\/\/www.netex.de\/wp-includes\/images\/media\/default.png","width":960,"height":682,"sizes":{"thumbnail":"https:\/\/www.netex.de\/wp-content\/uploads\/fnt-150x150.jpg","thumbnail-width":150,"thumbnail-height":150,"medium":"https:\/\/www.netex.de\/wp-content\/uploads\/fnt-300x213.jpg","medium-width":300,"medium-height":213,"medium_large":"https:\/\/www.netex.de\/wp-content\/uploads\/fnt-768x546.jpg","medium_large-width":768,"medium_large-height":546,"large":"https:\/\/www.netex.de\/wp-content\/uploads\/fnt-1024x727.jpg","large-width":1024,"large-height":727,"1536x1536":"https:\/\/www.netex.de\/wp-content\/uploads\/fnt.jpg","1536x1536-width":960,"1536x1536-height":682,"2048x2048":"https:\/\/www.netex.de\/wp-content\/uploads\/fnt.jpg","2048x2048-width":960,"2048x2048-height":682,"post-thumbnail":"https:\/\/www.netex.de\/wp-content\/uploads\/fnt-85x85.jpg","post-thumbnail-width":85,"post-thumbnail-height":85,"hero":"https:\/\/www.netex.de\/wp-content\/uploads\/fnt-925x682.jpg","hero-width":925,"hero-height":682,"background":"https:\/\/www.netex.de\/wp-content\/uploads\/fnt-960x535.jpg","background-width":960,"background-height":535,"milestone-home":"https:\/\/www.netex.de\/wp-content\/uploads\/fnt-588x455.jpg","milestone-home-width":588,"milestone-home-height":455,"milestone-company":"https:\/\/www.netex.de\/wp-content\/uploads\/fnt-470x300.jpg","milestone-company-width":470,"milestone-company-height":300,"news-company":"https:\/\/www.netex.de\/wp-content\/uploads\/fnt-300x180.jpg","news-company-width":300,"news-company-height":180,"inner":"https:\/\/www.netex.de\/wp-content\/uploads\/fnt-300x255.jpg","inner-width":300,"inner-height":255,"gallery":"https:\/\/www.netex.de\/wp-content\/uploads\/fnt-320x230.jpg","gallery-width":320,"gallery-height":230,"contact":"https:\/\/www.netex.de\/wp-content\/uploads\/fnt-95x95.jpg","contact-width":95,"contact-height":95}},"column_right":"<h3>Forum naprednih tehnologija 2016. godine u Ni\u0161u<\/h3>\n<p><a href=\"https:\/\/www.facebook.com\/298896836896539\/photos\/?tab=album&amp;album_id=1130426177076930\">Facebook ob\u0161irnije!<\/a><\/p>\n<p><img decoding=\"async\" class=\"size-medium wp-image-9880 alignnone\" src=\"http:\/\/www.netex.ro\/wp-content\/uploads\/15134664_1131330386986509_2411448297370724283_n-300x225.jpg\" alt=\"15134664_1131330386986509_2411448297370724283_n\" width=\"300\" height=\"225\" srcset=\"https:\/\/www.netex.de\/wp-content\/uploads\/15134664_1131330386986509_2411448297370724283_n-300x225.jpg 300w, https:\/\/www.netex.de\/wp-content\/uploads\/15134664_1131330386986509_2411448297370724283_n-768x576.jpg 768w, https:\/\/www.netex.de\/wp-content\/uploads\/15134664_1131330386986509_2411448297370724283_n-1024x768.jpg 1024w, https:\/\/www.netex.de\/wp-content\/uploads\/15134664_1131330386986509_2411448297370724283_n.jpg 960w\" sizes=\"(max-width: 300px) 100vw, 300px\" \/><img loading=\"lazy\" decoding=\"async\" class=\"size-medium wp-image-9852 alignnone\" src=\"http:\/\/www.netex.ro\/wp-content\/uploads\/14938153_1131330390319842_1063945123498246017_n-300x225.jpg\" alt=\"14938153_1131330390319842_1063945123498246017_n\" width=\"300\" height=\"225\" srcset=\"https:\/\/www.netex.de\/wp-content\/uploads\/14938153_1131330390319842_1063945123498246017_n-300x225.jpg 300w, https:\/\/www.netex.de\/wp-content\/uploads\/14938153_1131330390319842_1063945123498246017_n-768x576.jpg 768w, https:\/\/www.netex.de\/wp-content\/uploads\/14938153_1131330390319842_1063945123498246017_n-1024x768.jpg 1024w, https:\/\/www.netex.de\/wp-content\/uploads\/14938153_1131330390319842_1063945123498246017_n.jpg 960w\" sizes=\"(max-width: 300px) 100vw, 300px\" \/><img loading=\"lazy\" decoding=\"async\" class=\"size-medium wp-image-9873 alignnone\" src=\"http:\/\/www.netex.ro\/wp-content\/uploads\/15027978_1131330650319816_5833918937983872826_n-300x225.jpg\" alt=\"15027978_1131330650319816_5833918937983872826_n\" width=\"300\" height=\"225\" srcset=\"https:\/\/www.netex.de\/wp-content\/uploads\/15027978_1131330650319816_5833918937983872826_n-300x225.jpg 300w, https:\/\/www.netex.de\/wp-content\/uploads\/15027978_1131330650319816_5833918937983872826_n-768x576.jpg 768w, https:\/\/www.netex.de\/wp-content\/uploads\/15027978_1131330650319816_5833918937983872826_n-1024x768.jpg 1024w, https:\/\/www.netex.de\/wp-content\/uploads\/15027978_1131330650319816_5833918937983872826_n.jpg 960w\" sizes=\"(max-width: 300px) 100vw, 300px\" \/><img loading=\"lazy\" decoding=\"async\" class=\"size-medium wp-image-9866 alignnone\" src=\"http:\/\/www.netex.ro\/wp-content\/uploads\/15027917_1131330466986501_4496982328220148000_n-300x225.jpg\" alt=\"15027917_1131330466986501_4496982328220148000_n\" width=\"300\" height=\"225\" srcset=\"https:\/\/www.netex.de\/wp-content\/uploads\/15027917_1131330466986501_4496982328220148000_n-300x225.jpg 300w, https:\/\/www.netex.de\/wp-content\/uploads\/15027917_1131330466986501_4496982328220148000_n-768x576.jpg 768w, https:\/\/www.netex.de\/wp-content\/uploads\/15027917_1131330466986501_4496982328220148000_n-1024x768.jpg 1024w, https:\/\/www.netex.de\/wp-content\/uploads\/15027917_1131330466986501_4496982328220148000_n.jpg 960w\" sizes=\"(max-width: 300px) 100vw, 300px\" \/><\/p>\n"},{"acf_fc_layout":"two_columns","column_left":{"ID":10042,"id":10042,"title":"iso9001rs","filename":"iso9001rs.jpg","filesize":658452,"url":"https:\/\/www.netex.de\/wp-content\/uploads\/iso9001rs.jpg","link":"https:\/\/www.netex.de\/sr\/compa\/iso9001rs\/","alt":"","author":"1","description":"","caption":"","name":"iso9001rs","status":"inherit","uploaded_to":6025,"date":"2017-01-04 14:01:06","modified":"2017-01-04 14:01:06","menu_order":0,"mime_type":"image\/jpeg","type":"image","subtype":"jpeg","icon":"https:\/\/www.netex.de\/wp-includes\/images\/media\/default.png","width":1536,"height":2356,"sizes":{"thumbnail":"https:\/\/www.netex.de\/wp-content\/uploads\/iso9001rs-150x150.jpg","thumbnail-width":150,"thumbnail-height":150,"medium":"https:\/\/www.netex.de\/wp-content\/uploads\/iso9001rs-196x300.jpg","medium-width":196,"medium-height":300,"medium_large":"https:\/\/www.netex.de\/wp-content\/uploads\/iso9001rs-768x1178.jpg","medium_large-width":768,"medium_large-height":1178,"large":"https:\/\/www.netex.de\/wp-content\/uploads\/iso9001rs-668x1024.jpg","large-width":668,"large-height":1024,"1536x1536":"https:\/\/www.netex.de\/wp-content\/uploads\/iso9001rs.jpg","1536x1536-width":1001,"1536x1536-height":1536,"2048x2048":"https:\/\/www.netex.de\/wp-content\/uploads\/iso9001rs.jpg","2048x2048-width":1335,"2048x2048-height":2048,"post-thumbnail":"https:\/\/www.netex.de\/wp-content\/uploads\/iso9001rs-85x85.jpg","post-thumbnail-width":85,"post-thumbnail-height":85,"hero":"https:\/\/www.netex.de\/wp-content\/uploads\/iso9001rs-925x755.jpg","hero-width":925,"hero-height":755,"background":"https:\/\/www.netex.de\/wp-content\/uploads\/iso9001rs-1536x535.jpg","background-width":1536,"background-height":535,"milestone-home":"https:\/\/www.netex.de\/wp-content\/uploads\/iso9001rs-588x455.jpg","milestone-home-width":588,"milestone-home-height":455,"milestone-company":"https:\/\/www.netex.de\/wp-content\/uploads\/iso9001rs-470x300.jpg","milestone-company-width":470,"milestone-company-height":300,"news-company":"https:\/\/www.netex.de\/wp-content\/uploads\/iso9001rs-300x180.jpg","news-company-width":300,"news-company-height":180,"inner":"https:\/\/www.netex.de\/wp-content\/uploads\/iso9001rs-300x255.jpg","inner-width":300,"inner-height":255,"gallery":"https:\/\/www.netex.de\/wp-content\/uploads\/iso9001rs-320x230.jpg","gallery-width":320,"gallery-height":230,"contact":"https:\/\/www.netex.de\/wp-content\/uploads\/iso9001rs-95x95.jpg","contact-width":95,"contact-height":95}},"column_right":"<p style=\"text-align: justify;\"><strong><img loading=\"lazy\" decoding=\"async\" class=\"alignleft size-medium wp-image-8178\" src=\"http:\/\/www.netex.ro\/wp-content\/uploads\/ISO9001_2-300x169.jpg\" alt=\"iso9001_2\" width=\"300\" height=\"169\" srcset=\"https:\/\/www.netex.de\/wp-content\/uploads\/ISO9001_2-300x169.jpg 300w, https:\/\/www.netex.de\/wp-content\/uploads\/ISO9001_2-768x432.jpg 768w, https:\/\/www.netex.de\/wp-content\/uploads\/ISO9001_2-1024x576.jpg 1024w, https:\/\/www.netex.de\/wp-content\/uploads\/ISO9001_2.jpg 2048w\" sizes=\"(max-width: 300px) 100vw, 300px\" \/><img loading=\"lazy\" decoding=\"async\" class=\"alignleft size-medium wp-image-8171\" src=\"http:\/\/www.netex.ro\/wp-content\/uploads\/ISO9001-300x169.jpg\" alt=\"iso9001\" width=\"300\" height=\"169\" srcset=\"https:\/\/www.netex.de\/wp-content\/uploads\/ISO9001-300x169.jpg 300w, https:\/\/www.netex.de\/wp-content\/uploads\/ISO9001-768x432.jpg 768w, https:\/\/www.netex.de\/wp-content\/uploads\/ISO9001-1024x576.jpg 1024w, https:\/\/www.netex.de\/wp-content\/uploads\/ISO9001.jpg 2048w\" sizes=\"(max-width: 300px) 100vw, 300px\" \/>NETEX d.o.o. Srbija nosilac ISO 9001: 2008 sertifikata!<\/strong><\/p>\n<p style=\"text-align: justify;\">Srpskom ogranku multinacionalne kompanije \u201eNetex D.O.O\u201c dodeljen je 4. oktobra, 2016. godine, sertifikat kvaliteta ISO 9001: 2008 od strane akreditovane ku\u0107e <strong>T\u00dcV- Rheinland.<\/strong><\/p>\n<p style=\"text-align: justify;\">Kompanija pokriva sve aktivnosti jednog <strong>globalnog korisni\u010dkog servisa,<\/strong> uklju\u010duju\u0107i rad korisni\u010dkog servisa, obradu podataka, logistiku, marketing, te razvoj internet stranica, IT podr\u0161ku, a sa ciljem podr\u0161ke prodaji i drugih srodnih usluga.<\/p>\n<p style=\"text-align: justify;\"><strong>Fokus kompanije jeste orijentacija ka klijentima,<\/strong> sa ciljem identifikacije i ispunjenja zahteva klijenata \u0161to je efikasnije mogu\u0107e.<\/p>\n<p style=\"text-align: justify;\">Rukovodstvo Netex d.o.o. zahteva uklju\u010divanje zaposlenih u unapre\u0111enje KVALITETA, kroz participativno rukovo\u0111enje koje dovodi do pove\u0107anja svesti o zna\u010daju i va\u017enosti aktivnosti i radne prakse svakog zaposlenog. Ovaj prilaz omogu\u0107ava konstantno u\u010denje, prikupljanje iskustva i ve\u0161tina koje poma\u017eu u re\u0161avanju problema, kao i predvi\u0111anju re\u0161enja. Na\u0161 kontinuirani sistem obuke omogu\u0107ava konstantni profesionalni razvoj na\u0161ih zaposlenih.<\/p>\n<p style=\"text-align: justify;\"><strong>Kompanija obezbe\u0111uje<\/strong> pravno okru\u017eenje za za\u0161titu poverljivih podataka i prava vlasni\u0161tva na\u0161ih klijenata, i blagovremeno identifikovanje potencijalnih sukoba interesa.<br \/>\nOd strane rukovodstva se redovno proverava politika kvaliteta u skladu sa svrhom organizacije i njena adekvatnost se konstantno analizira. Sve pomenuto dovodi do maksimalnog KVALITETA na\u0161ih usluga, kao i najva\u017enijeg aspekta: do maksimalne satisfakcije na\u0161ih klijenata!<\/p>\n"},{"acf_fc_layout":"two_columns","column_left":{"ID":7569,"id":7569,"title":"15 years of Netex","filename":"15-years-of-Netex.jpg","filesize":413083,"url":"https:\/\/www.netex.de\/wp-content\/uploads\/15-years-of-Netex.jpg","link":"https:\/\/www.netex.de\/sr\/compa\/15-years-of-netex\/","alt":"","author":"1","description":"","caption":"","name":"15-years-of-netex","status":"inherit","uploaded_to":6025,"date":"2016-07-13 09:11:54","modified":"2016-07-13 09:11:54","menu_order":0,"mime_type":"image\/jpeg","type":"image","subtype":"jpeg","icon":"https:\/\/www.netex.de\/wp-includes\/images\/media\/default.png","width":2048,"height":1184,"sizes":{"thumbnail":"https:\/\/www.netex.de\/wp-content\/uploads\/15-years-of-Netex-150x150.jpg","thumbnail-width":150,"thumbnail-height":150,"medium":"https:\/\/www.netex.de\/wp-content\/uploads\/15-years-of-Netex-300x173.jpg","medium-width":300,"medium-height":173,"medium_large":"https:\/\/www.netex.de\/wp-content\/uploads\/15-years-of-Netex-768x444.jpg","medium_large-width":768,"medium_large-height":444,"large":"https:\/\/www.netex.de\/wp-content\/uploads\/15-years-of-Netex-1024x592.jpg","large-width":1024,"large-height":592,"1536x1536":"https:\/\/www.netex.de\/wp-content\/uploads\/15-years-of-Netex.jpg","1536x1536-width":1536,"1536x1536-height":888,"2048x2048":"https:\/\/www.netex.de\/wp-content\/uploads\/15-years-of-Netex.jpg","2048x2048-width":2048,"2048x2048-height":1184,"post-thumbnail":"https:\/\/www.netex.de\/wp-content\/uploads\/15-years-of-Netex-85x85.jpg","post-thumbnail-width":85,"post-thumbnail-height":85,"hero":"https:\/\/www.netex.de\/wp-content\/uploads\/15-years-of-Netex-925x755.jpg","hero-width":925,"hero-height":755,"background":"https:\/\/www.netex.de\/wp-content\/uploads\/15-years-of-Netex-1920x535.jpg","background-width":1920,"background-height":535,"milestone-home":"https:\/\/www.netex.de\/wp-content\/uploads\/15-years-of-Netex-588x455.jpg","milestone-home-width":588,"milestone-home-height":455,"milestone-company":"https:\/\/www.netex.de\/wp-content\/uploads\/15-years-of-Netex-470x300.jpg","milestone-company-width":470,"milestone-company-height":300,"news-company":"https:\/\/www.netex.de\/wp-content\/uploads\/15-years-of-Netex-300x180.jpg","news-company-width":300,"news-company-height":180,"inner":"https:\/\/www.netex.de\/wp-content\/uploads\/15-years-of-Netex-300x255.jpg","inner-width":300,"inner-height":255,"gallery":"https:\/\/www.netex.de\/wp-content\/uploads\/15-years-of-Netex-320x230.jpg","gallery-width":320,"gallery-height":230,"contact":"https:\/\/www.netex.de\/wp-content\/uploads\/15-years-of-Netex-95x95.jpg","contact-width":95,"contact-height":95}},"column_right":"<p>Kompanija Netex proslavila je krajem pro\u0161le godine 15 godina postojanja. Na proslavi su u\u010destvovale kolege iz svih Netex kancelarija iz drugih zemalja, a kompanija je odredila svoju dalju misiju razvoja i rasta.<\/p>\n<p><iframe src=\"https:\/\/www.youtube.com\/embed\/Eh6kFT7JgLI\" width=\"560\" height=\"315\" frameborder=\"0\" allowfullscreen=\"allowfullscreen\"><\/iframe><\/p>\n"},{"acf_fc_layout":"two_columns","column_left":{"ID":7399,"id":7399,"title":"13173606_978671038919112_6254977697339274288_o","filename":"13173606_978671038919112_6254977697339274288_o.jpg","filesize":186328,"url":"https:\/\/www.netex.de\/wp-content\/uploads\/13173606_978671038919112_6254977697339274288_o.jpg","link":"https:\/\/www.netex.de\/sr\/compa\/13173606_978671038919112_6254977697339274288_o\/","alt":"","author":"1","description":"","caption":"","name":"13173606_978671038919112_6254977697339274288_o","status":"inherit","uploaded_to":6025,"date":"2016-06-30 12:05:53","modified":"2016-06-30 12:05:53","menu_order":0,"mime_type":"image\/jpeg","type":"image","subtype":"jpeg","icon":"https:\/\/www.netex.de\/wp-includes\/images\/media\/default.png","width":2048,"height":1263,"sizes":{"thumbnail":"https:\/\/www.netex.de\/wp-content\/uploads\/13173606_978671038919112_6254977697339274288_o-150x150.jpg","thumbnail-width":150,"thumbnail-height":150,"medium":"https:\/\/www.netex.de\/wp-content\/uploads\/13173606_978671038919112_6254977697339274288_o-300x185.jpg","medium-width":300,"medium-height":185,"medium_large":"https:\/\/www.netex.de\/wp-content\/uploads\/13173606_978671038919112_6254977697339274288_o-768x474.jpg","medium_large-width":768,"medium_large-height":474,"large":"https:\/\/www.netex.de\/wp-content\/uploads\/13173606_978671038919112_6254977697339274288_o-1024x632.jpg","large-width":1024,"large-height":632,"1536x1536":"https:\/\/www.netex.de\/wp-content\/uploads\/13173606_978671038919112_6254977697339274288_o.jpg","1536x1536-width":1536,"1536x1536-height":947,"2048x2048":"https:\/\/www.netex.de\/wp-content\/uploads\/13173606_978671038919112_6254977697339274288_o.jpg","2048x2048-width":2048,"2048x2048-height":1263,"post-thumbnail":"https:\/\/www.netex.de\/wp-content\/uploads\/13173606_978671038919112_6254977697339274288_o-85x85.jpg","post-thumbnail-width":85,"post-thumbnail-height":85,"hero":"https:\/\/www.netex.de\/wp-content\/uploads\/13173606_978671038919112_6254977697339274288_o-925x755.jpg","hero-width":925,"hero-height":755,"background":"https:\/\/www.netex.de\/wp-content\/uploads\/13173606_978671038919112_6254977697339274288_o-1920x535.jpg","background-width":1920,"background-height":535,"milestone-home":"https:\/\/www.netex.de\/wp-content\/uploads\/13173606_978671038919112_6254977697339274288_o-588x455.jpg","milestone-home-width":588,"milestone-home-height":455,"milestone-company":"https:\/\/www.netex.de\/wp-content\/uploads\/13173606_978671038919112_6254977697339274288_o-470x300.jpg","milestone-company-width":470,"milestone-company-height":300,"news-company":"https:\/\/www.netex.de\/wp-content\/uploads\/13173606_978671038919112_6254977697339274288_o-300x180.jpg","news-company-width":300,"news-company-height":180,"inner":"https:\/\/www.netex.de\/wp-content\/uploads\/13173606_978671038919112_6254977697339274288_o-300x255.jpg","inner-width":300,"inner-height":255,"gallery":"https:\/\/www.netex.de\/wp-content\/uploads\/13173606_978671038919112_6254977697339274288_o-320x230.jpg","gallery-width":320,"gallery-height":230,"contact":"https:\/\/www.netex.de\/wp-content\/uploads\/13173606_978671038919112_6254977697339274288_o-95x95.jpg","contact-width":95,"contact-height":95}},"column_right":"<div class=\"clearfix fbPhotoSnowliftAuthorInfo _xlu\">\n<div class=\"clearfix _8u _42ef\">\n<div class=\"_6a\">\n<div class=\"_xlr\">\n<div id=\"fbPhotoSnowliftAudienceSelector\" class=\"_hlh mls\">\n<div class=\"mbs fbPhotosAudienceContainerNotEditable\"><span id=\"fbPhotoSnowliftContext\" class=\"fbPhotosPhotoContext\"><\/span>Kompanija &#8222;Netex&#8220; pokrenula je besplatnu obuku iz java programskog jezika! &#8222;Netex Java akademija&#8220; otvorenog je tipa, realizova\u0107e se tokom tromese\u010dnih predavanja, uz pomo\u0107 me\u0111unarodnih stru\u010dnjaka i predava\u010da.<\/div>\n<\/div>\n<\/div>\n<\/div>\n<\/div>\n<\/div>\n"},{"acf_fc_layout":"two_columns","column_left":{"ID":7047,"id":7047,"title":"12068924_1114790641872378_2799005459745809849_o1","filename":"12068924_1114790641872378_2799005459745809849_o1.jpg","filesize":147017,"url":"https:\/\/www.netex.de\/wp-content\/uploads\/12068924_1114790641872378_2799005459745809849_o1.jpg","link":"https:\/\/www.netex.de\/sr\/compa\/12068924_1114790641872378_2799005459745809849_o1-2\/","alt":"","author":"1","description":"","caption":"","name":"12068924_1114790641872378_2799005459745809849_o1-2","status":"inherit","uploaded_to":6025,"date":"2016-03-21 10:58:54","modified":"2016-03-21 10:58:54","menu_order":0,"mime_type":"image\/jpeg","type":"image","subtype":"jpeg","icon":"https:\/\/www.netex.de\/wp-includes\/images\/media\/default.png","width":1224,"height":918,"sizes":{"thumbnail":"https:\/\/www.netex.de\/wp-content\/uploads\/12068924_1114790641872378_2799005459745809849_o1.jpg","thumbnail-width":150,"thumbnail-height":113,"medium":"https:\/\/www.netex.de\/wp-content\/uploads\/12068924_1114790641872378_2799005459745809849_o1.jpg","medium-width":300,"medium-height":225,"medium_large":"https:\/\/www.netex.de\/wp-content\/uploads\/12068924_1114790641872378_2799005459745809849_o1.jpg","medium_large-width":768,"medium_large-height":576,"large":"https:\/\/www.netex.de\/wp-content\/uploads\/12068924_1114790641872378_2799005459745809849_o1.jpg","large-width":1024,"large-height":768,"1536x1536":"https:\/\/www.netex.de\/wp-content\/uploads\/12068924_1114790641872378_2799005459745809849_o1.jpg","1536x1536-width":1224,"1536x1536-height":918,"2048x2048":"https:\/\/www.netex.de\/wp-content\/uploads\/12068924_1114790641872378_2799005459745809849_o1.jpg","2048x2048-width":1224,"2048x2048-height":918,"post-thumbnail":"https:\/\/www.netex.de\/wp-content\/uploads\/12068924_1114790641872378_2799005459745809849_o1.jpg","post-thumbnail-width":85,"post-thumbnail-height":64,"hero":"https:\/\/www.netex.de\/wp-content\/uploads\/12068924_1114790641872378_2799005459745809849_o1.jpg","hero-width":925,"hero-height":694,"background":"https:\/\/www.netex.de\/wp-content\/uploads\/12068924_1114790641872378_2799005459745809849_o1.jpg","background-width":713,"background-height":535,"milestone-home":"https:\/\/www.netex.de\/wp-content\/uploads\/12068924_1114790641872378_2799005459745809849_o1.jpg","milestone-home-width":588,"milestone-home-height":441,"milestone-company":"https:\/\/www.netex.de\/wp-content\/uploads\/12068924_1114790641872378_2799005459745809849_o1.jpg","milestone-company-width":400,"milestone-company-height":300,"news-company":"https:\/\/www.netex.de\/wp-content\/uploads\/12068924_1114790641872378_2799005459745809849_o1.jpg","news-company-width":240,"news-company-height":180,"inner":"https:\/\/www.netex.de\/wp-content\/uploads\/12068924_1114790641872378_2799005459745809849_o1.jpg","inner-width":300,"inner-height":225,"gallery":"https:\/\/www.netex.de\/wp-content\/uploads\/12068924_1114790641872378_2799005459745809849_o1.jpg","gallery-width":307,"gallery-height":230,"contact":"https:\/\/www.netex.de\/wp-content\/uploads\/12068924_1114790641872378_2799005459745809849_o1.jpg","contact-width":95,"contact-height":71}},"column_right":"<p><b>Oktobar 2015<\/b><\/p>\n<p>Netex je produ\u017eio svoj IOS sertifikat za kvalitet 9001:2008 za jo\u0161 jednu godinu.<\/p>\n"},{"acf_fc_layout":"two_columns","column_left":{"ID":7007,"id":7007,"title":"CRW_50232_small-200x170","filename":"CRW_50232_small-200x170.jpg","filesize":13564,"url":"https:\/\/www.netex.de\/wp-content\/uploads\/CRW_50232_small-200x170.jpg","link":"https:\/\/www.netex.de\/sr\/compa\/crw_50232_small-200x170-2\/","alt":"","author":"1","description":"","caption":"","name":"crw_50232_small-200x170-2","status":"inherit","uploaded_to":6025,"date":"2016-03-21 09:53:43","modified":"2026-02-10 07:48:19","menu_order":0,"mime_type":"image\/jpeg","type":"image","subtype":"jpeg","icon":"https:\/\/www.netex.de\/wp-includes\/images\/media\/default.png","width":200,"height":170,"sizes":{"thumbnail":"https:\/\/www.netex.de\/wp-content\/uploads\/CRW_50232_small-200x170.jpg","thumbnail-width":150,"thumbnail-height":128,"medium":"https:\/\/www.netex.de\/wp-content\/uploads\/CRW_50232_small-200x170.jpg","medium-width":200,"medium-height":170,"medium_large":"https:\/\/www.netex.de\/wp-content\/uploads\/CRW_50232_small-200x170.jpg","medium_large-width":200,"medium_large-height":170,"large":"https:\/\/www.netex.de\/wp-content\/uploads\/CRW_50232_small-200x170.jpg","large-width":200,"large-height":170,"1536x1536":"https:\/\/www.netex.de\/wp-content\/uploads\/CRW_50232_small-200x170.jpg","1536x1536-width":200,"1536x1536-height":170,"2048x2048":"https:\/\/www.netex.de\/wp-content\/uploads\/CRW_50232_small-200x170.jpg","2048x2048-width":200,"2048x2048-height":170,"post-thumbnail":"https:\/\/www.netex.de\/wp-content\/uploads\/CRW_50232_small-200x170.jpg","post-thumbnail-width":85,"post-thumbnail-height":72,"hero":"https:\/\/www.netex.de\/wp-content\/uploads\/CRW_50232_small-200x170.jpg","hero-width":200,"hero-height":170,"background":"https:\/\/www.netex.de\/wp-content\/uploads\/CRW_50232_small-200x170.jpg","background-width":200,"background-height":170,"milestone-home":"https:\/\/www.netex.de\/wp-content\/uploads\/CRW_50232_small-200x170.jpg","milestone-home-width":200,"milestone-home-height":170,"milestone-company":"https:\/\/www.netex.de\/wp-content\/uploads\/CRW_50232_small-200x170.jpg","milestone-company-width":200,"milestone-company-height":170,"news-company":"https:\/\/www.netex.de\/wp-content\/uploads\/CRW_50232_small-200x170.jpg","news-company-width":200,"news-company-height":170,"inner":"https:\/\/www.netex.de\/wp-content\/uploads\/CRW_50232_small-200x170.jpg","inner-width":200,"inner-height":170,"gallery":"https:\/\/www.netex.de\/wp-content\/uploads\/CRW_50232_small-200x170.jpg","gallery-width":200,"gallery-height":170,"contact":"https:\/\/www.netex.de\/wp-content\/uploads\/CRW_50232_small-200x170.jpg","contact-width":95,"contact-height":81}},"column_right":"<p><b>SME sertifikat Privredne komore Srbije.<\/b><\/p>\n<p>Kompanija \u202a\u201dNetex\u201d nosilac je SME sertifikata \u202aPrivredne komore Srbije\u202c, koji dokazuje kvalitet na\u0161ih usluga, sa zadovoljnim partnerima i klijentima iz mnogih evropskih i svetskih zemalja.<\/p>\n"},{"acf_fc_layout":"two_columns","column_left":{"ID":7013,"id":7013,"title":"final-11","filename":"final-11.jpg","filesize":198345,"url":"https:\/\/www.netex.de\/wp-content\/uploads\/final-11.jpg","link":"https:\/\/www.netex.de\/sr\/compa\/final-11-2\/","alt":"","author":"1","description":"","caption":"","name":"final-11-2","status":"inherit","uploaded_to":6025,"date":"2016-03-21 09:53:43","modified":"2026-02-10 07:48:19","menu_order":0,"mime_type":"image\/jpeg","type":"image","subtype":"jpeg","icon":"https:\/\/www.netex.de\/wp-includes\/images\/media\/default.png","width":616,"height":416,"sizes":{"thumbnail":"https:\/\/www.netex.de\/wp-content\/uploads\/final-11.jpg","thumbnail-width":150,"thumbnail-height":101,"medium":"https:\/\/www.netex.de\/wp-content\/uploads\/final-11.jpg","medium-width":300,"medium-height":203,"medium_large":"https:\/\/www.netex.de\/wp-content\/uploads\/final-11.jpg","medium_large-width":616,"medium_large-height":416,"large":"https:\/\/www.netex.de\/wp-content\/uploads\/final-11.jpg","large-width":616,"large-height":416,"1536x1536":"https:\/\/www.netex.de\/wp-content\/uploads\/final-11.jpg","1536x1536-width":616,"1536x1536-height":416,"2048x2048":"https:\/\/www.netex.de\/wp-content\/uploads\/final-11.jpg","2048x2048-width":616,"2048x2048-height":416,"post-thumbnail":"https:\/\/www.netex.de\/wp-content\/uploads\/final-11.jpg","post-thumbnail-width":85,"post-thumbnail-height":57,"hero":"https:\/\/www.netex.de\/wp-content\/uploads\/final-11.jpg","hero-width":616,"hero-height":416,"background":"https:\/\/www.netex.de\/wp-content\/uploads\/final-11.jpg","background-width":616,"background-height":416,"milestone-home":"https:\/\/www.netex.de\/wp-content\/uploads\/final-11.jpg","milestone-home-width":588,"milestone-home-height":397,"milestone-company":"https:\/\/www.netex.de\/wp-content\/uploads\/final-11.jpg","milestone-company-width":444,"milestone-company-height":300,"news-company":"https:\/\/www.netex.de\/wp-content\/uploads\/final-11.jpg","news-company-width":267,"news-company-height":180,"inner":"https:\/\/www.netex.de\/wp-content\/uploads\/final-11.jpg","inner-width":300,"inner-height":203,"gallery":"https:\/\/www.netex.de\/wp-content\/uploads\/final-11.jpg","gallery-width":320,"gallery-height":216,"contact":"https:\/\/www.netex.de\/wp-content\/uploads\/final-11.jpg","contact-width":95,"contact-height":64}},"column_right":""},{"acf_fc_layout":"two_columns","column_left":{"ID":7150,"id":7150,"title":"netex4_img_25-200x170","filename":"netex4_img_25-200x170.jpg","filesize":14633,"url":"https:\/\/www.netex.de\/wp-content\/uploads\/netex4_img_25-200x170.jpg","link":"https:\/\/www.netex.de\/sr\/compa\/netex4_img_25-200x170\/","alt":"","author":"1","description":"","caption":"","name":"netex4_img_25-200x170","status":"inherit","uploaded_to":6025,"date":"2016-03-21 12:04:24","modified":"2016-03-21 12:04:24","menu_order":0,"mime_type":"image\/jpeg","type":"image","subtype":"jpeg","icon":"https:\/\/www.netex.de\/wp-includes\/images\/media\/default.png","width":200,"height":170,"sizes":{"thumbnail":"https:\/\/www.netex.de\/wp-content\/uploads\/netex4_img_25-200x170.jpg","thumbnail-width":150,"thumbnail-height":128,"medium":"https:\/\/www.netex.de\/wp-content\/uploads\/netex4_img_25-200x170.jpg","medium-width":200,"medium-height":170,"medium_large":"https:\/\/www.netex.de\/wp-content\/uploads\/netex4_img_25-200x170.jpg","medium_large-width":200,"medium_large-height":170,"large":"https:\/\/www.netex.de\/wp-content\/uploads\/netex4_img_25-200x170.jpg","large-width":200,"large-height":170,"1536x1536":"https:\/\/www.netex.de\/wp-content\/uploads\/netex4_img_25-200x170.jpg","1536x1536-width":200,"1536x1536-height":170,"2048x2048":"https:\/\/www.netex.de\/wp-content\/uploads\/netex4_img_25-200x170.jpg","2048x2048-width":200,"2048x2048-height":170,"post-thumbnail":"https:\/\/www.netex.de\/wp-content\/uploads\/netex4_img_25-200x170.jpg","post-thumbnail-width":85,"post-thumbnail-height":72,"hero":"https:\/\/www.netex.de\/wp-content\/uploads\/netex4_img_25-200x170.jpg","hero-width":200,"hero-height":170,"background":"https:\/\/www.netex.de\/wp-content\/uploads\/netex4_img_25-200x170.jpg","background-width":200,"background-height":170,"milestone-home":"https:\/\/www.netex.de\/wp-content\/uploads\/netex4_img_25-200x170.jpg","milestone-home-width":200,"milestone-home-height":170,"milestone-company":"https:\/\/www.netex.de\/wp-content\/uploads\/netex4_img_25-200x170.jpg","milestone-company-width":200,"milestone-company-height":170,"news-company":"https:\/\/www.netex.de\/wp-content\/uploads\/netex4_img_25-200x170.jpg","news-company-width":200,"news-company-height":170,"inner":"https:\/\/www.netex.de\/wp-content\/uploads\/netex4_img_25-200x170.jpg","inner-width":200,"inner-height":170,"gallery":"https:\/\/www.netex.de\/wp-content\/uploads\/netex4_img_25-200x170.jpg","gallery-width":200,"gallery-height":170,"contact":"https:\/\/www.netex.de\/wp-content\/uploads\/netex4_img_25-200x170.jpg","contact-width":95,"contact-height":81}},"column_right":"<p><b>\u201cNetex akademija\u201c uspe\u0161na u realizovanju programa obuke i zaposlenja.<\/b><\/p>\n<p><b>Uz podr\u0161ku Nacionalne slu\u017ebe za zapo\u0161ljavanje, Grada Novog Sada i pod okriljem novosadskog organka multinacionalne kompanije \u201eNetex\u201c, ve\u0107 nekoliko meseci uspe\u0161no se realizuje program \u201eNetex akademije\u201c, koja svim sugra\u0111anima nudi program besplatne obuke za rad u domenu call centarskih usluga i brige o kupcima, uz mogu\u0107nost zaposlenja i daljeg usavr\u0161avanja.<\/b><\/p>\n<p>Pogram besplatne obuke za rad u kol centru, koji se realizuje u okviru projekta \u201eNetex akademija\u201c koncipiran je tako da predavanja traju pet radnih dana, a polaznici koji pro\u0111u \u201eNetex akademiju\u201d dobijaju sertifikat o zavr\u0161enoj obuci, uz dalju mogu\u0107nost zaposlenja u okviru kompanije. Ovaj projekat podr\u017eavaju Nacionalna slu\u017eba za zapo\u0161ljavanje i Grad Novi Sad, a zainteresovani za program \u201eNetex akademije\u201c svoje prijave mogu poslati na e- mail adresu: akademija@netex.rs.<\/p>\n"},{"acf_fc_layout":"two_columns","column_left":{"ID":7156,"id":7156,"title":"decje-selo-445","filename":"decje-selo-445.jpg","filesize":43920,"url":"https:\/\/www.netex.de\/wp-content\/uploads\/decje-selo-445.jpg","link":"https:\/\/www.netex.de\/sr\/compa\/decje-selo-445\/","alt":"","author":"1","description":"","caption":"","name":"decje-selo-445","status":"inherit","uploaded_to":6025,"date":"2016-03-21 12:06:25","modified":"2016-03-21 12:06:25","menu_order":0,"mime_type":"image\/jpeg","type":"image","subtype":"jpeg","icon":"https:\/\/www.netex.de\/wp-includes\/images\/media\/default.png","width":720,"height":492,"sizes":{"thumbnail":"https:\/\/www.netex.de\/wp-content\/uploads\/decje-selo-445.jpg","thumbnail-width":150,"thumbnail-height":103,"medium":"https:\/\/www.netex.de\/wp-content\/uploads\/decje-selo-445.jpg","medium-width":300,"medium-height":205,"medium_large":"https:\/\/www.netex.de\/wp-content\/uploads\/decje-selo-445.jpg","medium_large-width":720,"medium_large-height":492,"large":"https:\/\/www.netex.de\/wp-content\/uploads\/decje-selo-445.jpg","large-width":720,"large-height":492,"1536x1536":"https:\/\/www.netex.de\/wp-content\/uploads\/decje-selo-445.jpg","1536x1536-width":720,"1536x1536-height":492,"2048x2048":"https:\/\/www.netex.de\/wp-content\/uploads\/decje-selo-445.jpg","2048x2048-width":720,"2048x2048-height":492,"post-thumbnail":"https:\/\/www.netex.de\/wp-content\/uploads\/decje-selo-445.jpg","post-thumbnail-width":85,"post-thumbnail-height":58,"hero":"https:\/\/www.netex.de\/wp-content\/uploads\/decje-selo-445.jpg","hero-width":720,"hero-height":492,"background":"https:\/\/www.netex.de\/wp-content\/uploads\/decje-selo-445.jpg","background-width":720,"background-height":492,"milestone-home":"https:\/\/www.netex.de\/wp-content\/uploads\/decje-selo-445.jpg","milestone-home-width":588,"milestone-home-height":402,"milestone-company":"https:\/\/www.netex.de\/wp-content\/uploads\/decje-selo-445.jpg","milestone-company-width":439,"milestone-company-height":300,"news-company":"https:\/\/www.netex.de\/wp-content\/uploads\/decje-selo-445.jpg","news-company-width":263,"news-company-height":180,"inner":"https:\/\/www.netex.de\/wp-content\/uploads\/decje-selo-445.jpg","inner-width":300,"inner-height":205,"gallery":"https:\/\/www.netex.de\/wp-content\/uploads\/decje-selo-445.jpg","gallery-width":320,"gallery-height":219,"contact":"https:\/\/www.netex.de\/wp-content\/uploads\/decje-selo-445.jpg","contact-width":95,"contact-height":65}},"column_right":"<p><b>Poslovna obuka \u201cNetex akademije\u201d za sti\u0107enike \u201cDe\u010djeg sela\u201d (FOTO)<\/b><\/p>\n<p>U sklopu dru\u0161tveno odgovornih aktivnosti, predstavnici kompanije \u201eNetex\u201c odr\u017eali su besplatnu obuku za rad u kol centru za \u0161ti\u0107enike De\u010djeg sela \u201eDr Miload Pavlovi\u0107\u201c u Sremskoj Kamenici.<\/p>\n"},{"acf_fc_layout":"two_columns","column_left":{"ID":7168,"id":7168,"title":"decje-selo-314","filename":"decje-selo-314.jpg","filesize":63501,"url":"https:\/\/www.netex.de\/wp-content\/uploads\/decje-selo-314.jpg","link":"https:\/\/www.netex.de\/sr\/compa\/decje-selo-314\/","alt":"","author":"1","description":"","caption":"","name":"decje-selo-314","status":"inherit","uploaded_to":6025,"date":"2016-03-21 12:07:15","modified":"2016-03-21 12:07:15","menu_order":0,"mime_type":"image\/jpeg","type":"image","subtype":"jpeg","icon":"https:\/\/www.netex.de\/wp-includes\/images\/media\/default.png","width":960,"height":453,"sizes":{"thumbnail":"https:\/\/www.netex.de\/wp-content\/uploads\/decje-selo-314.jpg","thumbnail-width":150,"thumbnail-height":71,"medium":"https:\/\/www.netex.de\/wp-content\/uploads\/decje-selo-314.jpg","medium-width":300,"medium-height":142,"medium_large":"https:\/\/www.netex.de\/wp-content\/uploads\/decje-selo-314.jpg","medium_large-width":768,"medium_large-height":362,"large":"https:\/\/www.netex.de\/wp-content\/uploads\/decje-selo-314.jpg","large-width":960,"large-height":453,"1536x1536":"https:\/\/www.netex.de\/wp-content\/uploads\/decje-selo-314.jpg","1536x1536-width":960,"1536x1536-height":453,"2048x2048":"https:\/\/www.netex.de\/wp-content\/uploads\/decje-selo-314.jpg","2048x2048-width":960,"2048x2048-height":453,"post-thumbnail":"https:\/\/www.netex.de\/wp-content\/uploads\/decje-selo-314.jpg","post-thumbnail-width":85,"post-thumbnail-height":40,"hero":"https:\/\/www.netex.de\/wp-content\/uploads\/decje-selo-314.jpg","hero-width":925,"hero-height":436,"background":"https:\/\/www.netex.de\/wp-content\/uploads\/decje-selo-314.jpg","background-width":960,"background-height":453,"milestone-home":"https:\/\/www.netex.de\/wp-content\/uploads\/decje-selo-314.jpg","milestone-home-width":588,"milestone-home-height":277,"milestone-company":"https:\/\/www.netex.de\/wp-content\/uploads\/decje-selo-314.jpg","milestone-company-width":470,"milestone-company-height":222,"news-company":"https:\/\/www.netex.de\/wp-content\/uploads\/decje-selo-314.jpg","news-company-width":300,"news-company-height":142,"inner":"https:\/\/www.netex.de\/wp-content\/uploads\/decje-selo-314.jpg","inner-width":300,"inner-height":142,"gallery":"https:\/\/www.netex.de\/wp-content\/uploads\/decje-selo-314.jpg","gallery-width":320,"gallery-height":151,"contact":"https:\/\/www.netex.de\/wp-content\/uploads\/decje-selo-314.jpg","contact-width":95,"contact-height":45}},"column_right":""},{"acf_fc_layout":"two_columns","column_left":{"ID":7174,"id":7174,"title":"decje-selo-515","filename":"decje-selo-515.jpg","filesize":59383,"url":"https:\/\/www.netex.de\/wp-content\/uploads\/decje-selo-515.jpg","link":"https:\/\/www.netex.de\/sr\/compa\/decje-selo-515\/","alt":"","author":"1","description":"","caption":"","name":"decje-selo-515","status":"inherit","uploaded_to":6025,"date":"2016-03-21 12:07:15","modified":"2016-03-21 12:07:15","menu_order":0,"mime_type":"image\/jpeg","type":"image","subtype":"jpeg","icon":"https:\/\/www.netex.de\/wp-includes\/images\/media\/default.png","width":720,"height":480,"sizes":{"thumbnail":"https:\/\/www.netex.de\/wp-content\/uploads\/decje-selo-515.jpg","thumbnail-width":150,"thumbnail-height":100,"medium":"https:\/\/www.netex.de\/wp-content\/uploads\/decje-selo-515.jpg","medium-width":300,"medium-height":200,"medium_large":"https:\/\/www.netex.de\/wp-content\/uploads\/decje-selo-515.jpg","medium_large-width":720,"medium_large-height":480,"large":"https:\/\/www.netex.de\/wp-content\/uploads\/decje-selo-515.jpg","large-width":720,"large-height":480,"1536x1536":"https:\/\/www.netex.de\/wp-content\/uploads\/decje-selo-515.jpg","1536x1536-width":720,"1536x1536-height":480,"2048x2048":"https:\/\/www.netex.de\/wp-content\/uploads\/decje-selo-515.jpg","2048x2048-width":720,"2048x2048-height":480,"post-thumbnail":"https:\/\/www.netex.de\/wp-content\/uploads\/decje-selo-515.jpg","post-thumbnail-width":85,"post-thumbnail-height":57,"hero":"https:\/\/www.netex.de\/wp-content\/uploads\/decje-selo-515.jpg","hero-width":720,"hero-height":480,"background":"https:\/\/www.netex.de\/wp-content\/uploads\/decje-selo-515.jpg","background-width":720,"background-height":480,"milestone-home":"https:\/\/www.netex.de\/wp-content\/uploads\/decje-selo-515.jpg","milestone-home-width":588,"milestone-home-height":392,"milestone-company":"https:\/\/www.netex.de\/wp-content\/uploads\/decje-selo-515.jpg","milestone-company-width":450,"milestone-company-height":300,"news-company":"https:\/\/www.netex.de\/wp-content\/uploads\/decje-selo-515.jpg","news-company-width":270,"news-company-height":180,"inner":"https:\/\/www.netex.de\/wp-content\/uploads\/decje-selo-515.jpg","inner-width":300,"inner-height":200,"gallery":"https:\/\/www.netex.de\/wp-content\/uploads\/decje-selo-515.jpg","gallery-width":320,"gallery-height":213,"contact":"https:\/\/www.netex.de\/wp-content\/uploads\/decje-selo-515.jpg","contact-width":95,"contact-height":63}},"column_right":"<p>Obuka je odr\u017eana u sklopu projekta \u201eNetex akademije\u201c, koju podr\u017eavaju Grad Novi Sad i Nacionalna slu\u017eba za zapo\u0161ljavanje.<\/p>\n"},{"acf_fc_layout":"two_columns","column_left":{"ID":7162,"id":7162,"title":"decje-selo-274","filename":"decje-selo-274.jpg","filesize":171631,"url":"https:\/\/www.netex.de\/wp-content\/uploads\/decje-selo-274.jpg","link":"https:\/\/www.netex.de\/sr\/compa\/decje-selo-274\/","alt":"","author":"1","description":"","caption":"","name":"decje-selo-274","status":"inherit","uploaded_to":6025,"date":"2016-03-21 12:07:14","modified":"2016-03-21 12:07:14","menu_order":0,"mime_type":"image\/jpeg","type":"image","subtype":"jpeg","icon":"https:\/\/www.netex.de\/wp-includes\/images\/media\/default.png","width":960,"height":677,"sizes":{"thumbnail":"https:\/\/www.netex.de\/wp-content\/uploads\/decje-selo-274.jpg","thumbnail-width":150,"thumbnail-height":106,"medium":"https:\/\/www.netex.de\/wp-content\/uploads\/decje-selo-274.jpg","medium-width":300,"medium-height":212,"medium_large":"https:\/\/www.netex.de\/wp-content\/uploads\/decje-selo-274.jpg","medium_large-width":768,"medium_large-height":542,"large":"https:\/\/www.netex.de\/wp-content\/uploads\/decje-selo-274.jpg","large-width":960,"large-height":677,"1536x1536":"https:\/\/www.netex.de\/wp-content\/uploads\/decje-selo-274.jpg","1536x1536-width":960,"1536x1536-height":677,"2048x2048":"https:\/\/www.netex.de\/wp-content\/uploads\/decje-selo-274.jpg","2048x2048-width":960,"2048x2048-height":677,"post-thumbnail":"https:\/\/www.netex.de\/wp-content\/uploads\/decje-selo-274.jpg","post-thumbnail-width":85,"post-thumbnail-height":60,"hero":"https:\/\/www.netex.de\/wp-content\/uploads\/decje-selo-274.jpg","hero-width":925,"hero-height":652,"background":"https:\/\/www.netex.de\/wp-content\/uploads\/decje-selo-274.jpg","background-width":759,"background-height":535,"milestone-home":"https:\/\/www.netex.de\/wp-content\/uploads\/decje-selo-274.jpg","milestone-home-width":588,"milestone-home-height":415,"milestone-company":"https:\/\/www.netex.de\/wp-content\/uploads\/decje-selo-274.jpg","milestone-company-width":425,"milestone-company-height":300,"news-company":"https:\/\/www.netex.de\/wp-content\/uploads\/decje-selo-274.jpg","news-company-width":255,"news-company-height":180,"inner":"https:\/\/www.netex.de\/wp-content\/uploads\/decje-selo-274.jpg","inner-width":300,"inner-height":212,"gallery":"https:\/\/www.netex.de\/wp-content\/uploads\/decje-selo-274.jpg","gallery-width":320,"gallery-height":226,"contact":"https:\/\/www.netex.de\/wp-content\/uploads\/decje-selo-274.jpg","contact-width":95,"contact-height":67}},"column_right":"<p>Polaznici obuke iz De\u010djeg sela dobili su i sertifikate \u201eNetex akademije\u201c, a dogovoreno je i da mladi polaznici \u201eNetex akademije\u201c posete i sedi\u0161te preduze\u0107a u Novom Sadu, gde \u0107e imati prilike da i prakti\u010dno provere ste\u010deno znanje.<\/p>\n"},{"acf_fc_layout":"two_columns","column_left":{"ID":7025,"id":7025,"title":"netexacadmy22","filename":"netexacadmy22.jpg","filesize":56088,"url":"https:\/\/www.netex.de\/wp-content\/uploads\/netexacadmy22.jpg","link":"https:\/\/www.netex.de\/sr\/compa\/netexacadmy22-2\/","alt":"","author":"1","description":"","caption":"","name":"netexacadmy22-2","status":"inherit","uploaded_to":6025,"date":"2016-03-21 09:53:44","modified":"2026-02-10 07:48:19","menu_order":0,"mime_type":"image\/jpeg","type":"image","subtype":"jpeg","icon":"https:\/\/www.netex.de\/wp-includes\/images\/media\/default.png","width":960,"height":638,"sizes":{"thumbnail":"https:\/\/www.netex.de\/wp-content\/uploads\/netexacadmy22.jpg","thumbnail-width":150,"thumbnail-height":100,"medium":"https:\/\/www.netex.de\/wp-content\/uploads\/netexacadmy22.jpg","medium-width":300,"medium-height":199,"medium_large":"https:\/\/www.netex.de\/wp-content\/uploads\/netexacadmy22.jpg","medium_large-width":768,"medium_large-height":510,"large":"https:\/\/www.netex.de\/wp-content\/uploads\/netexacadmy22.jpg","large-width":960,"large-height":638,"1536x1536":"https:\/\/www.netex.de\/wp-content\/uploads\/netexacadmy22.jpg","1536x1536-width":960,"1536x1536-height":638,"2048x2048":"https:\/\/www.netex.de\/wp-content\/uploads\/netexacadmy22.jpg","2048x2048-width":960,"2048x2048-height":638,"post-thumbnail":"https:\/\/www.netex.de\/wp-content\/uploads\/netexacadmy22.jpg","post-thumbnail-width":85,"post-thumbnail-height":56,"hero":"https:\/\/www.netex.de\/wp-content\/uploads\/netexacadmy22.jpg","hero-width":925,"hero-height":615,"background":"https:\/\/www.netex.de\/wp-content\/uploads\/netexacadmy22.jpg","background-width":805,"background-height":535,"milestone-home":"https:\/\/www.netex.de\/wp-content\/uploads\/netexacadmy22.jpg","milestone-home-width":588,"milestone-home-height":391,"milestone-company":"https:\/\/www.netex.de\/wp-content\/uploads\/netexacadmy22.jpg","milestone-company-width":451,"milestone-company-height":300,"news-company":"https:\/\/www.netex.de\/wp-content\/uploads\/netexacadmy22.jpg","news-company-width":271,"news-company-height":180,"inner":"https:\/\/www.netex.de\/wp-content\/uploads\/netexacadmy22.jpg","inner-width":300,"inner-height":199,"gallery":"https:\/\/www.netex.de\/wp-content\/uploads\/netexacadmy22.jpg","gallery-width":320,"gallery-height":213,"contact":"https:\/\/www.netex.de\/wp-content\/uploads\/netexacadmy22.jpg","contact-width":95,"contact-height":63}},"column_right":"<p><b>Januar 2014<\/b><\/p>\n<p>Ove godine, Netex SRL je proslavio svoju 14 godi\u0161njicu postojanja. Ovom prilikom, kompanija je pokrenula Netex akademiju, jedini besplatni program obuke za poslove call centra.<\/p>\n"},{"acf_fc_layout":"two_columns","column_left":{"ID":7065,"id":7065,"title":"Picture_Premiu12","filename":"Picture_Premiu12.jpg","filesize":106621,"url":"https:\/\/www.netex.de\/wp-content\/uploads\/Picture_Premiu12.jpg","link":"https:\/\/www.netex.de\/sr\/compa\/picture_premiu12-2\/","alt":"","author":"1","description":"","caption":"","name":"picture_premiu12-2","status":"inherit","uploaded_to":6025,"date":"2016-03-21 11:20:30","modified":"2016-03-21 11:20:30","menu_order":0,"mime_type":"image\/jpeg","type":"image","subtype":"jpeg","icon":"https:\/\/www.netex.de\/wp-includes\/images\/media\/default.png","width":737,"height":960,"sizes":{"thumbnail":"https:\/\/www.netex.de\/wp-content\/uploads\/Picture_Premiu12.jpg","thumbnail-width":115,"thumbnail-height":150,"medium":"https:\/\/www.netex.de\/wp-content\/uploads\/Picture_Premiu12.jpg","medium-width":230,"medium-height":300,"medium_large":"https:\/\/www.netex.de\/wp-content\/uploads\/Picture_Premiu12.jpg","medium_large-width":737,"medium_large-height":960,"large":"https:\/\/www.netex.de\/wp-content\/uploads\/Picture_Premiu12.jpg","large-width":737,"large-height":960,"1536x1536":"https:\/\/www.netex.de\/wp-content\/uploads\/Picture_Premiu12.jpg","1536x1536-width":737,"1536x1536-height":960,"2048x2048":"https:\/\/www.netex.de\/wp-content\/uploads\/Picture_Premiu12.jpg","2048x2048-width":737,"2048x2048-height":960,"post-thumbnail":"https:\/\/www.netex.de\/wp-content\/uploads\/Picture_Premiu12.jpg","post-thumbnail-width":65,"post-thumbnail-height":85,"hero":"https:\/\/www.netex.de\/wp-content\/uploads\/Picture_Premiu12.jpg","hero-width":580,"hero-height":755,"background":"https:\/\/www.netex.de\/wp-content\/uploads\/Picture_Premiu12.jpg","background-width":411,"background-height":535,"milestone-home":"https:\/\/www.netex.de\/wp-content\/uploads\/Picture_Premiu12.jpg","milestone-home-width":349,"milestone-home-height":455,"milestone-company":"https:\/\/www.netex.de\/wp-content\/uploads\/Picture_Premiu12.jpg","milestone-company-width":230,"milestone-company-height":300,"news-company":"https:\/\/www.netex.de\/wp-content\/uploads\/Picture_Premiu12.jpg","news-company-width":138,"news-company-height":180,"inner":"https:\/\/www.netex.de\/wp-content\/uploads\/Picture_Premiu12.jpg","inner-width":196,"inner-height":255,"gallery":"https:\/\/www.netex.de\/wp-content\/uploads\/Picture_Premiu12.jpg","gallery-width":177,"gallery-height":230,"contact":"https:\/\/www.netex.de\/wp-content\/uploads\/Picture_Premiu12.jpg","contact-width":73,"contact-height":95}},"column_right":"<p><b>Novembar 2013<\/b><\/p>\n<p>NETEX consalting osvaja Nacionalnu nagradu u kategoriji \u201d Najbolja kompanija u oblasti telekomunikacija: istra\u017eivanje i razvoj u visokoj tehnologiji\u201d.<\/p>\n"},{"acf_fc_layout":"two_columns","column_left":{"ID":7083,"id":7083,"title":"Picture_Timis11","filename":"Picture_Timis11.jpg","filesize":84565,"url":"https:\/\/www.netex.de\/wp-content\/uploads\/Picture_Timis11.jpg","link":"https:\/\/www.netex.de\/sr\/compa\/picture_timis11-2\/","alt":"","author":"1","description":"","caption":"","name":"picture_timis11-2","status":"inherit","uploaded_to":6025,"date":"2016-03-21 11:20:32","modified":"2016-03-21 11:20:32","menu_order":0,"mime_type":"image\/jpeg","type":"image","subtype":"jpeg","icon":"https:\/\/www.netex.de\/wp-includes\/images\/media\/default.png","width":960,"height":738,"sizes":{"thumbnail":"https:\/\/www.netex.de\/wp-content\/uploads\/Picture_Timis11.jpg","thumbnail-width":150,"thumbnail-height":115,"medium":"https:\/\/www.netex.de\/wp-content\/uploads\/Picture_Timis11.jpg","medium-width":300,"medium-height":231,"medium_large":"https:\/\/www.netex.de\/wp-content\/uploads\/Picture_Timis11.jpg","medium_large-width":768,"medium_large-height":590,"large":"https:\/\/www.netex.de\/wp-content\/uploads\/Picture_Timis11.jpg","large-width":960,"large-height":738,"1536x1536":"https:\/\/www.netex.de\/wp-content\/uploads\/Picture_Timis11.jpg","1536x1536-width":960,"1536x1536-height":738,"2048x2048":"https:\/\/www.netex.de\/wp-content\/uploads\/Picture_Timis11.jpg","2048x2048-width":960,"2048x2048-height":738,"post-thumbnail":"https:\/\/www.netex.de\/wp-content\/uploads\/Picture_Timis11.jpg","post-thumbnail-width":85,"post-thumbnail-height":65,"hero":"https:\/\/www.netex.de\/wp-content\/uploads\/Picture_Timis11.jpg","hero-width":925,"hero-height":711,"background":"https:\/\/www.netex.de\/wp-content\/uploads\/Picture_Timis11.jpg","background-width":696,"background-height":535,"milestone-home":"https:\/\/www.netex.de\/wp-content\/uploads\/Picture_Timis11.jpg","milestone-home-width":588,"milestone-home-height":452,"milestone-company":"https:\/\/www.netex.de\/wp-content\/uploads\/Picture_Timis11.jpg","milestone-company-width":390,"milestone-company-height":300,"news-company":"https:\/\/www.netex.de\/wp-content\/uploads\/Picture_Timis11.jpg","news-company-width":234,"news-company-height":180,"inner":"https:\/\/www.netex.de\/wp-content\/uploads\/Picture_Timis11.jpg","inner-width":300,"inner-height":231,"gallery":"https:\/\/www.netex.de\/wp-content\/uploads\/Picture_Timis11.jpg","gallery-width":299,"gallery-height":230,"contact":"https:\/\/www.netex.de\/wp-content\/uploads\/Picture_Timis11.jpg","contact-width":95,"contact-height":73}},"column_right":"<p><b>Novembar 2013<\/b><\/p>\n<p>\u201cNetex Consalting\u201d osvaja prvu nagradu za \u201cNajbolju Kompaniju u 2012.\u201d u kategoriji \u201cTelekomunikacije: istra\u017eivanje, razvoj i visoke tehnologije\u201d, za region Timis, od Rumunske privredne i industrijske komore.<\/p>\n"},{"acf_fc_layout":"two_columns","column_left":false,"column_right":"<p><b>Oktobar 2013<\/b><\/p>\n<p>Ponosni smo na na\u0161e pro\u0161irenje na ISO 9001:2008 sertifikat TUV, koji potvr\u0111uje i visoki kvalitet na\u0161ih usluga.<\/p>\n"},{"acf_fc_layout":"two_columns","column_left":{"ID":7101,"id":7101,"title":"Picture_Drohobych_133","filename":"Picture_Drohobych_133.jpg","filesize":664276,"url":"https:\/\/www.netex.de\/wp-content\/uploads\/Picture_Drohobych_133.jpg","link":"https:\/\/www.netex.de\/sr\/compa\/picture_drohobych_133-2\/","alt":"","author":"1","description":"","caption":"","name":"picture_drohobych_133-2","status":"inherit","uploaded_to":6025,"date":"2016-03-21 11:23:33","modified":"2016-03-21 11:23:33","menu_order":0,"mime_type":"image\/jpeg","type":"image","subtype":"jpeg","icon":"https:\/\/www.netex.de\/wp-includes\/images\/media\/default.png","width":3264,"height":2448,"sizes":{"thumbnail":"https:\/\/www.netex.de\/wp-content\/uploads\/Picture_Drohobych_133.jpg","thumbnail-width":150,"thumbnail-height":113,"medium":"https:\/\/www.netex.de\/wp-content\/uploads\/Picture_Drohobych_133.jpg","medium-width":300,"medium-height":225,"medium_large":"https:\/\/www.netex.de\/wp-content\/uploads\/Picture_Drohobych_133.jpg","medium_large-width":768,"medium_large-height":576,"large":"https:\/\/www.netex.de\/wp-content\/uploads\/Picture_Drohobych_133.jpg","large-width":1024,"large-height":768,"1536x1536":"https:\/\/www.netex.de\/wp-content\/uploads\/Picture_Drohobych_133.jpg","1536x1536-width":1536,"1536x1536-height":1152,"2048x2048":"https:\/\/www.netex.de\/wp-content\/uploads\/Picture_Drohobych_133.jpg","2048x2048-width":2048,"2048x2048-height":1536,"post-thumbnail":"https:\/\/www.netex.de\/wp-content\/uploads\/Picture_Drohobych_133.jpg","post-thumbnail-width":85,"post-thumbnail-height":64,"hero":"https:\/\/www.netex.de\/wp-content\/uploads\/Picture_Drohobych_133.jpg","hero-width":925,"hero-height":694,"background":"https:\/\/www.netex.de\/wp-content\/uploads\/Picture_Drohobych_133.jpg","background-width":713,"background-height":535,"milestone-home":"https:\/\/www.netex.de\/wp-content\/uploads\/Picture_Drohobych_133.jpg","milestone-home-width":588,"milestone-home-height":441,"milestone-company":"https:\/\/www.netex.de\/wp-content\/uploads\/Picture_Drohobych_133.jpg","milestone-company-width":400,"milestone-company-height":300,"news-company":"https:\/\/www.netex.de\/wp-content\/uploads\/Picture_Drohobych_133.jpg","news-company-width":240,"news-company-height":180,"inner":"https:\/\/www.netex.de\/wp-content\/uploads\/Picture_Drohobych_133.jpg","inner-width":300,"inner-height":225,"gallery":"https:\/\/www.netex.de\/wp-content\/uploads\/Picture_Drohobych_133.jpg","gallery-width":307,"gallery-height":230,"contact":"https:\/\/www.netex.de\/wp-content\/uploads\/Picture_Drohobych_133.jpg","contact-width":95,"contact-height":71}},"column_right":"<p><b>Oktobar 2013<\/b><\/p>\n<p>Kompanija \u201cNetex\u201d otvara dva nova predstavni\u0161tva u Ukrajini, Drohobych i Ivano Frankovsk.<\/p>\n"},{"acf_fc_layout":"two_columns","column_left":{"ID":7059,"id":7059,"title":"Picture_Club-21","filename":"Picture_Club-21.png","filesize":9158,"url":"https:\/\/www.netex.de\/wp-content\/uploads\/Picture_Club-21.png","link":"https:\/\/www.netex.de\/sr\/compa\/picture_club-21-2\/","alt":"","author":"1","description":"","caption":"","name":"picture_club-21-2","status":"inherit","uploaded_to":6025,"date":"2016-03-21 11:20:30","modified":"2016-03-21 11:20:30","menu_order":0,"mime_type":"image\/png","type":"image","subtype":"png","icon":"https:\/\/www.netex.de\/wp-includes\/images\/media\/default.png","width":200,"height":150,"sizes":{"thumbnail":"https:\/\/www.netex.de\/wp-content\/uploads\/Picture_Club-21.png","thumbnail-width":150,"thumbnail-height":113,"medium":"https:\/\/www.netex.de\/wp-content\/uploads\/Picture_Club-21.png","medium-width":200,"medium-height":150,"medium_large":"https:\/\/www.netex.de\/wp-content\/uploads\/Picture_Club-21.png","medium_large-width":200,"medium_large-height":150,"large":"https:\/\/www.netex.de\/wp-content\/uploads\/Picture_Club-21.png","large-width":200,"large-height":150,"1536x1536":"https:\/\/www.netex.de\/wp-content\/uploads\/Picture_Club-21.png","1536x1536-width":200,"1536x1536-height":150,"2048x2048":"https:\/\/www.netex.de\/wp-content\/uploads\/Picture_Club-21.png","2048x2048-width":200,"2048x2048-height":150,"post-thumbnail":"https:\/\/www.netex.de\/wp-content\/uploads\/Picture_Club-21.png","post-thumbnail-width":85,"post-thumbnail-height":64,"hero":"https:\/\/www.netex.de\/wp-content\/uploads\/Picture_Club-21.png","hero-width":200,"hero-height":150,"background":"https:\/\/www.netex.de\/wp-content\/uploads\/Picture_Club-21.png","background-width":200,"background-height":150,"milestone-home":"https:\/\/www.netex.de\/wp-content\/uploads\/Picture_Club-21.png","milestone-home-width":200,"milestone-home-height":150,"milestone-company":"https:\/\/www.netex.de\/wp-content\/uploads\/Picture_Club-21.png","milestone-company-width":200,"milestone-company-height":150,"news-company":"https:\/\/www.netex.de\/wp-content\/uploads\/Picture_Club-21.png","news-company-width":200,"news-company-height":150,"inner":"https:\/\/www.netex.de\/wp-content\/uploads\/Picture_Club-21.png","inner-width":200,"inner-height":150,"gallery":"https:\/\/www.netex.de\/wp-content\/uploads\/Picture_Club-21.png","gallery-width":200,"gallery-height":150,"contact":"https:\/\/www.netex.de\/wp-content\/uploads\/Picture_Club-21.png","contact-width":95,"contact-height":71}},"column_right":"<p><b>Avgust 2013<\/b><\/p>\n<p>\u201cNetex\u201d postaje \u010dlan nema\u010dkog socioekonomskog Kluba, za Rumunski region \u2013 Banat.<\/p>\n"},{"acf_fc_layout":"two_columns","column_left":{"ID":7071,"id":7071,"title":"Picture_Resita_122","filename":"Picture_Resita_122.jpg","filesize":239080,"url":"https:\/\/www.netex.de\/wp-content\/uploads\/Picture_Resita_122.jpg","link":"https:\/\/www.netex.de\/sr\/compa\/picture_resita_122-2\/","alt":"","author":"1","description":"","caption":"","name":"picture_resita_122-2","status":"inherit","uploaded_to":6025,"date":"2016-03-21 11:20:31","modified":"2016-03-21 11:20:31","menu_order":0,"mime_type":"image\/jpeg","type":"image","subtype":"jpeg","icon":"https:\/\/www.netex.de\/wp-includes\/images\/media\/default.png","width":2048,"height":1366,"sizes":{"thumbnail":"https:\/\/www.netex.de\/wp-content\/uploads\/Picture_Resita_122.jpg","thumbnail-width":150,"thumbnail-height":100,"medium":"https:\/\/www.netex.de\/wp-content\/uploads\/Picture_Resita_122.jpg","medium-width":300,"medium-height":200,"medium_large":"https:\/\/www.netex.de\/wp-content\/uploads\/Picture_Resita_122.jpg","medium_large-width":768,"medium_large-height":512,"large":"https:\/\/www.netex.de\/wp-content\/uploads\/Picture_Resita_122.jpg","large-width":1024,"large-height":683,"1536x1536":"https:\/\/www.netex.de\/wp-content\/uploads\/Picture_Resita_122.jpg","1536x1536-width":1536,"1536x1536-height":1025,"2048x2048":"https:\/\/www.netex.de\/wp-content\/uploads\/Picture_Resita_122.jpg","2048x2048-width":2048,"2048x2048-height":1366,"post-thumbnail":"https:\/\/www.netex.de\/wp-content\/uploads\/Picture_Resita_122.jpg","post-thumbnail-width":85,"post-thumbnail-height":57,"hero":"https:\/\/www.netex.de\/wp-content\/uploads\/Picture_Resita_122.jpg","hero-width":925,"hero-height":617,"background":"https:\/\/www.netex.de\/wp-content\/uploads\/Picture_Resita_122.jpg","background-width":802,"background-height":535,"milestone-home":"https:\/\/www.netex.de\/wp-content\/uploads\/Picture_Resita_122.jpg","milestone-home-width":588,"milestone-home-height":392,"milestone-company":"https:\/\/www.netex.de\/wp-content\/uploads\/Picture_Resita_122.jpg","milestone-company-width":450,"milestone-company-height":300,"news-company":"https:\/\/www.netex.de\/wp-content\/uploads\/Picture_Resita_122.jpg","news-company-width":270,"news-company-height":180,"inner":"https:\/\/www.netex.de\/wp-content\/uploads\/Picture_Resita_122.jpg","inner-width":300,"inner-height":200,"gallery":"https:\/\/www.netex.de\/wp-content\/uploads\/Picture_Resita_122.jpg","gallery-width":320,"gallery-height":213,"contact":"https:\/\/www.netex.de\/wp-content\/uploads\/Picture_Resita_122.jpg","contact-width":95,"contact-height":63}},"column_right":"<p><b>Jul 2013<\/b><\/p>\n<p>\u201cNetex\u201d se preme\u0161ta u nove kancelarije u Resici, oblast Govandari.<\/p>\n"},{"acf_fc_layout":"two_columns","column_left":{"ID":7077,"id":7077,"title":"Picture_Sibiu_22.jpg22","filename":"Picture_Sibiu_22.jpg22.jpg","filesize":298937,"url":"https:\/\/www.netex.de\/wp-content\/uploads\/Picture_Sibiu_22.jpg22.jpg","link":"https:\/\/www.netex.de\/sr\/compa\/picture_sibiu_22-jpg22-2\/","alt":"","author":"1","description":"","caption":"","name":"picture_sibiu_22-jpg22-2","status":"inherit","uploaded_to":6025,"date":"2016-03-21 11:20:31","modified":"2016-03-21 11:20:31","menu_order":0,"mime_type":"image\/jpeg","type":"image","subtype":"jpeg","icon":"https:\/\/www.netex.de\/wp-includes\/images\/media\/default.png","width":2048,"height":1536,"sizes":{"thumbnail":"https:\/\/www.netex.de\/wp-content\/uploads\/Picture_Sibiu_22.jpg22.jpg","thumbnail-width":150,"thumbnail-height":113,"medium":"https:\/\/www.netex.de\/wp-content\/uploads\/Picture_Sibiu_22.jpg22.jpg","medium-width":300,"medium-height":225,"medium_large":"https:\/\/www.netex.de\/wp-content\/uploads\/Picture_Sibiu_22.jpg22.jpg","medium_large-width":768,"medium_large-height":576,"large":"https:\/\/www.netex.de\/wp-content\/uploads\/Picture_Sibiu_22.jpg22.jpg","large-width":1024,"large-height":768,"1536x1536":"https:\/\/www.netex.de\/wp-content\/uploads\/Picture_Sibiu_22.jpg22.jpg","1536x1536-width":1536,"1536x1536-height":1152,"2048x2048":"https:\/\/www.netex.de\/wp-content\/uploads\/Picture_Sibiu_22.jpg22.jpg","2048x2048-width":2048,"2048x2048-height":1536,"post-thumbnail":"https:\/\/www.netex.de\/wp-content\/uploads\/Picture_Sibiu_22.jpg22.jpg","post-thumbnail-width":85,"post-thumbnail-height":64,"hero":"https:\/\/www.netex.de\/wp-content\/uploads\/Picture_Sibiu_22.jpg22.jpg","hero-width":925,"hero-height":694,"background":"https:\/\/www.netex.de\/wp-content\/uploads\/Picture_Sibiu_22.jpg22.jpg","background-width":713,"background-height":535,"milestone-home":"https:\/\/www.netex.de\/wp-content\/uploads\/Picture_Sibiu_22.jpg22.jpg","milestone-home-width":588,"milestone-home-height":441,"milestone-company":"https:\/\/www.netex.de\/wp-content\/uploads\/Picture_Sibiu_22.jpg22.jpg","milestone-company-width":400,"milestone-company-height":300,"news-company":"https:\/\/www.netex.de\/wp-content\/uploads\/Picture_Sibiu_22.jpg22.jpg","news-company-width":240,"news-company-height":180,"inner":"https:\/\/www.netex.de\/wp-content\/uploads\/Picture_Sibiu_22.jpg22.jpg","inner-width":300,"inner-height":225,"gallery":"https:\/\/www.netex.de\/wp-content\/uploads\/Picture_Sibiu_22.jpg22.jpg","gallery-width":307,"gallery-height":230,"contact":"https:\/\/www.netex.de\/wp-content\/uploads\/Picture_Sibiu_22.jpg22.jpg","contact-width":95,"contact-height":71}},"column_right":"<p><b>Maj 2013<\/b><\/p>\n<p>Preme\u0161tanje u nove kancelarije u Sibiu.<\/p>\n"},{"acf_fc_layout":"two_columns","column_left":{"ID":7053,"id":7053,"title":"Picture_Chisinau_1-33","filename":"Picture_Chisinau_1-33.jpg","filesize":276176,"url":"https:\/\/www.netex.de\/wp-content\/uploads\/Picture_Chisinau_1-33.jpg","link":"https:\/\/www.netex.de\/sr\/compa\/picture_chisinau_1-33-2\/","alt":"","author":"1","description":"","caption":"","name":"picture_chisinau_1-33-2","status":"inherit","uploaded_to":6025,"date":"2016-03-21 11:20:30","modified":"2016-03-21 11:20:30","menu_order":0,"mime_type":"image\/jpeg","type":"image","subtype":"jpeg","icon":"https:\/\/www.netex.de\/wp-includes\/images\/media\/default.png","width":2048,"height":1536,"sizes":{"thumbnail":"https:\/\/www.netex.de\/wp-content\/uploads\/Picture_Chisinau_1-33.jpg","thumbnail-width":150,"thumbnail-height":113,"medium":"https:\/\/www.netex.de\/wp-content\/uploads\/Picture_Chisinau_1-33.jpg","medium-width":300,"medium-height":225,"medium_large":"https:\/\/www.netex.de\/wp-content\/uploads\/Picture_Chisinau_1-33.jpg","medium_large-width":768,"medium_large-height":576,"large":"https:\/\/www.netex.de\/wp-content\/uploads\/Picture_Chisinau_1-33.jpg","large-width":1024,"large-height":768,"1536x1536":"https:\/\/www.netex.de\/wp-content\/uploads\/Picture_Chisinau_1-33.jpg","1536x1536-width":1536,"1536x1536-height":1152,"2048x2048":"https:\/\/www.netex.de\/wp-content\/uploads\/Picture_Chisinau_1-33.jpg","2048x2048-width":2048,"2048x2048-height":1536,"post-thumbnail":"https:\/\/www.netex.de\/wp-content\/uploads\/Picture_Chisinau_1-33.jpg","post-thumbnail-width":85,"post-thumbnail-height":64,"hero":"https:\/\/www.netex.de\/wp-content\/uploads\/Picture_Chisinau_1-33.jpg","hero-width":925,"hero-height":694,"background":"https:\/\/www.netex.de\/wp-content\/uploads\/Picture_Chisinau_1-33.jpg","background-width":713,"background-height":535,"milestone-home":"https:\/\/www.netex.de\/wp-content\/uploads\/Picture_Chisinau_1-33.jpg","milestone-home-width":588,"milestone-home-height":441,"milestone-company":"https:\/\/www.netex.de\/wp-content\/uploads\/Picture_Chisinau_1-33.jpg","milestone-company-width":400,"milestone-company-height":300,"news-company":"https:\/\/www.netex.de\/wp-content\/uploads\/Picture_Chisinau_1-33.jpg","news-company-width":240,"news-company-height":180,"inner":"https:\/\/www.netex.de\/wp-content\/uploads\/Picture_Chisinau_1-33.jpg","inner-width":300,"inner-height":225,"gallery":"https:\/\/www.netex.de\/wp-content\/uploads\/Picture_Chisinau_1-33.jpg","gallery-width":307,"gallery-height":230,"contact":"https:\/\/www.netex.de\/wp-content\/uploads\/Picture_Chisinau_1-33.jpg","contact-width":95,"contact-height":71}},"column_right":"<p><b>Maj 2013<\/b><\/p>\n<p>Preme\u0161tanje u nove kancelarije u Chisinau.<\/p>\n"},{"acf_fc_layout":"two_columns","column_left":{"ID":7031,"id":7031,"title":"serbia-1ok11","filename":"serbia-1ok11.png","filesize":94810,"url":"https:\/\/www.netex.de\/wp-content\/uploads\/serbia-1ok11.png","link":"https:\/\/www.netex.de\/sr\/compa\/serbia-1ok11-2\/","alt":"","author":"1","description":"","caption":"","name":"serbia-1ok11-2","status":"inherit","uploaded_to":6025,"date":"2016-03-21 09:53:45","modified":"2026-02-10 07:48:19","menu_order":0,"mime_type":"image\/png","type":"image","subtype":"png","icon":"https:\/\/www.netex.de\/wp-includes\/images\/media\/default.png","width":388,"height":556,"sizes":{"thumbnail":"https:\/\/www.netex.de\/wp-content\/uploads\/serbia-1ok11.png","thumbnail-width":105,"thumbnail-height":150,"medium":"https:\/\/www.netex.de\/wp-content\/uploads\/serbia-1ok11.png","medium-width":209,"medium-height":300,"medium_large":"https:\/\/www.netex.de\/wp-content\/uploads\/serbia-1ok11.png","medium_large-width":388,"medium_large-height":556,"large":"https:\/\/www.netex.de\/wp-content\/uploads\/serbia-1ok11.png","large-width":388,"large-height":556,"1536x1536":"https:\/\/www.netex.de\/wp-content\/uploads\/serbia-1ok11.png","1536x1536-width":388,"1536x1536-height":556,"2048x2048":"https:\/\/www.netex.de\/wp-content\/uploads\/serbia-1ok11.png","2048x2048-width":388,"2048x2048-height":556,"post-thumbnail":"https:\/\/www.netex.de\/wp-content\/uploads\/serbia-1ok11.png","post-thumbnail-width":59,"post-thumbnail-height":85,"hero":"https:\/\/www.netex.de\/wp-content\/uploads\/serbia-1ok11.png","hero-width":388,"hero-height":556,"background":"https:\/\/www.netex.de\/wp-content\/uploads\/serbia-1ok11.png","background-width":373,"background-height":535,"milestone-home":"https:\/\/www.netex.de\/wp-content\/uploads\/serbia-1ok11.png","milestone-home-width":318,"milestone-home-height":455,"milestone-company":"https:\/\/www.netex.de\/wp-content\/uploads\/serbia-1ok11.png","milestone-company-width":209,"milestone-company-height":300,"news-company":"https:\/\/www.netex.de\/wp-content\/uploads\/serbia-1ok11.png","news-company-width":126,"news-company-height":180,"inner":"https:\/\/www.netex.de\/wp-content\/uploads\/serbia-1ok11.png","inner-width":178,"inner-height":255,"gallery":"https:\/\/www.netex.de\/wp-content\/uploads\/serbia-1ok11.png","gallery-width":161,"gallery-height":230,"contact":"https:\/\/www.netex.de\/wp-content\/uploads\/serbia-1ok11.png","contact-width":66,"contact-height":95}},"column_right":"<p><b>April 2013<\/b><\/p>\n<p>Srpski ogranak Netex dobija diplomu za odli\u010dne usluge od Privredne i industrijske komore Srbije, \u0161to potvr\u0111uje kvalitet usluga koje pru\u017eamo.<\/p>\n"},{"acf_fc_layout":"two_columns","column_left":{"ID":7109,"id":7109,"title":"nximg_014","filename":"nximg_014.png","filesize":64377,"url":"https:\/\/www.netex.de\/wp-content\/uploads\/nximg_014.png","link":"https:\/\/www.netex.de\/sr\/compa\/nximg_014-2\/","alt":"","author":"1","description":"","caption":"","name":"nximg_014-2","status":"inherit","uploaded_to":6025,"date":"2016-03-21 11:28:19","modified":"2016-03-21 11:28:19","menu_order":0,"mime_type":"image\/png","type":"image","subtype":"png","icon":"https:\/\/www.netex.de\/wp-includes\/images\/media\/default.png","width":140,"height":110,"sizes":{"thumbnail":"https:\/\/www.netex.de\/wp-content\/uploads\/nximg_014.png","thumbnail-width":140,"thumbnail-height":110,"medium":"https:\/\/www.netex.de\/wp-content\/uploads\/nximg_014.png","medium-width":140,"medium-height":110,"medium_large":"https:\/\/www.netex.de\/wp-content\/uploads\/nximg_014.png","medium_large-width":140,"medium_large-height":110,"large":"https:\/\/www.netex.de\/wp-content\/uploads\/nximg_014.png","large-width":140,"large-height":110,"1536x1536":"https:\/\/www.netex.de\/wp-content\/uploads\/nximg_014.png","1536x1536-width":140,"1536x1536-height":110,"2048x2048":"https:\/\/www.netex.de\/wp-content\/uploads\/nximg_014.png","2048x2048-width":140,"2048x2048-height":110,"post-thumbnail":"https:\/\/www.netex.de\/wp-content\/uploads\/nximg_014.png","post-thumbnail-width":85,"post-thumbnail-height":67,"hero":"https:\/\/www.netex.de\/wp-content\/uploads\/nximg_014.png","hero-width":140,"hero-height":110,"background":"https:\/\/www.netex.de\/wp-content\/uploads\/nximg_014.png","background-width":140,"background-height":110,"milestone-home":"https:\/\/www.netex.de\/wp-content\/uploads\/nximg_014.png","milestone-home-width":140,"milestone-home-height":110,"milestone-company":"https:\/\/www.netex.de\/wp-content\/uploads\/nximg_014.png","milestone-company-width":140,"milestone-company-height":110,"news-company":"https:\/\/www.netex.de\/wp-content\/uploads\/nximg_014.png","news-company-width":140,"news-company-height":110,"inner":"https:\/\/www.netex.de\/wp-content\/uploads\/nximg_014.png","inner-width":140,"inner-height":110,"gallery":"https:\/\/www.netex.de\/wp-content\/uploads\/nximg_014.png","gallery-width":140,"gallery-height":110,"contact":"https:\/\/www.netex.de\/wp-content\/uploads\/nximg_014.png","contact-width":95,"contact-height":75}},"column_right":"<p><b>Novembar 2012<\/b><\/p>\n<p>Netex d.o.o. osvaja prvu nagradu Najbolje kompanije 2011. u Timi\u0161kom okrugu, koju dodeljuje privredna komora, u kategoriji Telekomunikacije: istra\u017eivanje i tehnolo\u0161ki razvoj kao i specijalnu nagradu za izuzetnost jer se tri godine zaredom plasirala u top 3 u ovoj kategoriji. Netex Production d.o.o. osvaja drugu nagradu u Timi\u0161kom okrugu u kategoriji Konsalting usluge kao i specijalnu nagradu za izuzetnost jer se tri godine zaredom plasirala u top 3 u ovoj kategoriji.<a style=\"color: red;\" href=\"http:\/\/www.netex.ro\/wp-content\/uploads\/Diploma_CCIAT_Premiul_I_2011_Netex_Consulting.pdf\" target=\"_blank\" rel=\"noopener\">Pdf 1<\/a> <a style=\"color: red;\" href=\"http:\/\/www.netex.ro\/wp-content\/uploads\/Diploma_CCIAT_Distinctia_de_Excelenta_2011_Netex_Consulting.pdf\" target=\"_blank\" rel=\"noopener\">Pdf 2<\/a> <a style=\"color: red;\" href=\"http:\/\/www.netex.ro\/wp-content\/uploads\/Diploma_CCIAT_Premiul_II_2011_Netex_Production.pdf\" target=\"_blank\" rel=\"noopener\">Pdf 3<\/a> <a style=\"color: red;\" href=\"http:\/\/www.netex.ro\/wp-content\/uploads\/Diploma_CCIAT_Trofeul_de_Excelenta_2011_Netex_Production.pdf\" target=\"_blank\" rel=\"noopener\">Pdf 4<\/a><\/p>\n"},{"acf_fc_layout":"two_columns","column_left":{"ID":6644,"id":6644,"title":"premii_2010","filename":"premii_2010-1.jpg","filesize":1392101,"url":"https:\/\/www.netex.de\/wp-content\/uploads\/premii_2010-1.jpg","link":"https:\/\/www.netex.de\/sr\/compa\/premii_2010-2\/","alt":"","author":"1","description":"","caption":"","name":"premii_2010-2","status":"inherit","uploaded_to":6025,"date":"2016-03-17 12:47:36","modified":"2016-03-17 12:47:36","menu_order":0,"mime_type":"image\/jpeg","type":"image","subtype":"jpeg","icon":"https:\/\/www.netex.de\/wp-includes\/images\/media\/default.png","width":2592,"height":1944,"sizes":{"thumbnail":"https:\/\/www.netex.de\/wp-content\/uploads\/premii_2010-1.jpg","thumbnail-width":150,"thumbnail-height":113,"medium":"https:\/\/www.netex.de\/wp-content\/uploads\/premii_2010-1.jpg","medium-width":300,"medium-height":225,"medium_large":"https:\/\/www.netex.de\/wp-content\/uploads\/premii_2010-1.jpg","medium_large-width":768,"medium_large-height":576,"large":"https:\/\/www.netex.de\/wp-content\/uploads\/premii_2010-1.jpg","large-width":1024,"large-height":768,"1536x1536":"https:\/\/www.netex.de\/wp-content\/uploads\/premii_2010-1.jpg","1536x1536-width":1536,"1536x1536-height":1152,"2048x2048":"https:\/\/www.netex.de\/wp-content\/uploads\/premii_2010-1.jpg","2048x2048-width":2048,"2048x2048-height":1536,"post-thumbnail":"https:\/\/www.netex.de\/wp-content\/uploads\/premii_2010-1.jpg","post-thumbnail-width":85,"post-thumbnail-height":64,"hero":"https:\/\/www.netex.de\/wp-content\/uploads\/premii_2010-1.jpg","hero-width":925,"hero-height":694,"background":"https:\/\/www.netex.de\/wp-content\/uploads\/premii_2010-1.jpg","background-width":713,"background-height":535,"milestone-home":"https:\/\/www.netex.de\/wp-content\/uploads\/premii_2010-1.jpg","milestone-home-width":588,"milestone-home-height":441,"milestone-company":"https:\/\/www.netex.de\/wp-content\/uploads\/premii_2010-1.jpg","milestone-company-width":400,"milestone-company-height":300,"news-company":"https:\/\/www.netex.de\/wp-content\/uploads\/premii_2010-1.jpg","news-company-width":240,"news-company-height":180,"inner":"https:\/\/www.netex.de\/wp-content\/uploads\/premii_2010-1.jpg","inner-width":300,"inner-height":225,"gallery":"https:\/\/www.netex.de\/wp-content\/uploads\/premii_2010-1.jpg","gallery-width":307,"gallery-height":230,"contact":"https:\/\/www.netex.de\/wp-content\/uploads\/premii_2010-1.jpg","contact-width":95,"contact-height":71}},"column_right":"<p><b>Novembar 2011<\/b><\/p>\n<p>Netex d.o.o. osvaja prvu nagradu Najbolje kompanije 2010. u Timi\u0161kom okrugu, koju dodeljuje privredna komora, u kategoriji Telekomunikacije: istra\u017eivanje i tehnolo\u0161ki razvoj. Netex Production d.o.o. osvaja prvu nagradu u Timi\u0161kom okrugu u kategoriji Konsalting usluge kao i specijalnu nagradu za izuzetnost jer se tri godine zaredom plasirala u top 3 u ovoj kategoriji. <a style=\"color: red;\" href=\"http:\/\/www.netex.ro\/wp-content\/uploads\/diplome_2010.jpg\" target=\"_blank\" rel=\"noopener\">Slika 1.<\/a><\/p>\n"},{"acf_fc_layout":"two_columns","column_left":{"ID":7095,"id":7095,"title":"tuv-rheinland1","filename":"tuv-rheinland1.png","filesize":3521,"url":"https:\/\/www.netex.de\/wp-content\/uploads\/tuv-rheinland1.png","link":"https:\/\/www.netex.de\/sr\/compa\/tuv-rheinland1-2\/","alt":"","author":"1","description":"","caption":"","name":"tuv-rheinland1-2","status":"inherit","uploaded_to":6025,"date":"2016-03-21 11:20:33","modified":"2016-03-21 11:20:33","menu_order":0,"mime_type":"image\/png","type":"image","subtype":"png","icon":"https:\/\/www.netex.de\/wp-includes\/images\/media\/default.png","width":190,"height":37,"sizes":{"thumbnail":"https:\/\/www.netex.de\/wp-content\/uploads\/tuv-rheinland1.png","thumbnail-width":150,"thumbnail-height":29,"medium":"https:\/\/www.netex.de\/wp-content\/uploads\/tuv-rheinland1.png","medium-width":190,"medium-height":37,"medium_large":"https:\/\/www.netex.de\/wp-content\/uploads\/tuv-rheinland1.png","medium_large-width":190,"medium_large-height":37,"large":"https:\/\/www.netex.de\/wp-content\/uploads\/tuv-rheinland1.png","large-width":190,"large-height":37,"1536x1536":"https:\/\/www.netex.de\/wp-content\/uploads\/tuv-rheinland1.png","1536x1536-width":190,"1536x1536-height":37,"2048x2048":"https:\/\/www.netex.de\/wp-content\/uploads\/tuv-rheinland1.png","2048x2048-width":190,"2048x2048-height":37,"post-thumbnail":"https:\/\/www.netex.de\/wp-content\/uploads\/tuv-rheinland1.png","post-thumbnail-width":85,"post-thumbnail-height":17,"hero":"https:\/\/www.netex.de\/wp-content\/uploads\/tuv-rheinland1.png","hero-width":190,"hero-height":37,"background":"https:\/\/www.netex.de\/wp-content\/uploads\/tuv-rheinland1.png","background-width":190,"background-height":37,"milestone-home":"https:\/\/www.netex.de\/wp-content\/uploads\/tuv-rheinland1.png","milestone-home-width":190,"milestone-home-height":37,"milestone-company":"https:\/\/www.netex.de\/wp-content\/uploads\/tuv-rheinland1.png","milestone-company-width":190,"milestone-company-height":37,"news-company":"https:\/\/www.netex.de\/wp-content\/uploads\/tuv-rheinland1.png","news-company-width":190,"news-company-height":37,"inner":"https:\/\/www.netex.de\/wp-content\/uploads\/tuv-rheinland1.png","inner-width":190,"inner-height":37,"gallery":"https:\/\/www.netex.de\/wp-content\/uploads\/tuv-rheinland1.png","gallery-width":190,"gallery-height":37,"contact":"https:\/\/www.netex.de\/wp-content\/uploads\/tuv-rheinland1.png","contact-width":95,"contact-height":19}},"column_right":"<p><b>Oktobar 2011<\/b><\/p>\n<p>Jako smo ponosni na svoj ISO 9001:2008 Sertifikat koji dodeljuje Nema\u010dko udru\u017eenje za tehni\u010dki pregled, koji ozna\u010dava visok standard i kvalitet usluga koje se pru\u017eaju.<\/p>\n"},{"acf_fc_layout":"two_columns","column_left":{"ID":6686,"id":6686,"title":"tands","filename":"tands-2.jpg","filesize":522046,"url":"https:\/\/www.netex.de\/wp-content\/uploads\/tands-2.jpg","link":"https:\/\/www.netex.de\/sr\/compa\/tands-3\/","alt":"","author":"1","description":"","caption":"","name":"tands-3","status":"inherit","uploaded_to":6025,"date":"2016-03-17 15:26:50","modified":"2016-03-17 15:26:50","menu_order":0,"mime_type":"image\/jpeg","type":"image","subtype":"jpeg","icon":"https:\/\/www.netex.de\/wp-includes\/images\/media\/default.png","width":2031,"height":1026,"sizes":{"thumbnail":"https:\/\/www.netex.de\/wp-content\/uploads\/tands-2.jpg","thumbnail-width":150,"thumbnail-height":76,"medium":"https:\/\/www.netex.de\/wp-content\/uploads\/tands-2.jpg","medium-width":300,"medium-height":152,"medium_large":"https:\/\/www.netex.de\/wp-content\/uploads\/tands-2.jpg","medium_large-width":768,"medium_large-height":388,"large":"https:\/\/www.netex.de\/wp-content\/uploads\/tands-2.jpg","large-width":1024,"large-height":517,"1536x1536":"https:\/\/www.netex.de\/wp-content\/uploads\/tands-2.jpg","1536x1536-width":1536,"1536x1536-height":776,"2048x2048":"https:\/\/www.netex.de\/wp-content\/uploads\/tands-2.jpg","2048x2048-width":2031,"2048x2048-height":1026,"post-thumbnail":"https:\/\/www.netex.de\/wp-content\/uploads\/tands-2.jpg","post-thumbnail-width":85,"post-thumbnail-height":43,"hero":"https:\/\/www.netex.de\/wp-content\/uploads\/tands-2.jpg","hero-width":925,"hero-height":467,"background":"https:\/\/www.netex.de\/wp-content\/uploads\/tands-2.jpg","background-width":1059,"background-height":535,"milestone-home":"https:\/\/www.netex.de\/wp-content\/uploads\/tands-2.jpg","milestone-home-width":588,"milestone-home-height":297,"milestone-company":"https:\/\/www.netex.de\/wp-content\/uploads\/tands-2.jpg","milestone-company-width":470,"milestone-company-height":237,"news-company":"https:\/\/www.netex.de\/wp-content\/uploads\/tands-2.jpg","news-company-width":300,"news-company-height":152,"inner":"https:\/\/www.netex.de\/wp-content\/uploads\/tands-2.jpg","inner-width":300,"inner-height":152,"gallery":"https:\/\/www.netex.de\/wp-content\/uploads\/tands-2.jpg","gallery-width":320,"gallery-height":162,"contact":"https:\/\/www.netex.de\/wp-content\/uploads\/tands-2.jpg","contact-width":95,"contact-height":48}},"column_right":"<p><b>Septembar 2011<\/b><\/p>\n<p>Godi\u0161nji sastanci se po prvi put odr\u017eavaju u Srbiji i Ukrajini.<\/p>\n"},{"acf_fc_layout":"two_columns","column_left":{"ID":6692,"id":6692,"title":"2011_06_21_16_25_52","filename":"2011_06_21_16_25_52-1.jpg","filesize":240968,"url":"https:\/\/www.netex.de\/wp-content\/uploads\/2011_06_21_16_25_52-1.jpg","link":"https:\/\/www.netex.de\/sr\/compa\/2011_06_21_16_25_52-2-2\/","alt":"","author":"1","description":"","caption":"","name":"2011_06_21_16_25_52-2-2","status":"inherit","uploaded_to":6025,"date":"2016-03-17 15:28:12","modified":"2016-03-17 15:28:12","menu_order":0,"mime_type":"image\/jpeg","type":"image","subtype":"jpeg","icon":"https:\/\/www.netex.de\/wp-includes\/images\/media\/default.png","width":2048,"height":1360,"sizes":{"thumbnail":"https:\/\/www.netex.de\/wp-content\/uploads\/2011_06_21_16_25_52-1.jpg","thumbnail-width":150,"thumbnail-height":100,"medium":"https:\/\/www.netex.de\/wp-content\/uploads\/2011_06_21_16_25_52-1.jpg","medium-width":300,"medium-height":199,"medium_large":"https:\/\/www.netex.de\/wp-content\/uploads\/2011_06_21_16_25_52-1.jpg","medium_large-width":768,"medium_large-height":510,"large":"https:\/\/www.netex.de\/wp-content\/uploads\/2011_06_21_16_25_52-1.jpg","large-width":1024,"large-height":680,"1536x1536":"https:\/\/www.netex.de\/wp-content\/uploads\/2011_06_21_16_25_52-1.jpg","1536x1536-width":1536,"1536x1536-height":1020,"2048x2048":"https:\/\/www.netex.de\/wp-content\/uploads\/2011_06_21_16_25_52-1.jpg","2048x2048-width":2048,"2048x2048-height":1360,"post-thumbnail":"https:\/\/www.netex.de\/wp-content\/uploads\/2011_06_21_16_25_52-1.jpg","post-thumbnail-width":85,"post-thumbnail-height":56,"hero":"https:\/\/www.netex.de\/wp-content\/uploads\/2011_06_21_16_25_52-1.jpg","hero-width":925,"hero-height":614,"background":"https:\/\/www.netex.de\/wp-content\/uploads\/2011_06_21_16_25_52-1.jpg","background-width":806,"background-height":535,"milestone-home":"https:\/\/www.netex.de\/wp-content\/uploads\/2011_06_21_16_25_52-1.jpg","milestone-home-width":588,"milestone-home-height":390,"milestone-company":"https:\/\/www.netex.de\/wp-content\/uploads\/2011_06_21_16_25_52-1.jpg","milestone-company-width":452,"milestone-company-height":300,"news-company":"https:\/\/www.netex.de\/wp-content\/uploads\/2011_06_21_16_25_52-1.jpg","news-company-width":271,"news-company-height":180,"inner":"https:\/\/www.netex.de\/wp-content\/uploads\/2011_06_21_16_25_52-1.jpg","inner-width":300,"inner-height":199,"gallery":"https:\/\/www.netex.de\/wp-content\/uploads\/2011_06_21_16_25_52-1.jpg","gallery-width":320,"gallery-height":213,"contact":"https:\/\/www.netex.de\/wp-content\/uploads\/2011_06_21_16_25_52-1.jpg","contact-width":95,"contact-height":63}},"column_right":"<p><b>Jun 2011<\/b><\/p>\n<p>Spajanjem nekada tri odvojene filijale se stvara jedna i to na novoj lokaciji u ulici Anka Popa u Temi\u0161varu. <a style=\"color: red;\" href=\"http:\/\/www.netex.ro\/wp-content\/uploads\/IMG_6395.jpg\" target=\"_blank\" rel=\"noopener\">Slike sa sve\u010danog otvaranja.<\/a><\/p>\n"},{"acf_fc_layout":"two_columns","column_left":false,"column_right":"<p><b>Decembar 2010<\/b><\/p>\n<p>NNetex otvara novi kol-centar u Rumuniji, u Medija\u0161u.<\/p>\n"},{"acf_fc_layout":"two_columns","column_left":{"ID":6698,"id":6698,"title":"0001","filename":"0001.jpg","filesize":1682151,"url":"https:\/\/www.netex.de\/wp-content\/uploads\/0001.jpg","link":"https:\/\/www.netex.de\/sr\/compa\/0001-2-2\/","alt":"","author":"1","description":"","caption":"","name":"0001-2-2","status":"inherit","uploaded_to":6025,"date":"2016-03-17 15:29:27","modified":"2016-03-17 15:29:27","menu_order":0,"mime_type":"image\/jpeg","type":"image","subtype":"jpeg","icon":"https:\/\/www.netex.de\/wp-includes\/images\/media\/default.png","width":2240,"height":1488,"sizes":{"thumbnail":"https:\/\/www.netex.de\/wp-content\/uploads\/0001.jpg","thumbnail-width":150,"thumbnail-height":100,"medium":"https:\/\/www.netex.de\/wp-content\/uploads\/0001.jpg","medium-width":300,"medium-height":199,"medium_large":"https:\/\/www.netex.de\/wp-content\/uploads\/0001.jpg","medium_large-width":768,"medium_large-height":510,"large":"https:\/\/www.netex.de\/wp-content\/uploads\/0001.jpg","large-width":1024,"large-height":680,"1536x1536":"https:\/\/www.netex.de\/wp-content\/uploads\/0001.jpg","1536x1536-width":1536,"1536x1536-height":1020,"2048x2048":"https:\/\/www.netex.de\/wp-content\/uploads\/0001.jpg","2048x2048-width":2048,"2048x2048-height":1360,"post-thumbnail":"https:\/\/www.netex.de\/wp-content\/uploads\/0001.jpg","post-thumbnail-width":85,"post-thumbnail-height":56,"hero":"https:\/\/www.netex.de\/wp-content\/uploads\/0001.jpg","hero-width":925,"hero-height":614,"background":"https:\/\/www.netex.de\/wp-content\/uploads\/0001.jpg","background-width":805,"background-height":535,"milestone-home":"https:\/\/www.netex.de\/wp-content\/uploads\/0001.jpg","milestone-home-width":588,"milestone-home-height":391,"milestone-company":"https:\/\/www.netex.de\/wp-content\/uploads\/0001.jpg","milestone-company-width":452,"milestone-company-height":300,"news-company":"https:\/\/www.netex.de\/wp-content\/uploads\/0001.jpg","news-company-width":271,"news-company-height":180,"inner":"https:\/\/www.netex.de\/wp-content\/uploads\/0001.jpg","inner-width":300,"inner-height":199,"gallery":"https:\/\/www.netex.de\/wp-content\/uploads\/0001.jpg","gallery-width":320,"gallery-height":213,"contact":"https:\/\/www.netex.de\/wp-content\/uploads\/0001.jpg","contact-width":95,"contact-height":63}},"column_right":"<p><b>Oktobar 2010<\/b><\/p>\n<p>Netex d.o.o. osvaja prvu nagradu <a style=\"color: red;\" href=\"http:\/\/www.netex.ro\/wp-content\/uploads\/topul_firmelor_small3.pdf\" target=\"_blank\" rel=\"noopener\">\u201cNajbolje kompanije 2009\u201d<\/a> u Timi\u0161kom okrugu, koju dodeljuje privredna komora, u kategoriji Telekomunikacije: istra\u017eivanje i tehnolo\u0161ki razvoj. Netex Production d.o.o. osvaja <a style=\"color: red;\" href=\"http:\/\/www.netex.ro\/wp-content\/uploads\/topul_firmelor_small2.pdf\" target=\"_blank\" rel=\"noopener\">prvu nagradu<\/a> u Timi\u0161kom okrugu u kategoriji Konsalting usluge kao i <a style=\"color: red;\" href=\"http:\/\/www.netex.ro\/wp-content\/uploads\/topul_firmelor_small1.pdf\" target=\"_blank\" rel=\"noopener\">specijalnu nagradu za izuzetnostj<\/a>, er se tri godine zaredom plasirala u top 3 u ovoj kategoriji. <a style=\"color: red;\" href=\"http:\/\/www.netex.ro\/wp-content\/uploads\/0003.jpg\" target=\"_blank\" rel=\"noopener\">Slika 1<\/a><\/p>\n"},{"acf_fc_layout":"two_columns","column_left":false,"column_right":"<p><b>Jun 2010<\/b><\/p>\n<p>Netex se \u0161iri i otvara se tre\u0107e predstavni\u0161tvo u Ki\u0161injevu (Moldavija).<\/p>\n"},{"acf_fc_layout":"two_columns","column_left":{"ID":7038,"id":7038,"title":"CIMG25746","filename":"CIMG25746.jpg","filesize":844421,"url":"https:\/\/www.netex.de\/wp-content\/uploads\/CIMG25746.jpg","link":"https:\/\/www.netex.de\/sr\/compa\/cimg25746-2\/","alt":"","author":"1","description":"","caption":"","name":"cimg25746-2","status":"inherit","uploaded_to":6025,"date":"2016-03-21 10:01:12","modified":"2026-02-10 07:48:19","menu_order":0,"mime_type":"image\/jpeg","type":"image","subtype":"jpeg","icon":"https:\/\/www.netex.de\/wp-includes\/images\/media\/default.png","width":3264,"height":2448,"sizes":{"thumbnail":"https:\/\/www.netex.de\/wp-content\/uploads\/CIMG25746.jpg","thumbnail-width":150,"thumbnail-height":113,"medium":"https:\/\/www.netex.de\/wp-content\/uploads\/CIMG25746.jpg","medium-width":300,"medium-height":225,"medium_large":"https:\/\/www.netex.de\/wp-content\/uploads\/CIMG25746.jpg","medium_large-width":768,"medium_large-height":576,"large":"https:\/\/www.netex.de\/wp-content\/uploads\/CIMG25746.jpg","large-width":1024,"large-height":768,"1536x1536":"https:\/\/www.netex.de\/wp-content\/uploads\/CIMG25746.jpg","1536x1536-width":1536,"1536x1536-height":1152,"2048x2048":"https:\/\/www.netex.de\/wp-content\/uploads\/CIMG25746.jpg","2048x2048-width":2048,"2048x2048-height":1536,"post-thumbnail":"https:\/\/www.netex.de\/wp-content\/uploads\/CIMG25746.jpg","post-thumbnail-width":85,"post-thumbnail-height":64,"hero":"https:\/\/www.netex.de\/wp-content\/uploads\/CIMG25746.jpg","hero-width":925,"hero-height":694,"background":"https:\/\/www.netex.de\/wp-content\/uploads\/CIMG25746.jpg","background-width":713,"background-height":535,"milestone-home":"https:\/\/www.netex.de\/wp-content\/uploads\/CIMG25746.jpg","milestone-home-width":588,"milestone-home-height":441,"milestone-company":"https:\/\/www.netex.de\/wp-content\/uploads\/CIMG25746.jpg","milestone-company-width":400,"milestone-company-height":300,"news-company":"https:\/\/www.netex.de\/wp-content\/uploads\/CIMG25746.jpg","news-company-width":240,"news-company-height":180,"inner":"https:\/\/www.netex.de\/wp-content\/uploads\/CIMG25746.jpg","inner-width":300,"inner-height":225,"gallery":"https:\/\/www.netex.de\/wp-content\/uploads\/CIMG25746.jpg","gallery-width":307,"gallery-height":230,"contact":"https:\/\/www.netex.de\/wp-content\/uploads\/CIMG25746.jpg","contact-width":95,"contact-height":71}},"column_right":"<p><b>Februar 2010<\/b><\/p>\n<p>Netex u\u010destvuje na manifestaciji \u201cCall Center World\u201d u Berlinu, vode\u0107em sajmu za ovakvu vrtu poslovnih usluga.<\/p>\n"},{"acf_fc_layout":"two_columns","column_left":false,"column_right":"<p><b>Januar 2010<\/b><\/p>\n<p>Netex slavi svoj 10. ro\u0111endan.<\/p>\n"},{"acf_fc_layout":"two_columns","column_left":{"ID":7001,"id":7001,"title":"ATT000013","filename":"ATT000013.jpg","filesize":1681896,"url":"https:\/\/www.netex.de\/wp-content\/uploads\/ATT000013.jpg","link":"https:\/\/www.netex.de\/sr\/compa\/att000013-2\/","alt":"","author":"1","description":"","caption":"","name":"att000013-2","status":"inherit","uploaded_to":6025,"date":"2016-03-21 09:53:42","modified":"2026-02-10 07:48:19","menu_order":0,"mime_type":"image\/jpeg","type":"image","subtype":"jpeg","icon":"https:\/\/www.netex.de\/wp-includes\/images\/media\/default.png","width":2021,"height":3032,"sizes":{"thumbnail":"https:\/\/www.netex.de\/wp-content\/uploads\/ATT000013.jpg","thumbnail-width":100,"thumbnail-height":150,"medium":"https:\/\/www.netex.de\/wp-content\/uploads\/ATT000013.jpg","medium-width":200,"medium-height":300,"medium_large":"https:\/\/www.netex.de\/wp-content\/uploads\/ATT000013.jpg","medium_large-width":768,"medium_large-height":1152,"large":"https:\/\/www.netex.de\/wp-content\/uploads\/ATT000013.jpg","large-width":683,"large-height":1024,"1536x1536":"https:\/\/www.netex.de\/wp-content\/uploads\/ATT000013.jpg","1536x1536-width":1024,"1536x1536-height":1536,"2048x2048":"https:\/\/www.netex.de\/wp-content\/uploads\/ATT000013.jpg","2048x2048-width":1365,"2048x2048-height":2048,"post-thumbnail":"https:\/\/www.netex.de\/wp-content\/uploads\/ATT000013.jpg","post-thumbnail-width":57,"post-thumbnail-height":85,"hero":"https:\/\/www.netex.de\/wp-content\/uploads\/ATT000013.jpg","hero-width":503,"hero-height":755,"background":"https:\/\/www.netex.de\/wp-content\/uploads\/ATT000013.jpg","background-width":357,"background-height":535,"milestone-home":"https:\/\/www.netex.de\/wp-content\/uploads\/ATT000013.jpg","milestone-home-width":303,"milestone-home-height":455,"milestone-company":"https:\/\/www.netex.de\/wp-content\/uploads\/ATT000013.jpg","milestone-company-width":200,"milestone-company-height":300,"news-company":"https:\/\/www.netex.de\/wp-content\/uploads\/ATT000013.jpg","news-company-width":120,"news-company-height":180,"inner":"https:\/\/www.netex.de\/wp-content\/uploads\/ATT000013.jpg","inner-width":170,"inner-height":255,"gallery":"https:\/\/www.netex.de\/wp-content\/uploads\/ATT000013.jpg","gallery-width":153,"gallery-height":230,"contact":"https:\/\/www.netex.de\/wp-content\/uploads\/ATT000013.jpg","contact-width":63,"contact-height":95}},"column_right":"<p><b>Novembar 2009<\/b><\/p>\n<p>Netex d.o.o. osvaja drugu nagradu <a style=\"color: red;\" href=\"http:\/\/www.netex.ro\/wp-content\/uploads\/premiul_II_nov_2009.pdf\" target=\"_blank\" rel=\"noopener\">\u201cNajbolje kompanije 2008\u201d<\/a> u Timi\u0161kom okrugu, koju dodeljuje privredna komora, u kategoriji Telekomunikacije: istra\u017eivanje i tehnolo\u0161ki razvoj. <a style=\"color: red;\" href=\"http:\/\/www.netex.ro\/wp-content\/uploads\/ATT00002.jpg\" target=\"_blank\" rel=\"noopener\">Slika 1.<\/a><\/p>\n"},{"acf_fc_layout":"two_columns","column_left":{"ID":7019,"id":7019,"title":"IMG_4937-11","filename":"IMG_4937-11.jpg","filesize":319977,"url":"https:\/\/www.netex.de\/wp-content\/uploads\/IMG_4937-11.jpg","link":"https:\/\/www.netex.de\/sr\/compa\/img_4937-11-2\/","alt":"","author":"1","description":"","caption":"","name":"img_4937-11-2","status":"inherit","uploaded_to":6025,"date":"2016-03-21 09:53:44","modified":"2026-02-10 07:48:19","menu_order":0,"mime_type":"image\/jpeg","type":"image","subtype":"jpeg","icon":"https:\/\/www.netex.de\/wp-includes\/images\/media\/default.png","width":1062,"height":708,"sizes":{"thumbnail":"https:\/\/www.netex.de\/wp-content\/uploads\/IMG_4937-11.jpg","thumbnail-width":150,"thumbnail-height":100,"medium":"https:\/\/www.netex.de\/wp-content\/uploads\/IMG_4937-11.jpg","medium-width":300,"medium-height":200,"medium_large":"https:\/\/www.netex.de\/wp-content\/uploads\/IMG_4937-11.jpg","medium_large-width":768,"medium_large-height":512,"large":"https:\/\/www.netex.de\/wp-content\/uploads\/IMG_4937-11.jpg","large-width":1024,"large-height":683,"1536x1536":"https:\/\/www.netex.de\/wp-content\/uploads\/IMG_4937-11.jpg","1536x1536-width":1062,"1536x1536-height":708,"2048x2048":"https:\/\/www.netex.de\/wp-content\/uploads\/IMG_4937-11.jpg","2048x2048-width":1062,"2048x2048-height":708,"post-thumbnail":"https:\/\/www.netex.de\/wp-content\/uploads\/IMG_4937-11.jpg","post-thumbnail-width":85,"post-thumbnail-height":57,"hero":"https:\/\/www.netex.de\/wp-content\/uploads\/IMG_4937-11.jpg","hero-width":925,"hero-height":617,"background":"https:\/\/www.netex.de\/wp-content\/uploads\/IMG_4937-11.jpg","background-width":803,"background-height":535,"milestone-home":"https:\/\/www.netex.de\/wp-content\/uploads\/IMG_4937-11.jpg","milestone-home-width":588,"milestone-home-height":392,"milestone-company":"https:\/\/www.netex.de\/wp-content\/uploads\/IMG_4937-11.jpg","milestone-company-width":450,"milestone-company-height":300,"news-company":"https:\/\/www.netex.de\/wp-content\/uploads\/IMG_4937-11.jpg","news-company-width":270,"news-company-height":180,"inner":"https:\/\/www.netex.de\/wp-content\/uploads\/IMG_4937-11.jpg","inner-width":300,"inner-height":200,"gallery":"https:\/\/www.netex.de\/wp-content\/uploads\/IMG_4937-11.jpg","gallery-width":320,"gallery-height":213,"contact":"https:\/\/www.netex.de\/wp-content\/uploads\/IMG_4937-11.jpg","contact-width":95,"contact-height":63}},"column_right":"<p><b>Maj 2009<\/b><\/p>\n<p>Netex osvaja nagradu za stvaranje novih radnih mesta od Banatia fondacije. <a style=\"color: red;\" href=\"http:\/\/www.netex.ro\/wp-content\/uploads\/IMG_4936-1.jpg\" target=\"_blank\" rel=\"noopener\">Slika 1.<\/a><\/p>\n"},{"acf_fc_layout":"two_columns","column_left":false,"column_right":"<p><b>April 2009<\/b><\/p>\n<p>Selidba u novo predstavni\u0161tvo u Re\u0161ici.<\/p>\n"},{"acf_fc_layout":"two_columns","column_left":{"ID":7089,"id":7089,"title":"premiul_II5155","filename":"premiul_II5155.jpg","filesize":240163,"url":"https:\/\/www.netex.de\/wp-content\/uploads\/premiul_II5155.jpg","link":"https:\/\/www.netex.de\/sr\/compa\/premiul_ii5155-2\/","alt":"","author":"1","description":"","caption":"","name":"premiul_ii5155-2","status":"inherit","uploaded_to":6025,"date":"2016-03-21 11:20:32","modified":"2016-03-21 11:20:32","menu_order":0,"mime_type":"image\/jpeg","type":"image","subtype":"jpeg","icon":"https:\/\/www.netex.de\/wp-includes\/images\/media\/default.png","width":1275,"height":1650,"sizes":{"thumbnail":"https:\/\/www.netex.de\/wp-content\/uploads\/premiul_II5155.jpg","thumbnail-width":116,"thumbnail-height":150,"medium":"https:\/\/www.netex.de\/wp-content\/uploads\/premiul_II5155.jpg","medium-width":232,"medium-height":300,"medium_large":"https:\/\/www.netex.de\/wp-content\/uploads\/premiul_II5155.jpg","medium_large-width":768,"medium_large-height":994,"large":"https:\/\/www.netex.de\/wp-content\/uploads\/premiul_II5155.jpg","large-width":791,"large-height":1024,"1536x1536":"https:\/\/www.netex.de\/wp-content\/uploads\/premiul_II5155.jpg","1536x1536-width":1187,"1536x1536-height":1536,"2048x2048":"https:\/\/www.netex.de\/wp-content\/uploads\/premiul_II5155.jpg","2048x2048-width":1275,"2048x2048-height":1650,"post-thumbnail":"https:\/\/www.netex.de\/wp-content\/uploads\/premiul_II5155.jpg","post-thumbnail-width":66,"post-thumbnail-height":85,"hero":"https:\/\/www.netex.de\/wp-content\/uploads\/premiul_II5155.jpg","hero-width":583,"hero-height":755,"background":"https:\/\/www.netex.de\/wp-content\/uploads\/premiul_II5155.jpg","background-width":413,"background-height":535,"milestone-home":"https:\/\/www.netex.de\/wp-content\/uploads\/premiul_II5155.jpg","milestone-home-width":352,"milestone-home-height":455,"milestone-company":"https:\/\/www.netex.de\/wp-content\/uploads\/premiul_II5155.jpg","milestone-company-width":232,"milestone-company-height":300,"news-company":"https:\/\/www.netex.de\/wp-content\/uploads\/premiul_II5155.jpg","news-company-width":139,"news-company-height":180,"inner":"https:\/\/www.netex.de\/wp-content\/uploads\/premiul_II5155.jpg","inner-width":197,"inner-height":255,"gallery":"https:\/\/www.netex.de\/wp-content\/uploads\/premiul_II5155.jpg","gallery-width":178,"gallery-height":230,"contact":"https:\/\/www.netex.de\/wp-content\/uploads\/premiul_II5155.jpg","contact-width":73,"contact-height":95}},"column_right":"<p><b>Oktombar 2008<\/b><\/p>\n<p>Netex d.o.o. osvaja drugu nagradu \u201cNajbolje kompanije 2007\u201d u Timi\u0161kom okrugu, koju dodeljuje privredna komora, u kategoriji Telekomunikacije: istra\u017eivanje i tehnolo\u0161ki razvoj.<\/p>\n"},{"acf_fc_layout":"two_columns","column_left":false,"column_right":"<p><b>Jun 2008<\/b><\/p>\n<p>Nova uprava u Netexu: Raluka Budea i Leo Frumzahe \u2013 novi izvr\u0161ni direktori.<\/p>\n<p><b>Januar 2008<\/b><\/p>\n<p>Netex otvara svoj drugi korisni\u010dki servis u Isto\u010dnoj Evropi: u Novom Sadu (Srbija).<\/p>\n<p><b>Novembar 2007<\/b><\/p>\n<p>Netex d.o.o. osvaja drugu nagradu \u201cNajbolje kompanije 2006\u201d u Timi\u0161kom okrugu, koju dodeljuje privredna komora, u kategoriji Telekomunikacije: istra\u017eivanje i tehnolo\u0161ki razvoj.<\/p>\n<p><b>Jul 2007<\/b><\/p>\n<p>TBroj zaposlenih sada prelazi 300.<\/p>\n<p><b>Jun 2007<\/b><\/p>\n<p>Netex u\u010destvuje na Novosadskom sajmu, na prezentaciji Biznis koji pokre\u0107u \u017eene.<\/p>\n<p><b>Maj 2007<\/b><\/p>\n<p>Osmi kol-centar u Rumuniji se otvara u Agniti.<\/p>\n<p><b>Novembar 2006<\/b><\/p>\n<p>Ukupan broj zaposlenih prema\u0161uje 250.<\/p>\n<p><b>Oktobar 2006<\/b><\/p>\n<p>Sedmi kol-centar se otvara u Re\u0161ici (Rumunija).<\/p>\n<p><b>Avgust 2006<\/b><\/p>\n<p>Usluge se sada nude na jo\u0161 4 jezika i to na: danskom, \u0161vedskom, norve\u0161kom i finskom.<\/p>\n<p><b>Jul 2006<\/b><\/p>\n<p>Predstavni\u0161tvo u Sibiu je ve\u0107e za jedan ceo sprat.<\/p>\n<p><b>Jun 2006<\/b><\/p>\n<p>Otvara se \u0161esti kol-centar u Rumuniji, ovaj put u Klu\u017eu.<\/p>\n<p><b>Februar 2006<\/b><\/p>\n<p>Broj zaposlenih u Netexu dosti\u017ee cifru od 200.<\/p>\n<p><b>Oktobar 2005<\/b><\/p>\n<p>Netex Production d.o.o. dobija nagradu \u201cNajbolje kompanije\u201du Timi\u0161kom okrugu od strane privredne komore. Od svih registrovanih kompanija, nijh 2275 su se kvalifikovale za u\u010de\u0161\u0107e. Netex je zauzeo visoko tre\u0107e mesto u kategoriji \u201cProfesionalne usluge i anga\u017eovanje spoljnih saradnika\u201d.<\/p>\n<p><b>Jul 2005<\/b><\/p>\n<p>Netex otvara svoj prvi kol-centar u isto\u010dnoj Evropi, ta\u010dnije u Ukrajini, u gradu Lavovu, jednom od kulturnih i istorijskih centara Ukrajine.<\/p>\n<p><b>Maj 2005<\/b><\/p>\n<p>Broj zaposlenih u Netexu: 150.<\/p>\n<p><b>Mart 2005<\/b><\/p>\n<p>Broj jezika jo\u0161 raste, i to na 11, jer po\u010dinje rad i na holandskom.<\/p>\n<p><b>Januar 2005<\/b><\/p>\n<p>Japanski jezik se pridru\u017euje i broj jezika na kojima se nude usluge raste na 10.<\/p>\n<p><b>Oktobar 2004<\/b><\/p>\n<p>Broj jezika na kojima Netex nudi usluge se pove\u0107ava na 9 uvo\u0111enjem portugalskog, gr\u010dkog, ukrajinskog i ruskog jezika.<\/p>\n<p><b>Jul 2004<\/b><\/p>\n<p>U Temi\u0161varu se otvara tre\u0107i kol-centar. Broj zaposlenih prema\u0161uje 100.<\/p>\n<p><b>Jun 2004<\/b><\/p>\n<p>Netex se pro\u0161iruje jer se otvara \u010detvrti kol-centar u Re\u0161ici (Rumunija).<\/p>\n<p><b>Novembar 2003<\/b><\/p>\n<p>Kada su u pitanju operativni sistemi, dolazi do zna\u010dajnih promena: cela kompanija prelazi na Linux. Ovo je bila velika promena u firmi i do nje je do\u0161lo zbog prednosti koje taj sistem nudi: besplatna upotreba i minimalni rizik pada sistema zbog virusa.<\/p>\n<p><b>Oktobar 2003<\/b><\/p>\n<p>Netex kol-centar raste jer po\u010dinje rad i na italijanskom jeziku.<\/p>\n<p><b>Septembar 2003<\/b><\/p>\n<p>Od ovog momenta Netex nudi podr\u0161ku kroz svoj servis i na ma\u0111arskom jeziku.<\/p>\n<p><b>Avgust 2003<\/b><\/p>\n<p>U Temi\u0161varu se otvara drugi kol-centar i broj zaposlenih se pove\u0107ava na 86 osoba.<\/p>\n<p><b>Maj 2003<\/b><\/p>\n<p>Netex Production d.o.o. je osnovan u Temi\u0161varu kao podr\u0161ka kupcima i korisni\u010dki servis. U tom trenutku u Netexu je bilo zaposleno 26 osoba.<\/p>\n<p><b>Jul 2003<\/b><\/p>\n<p>Netex se pro\u0161iruje i ovara se novi kol-centar u Sibiu (Rumunija).<\/p>\n<p><b>Mart 2003<\/b><\/p>\n<p>Pored engleskog i francuskog jezika, Netex sada nudi usluge i na \u0161panskom jeziku.<\/p>\n<p><b>2002<\/b><\/p>\n<p>Netex d.o.o. je osnovan u Sonderhausenu (Nema\u010dka).<\/p>\n<p><b>Novembar 2001<\/b><\/p>\n<p>Netex d.o.o. se seli na novu lokaciju u Temi\u0161var a u isto vreme kompanija menja delatnost i po\u010dinje da radi kao dobavlja\u010d internet sadr\u017eaja tako da su njene glavne aktivnosti kreiranje veb-stranica i administrativne usluge. Zvani\u010dno je otvoren prvi call center.<\/p>\n<p><b>2001<\/b><\/p>\n<p>Netex Production + Consulting je osnovan u Sondershausenu (Nema\u010dka) i posluje kao dobavlja\u010d internet sadr\u017eaja.<\/p>\n<p><b>Januar 2000<\/b><\/p>\n<p>Andreea Kremm i Klaudiu Pat osnivaju Netex d.o.o. kao partneri sa jednakim udelima. Kompanija je sme\u0161tena u Re\u0161ici (Rumunija), a posluje kao internet provajder.<\/p>\n"}]},"_links":{"self":[{"href":"https:\/\/www.netex.de\/sr\/wp-json\/wp\/v2\/pages\/6025","targetHints":{"allow":["GET"]}}],"collection":[{"href":"https:\/\/www.netex.de\/sr\/wp-json\/wp\/v2\/pages"}],"about":[{"href":"https:\/\/www.netex.de\/sr\/wp-json\/wp\/v2\/types\/page"}],"author":[{"embeddable":true,"href":"https:\/\/www.netex.de\/sr\/wp-json\/wp\/v2\/users\/1"}],"replies":[{"embeddable":true,"href":"https:\/\/www.netex.de\/sr\/wp-json\/wp\/v2\/comments?post=6025"}],"version-history":[{"count":123,"href":"https:\/\/www.netex.de\/sr\/wp-json\/wp\/v2\/pages\/6025\/revisions"}],"predecessor-version":[{"id":32558,"href":"https:\/\/www.netex.de\/sr\/wp-json\/wp\/v2\/pages\/6025\/revisions\/32558"}],"wp:attachment":[{"href":"https:\/\/www.netex.de\/sr\/wp-json\/wp\/v2\/media?parent=6025"}],"curies":[{"name":"wp","href":"https:\/\/api.w.org\/{rel}","templated":true}]}}